{"id":1611,"date":"2021-01-17T08:46:04","date_gmt":"2021-01-17T08:46:04","guid":{"rendered":"https:\/\/www.promusicsmallorca.org\/?post_type=project&#038;p=1611"},"modified":"2021-02-14T00:00:14","modified_gmt":"2021-02-14T00:00:14","slug":"catalogo-2021","status":"publish","type":"project","link":"https:\/\/www.promusicsmallorca.org\/es\/project\/catalogo-2021\/","title":{"rendered":"Cat\u00e1logo 2021"},"content":{"rendered":"<p>[et_pb_section fb_built=\u00bb1&#8243; _builder_version=\u00bb4.5.5&#8243; _module_preset=\u00bbdefault\u00bb][et_pb_row _builder_version=\u00bb4.5.5&#8243; _module_preset=\u00bbdefault\u00bb][et_pb_column type=\u00bb4_4&#8243; _builder_version=\u00bb4.5.5&#8243; _module_preset=\u00bbdefault\u00bb][et_pb_text _builder_version=\u00bb4.7.7&#8243; _module_preset=\u00bbdefault\u00bb]<\/p>\n<p>Desde<br \/><strong>ProM\u00fasics Mallorca<\/strong> queremos elaborar un cat\u00e1logo en formato f\u00edsico y digital en el que se mostrar\u00e1n los grupos (d\u00faos, tr\u00edos, etc..) y solistas, en los que participan <strong>nuestros asociad@s<\/strong>, para ponerlo a disposici\u00f3n de los ayuntamientos de Mallorca, de los programadores culturales y de todas las personas interesadas en la promoci\u00f3n y difusi\u00f3n de la m\u00fasica, con el fin de<strong> favorecer e impulsar la actividad art\u00edstica de la isla<\/strong>.<\/p>\n<p>En \u00e9l, se recoger\u00e1 una informaci\u00f3n detallada sobre el estilo de cada uno de los grupos, con foto y datos de contacto.<\/p>\n<p>El \u00fanico <strong>requisito<\/strong> para poder formar parte de este cat\u00e1logo es que<strong> m\u00ednimo un componente de cada grupo sea soci@<\/strong> de ProM\u00fasics Mallorca.<\/p>\n<p>Los grupos aparecer\u00e1n por orden seg\u00fan el n\u00famero de soci@s que est\u00e9n en un mismo grupo.<\/p>\n<p>El plazo para poder incluir tu grupo de m\u00fasica en el cat\u00e1logo empieza el<br \/><strong>18\/01\/2021<\/strong> y acaba el <strong>1\/02\/2020<\/strong>.<\/p>\n<p>Podr\u00e1s hacerlo a trav\u00e9s de aqu\u00ed \ud83d\udc47<\/p>\n<p><a href=\"https:\/\/www.promusicsmallorca.org\/inscribir-nueva-banda\/\" rel=\"noopener\">Formulario Catalogo<\/a><\/p>\n<p><em>(Despu\u00e9s de recibir todo el material, vamos a intentar obtener una subvenci\u00f3n para poder llevar a cabo este cat\u00e1logo).<\/em><\/p>\n<p>[\/et_pb_text][\/et_pb_column][\/et_pb_row][\/et_pb_section]<\/p>\n","protected":false},"excerpt":{"rendered":"<p>DesdeProM\u00fasics Mallorca queremos elaborar un cat\u00e1logo en formato f\u00edsico y digital en el que se mostrar\u00e1n los grupos (d\u00faos, tr\u00edos, etc..) y solistas, en los que participan nuestros asociad@s, para ponerlo a disposici\u00f3n de los ayuntamientos de Mallorca, de los programadores culturales y de todas las personas interesadas en la promoci\u00f3n y difusi\u00f3n de la [&hellip;]<\/p>\n","protected":false},"author":1,"featured_media":1632,"comment_status":"closed","ping_status":"closed","template":"","meta":{"_et_pb_use_builder":"on","_et_pb_old_content":"","_et_gb_content_width":""},"project_category":[62],"project_tag":[],"yoast_head":"<!-- This site is optimized with the Yoast SEO Premium plugin v15.7 - https:\/\/yoast.com\/wordpress\/plugins\/seo\/ -->\n<title>Cat\u00e1logo 2021 - ProM\u00fasics Mallorca<\/title>\n<meta name=\"robots\" content=\"index, follow, max-snippet:-1, max-image-preview:large, max-video-preview:-1\" \/>\n<link rel=\"canonical\" href=\"https:\/\/www.promusicsmallorca.org\/es\/project\/catalogo-2021\/\" \/>\n<meta property=\"og:locale\" content=\"es_ES\" \/>\n<meta property=\"og:type\" content=\"article\" \/>\n<meta property=\"og:title\" content=\"Cat\u00e1logo 2021 - ProM\u00fasics Mallorca\" \/>\n<meta property=\"og:description\" content=\"DesdeProM\u00fasics Mallorca queremos elaborar un cat\u00e1logo en formato f\u00edsico y digital en el que se mostrar\u00e1n los grupos (d\u00faos, tr\u00edos, etc..) y solistas, en los que participan nuestros asociad@s, para ponerlo a disposici\u00f3n de los ayuntamientos de Mallorca, de los programadores culturales y de todas las personas interesadas en la promoci\u00f3n y difusi\u00f3n de la [&hellip;]\" \/>\n<meta property=\"og:url\" content=\"https:\/\/www.promusicsmallorca.org\/es\/project\/catalogo-2021\/\" \/>\n<meta property=\"og:site_name\" content=\"ProM\u00fasics Mallorca\" \/>\n<meta property=\"article:publisher\" content=\"https:\/\/www.facebook.com\/promusicsmallorca\" \/>\n<meta property=\"article:modified_time\" content=\"2021-02-14T00:00:14+00:00\" \/>\n<meta property=\"og:image\" content=\"https:\/\/i0.wp.com\/www.promusicsmallorca.org\/wp-content\/uploads\/2021\/01\/libro-blanco-sobre-fondo-blanco_1308-23052.jpg?fit=626%2C432&#038;ssl=1\" \/>\n\t<meta property=\"og:image:width\" content=\"626\" \/>\n\t<meta property=\"og:image:height\" content=\"432\" \/>\n<meta name=\"twitter:card\" content=\"summary_large_image\" \/>\n<meta name=\"twitter:label1\" content=\"Tiempo de lectura\">\n\t<meta name=\"twitter:data1\" content=\"1 minuto\">\n<script type=\"application\/ld+json\" class=\"yoast-schema-graph\">{\"@context\":\"https:\/\/schema.org\",\"@graph\":[{\"@type\":\"Organization\",\"@id\":\"https:\/\/www.promusicsmallorca.org\/#organization\",\"name\":\"ProM\\u00fasics Mallorca\",\"url\":\"https:\/\/www.promusicsmallorca.org\/\",\"sameAs\":[\"https:\/\/www.facebook.com\/promusicsmallorca\",\"https:\/\/www.instagram.com\/promusicsmallorca\/\",\"https:\/\/www.youtube.com\/channel\/UCWwttYA4JPovS2RZiGlHgpA\"],\"logo\":{\"@type\":\"ImageObject\",\"@id\":\"https:\/\/www.promusicsmallorca.org\/#logo\",\"inLanguage\":\"es\",\"url\":\"https:\/\/i0.wp.com\/www.promusicsmallorca.org\/wp-content\/uploads\/2021\/02\/image0.png?fit=10224%2C7725&ssl=1\",\"width\":10224,\"height\":7725,\"caption\":\"ProM\\u00fasics Mallorca\"},\"image\":{\"@id\":\"https:\/\/www.promusicsmallorca.org\/#logo\"}},{\"@type\":\"WebSite\",\"@id\":\"https:\/\/www.promusicsmallorca.org\/#website\",\"url\":\"https:\/\/www.promusicsmallorca.org\/\",\"name\":\"ProM\\u00fasics Mallorca\",\"description\":\"Associaci\\u00f3 de Professionals de la M\\u00fasica de Mallorca\",\"publisher\":{\"@id\":\"https:\/\/www.promusicsmallorca.org\/#organization\"},\"potentialAction\":[{\"@type\":\"SearchAction\",\"target\":\"https:\/\/www.promusicsmallorca.org\/?s={search_term_string}\",\"query-input\":\"required name=search_term_string\"}],\"inLanguage\":\"es\"},{\"@type\":\"ImageObject\",\"@id\":\"https:\/\/www.promusicsmallorca.org\/es\/project\/catalogo-2021\/#primaryimage\",\"inLanguage\":\"es\",\"url\":\"https:\/\/i0.wp.com\/www.promusicsmallorca.org\/wp-content\/uploads\/2021\/01\/libro-blanco-sobre-fondo-blanco_1308-23052.jpg?fit=626%2C432&ssl=1\",\"width\":626,\"height\":432},{\"@type\":\"WebPage\",\"@id\":\"https:\/\/www.promusicsmallorca.org\/es\/project\/catalogo-2021\/#webpage\",\"url\":\"https:\/\/www.promusicsmallorca.org\/es\/project\/catalogo-2021\/\",\"name\":\"Cat\\u00e1logo 2021 - ProM\\u00fasics Mallorca\",\"isPartOf\":{\"@id\":\"https:\/\/www.promusicsmallorca.org\/#website\"},\"primaryImageOfPage\":{\"@id\":\"https:\/\/www.promusicsmallorca.org\/es\/project\/catalogo-2021\/#primaryimage\"},\"datePublished\":\"2021-01-17T08:46:04+00:00\",\"dateModified\":\"2021-02-14T00:00:14+00:00\",\"inLanguage\":\"es\",\"potentialAction\":[{\"@type\":\"ReadAction\",\"target\":[\"https:\/\/www.promusicsmallorca.org\/es\/project\/catalogo-2021\/\"]}]}]}<\/script>\n<!-- \/ Yoast SEO Premium plugin. -->","jetpack_sharing_enabled":true,"_links":{"self":[{"href":"https:\/\/www.promusicsmallorca.org\/es\/wp-json\/wp\/v2\/project\/1611"}],"collection":[{"href":"https:\/\/www.promusicsmallorca.org\/es\/wp-json\/wp\/v2\/project"}],"about":[{"href":"https:\/\/www.promusicsmallorca.org\/es\/wp-json\/wp\/v2\/types\/project"}],"author":[{"embeddable":true,"href":"https:\/\/www.promusicsmallorca.org\/es\/wp-json\/wp\/v2\/users\/1"}],"replies":[{"embeddable":true,"href":"https:\/\/www.promusicsmallorca.org\/es\/wp-json\/wp\/v2\/comments?post=1611"}],"version-history":[{"count":0,"href":"https:\/\/www.promusicsmallorca.org\/es\/wp-json\/wp\/v2\/project\/1611\/revisions"}],"wp:featuredmedia":[{"embeddable":true,"href":"https:\/\/www.promusicsmallorca.org\/es\/wp-json\/wp\/v2\/media\/1632"}],"wp:attachment":[{"href":"https:\/\/www.promusicsmallorca.org\/es\/wp-json\/wp\/v2\/media?parent=1611"}],"wp:term":[{"taxonomy":"project_category","embeddable":true,"href":"https:\/\/www.promusicsmallorca.org\/es\/wp-json\/wp\/v2\/project_category?post=1611"},{"taxonomy":"project_tag","embeddable":true,"href":"https:\/\/www.promusicsmallorca.org\/es\/wp-json\/wp\/v2\/project_tag?post=1611"}],"curies":[{"name":"wp","href":"https:\/\/api.w.org\/{rel}","templated":true}]}}