{"id":4000,"date":"2022-05-07T13:01:11","date_gmt":"2022-05-07T13:01:11","guid":{"rendered":"https:\/\/www.promusicsmallorca.org\/?post_type=product&#038;p=4000"},"modified":"2022-05-07T13:01:12","modified_gmt":"2022-05-07T13:01:12","slug":"la-llave-del-soul-memories-of-amy-winehouse","status":"publish","type":"product","link":"https:\/\/www.promusicsmallorca.org\/es\/catalogo-promusics\/la-llave-del-soul-memories-of-amy-winehouse\/","title":{"rendered":"LA LLAVE DEL SOUL \u00abMEMORIES OF AMY WINEHOUSE\u00bb"},"content":{"rendered":"<p>Este cuarteto es un grupo de m\u00fasica Soul, que ofrece un espectacular tributo a la figura de la artista Amy Winehouse. Tambi\u00e9n dentro de su repertorio tienen presentes a otros artistas como Aretha Franklin, Donna Summer, Stevie Wonder, Marvin Gaye, Gloria Gaynor, James Brown, etc. Esta formaci\u00f3n se considera muy vers\u00e1til dentro del mismo estilo, donde combinan los sonidos del Rhodes y el Hamomnd, la guitarra el\u00e9ctrica, el caj\u00f3n flamenco, bater\u00eda y una voz muy peculiar que te llevar\u00e1 a recordar la verdadera Amy.<\/p>\n<pre style=\"text-align: center;\"><a href=\"https:\/\/www.youtube.com\/watch?v=jdQFFG5r17k\">https:\/\/www.youtube.com\/watch?v=jdQFFG5r17k<\/a><\/pre>\n<p style=\"text-align: right;\">ISIS MONTERO: 660387454 \/ <a href=\"mailto:isismontero@yahoo.es\">isismontero@yahoo.es<\/a><\/p>\n","protected":false},"excerpt":{"rendered":"<p style=\"text-align: center;\">TERESA FERN\u00c1NDEZ &#8211; VOZ<br \/>\nJOAN ART\u00d3 &#8211; GUITARRA<br \/>\nISIS \u00abAPACHE\u00bbMONTERO &#8211; PIANO &amp; BAJO<br \/>\nBENJI HABICHUELA &#8211; BATERIA &amp; CAJ\u00d3N<\/p>\n","protected":false},"featured_media":4001,"template":"","meta":{"_et_pb_use_builder":"","_et_pb_old_content":"","_et_gb_content_width":""},"product_cat":[66],"product_tag":[72],"yoast_head":"<!-- This site is optimized with the Yoast SEO Premium plugin v15.7 - https:\/\/yoast.com\/wordpress\/plugins\/seo\/ -->\n<title>LA LLAVE DEL SOUL &quot;MEMORIES OF AMY WINEHOUSE&quot; - ProM\u00fasics Mallorca<\/title>\n<meta name=\"robots\" content=\"index, follow, max-snippet:-1, max-image-preview:large, max-video-preview:-1\" \/>\n<link rel=\"canonical\" href=\"https:\/\/www.promusicsmallorca.org\/es\/catalogo-promusics\/la-llave-del-soul-memories-of-amy-winehouse\/\" \/>\n<meta property=\"og:locale\" content=\"es_ES\" \/>\n<meta property=\"og:type\" content=\"article\" \/>\n<meta property=\"og:title\" content=\"LA LLAVE DEL SOUL &quot;MEMORIES OF AMY WINEHOUSE&quot; - ProM\u00fasics Mallorca\" \/>\n<meta property=\"og:description\" content=\"TERESA FERN\u00c1NDEZ - VOZ JOAN ART\u00d3 - GUITARRA ISIS &quot;APACHE&quot;MONTERO - PIANO &amp; BAJO BENJI HABICHUELA - BATERIA &amp; CAJ\u00d3N\" \/>\n<meta property=\"og:url\" content=\"https:\/\/www.promusicsmallorca.org\/es\/catalogo-promusics\/la-llave-del-soul-memories-of-amy-winehouse\/\" \/>\n<meta property=\"og:site_name\" content=\"ProM\u00fasics Mallorca\" \/>\n<meta property=\"article:publisher\" content=\"https:\/\/www.facebook.com\/promusicsmallorca\" \/>\n<meta property=\"article:modified_time\" content=\"2022-05-07T13:01:12+00:00\" \/>\n<meta property=\"og:image\" content=\"https:\/\/i0.wp.com\/www.promusicsmallorca.org\/wp-content\/uploads\/2022\/05\/LA-LLAVE-DEL-SOUL-0.jpg?fit=1600%2C1066&#038;ssl=1\" \/>\n\t<meta property=\"og:image:width\" content=\"1600\" \/>\n\t<meta property=\"og:image:height\" content=\"1066\" \/>\n<meta name=\"twitter:card\" content=\"summary_large_image\" \/>\n<meta name=\"twitter:label1\" content=\"Tiempo de lectura\">\n\t<meta name=\"twitter:data1\" content=\"1 minuto\">\n<script type=\"application\/ld+json\" class=\"yoast-schema-graph\">{\"@context\":\"https:\/\/schema.org\",\"@graph\":[{\"@type\":\"Organization\",\"@id\":\"https:\/\/www.promusicsmallorca.org\/#organization\",\"name\":\"ProM\\u00fasics Mallorca\",\"url\":\"https:\/\/www.promusicsmallorca.org\/\",\"sameAs\":[\"https:\/\/www.facebook.com\/promusicsmallorca\",\"https:\/\/www.instagram.com\/promusicsmallorca\/\",\"https:\/\/www.youtube.com\/channel\/UCWwttYA4JPovS2RZiGlHgpA\"],\"logo\":{\"@type\":\"ImageObject\",\"@id\":\"https:\/\/www.promusicsmallorca.org\/#logo\",\"inLanguage\":\"es\",\"url\":\"https:\/\/i0.wp.com\/www.promusicsmallorca.org\/wp-content\/uploads\/2021\/02\/image0.png?fit=10224%2C7725&ssl=1\",\"width\":10224,\"height\":7725,\"caption\":\"ProM\\u00fasics Mallorca\"},\"image\":{\"@id\":\"https:\/\/www.promusicsmallorca.org\/#logo\"}},{\"@type\":\"WebSite\",\"@id\":\"https:\/\/www.promusicsmallorca.org\/#website\",\"url\":\"https:\/\/www.promusicsmallorca.org\/\",\"name\":\"ProM\\u00fasics Mallorca\",\"description\":\"Associaci\\u00f3 de Professionals de la M\\u00fasica de Mallorca\",\"publisher\":{\"@id\":\"https:\/\/www.promusicsmallorca.org\/#organization\"},\"potentialAction\":[{\"@type\":\"SearchAction\",\"target\":\"https:\/\/www.promusicsmallorca.org\/?s={search_term_string}\",\"query-input\":\"required name=search_term_string\"}],\"inLanguage\":\"es\"},{\"@type\":\"ImageObject\",\"@id\":\"https:\/\/www.promusicsmallorca.org\/es\/catalogo-promusics\/la-llave-del-soul-memories-of-amy-winehouse\/#primaryimage\",\"inLanguage\":\"es\",\"url\":\"https:\/\/i0.wp.com\/www.promusicsmallorca.org\/wp-content\/uploads\/2022\/05\/LA-LLAVE-DEL-SOUL-0.jpg?fit=1600%2C1066&ssl=1\",\"width\":1600,\"height\":1066},{\"@type\":\"WebPage\",\"@id\":\"https:\/\/www.promusicsmallorca.org\/es\/catalogo-promusics\/la-llave-del-soul-memories-of-amy-winehouse\/#webpage\",\"url\":\"https:\/\/www.promusicsmallorca.org\/es\/catalogo-promusics\/la-llave-del-soul-memories-of-amy-winehouse\/\",\"name\":\"LA LLAVE DEL SOUL \\\"MEMORIES OF AMY WINEHOUSE\\\" - ProM\\u00fasics Mallorca\",\"isPartOf\":{\"@id\":\"https:\/\/www.promusicsmallorca.org\/#website\"},\"primaryImageOfPage\":{\"@id\":\"https:\/\/www.promusicsmallorca.org\/es\/catalogo-promusics\/la-llave-del-soul-memories-of-amy-winehouse\/#primaryimage\"},\"datePublished\":\"2022-05-07T13:01:11+00:00\",\"dateModified\":\"2022-05-07T13:01:12+00:00\",\"inLanguage\":\"es\",\"potentialAction\":[{\"@type\":\"ReadAction\",\"target\":[\"https:\/\/www.promusicsmallorca.org\/es\/catalogo-promusics\/la-llave-del-soul-memories-of-amy-winehouse\/\"]}]}]}<\/script>\n<!-- \/ Yoast SEO Premium plugin. -->","jetpack_sharing_enabled":true,"_links":{"self":[{"href":"https:\/\/www.promusicsmallorca.org\/es\/wp-json\/wp\/v2\/product\/4000"}],"collection":[{"href":"https:\/\/www.promusicsmallorca.org\/es\/wp-json\/wp\/v2\/product"}],"about":[{"href":"https:\/\/www.promusicsmallorca.org\/es\/wp-json\/wp\/v2\/types\/product"}],"wp:featuredmedia":[{"embeddable":true,"href":"https:\/\/www.promusicsmallorca.org\/es\/wp-json\/wp\/v2\/media\/4001"}],"wp:attachment":[{"href":"https:\/\/www.promusicsmallorca.org\/es\/wp-json\/wp\/v2\/media?parent=4000"}],"wp:term":[{"taxonomy":"product_cat","embeddable":true,"href":"https:\/\/www.promusicsmallorca.org\/es\/wp-json\/wp\/v2\/product_cat?post=4000"},{"taxonomy":"product_tag","embeddable":true,"href":"https:\/\/www.promusicsmallorca.org\/es\/wp-json\/wp\/v2\/product_tag?post=4000"}],"curies":[{"name":"wp","href":"https:\/\/api.w.org\/{rel}","templated":true}]}}