{"id":3985,"date":"2022-05-03T09:27:43","date_gmt":"2022-05-03T09:27:43","guid":{"rendered":"https:\/\/www.promusicsmallorca.org\/?post_type=product&#038;p=3985"},"modified":"2022-05-03T09:27:44","modified_gmt":"2022-05-03T09:27:44","slug":"hato-gato","status":"publish","type":"product","link":"https:\/\/www.promusicsmallorca.org\/es\/catalogo-promusics\/hato-gato\/","title":{"rendered":"Hato Gato"},"content":{"rendered":"<p>Este proyecto nace a ra\u00edz de unas clases de percusi\u00f3n y voz, all\u00ed se trabajan ritmos y canciones de todo el mundo, pero principalmente de la pen\u00ednsula ib\u00e9rica, proponiendo un viaje en el tiempo\/espacio, en la memoria musical, y que nos lleva desde sitios como Galicia, Andaluc\u00eda o Catalu\u00f1a, pero tambi\u00e9n Brasil o Venezuela, Turqu\u00eda, Argentina. Todo el grupo canta\/toca percusiones distintas y variadas de todo el mundo, bombos, sartenes, almireces, cajones, percusi\u00f3n menor, efectos, latas, azadas, vieiras, panderetas, en directo podemos ser entre 8 y 24 personas. Depende de muchas variables.<\/p>\n<pre style=\"text-align: center;\"><a href=\"https:\/\/youtu.be\/g90x2YQkNKI\">https:\/\/youtu.be\/g90x2YQkNKI<\/a>\r\n<a href=\"https:\/\/youtu.be\/HIol7srJnR8\">https:\/\/youtu.be\/HIol7srJnR8<\/a>\r\n<a href=\"https:\/\/youtu.be\/PLqdTgwTo7Y\">https:\/\/youtu.be\/PLqdTgwTo7Y<\/a><\/pre>\n<p style=\"text-align: right;\">jose llorach: 699224706 \/ <a href=\"mailto:josemurci6@hotmail.com\">josemurci6@hotmail.com<\/a><\/p>\n","protected":false},"excerpt":{"rendered":"<p>jose llorach &#8211; voz percusiones<br \/>\nbiel carbonell &#8211; voz percusiones<br \/>\npatricia moro &#8211; voz percusiones<br \/>\nraquel gutierrez &#8211; voz percusiones<br \/>\npaula zamora &#8211; voz percusiones<br \/>\ncristina miguel &#8211; voz percusiones<br \/>\nangela guerrero &#8211; voz percusiones<br \/>\nsandra capo &#8211; voz percusiones<br \/>\nfrancisco urquijo &#8211; voz percusiones<br \/>\nambra di trani &#8211; voz percusiones<\/p>\n","protected":false},"featured_media":3986,"template":"","meta":{"_et_pb_use_builder":"","_et_pb_old_content":"","_et_gb_content_width":""},"product_cat":[88],"product_tag":[106],"yoast_head":"<!-- This site is optimized with the Yoast SEO Premium plugin v15.7 - https:\/\/yoast.com\/wordpress\/plugins\/seo\/ -->\n<title>Hato Gato - ProM\u00fasics Mallorca<\/title>\n<meta name=\"robots\" content=\"index, follow, max-snippet:-1, max-image-preview:large, max-video-preview:-1\" \/>\n<link rel=\"canonical\" href=\"https:\/\/www.promusicsmallorca.org\/es\/catalogo-promusics\/hato-gato\/\" \/>\n<meta property=\"og:locale\" content=\"es_ES\" \/>\n<meta property=\"og:type\" content=\"article\" \/>\n<meta property=\"og:title\" content=\"Hato Gato - ProM\u00fasics Mallorca\" \/>\n<meta property=\"og:description\" content=\"jose llorach - voz percusiones biel carbonell - voz percusiones patricia moro - voz percusiones raquel gutierrez - voz percusiones paula zamora - voz percusiones cristina miguel - voz percusiones angela guerrero - voz percusiones sandra capo - voz percusiones francisco urquijo - voz percusiones ambra di trani - voz percusiones\" \/>\n<meta property=\"og:url\" content=\"https:\/\/www.promusicsmallorca.org\/es\/catalogo-promusics\/hato-gato\/\" \/>\n<meta property=\"og:site_name\" content=\"ProM\u00fasics Mallorca\" \/>\n<meta property=\"article:publisher\" content=\"https:\/\/www.facebook.com\/promusicsmallorca\" \/>\n<meta property=\"article:modified_time\" content=\"2022-05-03T09:27:44+00:00\" \/>\n<meta property=\"og:image\" content=\"https:\/\/i0.wp.com\/www.promusicsmallorca.org\/wp-content\/uploads\/2022\/05\/HATO-GATO-CIRCULO.jpg?fit=945%2C753&#038;ssl=1\" \/>\n\t<meta property=\"og:image:width\" content=\"945\" \/>\n\t<meta property=\"og:image:height\" content=\"753\" \/>\n<meta name=\"twitter:card\" content=\"summary_large_image\" \/>\n<meta name=\"twitter:label1\" content=\"Tiempo de lectura\">\n\t<meta name=\"twitter:data1\" content=\"1 minuto\">\n<script type=\"application\/ld+json\" class=\"yoast-schema-graph\">{\"@context\":\"https:\/\/schema.org\",\"@graph\":[{\"@type\":\"Organization\",\"@id\":\"https:\/\/www.promusicsmallorca.org\/#organization\",\"name\":\"ProM\\u00fasics Mallorca\",\"url\":\"https:\/\/www.promusicsmallorca.org\/\",\"sameAs\":[\"https:\/\/www.facebook.com\/promusicsmallorca\",\"https:\/\/www.instagram.com\/promusicsmallorca\/\",\"https:\/\/www.youtube.com\/channel\/UCWwttYA4JPovS2RZiGlHgpA\"],\"logo\":{\"@type\":\"ImageObject\",\"@id\":\"https:\/\/www.promusicsmallorca.org\/#logo\",\"inLanguage\":\"es\",\"url\":\"https:\/\/i0.wp.com\/www.promusicsmallorca.org\/wp-content\/uploads\/2021\/02\/image0.png?fit=10224%2C7725&ssl=1\",\"width\":10224,\"height\":7725,\"caption\":\"ProM\\u00fasics Mallorca\"},\"image\":{\"@id\":\"https:\/\/www.promusicsmallorca.org\/#logo\"}},{\"@type\":\"WebSite\",\"@id\":\"https:\/\/www.promusicsmallorca.org\/#website\",\"url\":\"https:\/\/www.promusicsmallorca.org\/\",\"name\":\"ProM\\u00fasics Mallorca\",\"description\":\"Associaci\\u00f3 de Professionals de la M\\u00fasica de Mallorca\",\"publisher\":{\"@id\":\"https:\/\/www.promusicsmallorca.org\/#organization\"},\"potentialAction\":[{\"@type\":\"SearchAction\",\"target\":\"https:\/\/www.promusicsmallorca.org\/?s={search_term_string}\",\"query-input\":\"required name=search_term_string\"}],\"inLanguage\":\"es\"},{\"@type\":\"ImageObject\",\"@id\":\"https:\/\/www.promusicsmallorca.org\/es\/catalogo-promusics\/hato-gato\/#primaryimage\",\"inLanguage\":\"es\",\"url\":\"https:\/\/i0.wp.com\/www.promusicsmallorca.org\/wp-content\/uploads\/2022\/05\/HATO-GATO-CIRCULO.jpg?fit=945%2C753&ssl=1\",\"width\":945,\"height\":753},{\"@type\":\"WebPage\",\"@id\":\"https:\/\/www.promusicsmallorca.org\/es\/catalogo-promusics\/hato-gato\/#webpage\",\"url\":\"https:\/\/www.promusicsmallorca.org\/es\/catalogo-promusics\/hato-gato\/\",\"name\":\"Hato Gato - ProM\\u00fasics Mallorca\",\"isPartOf\":{\"@id\":\"https:\/\/www.promusicsmallorca.org\/#website\"},\"primaryImageOfPage\":{\"@id\":\"https:\/\/www.promusicsmallorca.org\/es\/catalogo-promusics\/hato-gato\/#primaryimage\"},\"datePublished\":\"2022-05-03T09:27:43+00:00\",\"dateModified\":\"2022-05-03T09:27:44+00:00\",\"inLanguage\":\"es\",\"potentialAction\":[{\"@type\":\"ReadAction\",\"target\":[\"https:\/\/www.promusicsmallorca.org\/es\/catalogo-promusics\/hato-gato\/\"]}]}]}<\/script>\n<!-- \/ Yoast SEO Premium plugin. -->","jetpack_sharing_enabled":true,"_links":{"self":[{"href":"https:\/\/www.promusicsmallorca.org\/es\/wp-json\/wp\/v2\/product\/3985"}],"collection":[{"href":"https:\/\/www.promusicsmallorca.org\/es\/wp-json\/wp\/v2\/product"}],"about":[{"href":"https:\/\/www.promusicsmallorca.org\/es\/wp-json\/wp\/v2\/types\/product"}],"wp:featuredmedia":[{"embeddable":true,"href":"https:\/\/www.promusicsmallorca.org\/es\/wp-json\/wp\/v2\/media\/3986"}],"wp:attachment":[{"href":"https:\/\/www.promusicsmallorca.org\/es\/wp-json\/wp\/v2\/media?parent=3985"}],"wp:term":[{"taxonomy":"product_cat","embeddable":true,"href":"https:\/\/www.promusicsmallorca.org\/es\/wp-json\/wp\/v2\/product_cat?post=3985"},{"taxonomy":"product_tag","embeddable":true,"href":"https:\/\/www.promusicsmallorca.org\/es\/wp-json\/wp\/v2\/product_tag?post=3985"}],"curies":[{"name":"wp","href":"https:\/\/api.w.org\/{rel}","templated":true}]}}