{"id":3970,"date":"2022-05-01T15:55:27","date_gmt":"2022-05-01T15:55:27","guid":{"rendered":"https:\/\/www.promusicsmallorca.org\/?post_type=product&#038;p=3970"},"modified":"2022-05-01T15:55:27","modified_gmt":"2022-05-01T15:55:27","slug":"duo-kiki-richard","status":"publish","type":"product","link":"https:\/\/www.promusicsmallorca.org\/es\/catalogo-promusics\/duo-kiki-richard\/","title":{"rendered":"Duo Kiki &#038; Richard"},"content":{"rendered":"<p>Dos multi-instrumentistas \/ vocalistas que interpretan grandes canciones europeas y americanas de autores como Jacques Brell, Edith Piaf, Bob Dylan, Charles Trenet, Nat King Cole, Stevie Wonder, Sting y Bob Marley. Aparte de cantar, se acompa\u00f1an con el piano, el acorde\u00f3n, la flauta, la trompa y la percusi\u00f3n. El resultado es una fusi\u00f3n de la m\u00fasica cl\u00e1sica, el jazz, el rhythm &amp; blues y el folk.<\/p>\n<pre style=\"text-align: center;\"><a href=\"https:\/\/www.youtube.com\/watch?v=xtPLugPbkXM&amp;list=PLbzNhW_AT6af8Ksdio_D2HBwmMvye79T7&amp;index=1&amp;t=15s\">https:\/\/www.youtube.com\/watch?v=xtPLugPbkXM&amp;list=PLbzNhW_AT6af8Ksdio_D2HBwmMvye79T7&amp;index=1&amp;t=15s<\/a>\r\n<a href=\"https:\/\/www.youtube.com\/watch?v=2eTqy79BzDQ&amp;list=PLbzNhW_AT6af8Ksdio_D2HBwmMvye79T7&amp;index=2\">https:\/\/www.youtube.com\/watch?v=2eTqy79BzDQ&amp;list=PLbzNhW_AT6af8Ksdio_D2HBwmMvye79T7&amp;index=2<\/a><\/pre>\n<p style=\"text-align: right;\">Richard Vinton: 687349062 \/ <a href=\"mailto:richardvinton3@hotmail.com\">richardvinton3@hotmail.com<\/a><\/p>\n","protected":false},"excerpt":{"rendered":"<p style=\"text-align: center;\">Richard Vinton &#8211; piano, voz, trompa<br \/>\nKiki Lauriane Orsini &#8211; flauta, voz, acordeon<\/p>\n","protected":false},"featured_media":3971,"template":"","meta":{"_et_pb_use_builder":"","_et_pb_old_content":"","_et_gb_content_width":""},"product_cat":[120,44],"product_tag":[91],"yoast_head":"<!-- This site is optimized with the Yoast SEO Premium plugin v15.7 - https:\/\/yoast.com\/wordpress\/plugins\/seo\/ -->\n<title>Duo Kiki &amp; Richard - ProM\u00fasics Mallorca<\/title>\n<meta name=\"robots\" content=\"index, follow, max-snippet:-1, max-image-preview:large, max-video-preview:-1\" \/>\n<link rel=\"canonical\" href=\"https:\/\/www.promusicsmallorca.org\/es\/catalogo-promusics\/duo-kiki-richard\/\" \/>\n<meta property=\"og:locale\" content=\"es_ES\" \/>\n<meta property=\"og:type\" content=\"article\" \/>\n<meta property=\"og:title\" content=\"Duo Kiki &amp; Richard - ProM\u00fasics Mallorca\" \/>\n<meta property=\"og:description\" content=\"Richard Vinton - piano, voz, trompa Kiki Lauriane Orsini - flauta, voz, acordeon\" \/>\n<meta property=\"og:url\" content=\"https:\/\/www.promusicsmallorca.org\/es\/catalogo-promusics\/duo-kiki-richard\/\" \/>\n<meta property=\"og:site_name\" content=\"ProM\u00fasics Mallorca\" \/>\n<meta property=\"article:publisher\" content=\"https:\/\/www.facebook.com\/promusicsmallorca\" \/>\n<meta property=\"og:image\" content=\"https:\/\/i0.wp.com\/www.promusicsmallorca.org\/wp-content\/uploads\/2022\/05\/Duo-Kiki-y-Richard.jpg?fit=1200%2C630&#038;ssl=1\" \/>\n\t<meta property=\"og:image:width\" content=\"1200\" \/>\n\t<meta property=\"og:image:height\" content=\"630\" \/>\n<meta name=\"twitter:card\" content=\"summary_large_image\" \/>\n<meta name=\"twitter:label1\" content=\"Tiempo de lectura\">\n\t<meta name=\"twitter:data1\" content=\"1 minuto\">\n<script type=\"application\/ld+json\" class=\"yoast-schema-graph\">{\"@context\":\"https:\/\/schema.org\",\"@graph\":[{\"@type\":\"Organization\",\"@id\":\"https:\/\/www.promusicsmallorca.org\/#organization\",\"name\":\"ProM\\u00fasics Mallorca\",\"url\":\"https:\/\/www.promusicsmallorca.org\/\",\"sameAs\":[\"https:\/\/www.facebook.com\/promusicsmallorca\",\"https:\/\/www.instagram.com\/promusicsmallorca\/\",\"https:\/\/www.youtube.com\/channel\/UCWwttYA4JPovS2RZiGlHgpA\"],\"logo\":{\"@type\":\"ImageObject\",\"@id\":\"https:\/\/www.promusicsmallorca.org\/#logo\",\"inLanguage\":\"es\",\"url\":\"https:\/\/i0.wp.com\/www.promusicsmallorca.org\/wp-content\/uploads\/2021\/02\/image0.png?fit=10224%2C7725&ssl=1\",\"width\":10224,\"height\":7725,\"caption\":\"ProM\\u00fasics Mallorca\"},\"image\":{\"@id\":\"https:\/\/www.promusicsmallorca.org\/#logo\"}},{\"@type\":\"WebSite\",\"@id\":\"https:\/\/www.promusicsmallorca.org\/#website\",\"url\":\"https:\/\/www.promusicsmallorca.org\/\",\"name\":\"ProM\\u00fasics Mallorca\",\"description\":\"Associaci\\u00f3 de Professionals de la M\\u00fasica de Mallorca\",\"publisher\":{\"@id\":\"https:\/\/www.promusicsmallorca.org\/#organization\"},\"potentialAction\":[{\"@type\":\"SearchAction\",\"target\":\"https:\/\/www.promusicsmallorca.org\/?s={search_term_string}\",\"query-input\":\"required name=search_term_string\"}],\"inLanguage\":\"es\"},{\"@type\":\"ImageObject\",\"@id\":\"https:\/\/www.promusicsmallorca.org\/es\/catalogo-promusics\/duo-kiki-richard\/#primaryimage\",\"inLanguage\":\"es\",\"url\":\"https:\/\/i0.wp.com\/www.promusicsmallorca.org\/wp-content\/uploads\/2022\/05\/Duo-Kiki-y-Richard.jpg?fit=1200%2C630&ssl=1\",\"width\":1200,\"height\":630},{\"@type\":\"WebPage\",\"@id\":\"https:\/\/www.promusicsmallorca.org\/es\/catalogo-promusics\/duo-kiki-richard\/#webpage\",\"url\":\"https:\/\/www.promusicsmallorca.org\/es\/catalogo-promusics\/duo-kiki-richard\/\",\"name\":\"Duo Kiki & Richard - ProM\\u00fasics Mallorca\",\"isPartOf\":{\"@id\":\"https:\/\/www.promusicsmallorca.org\/#website\"},\"primaryImageOfPage\":{\"@id\":\"https:\/\/www.promusicsmallorca.org\/es\/catalogo-promusics\/duo-kiki-richard\/#primaryimage\"},\"datePublished\":\"2022-05-01T15:55:27+00:00\",\"dateModified\":\"2022-05-01T15:55:27+00:00\",\"inLanguage\":\"es\",\"potentialAction\":[{\"@type\":\"ReadAction\",\"target\":[\"https:\/\/www.promusicsmallorca.org\/es\/catalogo-promusics\/duo-kiki-richard\/\"]}]}]}<\/script>\n<!-- \/ Yoast SEO Premium plugin. -->","jetpack_sharing_enabled":true,"_links":{"self":[{"href":"https:\/\/www.promusicsmallorca.org\/es\/wp-json\/wp\/v2\/product\/3970"}],"collection":[{"href":"https:\/\/www.promusicsmallorca.org\/es\/wp-json\/wp\/v2\/product"}],"about":[{"href":"https:\/\/www.promusicsmallorca.org\/es\/wp-json\/wp\/v2\/types\/product"}],"wp:featuredmedia":[{"embeddable":true,"href":"https:\/\/www.promusicsmallorca.org\/es\/wp-json\/wp\/v2\/media\/3971"}],"wp:attachment":[{"href":"https:\/\/www.promusicsmallorca.org\/es\/wp-json\/wp\/v2\/media?parent=3970"}],"wp:term":[{"taxonomy":"product_cat","embeddable":true,"href":"https:\/\/www.promusicsmallorca.org\/es\/wp-json\/wp\/v2\/product_cat?post=3970"},{"taxonomy":"product_tag","embeddable":true,"href":"https:\/\/www.promusicsmallorca.org\/es\/wp-json\/wp\/v2\/product_tag?post=3970"}],"curies":[{"name":"wp","href":"https:\/\/api.w.org\/{rel}","templated":true}]}}