{"id":3957,"date":"2022-04-29T14:12:57","date_gmt":"2022-04-29T14:12:57","guid":{"rendered":"https:\/\/www.promusicsmallorca.org\/?post_type=product&#038;p=3957"},"modified":"2022-04-29T14:12:57","modified_gmt":"2022-04-29T14:12:57","slug":"anne-the-blues-dieggers","status":"publish","type":"product","link":"https:\/\/www.promusicsmallorca.org\/es\/catalogo-promusics\/anne-the-blues-dieggers\/","title":{"rendered":"Anne &#038; The Blues Dieggers"},"content":{"rendered":"<p>Anne and the Blues Diggers es una banda de R&amp;B SOUL FUNK con un intuitivo Feel de R&amp;R conformado por Anna Maria Florio (voz l\u00edder) y sus BLUES DIGGERS 4 m\u00fasicos apasionados y multiculturales que se encuentran en Palma de Mallorca, Islas Baleares. Todos con influencias que conducen en la creaci\u00f3n de m\u00fasica que le da alas al alma, huida a la imaginaci\u00f3n y vida a cada recuerdo.Ya est\u00e1 completada la primera producci\u00f3n musical titulada \u201cWOMAN IN BLUES\u201d, la cual incluye dos temas in\u00e9ditos<\/p>\n<pre style=\"text-align: center;\"><a href=\"https:\/\/www.anneandthebluesdiggers.com\/es\/\">https:\/\/www.anneandthebluesdiggers.com\/es\/<\/a>\r\n<a href=\"https:\/\/www.youtube.com\/channel\/UCWhw5tgL-wHURZ1WRUbsmlg\">https:\/\/www.youtube.com\/channel\/UCWhw5tgL-wHURZ1WRUbsmlg<\/a><\/pre>\n<p style=\"text-align: right;\">Annamaria Florio: 602570131 \/ <a href=\"mailto:blueannina@me.com\">blueannina@me.com<\/a><\/p>\n","protected":false},"excerpt":{"rendered":"<p style=\"text-align: center;\">Annamaria Florio &#8211; Voz<br \/>\nToni Beltran &#8211; Bateria<br \/>\nMavic Bush &#8211; Guitarra<br \/>\nMario Virgilio &#8211; Bajo<\/p>\n","protected":false},"featured_media":3958,"template":"","meta":{"_et_pb_use_builder":"","_et_pb_old_content":"","_et_gb_content_width":""},"product_cat":[75,239],"product_tag":[72],"yoast_head":"<!-- This site is optimized with the Yoast SEO Premium plugin v15.7 - https:\/\/yoast.com\/wordpress\/plugins\/seo\/ -->\n<title>Anne &amp; The Blues Dieggers - ProM\u00fasics Mallorca<\/title>\n<meta name=\"robots\" content=\"index, follow, max-snippet:-1, max-image-preview:large, max-video-preview:-1\" \/>\n<link rel=\"canonical\" href=\"https:\/\/www.promusicsmallorca.org\/es\/catalogo-promusics\/anne-the-blues-dieggers\/\" \/>\n<meta property=\"og:locale\" content=\"es_ES\" \/>\n<meta property=\"og:type\" content=\"article\" \/>\n<meta property=\"og:title\" content=\"Anne &amp; The Blues Dieggers - ProM\u00fasics Mallorca\" \/>\n<meta property=\"og:description\" content=\"Annamaria Florio - Voz Toni Beltran - Bateria Mavic Bush - Guitarra Mario Virgilio - Bajo\" \/>\n<meta property=\"og:url\" content=\"https:\/\/www.promusicsmallorca.org\/es\/catalogo-promusics\/anne-the-blues-dieggers\/\" \/>\n<meta property=\"og:site_name\" content=\"ProM\u00fasics Mallorca\" \/>\n<meta property=\"article:publisher\" content=\"https:\/\/www.facebook.com\/promusicsmallorca\" \/>\n<meta property=\"og:image\" content=\"https:\/\/i0.wp.com\/www.promusicsmallorca.org\/wp-content\/uploads\/2022\/04\/womanwa.jpeg?fit=1600%2C1088&#038;ssl=1\" \/>\n\t<meta property=\"og:image:width\" content=\"1600\" \/>\n\t<meta property=\"og:image:height\" content=\"1088\" \/>\n<meta name=\"twitter:card\" content=\"summary_large_image\" \/>\n<meta name=\"twitter:label1\" content=\"Tiempo de lectura\">\n\t<meta name=\"twitter:data1\" content=\"1 minuto\">\n<script type=\"application\/ld+json\" class=\"yoast-schema-graph\">{\"@context\":\"https:\/\/schema.org\",\"@graph\":[{\"@type\":\"Organization\",\"@id\":\"https:\/\/www.promusicsmallorca.org\/#organization\",\"name\":\"ProM\\u00fasics Mallorca\",\"url\":\"https:\/\/www.promusicsmallorca.org\/\",\"sameAs\":[\"https:\/\/www.facebook.com\/promusicsmallorca\",\"https:\/\/www.instagram.com\/promusicsmallorca\/\",\"https:\/\/www.youtube.com\/channel\/UCWwttYA4JPovS2RZiGlHgpA\"],\"logo\":{\"@type\":\"ImageObject\",\"@id\":\"https:\/\/www.promusicsmallorca.org\/#logo\",\"inLanguage\":\"es\",\"url\":\"https:\/\/i0.wp.com\/www.promusicsmallorca.org\/wp-content\/uploads\/2021\/02\/image0.png?fit=10224%2C7725&ssl=1\",\"width\":10224,\"height\":7725,\"caption\":\"ProM\\u00fasics Mallorca\"},\"image\":{\"@id\":\"https:\/\/www.promusicsmallorca.org\/#logo\"}},{\"@type\":\"WebSite\",\"@id\":\"https:\/\/www.promusicsmallorca.org\/#website\",\"url\":\"https:\/\/www.promusicsmallorca.org\/\",\"name\":\"ProM\\u00fasics Mallorca\",\"description\":\"Associaci\\u00f3 de Professionals de la M\\u00fasica de Mallorca\",\"publisher\":{\"@id\":\"https:\/\/www.promusicsmallorca.org\/#organization\"},\"potentialAction\":[{\"@type\":\"SearchAction\",\"target\":\"https:\/\/www.promusicsmallorca.org\/?s={search_term_string}\",\"query-input\":\"required name=search_term_string\"}],\"inLanguage\":\"es\"},{\"@type\":\"ImageObject\",\"@id\":\"https:\/\/www.promusicsmallorca.org\/es\/catalogo-promusics\/anne-the-blues-dieggers\/#primaryimage\",\"inLanguage\":\"es\",\"url\":\"https:\/\/i0.wp.com\/www.promusicsmallorca.org\/wp-content\/uploads\/2022\/04\/womanwa.jpeg?fit=1600%2C1088&ssl=1\",\"width\":1600,\"height\":1088},{\"@type\":\"WebPage\",\"@id\":\"https:\/\/www.promusicsmallorca.org\/es\/catalogo-promusics\/anne-the-blues-dieggers\/#webpage\",\"url\":\"https:\/\/www.promusicsmallorca.org\/es\/catalogo-promusics\/anne-the-blues-dieggers\/\",\"name\":\"Anne & The Blues Dieggers - ProM\\u00fasics Mallorca\",\"isPartOf\":{\"@id\":\"https:\/\/www.promusicsmallorca.org\/#website\"},\"primaryImageOfPage\":{\"@id\":\"https:\/\/www.promusicsmallorca.org\/es\/catalogo-promusics\/anne-the-blues-dieggers\/#primaryimage\"},\"datePublished\":\"2022-04-29T14:12:57+00:00\",\"dateModified\":\"2022-04-29T14:12:57+00:00\",\"inLanguage\":\"es\",\"potentialAction\":[{\"@type\":\"ReadAction\",\"target\":[\"https:\/\/www.promusicsmallorca.org\/es\/catalogo-promusics\/anne-the-blues-dieggers\/\"]}]}]}<\/script>\n<!-- \/ Yoast SEO Premium plugin. -->","jetpack_sharing_enabled":true,"_links":{"self":[{"href":"https:\/\/www.promusicsmallorca.org\/es\/wp-json\/wp\/v2\/product\/3957"}],"collection":[{"href":"https:\/\/www.promusicsmallorca.org\/es\/wp-json\/wp\/v2\/product"}],"about":[{"href":"https:\/\/www.promusicsmallorca.org\/es\/wp-json\/wp\/v2\/types\/product"}],"wp:featuredmedia":[{"embeddable":true,"href":"https:\/\/www.promusicsmallorca.org\/es\/wp-json\/wp\/v2\/media\/3958"}],"wp:attachment":[{"href":"https:\/\/www.promusicsmallorca.org\/es\/wp-json\/wp\/v2\/media?parent=3957"}],"wp:term":[{"taxonomy":"product_cat","embeddable":true,"href":"https:\/\/www.promusicsmallorca.org\/es\/wp-json\/wp\/v2\/product_cat?post=3957"},{"taxonomy":"product_tag","embeddable":true,"href":"https:\/\/www.promusicsmallorca.org\/es\/wp-json\/wp\/v2\/product_tag?post=3957"}],"curies":[{"name":"wp","href":"https:\/\/api.w.org\/{rel}","templated":true}]}}