{"id":3949,"date":"2022-04-29T14:03:32","date_gmt":"2022-04-29T14:03:32","guid":{"rendered":"https:\/\/www.promusicsmallorca.org\/?post_type=product&#038;p=3949"},"modified":"2022-04-29T14:03:32","modified_gmt":"2022-04-29T14:03:32","slug":"francina-mateu-jazz","status":"publish","type":"product","link":"https:\/\/www.promusicsmallorca.org\/es\/catalogo-promusics\/francina-mateu-jazz\/","title":{"rendered":"Francina Mateu Jazz"},"content":{"rendered":"<p>Presentamos una exquisita interpretaci\u00f3n de standard de jazz de la mano de varios de los mejores m\u00fasicos de las islas. Ideal para amenizajes de eventos y para hacer disfrutar todos los sentidos con la mejor m\u00fasica de todos los tiempos desde el surgimiento del g\u00e9nero hasta la actualidad, haciendo un gui\u00f1o a cada uno de sus estilos.<\/p>\n<pre style=\"text-align: center;\"><a href=\"https:\/\/www.youtube.com\/watch?v=4pz0CVa5eWo&amp;list=PLoiZdGIApTVIeAVjW11fUQAi1hL30jdUS&amp;index=4\">https:\/\/www.youtube.com\/watch?v=4pz0CVa5eWo&amp;list=PLoiZdGIApTVIeAVjW11fUQAi1hL30jdUS&amp;index=4<\/a>\r\n<a href=\"https:\/\/www.youtube.com\/watch?v=UaQ8NRKX1WM&amp;list=PLoiZdGIApTVIeAVjW11fUQAi1hL30jdUS&amp;index=11\">https:\/\/www.youtube.com\/watch?v=UaQ8NRKX1WM&amp;list=PLoiZdGIApTVIeAVjW11fUQAi1hL30jdUS&amp;index=11<\/a>\r\n<a href=\"https:\/\/www.youtube.com\/watch?v=pXBAoykUfPA\">https:\/\/www.youtube.com\/watch?v=pXBAoykUfPA<\/a>\r\n\r\n<\/pre>\n<p style=\"text-align: right;\">Francina Mateu: 675364131 \/ <a href=\"mailto:Francinamateu@gmail.com\">Francinamateu@gmail.com<\/a><\/p>\n","protected":false},"excerpt":{"rendered":"<p style=\"text-align: center;\">Francina Mateu -Voz<br \/>\nJosi Gonzalez &#8211; Piano<br \/>\nFernando Calvo &#8211; Contrabajo\/Bajo<br \/>\nPau Ginard &#8211; Bateria<br \/>\nAlberto Moreno &#8211; Saxo<\/p>\n","protected":false},"featured_media":3950,"template":"","meta":{"_et_pb_use_builder":"","_et_pb_old_content":"","_et_gb_content_width":""},"product_cat":[96,66],"product_tag":[92],"yoast_head":"<!-- This site is optimized with the Yoast SEO Premium plugin v15.7 - https:\/\/yoast.com\/wordpress\/plugins\/seo\/ -->\n<title>Francina Mateu Jazz - ProM\u00fasics Mallorca<\/title>\n<meta name=\"robots\" content=\"index, follow, max-snippet:-1, max-image-preview:large, max-video-preview:-1\" \/>\n<link rel=\"canonical\" href=\"https:\/\/www.promusicsmallorca.org\/es\/catalogo-promusics\/francina-mateu-jazz\/\" \/>\n<meta property=\"og:locale\" content=\"es_ES\" \/>\n<meta property=\"og:type\" content=\"article\" \/>\n<meta property=\"og:title\" content=\"Francina Mateu Jazz - ProM\u00fasics Mallorca\" \/>\n<meta property=\"og:description\" content=\"Francina Mateu -Voz Josi Gonzalez - Piano Fernando Calvo - Contrabajo\/Bajo Pau Ginard - Bateria Alberto Moreno - Saxo\" \/>\n<meta property=\"og:url\" content=\"https:\/\/www.promusicsmallorca.org\/es\/catalogo-promusics\/francina-mateu-jazz\/\" \/>\n<meta property=\"og:site_name\" content=\"ProM\u00fasics Mallorca\" \/>\n<meta property=\"article:publisher\" content=\"https:\/\/www.facebook.com\/promusicsmallorca\" \/>\n<meta property=\"og:image\" content=\"https:\/\/i0.wp.com\/www.promusicsmallorca.org\/wp-content\/uploads\/2022\/04\/rt.jpg?fit=1418%2C618&#038;ssl=1\" \/>\n\t<meta property=\"og:image:width\" content=\"1418\" \/>\n\t<meta property=\"og:image:height\" content=\"618\" \/>\n<meta name=\"twitter:card\" content=\"summary_large_image\" \/>\n<meta name=\"twitter:label1\" content=\"Tiempo de lectura\">\n\t<meta name=\"twitter:data1\" content=\"1 minuto\">\n<script type=\"application\/ld+json\" class=\"yoast-schema-graph\">{\"@context\":\"https:\/\/schema.org\",\"@graph\":[{\"@type\":\"Organization\",\"@id\":\"https:\/\/www.promusicsmallorca.org\/#organization\",\"name\":\"ProM\\u00fasics Mallorca\",\"url\":\"https:\/\/www.promusicsmallorca.org\/\",\"sameAs\":[\"https:\/\/www.facebook.com\/promusicsmallorca\",\"https:\/\/www.instagram.com\/promusicsmallorca\/\",\"https:\/\/www.youtube.com\/channel\/UCWwttYA4JPovS2RZiGlHgpA\"],\"logo\":{\"@type\":\"ImageObject\",\"@id\":\"https:\/\/www.promusicsmallorca.org\/#logo\",\"inLanguage\":\"es\",\"url\":\"https:\/\/i0.wp.com\/www.promusicsmallorca.org\/wp-content\/uploads\/2021\/02\/image0.png?fit=10224%2C7725&ssl=1\",\"width\":10224,\"height\":7725,\"caption\":\"ProM\\u00fasics Mallorca\"},\"image\":{\"@id\":\"https:\/\/www.promusicsmallorca.org\/#logo\"}},{\"@type\":\"WebSite\",\"@id\":\"https:\/\/www.promusicsmallorca.org\/#website\",\"url\":\"https:\/\/www.promusicsmallorca.org\/\",\"name\":\"ProM\\u00fasics Mallorca\",\"description\":\"Associaci\\u00f3 de Professionals de la M\\u00fasica de Mallorca\",\"publisher\":{\"@id\":\"https:\/\/www.promusicsmallorca.org\/#organization\"},\"potentialAction\":[{\"@type\":\"SearchAction\",\"target\":\"https:\/\/www.promusicsmallorca.org\/?s={search_term_string}\",\"query-input\":\"required name=search_term_string\"}],\"inLanguage\":\"es\"},{\"@type\":\"ImageObject\",\"@id\":\"https:\/\/www.promusicsmallorca.org\/es\/catalogo-promusics\/francina-mateu-jazz\/#primaryimage\",\"inLanguage\":\"es\",\"url\":\"https:\/\/i0.wp.com\/www.promusicsmallorca.org\/wp-content\/uploads\/2022\/04\/rt.jpg?fit=1418%2C618&ssl=1\",\"width\":1418,\"height\":618},{\"@type\":\"WebPage\",\"@id\":\"https:\/\/www.promusicsmallorca.org\/es\/catalogo-promusics\/francina-mateu-jazz\/#webpage\",\"url\":\"https:\/\/www.promusicsmallorca.org\/es\/catalogo-promusics\/francina-mateu-jazz\/\",\"name\":\"Francina Mateu Jazz - ProM\\u00fasics Mallorca\",\"isPartOf\":{\"@id\":\"https:\/\/www.promusicsmallorca.org\/#website\"},\"primaryImageOfPage\":{\"@id\":\"https:\/\/www.promusicsmallorca.org\/es\/catalogo-promusics\/francina-mateu-jazz\/#primaryimage\"},\"datePublished\":\"2022-04-29T14:03:32+00:00\",\"dateModified\":\"2022-04-29T14:03:32+00:00\",\"inLanguage\":\"es\",\"potentialAction\":[{\"@type\":\"ReadAction\",\"target\":[\"https:\/\/www.promusicsmallorca.org\/es\/catalogo-promusics\/francina-mateu-jazz\/\"]}]}]}<\/script>\n<!-- \/ Yoast SEO Premium plugin. -->","jetpack_sharing_enabled":true,"_links":{"self":[{"href":"https:\/\/www.promusicsmallorca.org\/es\/wp-json\/wp\/v2\/product\/3949"}],"collection":[{"href":"https:\/\/www.promusicsmallorca.org\/es\/wp-json\/wp\/v2\/product"}],"about":[{"href":"https:\/\/www.promusicsmallorca.org\/es\/wp-json\/wp\/v2\/types\/product"}],"wp:featuredmedia":[{"embeddable":true,"href":"https:\/\/www.promusicsmallorca.org\/es\/wp-json\/wp\/v2\/media\/3950"}],"wp:attachment":[{"href":"https:\/\/www.promusicsmallorca.org\/es\/wp-json\/wp\/v2\/media?parent=3949"}],"wp:term":[{"taxonomy":"product_cat","embeddable":true,"href":"https:\/\/www.promusicsmallorca.org\/es\/wp-json\/wp\/v2\/product_cat?post=3949"},{"taxonomy":"product_tag","embeddable":true,"href":"https:\/\/www.promusicsmallorca.org\/es\/wp-json\/wp\/v2\/product_tag?post=3949"}],"curies":[{"name":"wp","href":"https:\/\/api.w.org\/{rel}","templated":true}]}}