{"id":3945,"date":"2022-04-29T13:54:29","date_gmt":"2022-04-29T13:54:29","guid":{"rendered":"https:\/\/www.promusicsmallorca.org\/?post_type=product&#038;p=3945"},"modified":"2022-04-29T13:54:29","modified_gmt":"2022-04-29T13:54:29","slug":"tic-tac-swing","status":"publish","type":"product","link":"https:\/\/www.promusicsmallorca.org\/es\/catalogo-promusics\/tic-tac-swing\/","title":{"rendered":"Tic Tac Swing"},"content":{"rendered":"<p>Tic Taco Swing es un formato musical compuesto desde 3 componentes: piano, contrabajo y voz, hasta el quinteto con bater\u00eda y saxo. Ofrecemos un reportori de alta calidad, fresco y bailable con tempo swing, ideal por ambientaciones festivas. Hemos actuado tanto en \u00e1mbito privado como p\u00fablico en los diferentes formatos de tr\u00edo, cuarteto y quinteto.<\/p>\n<pre style=\"text-align: center;\"><a href=\"https:\/\/www.youtube.com\/watch?v=MYMapyLLL24&amp;list=PLoiZdGIApTVLJAY1INQCvdXwPRGwLT3BS&amp;index=39\">https:\/\/www.youtube.com\/watch?v=MYMapyLLL24&amp;list=PLoiZdGIApTVLJAY1INQCvdXwPRGwLT3BS&amp;index=39<\/a>\r\n<a href=\"https:\/\/www.youtube.com\/watch?v=e0ATM92lWBk\">https:\/\/www.youtube.com\/watch?v=e0ATM92lWBk<\/a>\r\n<a href=\"https:\/\/www.youtube.com\/watch?v=o1NS3tso2ZQ\">https:\/\/www.youtube.com\/watch?v=o1NS3tso2ZQ<\/a><\/pre>\n<p style=\"text-align: right;\">Francina Mateu: 675364131 \/ <a href=\"mailto:Francinamateu@gmail.com\">Francinamateu@gmail.com<\/a><\/p>\n","protected":false},"excerpt":{"rendered":"<p>Francina Mateu &#8211; Voz<br \/>\nAlberto Moreno &#8211; Saxo<br \/>\nJosi Gonzalez &#8211; Piano<br \/>\nFernando Calvo &#8211; Contrabajo<br \/>\nToni Cuenca &#8211; Bater\u00eda<\/p>\n","protected":false},"featured_media":3946,"template":"","meta":{"_et_pb_use_builder":"","_et_pb_old_content":"","_et_gb_content_width":""},"product_cat":[96,122],"product_tag":[92],"yoast_head":"<!-- This site is optimized with the Yoast SEO Premium plugin v15.7 - https:\/\/yoast.com\/wordpress\/plugins\/seo\/ -->\n<title>Tic Tac Swing - ProM\u00fasics Mallorca<\/title>\n<meta name=\"robots\" content=\"index, follow, max-snippet:-1, max-image-preview:large, max-video-preview:-1\" \/>\n<link rel=\"canonical\" href=\"https:\/\/www.promusicsmallorca.org\/es\/catalogo-promusics\/tic-tac-swing\/\" \/>\n<meta property=\"og:locale\" content=\"es_ES\" \/>\n<meta property=\"og:type\" content=\"article\" \/>\n<meta property=\"og:title\" content=\"Tic Tac Swing - ProM\u00fasics Mallorca\" \/>\n<meta property=\"og:description\" content=\"Francina Mateu - Voz Alberto Moreno - Saxo Josi Gonzalez - Piano Fernando Calvo - Contrabajo Toni Cuenca - Bater\u00eda\" \/>\n<meta property=\"og:url\" content=\"https:\/\/www.promusicsmallorca.org\/es\/catalogo-promusics\/tic-tac-swing\/\" \/>\n<meta property=\"og:site_name\" content=\"ProM\u00fasics Mallorca\" \/>\n<meta property=\"article:publisher\" content=\"https:\/\/www.facebook.com\/promusicsmallorca\" \/>\n<meta property=\"og:image\" content=\"https:\/\/i0.wp.com\/www.promusicsmallorca.org\/wp-content\/uploads\/2022\/04\/171291599_139004154892336_5335291425258789317_n.jpg?fit=1024%2C768&#038;ssl=1\" \/>\n\t<meta property=\"og:image:width\" content=\"1024\" \/>\n\t<meta property=\"og:image:height\" content=\"768\" \/>\n<meta name=\"twitter:card\" content=\"summary_large_image\" \/>\n<script type=\"application\/ld+json\" class=\"yoast-schema-graph\">{\"@context\":\"https:\/\/schema.org\",\"@graph\":[{\"@type\":\"Organization\",\"@id\":\"https:\/\/www.promusicsmallorca.org\/#organization\",\"name\":\"ProM\\u00fasics Mallorca\",\"url\":\"https:\/\/www.promusicsmallorca.org\/\",\"sameAs\":[\"https:\/\/www.facebook.com\/promusicsmallorca\",\"https:\/\/www.instagram.com\/promusicsmallorca\/\",\"https:\/\/www.youtube.com\/channel\/UCWwttYA4JPovS2RZiGlHgpA\"],\"logo\":{\"@type\":\"ImageObject\",\"@id\":\"https:\/\/www.promusicsmallorca.org\/#logo\",\"inLanguage\":\"es\",\"url\":\"https:\/\/i0.wp.com\/www.promusicsmallorca.org\/wp-content\/uploads\/2021\/02\/image0.png?fit=10224%2C7725&ssl=1\",\"width\":10224,\"height\":7725,\"caption\":\"ProM\\u00fasics Mallorca\"},\"image\":{\"@id\":\"https:\/\/www.promusicsmallorca.org\/#logo\"}},{\"@type\":\"WebSite\",\"@id\":\"https:\/\/www.promusicsmallorca.org\/#website\",\"url\":\"https:\/\/www.promusicsmallorca.org\/\",\"name\":\"ProM\\u00fasics Mallorca\",\"description\":\"Associaci\\u00f3 de Professionals de la M\\u00fasica de Mallorca\",\"publisher\":{\"@id\":\"https:\/\/www.promusicsmallorca.org\/#organization\"},\"potentialAction\":[{\"@type\":\"SearchAction\",\"target\":\"https:\/\/www.promusicsmallorca.org\/?s={search_term_string}\",\"query-input\":\"required name=search_term_string\"}],\"inLanguage\":\"es\"},{\"@type\":\"ImageObject\",\"@id\":\"https:\/\/www.promusicsmallorca.org\/es\/catalogo-promusics\/tic-tac-swing\/#primaryimage\",\"inLanguage\":\"es\",\"url\":\"https:\/\/i0.wp.com\/www.promusicsmallorca.org\/wp-content\/uploads\/2022\/04\/171291599_139004154892336_5335291425258789317_n.jpg?fit=1024%2C768&ssl=1\",\"width\":1024,\"height\":768},{\"@type\":\"WebPage\",\"@id\":\"https:\/\/www.promusicsmallorca.org\/es\/catalogo-promusics\/tic-tac-swing\/#webpage\",\"url\":\"https:\/\/www.promusicsmallorca.org\/es\/catalogo-promusics\/tic-tac-swing\/\",\"name\":\"Tic Tac Swing - ProM\\u00fasics Mallorca\",\"isPartOf\":{\"@id\":\"https:\/\/www.promusicsmallorca.org\/#website\"},\"primaryImageOfPage\":{\"@id\":\"https:\/\/www.promusicsmallorca.org\/es\/catalogo-promusics\/tic-tac-swing\/#primaryimage\"},\"datePublished\":\"2022-04-29T13:54:29+00:00\",\"dateModified\":\"2022-04-29T13:54:29+00:00\",\"inLanguage\":\"es\",\"potentialAction\":[{\"@type\":\"ReadAction\",\"target\":[\"https:\/\/www.promusicsmallorca.org\/es\/catalogo-promusics\/tic-tac-swing\/\"]}]}]}<\/script>\n<!-- \/ Yoast SEO Premium plugin. -->","jetpack_sharing_enabled":true,"_links":{"self":[{"href":"https:\/\/www.promusicsmallorca.org\/es\/wp-json\/wp\/v2\/product\/3945"}],"collection":[{"href":"https:\/\/www.promusicsmallorca.org\/es\/wp-json\/wp\/v2\/product"}],"about":[{"href":"https:\/\/www.promusicsmallorca.org\/es\/wp-json\/wp\/v2\/types\/product"}],"wp:featuredmedia":[{"embeddable":true,"href":"https:\/\/www.promusicsmallorca.org\/es\/wp-json\/wp\/v2\/media\/3946"}],"wp:attachment":[{"href":"https:\/\/www.promusicsmallorca.org\/es\/wp-json\/wp\/v2\/media?parent=3945"}],"wp:term":[{"taxonomy":"product_cat","embeddable":true,"href":"https:\/\/www.promusicsmallorca.org\/es\/wp-json\/wp\/v2\/product_cat?post=3945"},{"taxonomy":"product_tag","embeddable":true,"href":"https:\/\/www.promusicsmallorca.org\/es\/wp-json\/wp\/v2\/product_tag?post=3945"}],"curies":[{"name":"wp","href":"https:\/\/api.w.org\/{rel}","templated":true}]}}