{"id":3407,"date":"2021-03-03T17:18:47","date_gmt":"2021-03-03T17:18:47","guid":{"rendered":"https:\/\/www.promusicsmallorca.org\/?post_type=product&#038;p=3407"},"modified":"2022-03-20T17:28:24","modified_gmt":"2022-03-20T17:28:24","slug":"divas-soul-band","status":"publish","type":"product","link":"https:\/\/www.promusicsmallorca.org\/es\/catalogo-promusics\/divas-soul-band\/","title":{"rendered":"Divas Soul Band"},"content":{"rendered":"<p>Grupo que ofrece un tributo a las mejores \u00abDivas\u00bb de todos los tiempos como: Donna Summer, Gloria Gaynor, Amy Winehouse, Tina Turner, etc., adem\u00e1s de incluir algunas canciones con los hits m\u00e1s conocidos de la \u00e9poca. Una actuaci\u00f3n con una puesta en escena explosiva y con calidad musical.<\/p>\n<pre style=\"text-align: center;\"><a href=\"https:\/\/www.youtube.com\/watch?v=fF-dL0zobIE\" target=\"_blank\" rel=\"noopener\">https:\/\/www.youtube.com\/watch?v=fF-dL0zobIE<\/a><\/pre>\n<p style=\"text-align: right;\">ISIS MONTERO: 660387454 \/ <a href=\"mailto:isismontero@yahoo.es\" target=\"_blank\" rel=\"noopener\">isismontero@yahoo.es<\/a><\/p>\n","protected":false},"excerpt":{"rendered":"<p style=\"text-align: center;\">Gisele vald\u00e9s &#8211; Voz<br \/>\nIsis \u00abApache\u00bb Montero &#8211; Piano, Bajo y Voz<br \/>\nDiego Ferral &#8211; Bater\u00eda<br \/>\nJoan Palerm &#8211; Guitarra<\/p>\n","protected":false},"featured_media":3408,"template":"","meta":{"_et_pb_use_builder":"","_et_pb_old_content":"","_et_gb_content_width":""},"product_cat":[84,66],"product_tag":[72],"yoast_head":"<!-- This site is optimized with the Yoast SEO Premium plugin v15.7 - https:\/\/yoast.com\/wordpress\/plugins\/seo\/ -->\n<title>Divas Soul Band - ProM\u00fasics Mallorca<\/title>\n<meta name=\"robots\" content=\"index, follow, max-snippet:-1, max-image-preview:large, max-video-preview:-1\" \/>\n<link rel=\"canonical\" href=\"https:\/\/www.promusicsmallorca.org\/es\/catalogo-promusics\/divas-soul-band\/\" \/>\n<meta property=\"og:locale\" content=\"es_ES\" \/>\n<meta property=\"og:type\" content=\"article\" \/>\n<meta property=\"og:title\" content=\"Divas Soul Band - ProM\u00fasics Mallorca\" \/>\n<meta property=\"og:description\" content=\"Gisele vald\u00e9s - Voz Isis &quot;Apache&quot; Montero - Piano, Bajo y Voz Diego Ferral - Bater\u00eda Joan Palerm - Guitarra\" \/>\n<meta property=\"og:url\" content=\"https:\/\/www.promusicsmallorca.org\/es\/catalogo-promusics\/divas-soul-band\/\" \/>\n<meta property=\"og:site_name\" content=\"ProM\u00fasics Mallorca\" \/>\n<meta property=\"article:publisher\" content=\"https:\/\/www.facebook.com\/promusicsmallorca\" \/>\n<meta property=\"article:modified_time\" content=\"2022-03-20T17:28:24+00:00\" \/>\n<meta property=\"og:image\" content=\"https:\/\/i0.wp.com\/www.promusicsmallorca.org\/wp-content\/uploads\/2021\/03\/POSTER-DIVAS-HITS-TAPACHE-w.jpg?fit=646%2C800&#038;ssl=1\" \/>\n\t<meta property=\"og:image:width\" content=\"646\" \/>\n\t<meta property=\"og:image:height\" content=\"800\" \/>\n<meta name=\"twitter:card\" content=\"summary_large_image\" \/>\n<script type=\"application\/ld+json\" class=\"yoast-schema-graph\">{\"@context\":\"https:\/\/schema.org\",\"@graph\":[{\"@type\":\"Organization\",\"@id\":\"https:\/\/www.promusicsmallorca.org\/#organization\",\"name\":\"ProM\\u00fasics Mallorca\",\"url\":\"https:\/\/www.promusicsmallorca.org\/\",\"sameAs\":[\"https:\/\/www.facebook.com\/promusicsmallorca\",\"https:\/\/www.instagram.com\/promusicsmallorca\/\",\"https:\/\/www.youtube.com\/channel\/UCWwttYA4JPovS2RZiGlHgpA\"],\"logo\":{\"@type\":\"ImageObject\",\"@id\":\"https:\/\/www.promusicsmallorca.org\/#logo\",\"inLanguage\":\"es\",\"url\":\"https:\/\/i0.wp.com\/www.promusicsmallorca.org\/wp-content\/uploads\/2021\/02\/image0.png?fit=10224%2C7725&ssl=1\",\"width\":10224,\"height\":7725,\"caption\":\"ProM\\u00fasics Mallorca\"},\"image\":{\"@id\":\"https:\/\/www.promusicsmallorca.org\/#logo\"}},{\"@type\":\"WebSite\",\"@id\":\"https:\/\/www.promusicsmallorca.org\/#website\",\"url\":\"https:\/\/www.promusicsmallorca.org\/\",\"name\":\"ProM\\u00fasics Mallorca\",\"description\":\"Associaci\\u00f3 de Professionals de la M\\u00fasica de Mallorca\",\"publisher\":{\"@id\":\"https:\/\/www.promusicsmallorca.org\/#organization\"},\"potentialAction\":[{\"@type\":\"SearchAction\",\"target\":\"https:\/\/www.promusicsmallorca.org\/?s={search_term_string}\",\"query-input\":\"required name=search_term_string\"}],\"inLanguage\":\"es\"},{\"@type\":\"ImageObject\",\"@id\":\"https:\/\/www.promusicsmallorca.org\/es\/catalogo-promusics\/divas-soul-band\/#primaryimage\",\"inLanguage\":\"es\",\"url\":\"https:\/\/i0.wp.com\/www.promusicsmallorca.org\/wp-content\/uploads\/2021\/03\/POSTER-DIVAS-HITS-TAPACHE-w.jpg?fit=646%2C800&ssl=1\",\"width\":646,\"height\":800},{\"@type\":\"WebPage\",\"@id\":\"https:\/\/www.promusicsmallorca.org\/es\/catalogo-promusics\/divas-soul-band\/#webpage\",\"url\":\"https:\/\/www.promusicsmallorca.org\/es\/catalogo-promusics\/divas-soul-band\/\",\"name\":\"Divas Soul Band - ProM\\u00fasics Mallorca\",\"isPartOf\":{\"@id\":\"https:\/\/www.promusicsmallorca.org\/#website\"},\"primaryImageOfPage\":{\"@id\":\"https:\/\/www.promusicsmallorca.org\/es\/catalogo-promusics\/divas-soul-band\/#primaryimage\"},\"datePublished\":\"2021-03-03T17:18:47+00:00\",\"dateModified\":\"2022-03-20T17:28:24+00:00\",\"inLanguage\":\"es\",\"potentialAction\":[{\"@type\":\"ReadAction\",\"target\":[\"https:\/\/www.promusicsmallorca.org\/es\/catalogo-promusics\/divas-soul-band\/\"]}]}]}<\/script>\n<!-- \/ Yoast SEO Premium plugin. -->","jetpack_sharing_enabled":true,"_links":{"self":[{"href":"https:\/\/www.promusicsmallorca.org\/es\/wp-json\/wp\/v2\/product\/3407"}],"collection":[{"href":"https:\/\/www.promusicsmallorca.org\/es\/wp-json\/wp\/v2\/product"}],"about":[{"href":"https:\/\/www.promusicsmallorca.org\/es\/wp-json\/wp\/v2\/types\/product"}],"wp:featuredmedia":[{"embeddable":true,"href":"https:\/\/www.promusicsmallorca.org\/es\/wp-json\/wp\/v2\/media\/3408"}],"wp:attachment":[{"href":"https:\/\/www.promusicsmallorca.org\/es\/wp-json\/wp\/v2\/media?parent=3407"}],"wp:term":[{"taxonomy":"product_cat","embeddable":true,"href":"https:\/\/www.promusicsmallorca.org\/es\/wp-json\/wp\/v2\/product_cat?post=3407"},{"taxonomy":"product_tag","embeddable":true,"href":"https:\/\/www.promusicsmallorca.org\/es\/wp-json\/wp\/v2\/product_tag?post=3407"}],"curies":[{"name":"wp","href":"https:\/\/api.w.org\/{rel}","templated":true}]}}