{"id":3388,"date":"2021-03-03T16:50:40","date_gmt":"2021-03-03T16:50:40","guid":{"rendered":"https:\/\/www.promusicsmallorca.org\/?post_type=product&#038;p=3388"},"modified":"2022-03-20T17:29:58","modified_gmt":"2022-03-20T17:29:58","slug":"apache-latin-jazz-trio","status":"publish","type":"product","link":"https:\/\/www.promusicsmallorca.org\/es\/catalogo-promusics\/apache-latin-jazz-trio\/","title":{"rendered":"Apache Latin Jazz tr\u00edo"},"content":{"rendered":"<p>Uno de los proyectos musicales m\u00e1s personales de la pianista y compositora Isis \u00abApache\u00bb Montero, en el que muestra con este proyecto su parte m\u00e1s ac\u00fastica de sus composiciones. Tr\u00edo cargado del m\u00e1s puro estilo de Latin-Jazz, Jazz y Bossa-nova. Tres m\u00fasicos con amplia trayectoria art\u00edstica a nivel internacional que al juntarse fusionan los tres estilos con una extensa libertad. Su repertorio se compone de composiciones propias de la pianista, disc\u00edpula del famoso Bebo Vald\u00e9s y reconocida como primera figura femenina del Latin-jazz en Espa\u00f1a, pero tambi\u00e9n versionan los mejores Jazz standards.<\/p>\n<pre style=\"text-align: center;\"><a href=\"https:\/\/www.youtube.com\/watch?v=yOjofpl52Ws\" target=\"_blank\" rel=\"noopener\">https:\/\/www.youtube.com\/watch?v=yOjofpl52Ws<\/a>\r\n<a href=\"https:\/\/www.youtube.com\/watch?v=ApESlToLZhE\" target=\"_blank\" rel=\"noopener\">https:\/\/www.youtube.com\/watch?v=ApESlToLZhE<\/a><\/pre>\n<p style=\"text-align: right;\">ISIS MONTERO: 660387454 \/ <a href=\"mailto:isismontero@yahoo.es\" target=\"_blank\" rel=\"noopener\">isismontero@yahoo.es<\/a><\/p>\n","protected":false},"excerpt":{"rendered":"<p style=\"text-align: center;\">Isis \u00abApache\u00bb Montero &#8211; Piano y Voz<br \/>\nToni Cuenca &#8211; Bajo y Contrabajo<br \/>\nJulio Miguel Mart\u00ednez &#8211; Bater\u00eda<\/p>\n","protected":false},"featured_media":3389,"template":"","meta":{"_et_pb_use_builder":"","_et_pb_old_content":"","_et_gb_content_width":""},"product_cat":[132,96,115],"product_tag":[86],"yoast_head":"<!-- This site is optimized with the Yoast SEO Premium plugin v15.7 - https:\/\/yoast.com\/wordpress\/plugins\/seo\/ -->\n<title>Apache Latin Jazz tr\u00edo - ProM\u00fasics Mallorca<\/title>\n<meta name=\"robots\" content=\"index, follow, max-snippet:-1, max-image-preview:large, max-video-preview:-1\" \/>\n<link rel=\"canonical\" href=\"https:\/\/www.promusicsmallorca.org\/es\/catalogo-promusics\/apache-latin-jazz-trio\/\" \/>\n<meta property=\"og:locale\" content=\"es_ES\" \/>\n<meta property=\"og:type\" content=\"article\" \/>\n<meta property=\"og:title\" content=\"Apache Latin Jazz tr\u00edo - ProM\u00fasics Mallorca\" \/>\n<meta property=\"og:description\" content=\"Isis &quot;Apache&quot; Montero - Piano y Voz Toni Cuenca - Bajo y Contrabajo Julio Miguel Mart\u00ednez - Bater\u00eda\" \/>\n<meta property=\"og:url\" content=\"https:\/\/www.promusicsmallorca.org\/es\/catalogo-promusics\/apache-latin-jazz-trio\/\" \/>\n<meta property=\"og:site_name\" content=\"ProM\u00fasics Mallorca\" \/>\n<meta property=\"article:publisher\" content=\"https:\/\/www.facebook.com\/promusicsmallorca\" \/>\n<meta property=\"article:modified_time\" content=\"2022-03-20T17:29:58+00:00\" \/>\n<meta property=\"og:image\" content=\"https:\/\/i0.wp.com\/www.promusicsmallorca.org\/wp-content\/uploads\/2021\/03\/Latin-Jazz-triot-instrumental-www.jpg?fit=660%2C476&#038;ssl=1\" \/>\n\t<meta property=\"og:image:width\" content=\"660\" \/>\n\t<meta property=\"og:image:height\" content=\"476\" \/>\n<meta name=\"twitter:card\" content=\"summary_large_image\" \/>\n<meta name=\"twitter:label1\" content=\"Tiempo de lectura\">\n\t<meta name=\"twitter:data1\" content=\"1 minuto\">\n<script type=\"application\/ld+json\" class=\"yoast-schema-graph\">{\"@context\":\"https:\/\/schema.org\",\"@graph\":[{\"@type\":\"Organization\",\"@id\":\"https:\/\/www.promusicsmallorca.org\/#organization\",\"name\":\"ProM\\u00fasics Mallorca\",\"url\":\"https:\/\/www.promusicsmallorca.org\/\",\"sameAs\":[\"https:\/\/www.facebook.com\/promusicsmallorca\",\"https:\/\/www.instagram.com\/promusicsmallorca\/\",\"https:\/\/www.youtube.com\/channel\/UCWwttYA4JPovS2RZiGlHgpA\"],\"logo\":{\"@type\":\"ImageObject\",\"@id\":\"https:\/\/www.promusicsmallorca.org\/#logo\",\"inLanguage\":\"es\",\"url\":\"https:\/\/i0.wp.com\/www.promusicsmallorca.org\/wp-content\/uploads\/2021\/02\/image0.png?fit=10224%2C7725&ssl=1\",\"width\":10224,\"height\":7725,\"caption\":\"ProM\\u00fasics Mallorca\"},\"image\":{\"@id\":\"https:\/\/www.promusicsmallorca.org\/#logo\"}},{\"@type\":\"WebSite\",\"@id\":\"https:\/\/www.promusicsmallorca.org\/#website\",\"url\":\"https:\/\/www.promusicsmallorca.org\/\",\"name\":\"ProM\\u00fasics Mallorca\",\"description\":\"Associaci\\u00f3 de Professionals de la M\\u00fasica de Mallorca\",\"publisher\":{\"@id\":\"https:\/\/www.promusicsmallorca.org\/#organization\"},\"potentialAction\":[{\"@type\":\"SearchAction\",\"target\":\"https:\/\/www.promusicsmallorca.org\/?s={search_term_string}\",\"query-input\":\"required name=search_term_string\"}],\"inLanguage\":\"es\"},{\"@type\":\"ImageObject\",\"@id\":\"https:\/\/www.promusicsmallorca.org\/es\/catalogo-promusics\/apache-latin-jazz-trio\/#primaryimage\",\"inLanguage\":\"es\",\"url\":\"https:\/\/i0.wp.com\/www.promusicsmallorca.org\/wp-content\/uploads\/2021\/03\/Latin-Jazz-triot-instrumental-www.jpg?fit=660%2C476&ssl=1\",\"width\":660,\"height\":476},{\"@type\":\"WebPage\",\"@id\":\"https:\/\/www.promusicsmallorca.org\/es\/catalogo-promusics\/apache-latin-jazz-trio\/#webpage\",\"url\":\"https:\/\/www.promusicsmallorca.org\/es\/catalogo-promusics\/apache-latin-jazz-trio\/\",\"name\":\"Apache Latin Jazz tr\\u00edo - ProM\\u00fasics Mallorca\",\"isPartOf\":{\"@id\":\"https:\/\/www.promusicsmallorca.org\/#website\"},\"primaryImageOfPage\":{\"@id\":\"https:\/\/www.promusicsmallorca.org\/es\/catalogo-promusics\/apache-latin-jazz-trio\/#primaryimage\"},\"datePublished\":\"2021-03-03T16:50:40+00:00\",\"dateModified\":\"2022-03-20T17:29:58+00:00\",\"inLanguage\":\"es\",\"potentialAction\":[{\"@type\":\"ReadAction\",\"target\":[\"https:\/\/www.promusicsmallorca.org\/es\/catalogo-promusics\/apache-latin-jazz-trio\/\"]}]}]}<\/script>\n<!-- \/ Yoast SEO Premium plugin. -->","jetpack_sharing_enabled":true,"_links":{"self":[{"href":"https:\/\/www.promusicsmallorca.org\/es\/wp-json\/wp\/v2\/product\/3388"}],"collection":[{"href":"https:\/\/www.promusicsmallorca.org\/es\/wp-json\/wp\/v2\/product"}],"about":[{"href":"https:\/\/www.promusicsmallorca.org\/es\/wp-json\/wp\/v2\/types\/product"}],"wp:featuredmedia":[{"embeddable":true,"href":"https:\/\/www.promusicsmallorca.org\/es\/wp-json\/wp\/v2\/media\/3389"}],"wp:attachment":[{"href":"https:\/\/www.promusicsmallorca.org\/es\/wp-json\/wp\/v2\/media?parent=3388"}],"wp:term":[{"taxonomy":"product_cat","embeddable":true,"href":"https:\/\/www.promusicsmallorca.org\/es\/wp-json\/wp\/v2\/product_cat?post=3388"},{"taxonomy":"product_tag","embeddable":true,"href":"https:\/\/www.promusicsmallorca.org\/es\/wp-json\/wp\/v2\/product_tag?post=3388"}],"curies":[{"name":"wp","href":"https:\/\/api.w.org\/{rel}","templated":true}]}}