{"id":3373,"date":"2021-03-02T17:47:36","date_gmt":"2021-03-02T17:47:36","guid":{"rendered":"https:\/\/www.promusicsmallorca.org\/?post_type=product&#038;p=3373"},"modified":"2022-03-20T15:15:55","modified_gmt":"2022-03-20T15:15:55","slug":"son-y-tumbao","status":"publish","type":"product","link":"https:\/\/www.promusicsmallorca.org\/es\/catalogo-promusics\/son-y-tumbao\/","title":{"rendered":"Son y Tumbao"},"content":{"rendered":"<p>Grupo cargado de la m\u00e1s pura m\u00fasica cubana, con un repertorio lleno de fusi\u00f3n de Guajiras, Son, Boleros, Cha-Cha-Cha, Salsa, etc. Canciones tan conocidas como: Guantanamera, El Manisero, L\u00e1grimas negras, B\u00e9same mucho, Sabor a mi, Vivir la vida (Marc Anthony), Sobrevivir\u00e9 (Versi\u00f3n de I will survive de Gloria Gaynor, versionado en Salsa), Vacil\u00f3n, etc. Son y Tumbao es un grupo especial tanto para amenizar cualquier velada como para un evento de fiesta y baile. Tiene distintos formatos, Cuarteto (sonido m\u00e1s ac\u00fastico) y Quinteto (con timbal que es la formaci\u00f3n completa).<\/p>\n<pre style=\"text-align: center;\"><a href=\"https:\/\/www.youtube.com\/watch?v=eAUaePtwROs\" target=\"_blank\" rel=\"noopener\">https:\/\/www.youtube.com\/watch?v=eAUaePtwROs<\/a><\/pre>\n<p style=\"text-align: right;\">ISIS MONTERO: 660387454 \/ <a href=\"mailto:isismontero@yahoo.es\" target=\"_blank\" rel=\"noopener\">isismontero@yahoo.es<\/a><\/p>\n","protected":false},"excerpt":{"rendered":"<p style=\"text-align: center;\">Toty Siguaraya &#8211; Voz y Congas<br \/>\nGisele Vald\u00e9s &#8211; Voz, Guiro y Coros<br \/>\nIsis Apache Montero &#8211; Piano &amp; Bajo y Coros<br \/>\nIvan Saint Ives &#8211; Trompeta, Coros y G\u00fciro<\/p>\n","protected":false},"featured_media":3375,"template":"","meta":{"_et_pb_use_builder":"","_et_pb_old_content":"","_et_gb_content_width":""},"product_cat":[145,115,110,137],"product_tag":[72,92],"yoast_head":"<!-- This site is optimized with the Yoast SEO Premium plugin v15.7 - https:\/\/yoast.com\/wordpress\/plugins\/seo\/ -->\n<title>Son y Tumbao - ProM\u00fasics Mallorca<\/title>\n<meta name=\"robots\" content=\"index, follow, max-snippet:-1, max-image-preview:large, max-video-preview:-1\" \/>\n<link rel=\"canonical\" href=\"https:\/\/www.promusicsmallorca.org\/es\/catalogo-promusics\/son-y-tumbao\/\" \/>\n<meta property=\"og:locale\" content=\"es_ES\" \/>\n<meta property=\"og:type\" content=\"article\" \/>\n<meta property=\"og:title\" content=\"Son y Tumbao - ProM\u00fasics Mallorca\" \/>\n<meta property=\"og:description\" content=\"Toty Siguaraya - Voz y Congas Gisele Vald\u00e9s - Voz, Guiro y Coros Isis Apache Montero - Piano &amp; Bajo y Coros Ivan Saint Ives - Trompeta, Coros y G\u00fciro\" \/>\n<meta property=\"og:url\" content=\"https:\/\/www.promusicsmallorca.org\/es\/catalogo-promusics\/son-y-tumbao\/\" \/>\n<meta property=\"og:site_name\" content=\"ProM\u00fasics Mallorca\" \/>\n<meta property=\"article:publisher\" content=\"https:\/\/www.facebook.com\/promusicsmallorca\" \/>\n<meta property=\"article:modified_time\" content=\"2022-03-20T15:15:55+00:00\" \/>\n<meta property=\"og:image\" content=\"https:\/\/i0.wp.com\/www.promusicsmallorca.org\/wp-content\/uploads\/2021\/03\/POSTER-SON-Y-TUMBAO-CUARTET-ivan-scaled.jpg?fit=1829%2C2560&#038;ssl=1\" \/>\n\t<meta property=\"og:image:width\" content=\"1829\" \/>\n\t<meta property=\"og:image:height\" content=\"2560\" \/>\n<meta name=\"twitter:card\" content=\"summary_large_image\" \/>\n<meta name=\"twitter:label1\" content=\"Tiempo de lectura\">\n\t<meta name=\"twitter:data1\" content=\"1 minuto\">\n<script type=\"application\/ld+json\" class=\"yoast-schema-graph\">{\"@context\":\"https:\/\/schema.org\",\"@graph\":[{\"@type\":\"Organization\",\"@id\":\"https:\/\/www.promusicsmallorca.org\/#organization\",\"name\":\"ProM\\u00fasics Mallorca\",\"url\":\"https:\/\/www.promusicsmallorca.org\/\",\"sameAs\":[\"https:\/\/www.facebook.com\/promusicsmallorca\",\"https:\/\/www.instagram.com\/promusicsmallorca\/\",\"https:\/\/www.youtube.com\/channel\/UCWwttYA4JPovS2RZiGlHgpA\"],\"logo\":{\"@type\":\"ImageObject\",\"@id\":\"https:\/\/www.promusicsmallorca.org\/#logo\",\"inLanguage\":\"es\",\"url\":\"https:\/\/i0.wp.com\/www.promusicsmallorca.org\/wp-content\/uploads\/2021\/02\/image0.png?fit=10224%2C7725&ssl=1\",\"width\":10224,\"height\":7725,\"caption\":\"ProM\\u00fasics Mallorca\"},\"image\":{\"@id\":\"https:\/\/www.promusicsmallorca.org\/#logo\"}},{\"@type\":\"WebSite\",\"@id\":\"https:\/\/www.promusicsmallorca.org\/#website\",\"url\":\"https:\/\/www.promusicsmallorca.org\/\",\"name\":\"ProM\\u00fasics Mallorca\",\"description\":\"Associaci\\u00f3 de Professionals de la M\\u00fasica de Mallorca\",\"publisher\":{\"@id\":\"https:\/\/www.promusicsmallorca.org\/#organization\"},\"potentialAction\":[{\"@type\":\"SearchAction\",\"target\":\"https:\/\/www.promusicsmallorca.org\/?s={search_term_string}\",\"query-input\":\"required name=search_term_string\"}],\"inLanguage\":\"es\"},{\"@type\":\"ImageObject\",\"@id\":\"https:\/\/www.promusicsmallorca.org\/es\/catalogo-promusics\/son-y-tumbao\/#primaryimage\",\"inLanguage\":\"es\",\"url\":\"https:\/\/i0.wp.com\/www.promusicsmallorca.org\/wp-content\/uploads\/2021\/03\/POSTER-SON-Y-TUMBAO-CUARTET-ivan-scaled.jpg?fit=1829%2C2560&ssl=1\",\"width\":1829,\"height\":2560},{\"@type\":\"WebPage\",\"@id\":\"https:\/\/www.promusicsmallorca.org\/es\/catalogo-promusics\/son-y-tumbao\/#webpage\",\"url\":\"https:\/\/www.promusicsmallorca.org\/es\/catalogo-promusics\/son-y-tumbao\/\",\"name\":\"Son y Tumbao - ProM\\u00fasics Mallorca\",\"isPartOf\":{\"@id\":\"https:\/\/www.promusicsmallorca.org\/#website\"},\"primaryImageOfPage\":{\"@id\":\"https:\/\/www.promusicsmallorca.org\/es\/catalogo-promusics\/son-y-tumbao\/#primaryimage\"},\"datePublished\":\"2021-03-02T17:47:36+00:00\",\"dateModified\":\"2022-03-20T15:15:55+00:00\",\"inLanguage\":\"es\",\"potentialAction\":[{\"@type\":\"ReadAction\",\"target\":[\"https:\/\/www.promusicsmallorca.org\/es\/catalogo-promusics\/son-y-tumbao\/\"]}]}]}<\/script>\n<!-- \/ Yoast SEO Premium plugin. -->","jetpack_sharing_enabled":true,"_links":{"self":[{"href":"https:\/\/www.promusicsmallorca.org\/es\/wp-json\/wp\/v2\/product\/3373"}],"collection":[{"href":"https:\/\/www.promusicsmallorca.org\/es\/wp-json\/wp\/v2\/product"}],"about":[{"href":"https:\/\/www.promusicsmallorca.org\/es\/wp-json\/wp\/v2\/types\/product"}],"wp:featuredmedia":[{"embeddable":true,"href":"https:\/\/www.promusicsmallorca.org\/es\/wp-json\/wp\/v2\/media\/3375"}],"wp:attachment":[{"href":"https:\/\/www.promusicsmallorca.org\/es\/wp-json\/wp\/v2\/media?parent=3373"}],"wp:term":[{"taxonomy":"product_cat","embeddable":true,"href":"https:\/\/www.promusicsmallorca.org\/es\/wp-json\/wp\/v2\/product_cat?post=3373"},{"taxonomy":"product_tag","embeddable":true,"href":"https:\/\/www.promusicsmallorca.org\/es\/wp-json\/wp\/v2\/product_tag?post=3373"}],"curies":[{"name":"wp","href":"https:\/\/api.w.org\/{rel}","templated":true}]}}