{"id":3368,"date":"2021-03-02T09:07:26","date_gmt":"2021-03-02T09:07:26","guid":{"rendered":"https:\/\/www.promusicsmallorca.org\/?post_type=product&#038;p=3368"},"modified":"2022-04-06T07:11:04","modified_gmt":"2022-04-06T07:11:04","slug":"monsters-of-palma","status":"publish","type":"product","link":"https:\/\/www.promusicsmallorca.org\/es\/catalogo-promusics\/monsters-of-palma\/","title":{"rendered":"Monsters of Palma"},"content":{"rendered":"<p>Cuarteto explosivo con su sello inconfundible del m\u00e1s puro Funk, con un directo muy potente. Dentro de las versiones que tocan y sus composiciones propias, la peculiaridad de este grupo es la improvisaci\u00f3n en el escenario y el contacto tan directo que tienen con el p\u00fablico. Mezcla de las canciones originales con algunos cl\u00e1sicos de Funk reversionados a su forma tan \u00fanica, con una pincelada especial a Fran Zappa, Funkadelic, Parliament, etc. Compuesto por bajo, bater\u00eda, guitarra y un cantante\/armonicista que tambi\u00e9n realiza movimientos arm\u00f3nicos con su arm\u00f3nica.<\/p>\n<pre style=\"text-align: center;\"><a href=\"https:\/\/www.youtube.com\/watch?v=tJI_CSN1HPs\" target=\"_blank\" rel=\"noopener\">https:\/\/www.youtube.com\/watch?v=tJI_CSN1HPs<\/a>\r\n<a href=\"https:\/\/www.youtube.com\/watch?v=bQF1K7MQeT0\" target=\"_blank\" rel=\"noopener\">https:\/\/www.youtube.com\/watch?v=bQF1K7MQeT0<\/a>\r\n<a href=\"https:\/\/www.facebook.com\/monstersofpalma\" target=\"_blank\" rel=\"noopener\">https:\/\/www.facebook.com\/monstersofpalma<\/a><\/pre>\n<p style=\"text-align: right;\">Diego Ferral: 637051934 \/ <a href=\"mailto:diegoferralsoucek@gmail.com\" target=\"_blank\" rel=\"noopener\">diegoferralsoucek@gmail.com<\/a><\/p>\n","protected":false},"excerpt":{"rendered":"<p style=\"text-align: center;\">Antonin Bastian &#8211; Voz y arm\u00f3nica<br \/>\nCedrick Dupin &#8211; Bajo<br \/>\nEsteban Huguet &#8211; Guitarra<br \/>\nDiego Ferral &#8211; Bater\u00eda<\/p>\n","protected":false},"featured_media":3369,"template":"","meta":{"_et_pb_use_builder":"","_et_pb_old_content":"","_et_gb_content_width":""},"product_cat":[78,65],"product_tag":[72],"yoast_head":"<!-- This site is optimized with the Yoast SEO Premium plugin v15.7 - https:\/\/yoast.com\/wordpress\/plugins\/seo\/ -->\n<title>Monsters of Palma - ProM\u00fasics Mallorca<\/title>\n<meta name=\"robots\" content=\"index, follow, max-snippet:-1, max-image-preview:large, max-video-preview:-1\" \/>\n<link rel=\"canonical\" href=\"https:\/\/www.promusicsmallorca.org\/es\/catalogo-promusics\/monsters-of-palma\/\" \/>\n<meta property=\"og:locale\" content=\"es_ES\" \/>\n<meta property=\"og:type\" content=\"article\" \/>\n<meta property=\"og:title\" content=\"Monsters of Palma - ProM\u00fasics Mallorca\" \/>\n<meta property=\"og:description\" content=\"Antonin Bastian - Voz y arm\u00f3nica Cedrick Dupin - Bajo Esteban Huguet - Guitarra Diego Ferral - Bater\u00eda\" \/>\n<meta property=\"og:url\" content=\"https:\/\/www.promusicsmallorca.org\/es\/catalogo-promusics\/monsters-of-palma\/\" \/>\n<meta property=\"og:site_name\" content=\"ProM\u00fasics Mallorca\" \/>\n<meta property=\"article:publisher\" content=\"https:\/\/www.facebook.com\/promusicsmallorca\" \/>\n<meta property=\"article:modified_time\" content=\"2022-04-06T07:11:04+00:00\" \/>\n<meta property=\"og:image\" content=\"https:\/\/i0.wp.com\/www.promusicsmallorca.org\/wp-content\/uploads\/2021\/03\/monsters_cuarteto_1_guitarra-bicubic-scaled.jpg?fit=2560%2C1706&#038;ssl=1\" \/>\n\t<meta property=\"og:image:width\" content=\"2560\" \/>\n\t<meta property=\"og:image:height\" content=\"1706\" \/>\n<meta name=\"twitter:card\" content=\"summary_large_image\" \/>\n<meta name=\"twitter:label1\" content=\"Tiempo de lectura\">\n\t<meta name=\"twitter:data1\" content=\"1 minuto\">\n<script type=\"application\/ld+json\" class=\"yoast-schema-graph\">{\"@context\":\"https:\/\/schema.org\",\"@graph\":[{\"@type\":\"Organization\",\"@id\":\"https:\/\/www.promusicsmallorca.org\/#organization\",\"name\":\"ProM\\u00fasics Mallorca\",\"url\":\"https:\/\/www.promusicsmallorca.org\/\",\"sameAs\":[\"https:\/\/www.facebook.com\/promusicsmallorca\",\"https:\/\/www.instagram.com\/promusicsmallorca\/\",\"https:\/\/www.youtube.com\/channel\/UCWwttYA4JPovS2RZiGlHgpA\"],\"logo\":{\"@type\":\"ImageObject\",\"@id\":\"https:\/\/www.promusicsmallorca.org\/#logo\",\"inLanguage\":\"es\",\"url\":\"https:\/\/i0.wp.com\/www.promusicsmallorca.org\/wp-content\/uploads\/2021\/02\/image0.png?fit=10224%2C7725&ssl=1\",\"width\":10224,\"height\":7725,\"caption\":\"ProM\\u00fasics Mallorca\"},\"image\":{\"@id\":\"https:\/\/www.promusicsmallorca.org\/#logo\"}},{\"@type\":\"WebSite\",\"@id\":\"https:\/\/www.promusicsmallorca.org\/#website\",\"url\":\"https:\/\/www.promusicsmallorca.org\/\",\"name\":\"ProM\\u00fasics Mallorca\",\"description\":\"Associaci\\u00f3 de Professionals de la M\\u00fasica de Mallorca\",\"publisher\":{\"@id\":\"https:\/\/www.promusicsmallorca.org\/#organization\"},\"potentialAction\":[{\"@type\":\"SearchAction\",\"target\":\"https:\/\/www.promusicsmallorca.org\/?s={search_term_string}\",\"query-input\":\"required name=search_term_string\"}],\"inLanguage\":\"es\"},{\"@type\":\"ImageObject\",\"@id\":\"https:\/\/www.promusicsmallorca.org\/es\/catalogo-promusics\/monsters-of-palma\/#primaryimage\",\"inLanguage\":\"es\",\"url\":\"https:\/\/i0.wp.com\/www.promusicsmallorca.org\/wp-content\/uploads\/2021\/03\/monsters_cuarteto_1_guitarra-bicubic-scaled.jpg?fit=2560%2C1706&ssl=1\",\"width\":2560,\"height\":1706},{\"@type\":\"WebPage\",\"@id\":\"https:\/\/www.promusicsmallorca.org\/es\/catalogo-promusics\/monsters-of-palma\/#webpage\",\"url\":\"https:\/\/www.promusicsmallorca.org\/es\/catalogo-promusics\/monsters-of-palma\/\",\"name\":\"Monsters of Palma - ProM\\u00fasics Mallorca\",\"isPartOf\":{\"@id\":\"https:\/\/www.promusicsmallorca.org\/#website\"},\"primaryImageOfPage\":{\"@id\":\"https:\/\/www.promusicsmallorca.org\/es\/catalogo-promusics\/monsters-of-palma\/#primaryimage\"},\"datePublished\":\"2021-03-02T09:07:26+00:00\",\"dateModified\":\"2022-04-06T07:11:04+00:00\",\"inLanguage\":\"es\",\"potentialAction\":[{\"@type\":\"ReadAction\",\"target\":[\"https:\/\/www.promusicsmallorca.org\/es\/catalogo-promusics\/monsters-of-palma\/\"]}]}]}<\/script>\n<!-- \/ Yoast SEO Premium plugin. -->","jetpack_sharing_enabled":true,"_links":{"self":[{"href":"https:\/\/www.promusicsmallorca.org\/es\/wp-json\/wp\/v2\/product\/3368"}],"collection":[{"href":"https:\/\/www.promusicsmallorca.org\/es\/wp-json\/wp\/v2\/product"}],"about":[{"href":"https:\/\/www.promusicsmallorca.org\/es\/wp-json\/wp\/v2\/types\/product"}],"wp:featuredmedia":[{"embeddable":true,"href":"https:\/\/www.promusicsmallorca.org\/es\/wp-json\/wp\/v2\/media\/3369"}],"wp:attachment":[{"href":"https:\/\/www.promusicsmallorca.org\/es\/wp-json\/wp\/v2\/media?parent=3368"}],"wp:term":[{"taxonomy":"product_cat","embeddable":true,"href":"https:\/\/www.promusicsmallorca.org\/es\/wp-json\/wp\/v2\/product_cat?post=3368"},{"taxonomy":"product_tag","embeddable":true,"href":"https:\/\/www.promusicsmallorca.org\/es\/wp-json\/wp\/v2\/product_tag?post=3368"}],"curies":[{"name":"wp","href":"https:\/\/api.w.org\/{rel}","templated":true}]}}