{"id":3336,"date":"2021-02-28T09:39:48","date_gmt":"2021-02-28T09:39:48","guid":{"rendered":"https:\/\/www.promusicsmallorca.org\/?post_type=product&#038;p=3336"},"modified":"2022-03-20T15:16:55","modified_gmt":"2022-03-20T15:16:55","slug":"clave-de-soul","status":"publish","type":"product","link":"https:\/\/www.promusicsmallorca.org\/es\/catalogo-promusics\/clave-de-soul\/","title":{"rendered":"Clave de Soul"},"content":{"rendered":"<p>Grupo mallorqu\u00edn de referencia. Cargado del m\u00e1s puro Soul con base en el G\u00f3spel y uniendo R&amp;B e influencias del Jazz y del Funk. Con sus innovadores arreglos y puesta en escena; cuatro cantantes mujeres al frente, una de ellas, la pianista, toca a la vez los bajos; dan potencia femenina al quinteto que completa el baterista y acompa\u00f1a r\u00edtmicamente a este potente grupo. Proyectan en todos sus conciertos energ\u00eda explosiva y a la vez totalmente c\u00e1lida, fusionando desde canciones en estado puro G\u00f3spel &amp; Soul hasta baladas sutiles con esas voces \u00fanicas.<\/p>\n<pre style=\"text-align: center;\"><a href=\"https:\/\/www.youtube.com\/watch?v=wZvOOXcvDGU\" target=\"_blank\" rel=\"noopener\">https:\/\/www.youtube.com\/watch?v=wZvOOXcvDGU<\/a>\r\n<a href=\"https:\/\/www.youtube.com\/watch?v=uViHcf7tiVk\" target=\"_blank\" rel=\"noopener\">https:\/\/www.youtube.com\/watch?v=uViHcf7tiVk<\/a>\r\n<a href=\"https:\/\/www.facebook.com\/clavedesoulquinteto\" target=\"_blank\" rel=\"noopener\">https:\/\/www.facebook.com\/clavedesoulquinteto<\/a><\/pre>\n<p style=\"text-align: right;\">Isis Montero: 660387454 \/ <a href=\"mailto:isismontero@yahoo.es\" target=\"_blank\" rel=\"noopener\">isismontero@yahoo.es<\/a><\/p>\n","protected":false},"excerpt":{"rendered":"<p style=\"text-align: center;\">Isis \u00abApache\u00bb Montero &#8211; Piano, Bajo y Voz<br \/>\nDesir\u00e9e Dur\u00e1n &#8211; Voz<br \/>\nCarmen Jaime &#8211; Voz<br \/>\nLynn Gaydosh &#8211; Voz<br \/>\nDiego Ferral &#8211; Bater\u00eda<\/p>\n","protected":false},"featured_media":3337,"template":"","meta":{"_et_pb_use_builder":"","_et_pb_old_content":"","_et_gb_content_width":""},"product_cat":[78,216,66],"product_tag":[92],"yoast_head":"<!-- This site is optimized with the Yoast SEO Premium plugin v15.7 - https:\/\/yoast.com\/wordpress\/plugins\/seo\/ -->\n<title>Clave de Soul - ProM\u00fasics Mallorca<\/title>\n<meta name=\"robots\" content=\"index, follow, max-snippet:-1, max-image-preview:large, max-video-preview:-1\" \/>\n<link rel=\"canonical\" href=\"https:\/\/www.promusicsmallorca.org\/es\/catalogo-promusics\/clave-de-soul\/\" \/>\n<meta property=\"og:locale\" content=\"es_ES\" \/>\n<meta property=\"og:type\" content=\"article\" \/>\n<meta property=\"og:title\" content=\"Clave de Soul - ProM\u00fasics Mallorca\" \/>\n<meta property=\"og:description\" content=\"Isis &quot;Apache&quot; Montero - Piano, Bajo y Voz Desir\u00e9e Dur\u00e1n - Voz Carmen Jaime - Voz Lynn Gaydosh - Voz Diego Ferral - Bater\u00eda\" \/>\n<meta property=\"og:url\" content=\"https:\/\/www.promusicsmallorca.org\/es\/catalogo-promusics\/clave-de-soul\/\" \/>\n<meta property=\"og:site_name\" content=\"ProM\u00fasics Mallorca\" \/>\n<meta property=\"article:publisher\" content=\"https:\/\/www.facebook.com\/promusicsmallorca\" \/>\n<meta property=\"article:modified_time\" content=\"2022-03-20T15:16:55+00:00\" \/>\n<meta property=\"og:image\" content=\"https:\/\/i0.wp.com\/www.promusicsmallorca.org\/wp-content\/uploads\/2021\/02\/CLAVEDESOUL2menosresolucion3-scaled.jpg?fit=2560%2C1703&#038;ssl=1\" \/>\n\t<meta property=\"og:image:width\" content=\"2560\" \/>\n\t<meta property=\"og:image:height\" content=\"1703\" \/>\n<meta name=\"twitter:card\" content=\"summary_large_image\" \/>\n<meta name=\"twitter:label1\" content=\"Tiempo de lectura\">\n\t<meta name=\"twitter:data1\" content=\"1 minuto\">\n<script type=\"application\/ld+json\" class=\"yoast-schema-graph\">{\"@context\":\"https:\/\/schema.org\",\"@graph\":[{\"@type\":\"Organization\",\"@id\":\"https:\/\/www.promusicsmallorca.org\/#organization\",\"name\":\"ProM\\u00fasics Mallorca\",\"url\":\"https:\/\/www.promusicsmallorca.org\/\",\"sameAs\":[\"https:\/\/www.facebook.com\/promusicsmallorca\",\"https:\/\/www.instagram.com\/promusicsmallorca\/\",\"https:\/\/www.youtube.com\/channel\/UCWwttYA4JPovS2RZiGlHgpA\"],\"logo\":{\"@type\":\"ImageObject\",\"@id\":\"https:\/\/www.promusicsmallorca.org\/#logo\",\"inLanguage\":\"es\",\"url\":\"https:\/\/i0.wp.com\/www.promusicsmallorca.org\/wp-content\/uploads\/2021\/02\/image0.png?fit=10224%2C7725&ssl=1\",\"width\":10224,\"height\":7725,\"caption\":\"ProM\\u00fasics Mallorca\"},\"image\":{\"@id\":\"https:\/\/www.promusicsmallorca.org\/#logo\"}},{\"@type\":\"WebSite\",\"@id\":\"https:\/\/www.promusicsmallorca.org\/#website\",\"url\":\"https:\/\/www.promusicsmallorca.org\/\",\"name\":\"ProM\\u00fasics Mallorca\",\"description\":\"Associaci\\u00f3 de Professionals de la M\\u00fasica de Mallorca\",\"publisher\":{\"@id\":\"https:\/\/www.promusicsmallorca.org\/#organization\"},\"potentialAction\":[{\"@type\":\"SearchAction\",\"target\":\"https:\/\/www.promusicsmallorca.org\/?s={search_term_string}\",\"query-input\":\"required name=search_term_string\"}],\"inLanguage\":\"es\"},{\"@type\":\"ImageObject\",\"@id\":\"https:\/\/www.promusicsmallorca.org\/es\/catalogo-promusics\/clave-de-soul\/#primaryimage\",\"inLanguage\":\"es\",\"url\":\"https:\/\/i0.wp.com\/www.promusicsmallorca.org\/wp-content\/uploads\/2021\/02\/CLAVEDESOUL2menosresolucion3-scaled.jpg?fit=2560%2C1703&ssl=1\",\"width\":2560,\"height\":1703},{\"@type\":\"WebPage\",\"@id\":\"https:\/\/www.promusicsmallorca.org\/es\/catalogo-promusics\/clave-de-soul\/#webpage\",\"url\":\"https:\/\/www.promusicsmallorca.org\/es\/catalogo-promusics\/clave-de-soul\/\",\"name\":\"Clave de Soul - ProM\\u00fasics Mallorca\",\"isPartOf\":{\"@id\":\"https:\/\/www.promusicsmallorca.org\/#website\"},\"primaryImageOfPage\":{\"@id\":\"https:\/\/www.promusicsmallorca.org\/es\/catalogo-promusics\/clave-de-soul\/#primaryimage\"},\"datePublished\":\"2021-02-28T09:39:48+00:00\",\"dateModified\":\"2022-03-20T15:16:55+00:00\",\"inLanguage\":\"es\",\"potentialAction\":[{\"@type\":\"ReadAction\",\"target\":[\"https:\/\/www.promusicsmallorca.org\/es\/catalogo-promusics\/clave-de-soul\/\"]}]}]}<\/script>\n<!-- \/ Yoast SEO Premium plugin. -->","jetpack_sharing_enabled":true,"_links":{"self":[{"href":"https:\/\/www.promusicsmallorca.org\/es\/wp-json\/wp\/v2\/product\/3336"}],"collection":[{"href":"https:\/\/www.promusicsmallorca.org\/es\/wp-json\/wp\/v2\/product"}],"about":[{"href":"https:\/\/www.promusicsmallorca.org\/es\/wp-json\/wp\/v2\/types\/product"}],"wp:featuredmedia":[{"embeddable":true,"href":"https:\/\/www.promusicsmallorca.org\/es\/wp-json\/wp\/v2\/media\/3337"}],"wp:attachment":[{"href":"https:\/\/www.promusicsmallorca.org\/es\/wp-json\/wp\/v2\/media?parent=3336"}],"wp:term":[{"taxonomy":"product_cat","embeddable":true,"href":"https:\/\/www.promusicsmallorca.org\/es\/wp-json\/wp\/v2\/product_cat?post=3336"},{"taxonomy":"product_tag","embeddable":true,"href":"https:\/\/www.promusicsmallorca.org\/es\/wp-json\/wp\/v2\/product_tag?post=3336"}],"curies":[{"name":"wp","href":"https:\/\/api.w.org\/{rel}","templated":true}]}}