{"id":3329,"date":"2021-02-28T09:32:31","date_gmt":"2021-02-28T09:32:31","guid":{"rendered":"https:\/\/www.promusicsmallorca.org\/?post_type=product&#038;p=3329"},"modified":"2022-03-20T15:17:10","modified_gmt":"2022-03-20T15:17:10","slug":"canela-en-rama-isis-apache-montero","status":"publish","type":"product","link":"https:\/\/www.promusicsmallorca.org\/es\/catalogo-promusics\/canela-en-rama-isis-apache-montero\/","title":{"rendered":"\u00abCanela en Rama\u00bb Isis \u00abApache\u00bb Montero"},"content":{"rendered":"<p>Espect\u00e1culo producido y liderado por la mallorquina pianista y compositora Isis \u00abApache\u00bb Montero, que fusiona el m\u00e1s puro flamenco con los ritmos m\u00e1s tradicionales del Latin-Jazz. Una puesta en escena explosiva con la fusi\u00f3n de una banda formada por prestigiosos m\u00fasicos a nivel internacional a los que se le suman bailaores y cantaor flamenco y cantante y bailarines cubanos. Destacan las familias \u00abHabichuela\u00bb y \u00abMolina\u00bb. Espect\u00e1culo visual y magia musical. Un viaje directo entre Cuba y Espa\u00f1a. Isis es reconocida como primera figura femenina en Espa\u00f1a de este estilo y disc\u00edpula de Bebo Vald\u00e9s.<\/p>\n<pre style=\"text-align: center;\"><a href=\"https:\/\/www.youtube.com\/watch?v=SvmjBGVZC3M\" target=\"_blank\" rel=\"noopener\">https:\/\/www.youtube.com\/watch?v=SvmjBGVZC3M<\/a>\r\n<a href=\"https:\/\/www.instagram.com\/isisapachemontero\/\" target=\"_blank\" rel=\"noopener\">https:\/\/www.instagram.com\/isisapachemontero\/<\/a>\r\n<a href=\"https:\/\/www.facebook.com\/isis.monteroexposito\/\" target=\"_blank\" rel=\"noopener\">https:\/\/www.facebook.com\/isis.monteroexposito\/<\/a><\/pre>\n<p style=\"text-align: right;\">Isis Montero: 660387454 \/ <a href=\"mailto:isismontero@yahoo.es\" target=\"_blank\" rel=\"noopener\">isismontero@yahoo.es<\/a><\/p>\n","protected":false},"excerpt":{"rendered":"<p style=\"text-align: center;\">Isis \u00abApache\u00bb Montero &#8211; Piano y Voz<br \/>\nBenji \u00abHabichuela\u00bb &#8211; Caj\u00f3n y Congas<br \/>\nToni Cuenca &#8211; Bajo<br \/>\nNaile Sosa &#8211; Bater\u00eda<br \/>\nIvan Saint Ives &#8211; Trompeta, Clave y Voz<br \/>\nKiko Carmona y Rapico &#8211; Bailaores Flamencos<br \/>\nWilliam Zulueta y La Cubana &#8211; Bailarines Cubanos<br \/>\nBenjamin \u00abHabichuela\u00bb &#8211; Guitarra Flamenca<br \/>\nMickey Molina &#8211; Cantaor Flamenco<br \/>\nJulio Rodriguez &#8211; Cantante Cubano<\/p>\n","protected":false},"featured_media":3333,"template":"","meta":{"_et_pb_use_builder":"","_et_pb_old_content":"","_et_gb_content_width":""},"product_cat":[128,96,115],"product_tag":[106],"yoast_head":"<!-- This site is optimized with the Yoast SEO Premium plugin v15.7 - https:\/\/yoast.com\/wordpress\/plugins\/seo\/ -->\n<title>&quot;Canela en Rama&quot; Isis &quot;Apache&quot; Montero - ProM\u00fasics Mallorca<\/title>\n<meta name=\"robots\" content=\"index, follow, max-snippet:-1, max-image-preview:large, max-video-preview:-1\" \/>\n<link rel=\"canonical\" href=\"https:\/\/www.promusicsmallorca.org\/es\/catalogo-promusics\/canela-en-rama-isis-apache-montero\/\" \/>\n<meta property=\"og:locale\" content=\"es_ES\" \/>\n<meta property=\"og:type\" content=\"article\" \/>\n<meta property=\"og:title\" content=\"&quot;Canela en Rama&quot; Isis &quot;Apache&quot; Montero - ProM\u00fasics Mallorca\" \/>\n<meta property=\"og:description\" content=\"Isis &quot;Apache&quot; Montero - Piano y Voz Benji &quot;Habichuela&quot; - Caj\u00f3n y Congas Toni Cuenca - Bajo Naile Sosa - Bater\u00eda Ivan Saint Ives - Trompeta, Clave y Voz Kiko Carmona y Rapico - Bailaores Flamencos William Zulueta y La Cubana - Bailarines Cubanos Benjamin &quot;Habichuela&quot; - Guitarra Flamenca Mickey Molina - Cantaor Flamenco Julio Rodriguez - Cantante Cubano\" \/>\n<meta property=\"og:url\" content=\"https:\/\/www.promusicsmallorca.org\/es\/catalogo-promusics\/canela-en-rama-isis-apache-montero\/\" \/>\n<meta property=\"og:site_name\" content=\"ProM\u00fasics Mallorca\" \/>\n<meta property=\"article:publisher\" content=\"https:\/\/www.facebook.com\/promusicsmallorca\" \/>\n<meta property=\"article:modified_time\" content=\"2022-03-20T15:17:10+00:00\" \/>\n<meta property=\"og:image\" content=\"https:\/\/i0.wp.com\/www.promusicsmallorca.org\/wp-content\/uploads\/2021\/02\/ISISAPACHEMONTEROPOSTERmenosresolucion5-scaled.jpg?fit=2560%2C2343&#038;ssl=1\" \/>\n\t<meta property=\"og:image:width\" content=\"2560\" \/>\n\t<meta property=\"og:image:height\" content=\"2343\" \/>\n<meta name=\"twitter:card\" content=\"summary_large_image\" \/>\n<meta name=\"twitter:label1\" content=\"Tiempo de lectura\">\n\t<meta name=\"twitter:data1\" content=\"1 minuto\">\n<script type=\"application\/ld+json\" class=\"yoast-schema-graph\">{\"@context\":\"https:\/\/schema.org\",\"@graph\":[{\"@type\":\"Organization\",\"@id\":\"https:\/\/www.promusicsmallorca.org\/#organization\",\"name\":\"ProM\\u00fasics Mallorca\",\"url\":\"https:\/\/www.promusicsmallorca.org\/\",\"sameAs\":[\"https:\/\/www.facebook.com\/promusicsmallorca\",\"https:\/\/www.instagram.com\/promusicsmallorca\/\",\"https:\/\/www.youtube.com\/channel\/UCWwttYA4JPovS2RZiGlHgpA\"],\"logo\":{\"@type\":\"ImageObject\",\"@id\":\"https:\/\/www.promusicsmallorca.org\/#logo\",\"inLanguage\":\"es\",\"url\":\"https:\/\/i0.wp.com\/www.promusicsmallorca.org\/wp-content\/uploads\/2021\/02\/image0.png?fit=10224%2C7725&ssl=1\",\"width\":10224,\"height\":7725,\"caption\":\"ProM\\u00fasics Mallorca\"},\"image\":{\"@id\":\"https:\/\/www.promusicsmallorca.org\/#logo\"}},{\"@type\":\"WebSite\",\"@id\":\"https:\/\/www.promusicsmallorca.org\/#website\",\"url\":\"https:\/\/www.promusicsmallorca.org\/\",\"name\":\"ProM\\u00fasics Mallorca\",\"description\":\"Associaci\\u00f3 de Professionals de la M\\u00fasica de Mallorca\",\"publisher\":{\"@id\":\"https:\/\/www.promusicsmallorca.org\/#organization\"},\"potentialAction\":[{\"@type\":\"SearchAction\",\"target\":\"https:\/\/www.promusicsmallorca.org\/?s={search_term_string}\",\"query-input\":\"required name=search_term_string\"}],\"inLanguage\":\"es\"},{\"@type\":\"ImageObject\",\"@id\":\"https:\/\/www.promusicsmallorca.org\/es\/catalogo-promusics\/canela-en-rama-isis-apache-montero\/#primaryimage\",\"inLanguage\":\"es\",\"url\":\"https:\/\/i0.wp.com\/www.promusicsmallorca.org\/wp-content\/uploads\/2021\/02\/ISISAPACHEMONTEROPOSTERmenosresolucion5-scaled.jpg?fit=2560%2C2343&ssl=1\",\"width\":2560,\"height\":2343},{\"@type\":\"WebPage\",\"@id\":\"https:\/\/www.promusicsmallorca.org\/es\/catalogo-promusics\/canela-en-rama-isis-apache-montero\/#webpage\",\"url\":\"https:\/\/www.promusicsmallorca.org\/es\/catalogo-promusics\/canela-en-rama-isis-apache-montero\/\",\"name\":\"\\\"Canela en Rama\\\" Isis \\\"Apache\\\" Montero - ProM\\u00fasics Mallorca\",\"isPartOf\":{\"@id\":\"https:\/\/www.promusicsmallorca.org\/#website\"},\"primaryImageOfPage\":{\"@id\":\"https:\/\/www.promusicsmallorca.org\/es\/catalogo-promusics\/canela-en-rama-isis-apache-montero\/#primaryimage\"},\"datePublished\":\"2021-02-28T09:32:31+00:00\",\"dateModified\":\"2022-03-20T15:17:10+00:00\",\"inLanguage\":\"es\",\"potentialAction\":[{\"@type\":\"ReadAction\",\"target\":[\"https:\/\/www.promusicsmallorca.org\/es\/catalogo-promusics\/canela-en-rama-isis-apache-montero\/\"]}]}]}<\/script>\n<!-- \/ Yoast SEO Premium plugin. -->","jetpack_sharing_enabled":true,"_links":{"self":[{"href":"https:\/\/www.promusicsmallorca.org\/es\/wp-json\/wp\/v2\/product\/3329"}],"collection":[{"href":"https:\/\/www.promusicsmallorca.org\/es\/wp-json\/wp\/v2\/product"}],"about":[{"href":"https:\/\/www.promusicsmallorca.org\/es\/wp-json\/wp\/v2\/types\/product"}],"wp:featuredmedia":[{"embeddable":true,"href":"https:\/\/www.promusicsmallorca.org\/es\/wp-json\/wp\/v2\/media\/3333"}],"wp:attachment":[{"href":"https:\/\/www.promusicsmallorca.org\/es\/wp-json\/wp\/v2\/media?parent=3329"}],"wp:term":[{"taxonomy":"product_cat","embeddable":true,"href":"https:\/\/www.promusicsmallorca.org\/es\/wp-json\/wp\/v2\/product_cat?post=3329"},{"taxonomy":"product_tag","embeddable":true,"href":"https:\/\/www.promusicsmallorca.org\/es\/wp-json\/wp\/v2\/product_tag?post=3329"}],"curies":[{"name":"wp","href":"https:\/\/api.w.org\/{rel}","templated":true}]}}