{"id":3324,"date":"2021-02-28T09:26:44","date_gmt":"2021-02-28T09:26:44","guid":{"rendered":"https:\/\/www.promusicsmallorca.org\/?post_type=product&#038;p=3324"},"modified":"2022-03-20T15:17:20","modified_gmt":"2022-03-20T15:17:20","slug":"isis-apache-montero","status":"publish","type":"product","link":"https:\/\/www.promusicsmallorca.org\/es\/catalogo-promusics\/isis-apache-montero\/","title":{"rendered":"Isis \u00abApache\u00bb Montero"},"content":{"rendered":"<p>La mallorquina pianista y compositora Isis \u00abApache\u00bb Montero, disc\u00edpula del famoso pianista cubano \u00abBebo Vald\u00e9s\u00bb y reconocida como primera figura femenina de latin-jazz en Espa\u00f1a y joven revelaci\u00f3n, lidera su proyecto de composiciones propias, con este quinteto que fusiona la explosi\u00f3n de los ritmos m\u00e1s puros de latin-jazz, pasando por el jazz y con una pincelada de flamenco de forma muy personal. Uno de sus sellos es el mestizaje de los m\u00fasicos que siempre la acompa\u00f1an (cubanos y gitanos) y la puesta en escena creando una atm\u00f3sfera de energ\u00eda muy c\u00e1lida. Es un viaje entre Espa\u00f1a y Cuba.<\/p>\n<pre style=\"text-align: center;\"><a href=\"https:\/\/www.youtube.com\/watch?v=4EAhjnH110A\" target=\"_blank\" rel=\"noopener\">https:\/\/www.youtube.com\/watch?v=4EAhjnH110A<\/a>\r\n<a href=\"https:\/\/www.instagram.com\/isisapachemontero\/\" target=\"_blank\" rel=\"noopener\">https:\/\/www.instagram.com\/isisapachemontero\/<\/a>\r\n<a href=\"https:\/\/www.facebook.com\/isis.monteroexposito\/\" target=\"_blank\" rel=\"noopener\">https:\/\/www.facebook.com\/isis.monteroexposito\/<\/a><\/pre>\n<p style=\"text-align: right;\">Isis Montero: 660387454 \/ <a href=\"mailto:isismontero@yahoo.es\" target=\"_blank\" rel=\"noopener\">isismontero@yahoo.es<\/a><\/p>\n","protected":false},"excerpt":{"rendered":"<p style=\"text-align: center;\">Isis \u00abApache\u00bb Montero &#8211; Piano y Voz<br \/>\nBenji \u00abHabichuela\u00bb &#8211; Caj\u00f3n y Congas<br \/>\nToni Cuenca &#8211; Bajo<br \/>\nNaile Sosa &#8211; Bater\u00eda<br \/>\nIvan Saint Ives &#8211; Trompeta<\/p>\n","protected":false},"featured_media":3325,"template":"","meta":{"_et_pb_use_builder":"","_et_pb_old_content":"","_et_gb_content_width":""},"product_cat":[96,115],"product_tag":[92],"yoast_head":"<!-- This site is optimized with the Yoast SEO Premium plugin v15.7 - https:\/\/yoast.com\/wordpress\/plugins\/seo\/ -->\n<title>Isis &quot;Apache&quot; Montero - ProM\u00fasics Mallorca<\/title>\n<meta name=\"robots\" content=\"index, follow, max-snippet:-1, max-image-preview:large, max-video-preview:-1\" \/>\n<link rel=\"canonical\" href=\"https:\/\/www.promusicsmallorca.org\/es\/catalogo-promusics\/isis-apache-montero\/\" \/>\n<meta property=\"og:locale\" content=\"es_ES\" \/>\n<meta property=\"og:type\" content=\"article\" \/>\n<meta property=\"og:title\" content=\"Isis &quot;Apache&quot; Montero - ProM\u00fasics Mallorca\" \/>\n<meta property=\"og:description\" content=\"Isis &quot;Apache&quot; Montero - Piano y Voz Benji &quot;Habichuela&quot; - Caj\u00f3n y Congas Toni Cuenca - Bajo Naile Sosa - Bater\u00eda Ivan Saint Ives - Trompeta\" \/>\n<meta property=\"og:url\" content=\"https:\/\/www.promusicsmallorca.org\/es\/catalogo-promusics\/isis-apache-montero\/\" \/>\n<meta property=\"og:site_name\" content=\"ProM\u00fasics Mallorca\" \/>\n<meta property=\"article:publisher\" content=\"https:\/\/www.facebook.com\/promusicsmallorca\" \/>\n<meta property=\"article:modified_time\" content=\"2022-03-20T15:17:20+00:00\" \/>\n<meta property=\"og:image\" content=\"https:\/\/i0.wp.com\/www.promusicsmallorca.org\/wp-content\/uploads\/2021\/02\/ISISAPACHEMONTEROmenosresolucionotroprograma1-scaled.jpg?fit=2560%2C1556&#038;ssl=1\" \/>\n\t<meta property=\"og:image:width\" content=\"2560\" \/>\n\t<meta property=\"og:image:height\" content=\"1556\" \/>\n<meta name=\"twitter:card\" content=\"summary_large_image\" \/>\n<meta name=\"twitter:label1\" content=\"Tiempo de lectura\">\n\t<meta name=\"twitter:data1\" content=\"1 minuto\">\n<script type=\"application\/ld+json\" class=\"yoast-schema-graph\">{\"@context\":\"https:\/\/schema.org\",\"@graph\":[{\"@type\":\"Organization\",\"@id\":\"https:\/\/www.promusicsmallorca.org\/#organization\",\"name\":\"ProM\\u00fasics Mallorca\",\"url\":\"https:\/\/www.promusicsmallorca.org\/\",\"sameAs\":[\"https:\/\/www.facebook.com\/promusicsmallorca\",\"https:\/\/www.instagram.com\/promusicsmallorca\/\",\"https:\/\/www.youtube.com\/channel\/UCWwttYA4JPovS2RZiGlHgpA\"],\"logo\":{\"@type\":\"ImageObject\",\"@id\":\"https:\/\/www.promusicsmallorca.org\/#logo\",\"inLanguage\":\"es\",\"url\":\"https:\/\/i0.wp.com\/www.promusicsmallorca.org\/wp-content\/uploads\/2021\/02\/image0.png?fit=10224%2C7725&ssl=1\",\"width\":10224,\"height\":7725,\"caption\":\"ProM\\u00fasics Mallorca\"},\"image\":{\"@id\":\"https:\/\/www.promusicsmallorca.org\/#logo\"}},{\"@type\":\"WebSite\",\"@id\":\"https:\/\/www.promusicsmallorca.org\/#website\",\"url\":\"https:\/\/www.promusicsmallorca.org\/\",\"name\":\"ProM\\u00fasics Mallorca\",\"description\":\"Associaci\\u00f3 de Professionals de la M\\u00fasica de Mallorca\",\"publisher\":{\"@id\":\"https:\/\/www.promusicsmallorca.org\/#organization\"},\"potentialAction\":[{\"@type\":\"SearchAction\",\"target\":\"https:\/\/www.promusicsmallorca.org\/?s={search_term_string}\",\"query-input\":\"required name=search_term_string\"}],\"inLanguage\":\"es\"},{\"@type\":\"ImageObject\",\"@id\":\"https:\/\/www.promusicsmallorca.org\/es\/catalogo-promusics\/isis-apache-montero\/#primaryimage\",\"inLanguage\":\"es\",\"url\":\"https:\/\/i0.wp.com\/www.promusicsmallorca.org\/wp-content\/uploads\/2021\/02\/ISISAPACHEMONTEROmenosresolucionotroprograma1-scaled.jpg?fit=2560%2C1556&ssl=1\",\"width\":2560,\"height\":1556},{\"@type\":\"WebPage\",\"@id\":\"https:\/\/www.promusicsmallorca.org\/es\/catalogo-promusics\/isis-apache-montero\/#webpage\",\"url\":\"https:\/\/www.promusicsmallorca.org\/es\/catalogo-promusics\/isis-apache-montero\/\",\"name\":\"Isis \\\"Apache\\\" Montero - ProM\\u00fasics Mallorca\",\"isPartOf\":{\"@id\":\"https:\/\/www.promusicsmallorca.org\/#website\"},\"primaryImageOfPage\":{\"@id\":\"https:\/\/www.promusicsmallorca.org\/es\/catalogo-promusics\/isis-apache-montero\/#primaryimage\"},\"datePublished\":\"2021-02-28T09:26:44+00:00\",\"dateModified\":\"2022-03-20T15:17:20+00:00\",\"inLanguage\":\"es\",\"potentialAction\":[{\"@type\":\"ReadAction\",\"target\":[\"https:\/\/www.promusicsmallorca.org\/es\/catalogo-promusics\/isis-apache-montero\/\"]}]}]}<\/script>\n<!-- \/ Yoast SEO Premium plugin. -->","jetpack_sharing_enabled":true,"_links":{"self":[{"href":"https:\/\/www.promusicsmallorca.org\/es\/wp-json\/wp\/v2\/product\/3324"}],"collection":[{"href":"https:\/\/www.promusicsmallorca.org\/es\/wp-json\/wp\/v2\/product"}],"about":[{"href":"https:\/\/www.promusicsmallorca.org\/es\/wp-json\/wp\/v2\/types\/product"}],"wp:featuredmedia":[{"embeddable":true,"href":"https:\/\/www.promusicsmallorca.org\/es\/wp-json\/wp\/v2\/media\/3325"}],"wp:attachment":[{"href":"https:\/\/www.promusicsmallorca.org\/es\/wp-json\/wp\/v2\/media?parent=3324"}],"wp:term":[{"taxonomy":"product_cat","embeddable":true,"href":"https:\/\/www.promusicsmallorca.org\/es\/wp-json\/wp\/v2\/product_cat?post=3324"},{"taxonomy":"product_tag","embeddable":true,"href":"https:\/\/www.promusicsmallorca.org\/es\/wp-json\/wp\/v2\/product_tag?post=3324"}],"curies":[{"name":"wp","href":"https:\/\/api.w.org\/{rel}","templated":true}]}}