{"id":3244,"date":"2021-02-26T17:19:58","date_gmt":"2021-02-26T17:19:58","guid":{"rendered":"https:\/\/www.promusicsmallorca.org\/?post_type=product&#038;p=3244"},"modified":"2022-03-20T17:34:19","modified_gmt":"2022-03-20T17:34:19","slug":"the-kings-of-new-orleans","status":"publish","type":"product","link":"https:\/\/www.promusicsmallorca.org\/es\/catalogo-promusics\/the-kings-of-new-orleans\/","title":{"rendered":"The Kings of New Orleans"},"content":{"rendered":"<p>The Kings of New Orleans se forma a mediados de 2015 a partir del d\u00fao que forman Dani Roth e Ignacio Sim\u00f3 \u201cMardi Gras &amp; Big Dynamite\u201d, al que se suman Pau Ginard a la bater\u00eda y Pablo Di Salvo al bajo. Desde entonces han recorrido las islas con su m\u00fasica, tocando en infinidad de Clubs y eventos, participando en Dei\u00e0 Cultural 2017 y en el Festival de Jazz de Palma 2020. Como el nombre indica su m\u00fasica se centra en el repertorio cl\u00e1sico de New Orleans y sobre todo en uno de sus grandes artistas \u201cDr.John\u201d. Su repertorio es din\u00e1mico, bailable, divertido e intenso.<\/p>\n<pre style=\"text-align: center;\"><a href=\"https:\/\/www.facebook.com\/The-Kings-of-New-Orleans-1694373220781104\" target=\"_blank\" rel=\"noopener\">https:\/\/www.facebook.com\/The-Kings-of-New-Orleans-1694373220781104<\/a>\r\n<a href=\"https:\/\/youtu.be\/WiKbKiXRmlE\" target=\"_blank\" rel=\"noopener\">https:\/\/youtu.be\/WiKbKiXRmlE<\/a>\r\n<a href=\"https:\/\/www.youtube.com\/watch?v=Kygg1bbJp1U\" target=\"_blank\" rel=\"noopener\">https:\/\/www.youtube.com\/watch?v=Kygg1bbJp1U<\/a><\/pre>\n<p style=\"text-align: right;\">Ignacio Sim\u00f3 Orpi Moragues: 634537202 \/ <a href=\"mailto:bluesvillemusic@gmail.com\" target=\"_blank\" rel=\"noopener\">bluesvillemusic@gmail.com<\/a><\/p>\n","protected":false},"excerpt":{"rendered":"<p style=\"text-align: center;\">Ignacio Sim\u00f3 Orpi &#8211; Voz y arm\u00f3nica<br \/>\nDaniel Roth &#8211; Piano y coros<br \/>\nPablo Di Salvo &#8211; Bajo y coros<br \/>\nPau Ginard &#8211; Bater\u00eda y coros<\/p>\n","protected":false},"featured_media":3247,"template":"","meta":{"_et_pb_use_builder":"","_et_pb_old_content":"","_et_gb_content_width":""},"product_cat":[75,96,239],"product_tag":[72,91,86],"yoast_head":"<!-- This site is optimized with the Yoast SEO Premium plugin v15.7 - https:\/\/yoast.com\/wordpress\/plugins\/seo\/ -->\n<title>The Kings of New Orleans - ProM\u00fasics Mallorca<\/title>\n<meta name=\"robots\" content=\"index, follow, max-snippet:-1, max-image-preview:large, max-video-preview:-1\" \/>\n<link rel=\"canonical\" href=\"https:\/\/www.promusicsmallorca.org\/es\/catalogo-promusics\/the-kings-of-new-orleans\/\" \/>\n<meta property=\"og:locale\" content=\"es_ES\" \/>\n<meta property=\"og:type\" content=\"article\" \/>\n<meta property=\"og:title\" content=\"The Kings of New Orleans - ProM\u00fasics Mallorca\" \/>\n<meta property=\"og:description\" content=\"Ignacio Sim\u00f3 Orpi - Voz y arm\u00f3nica Daniel Roth - Piano y coros Pablo Di Salvo - Bajo y coros Pau Ginard - Bater\u00eda y coros\" \/>\n<meta property=\"og:url\" content=\"https:\/\/www.promusicsmallorca.org\/es\/catalogo-promusics\/the-kings-of-new-orleans\/\" \/>\n<meta property=\"og:site_name\" content=\"ProM\u00fasics Mallorca\" \/>\n<meta property=\"article:publisher\" content=\"https:\/\/www.facebook.com\/promusicsmallorca\" \/>\n<meta property=\"article:modified_time\" content=\"2022-03-20T17:34:19+00:00\" \/>\n<meta property=\"og:image\" content=\"https:\/\/i0.wp.com\/www.promusicsmallorca.org\/wp-content\/uploads\/2021\/02\/Kings-redes-scaled.jpg?fit=2560%2C1707&#038;ssl=1\" \/>\n\t<meta property=\"og:image:width\" content=\"2560\" \/>\n\t<meta property=\"og:image:height\" content=\"1707\" \/>\n<meta name=\"twitter:card\" content=\"summary_large_image\" \/>\n<meta name=\"twitter:label1\" content=\"Tiempo de lectura\">\n\t<meta name=\"twitter:data1\" content=\"1 minuto\">\n<script type=\"application\/ld+json\" class=\"yoast-schema-graph\">{\"@context\":\"https:\/\/schema.org\",\"@graph\":[{\"@type\":\"Organization\",\"@id\":\"https:\/\/www.promusicsmallorca.org\/#organization\",\"name\":\"ProM\\u00fasics Mallorca\",\"url\":\"https:\/\/www.promusicsmallorca.org\/\",\"sameAs\":[\"https:\/\/www.facebook.com\/promusicsmallorca\",\"https:\/\/www.instagram.com\/promusicsmallorca\/\",\"https:\/\/www.youtube.com\/channel\/UCWwttYA4JPovS2RZiGlHgpA\"],\"logo\":{\"@type\":\"ImageObject\",\"@id\":\"https:\/\/www.promusicsmallorca.org\/#logo\",\"inLanguage\":\"es\",\"url\":\"https:\/\/i0.wp.com\/www.promusicsmallorca.org\/wp-content\/uploads\/2021\/02\/image0.png?fit=10224%2C7725&ssl=1\",\"width\":10224,\"height\":7725,\"caption\":\"ProM\\u00fasics Mallorca\"},\"image\":{\"@id\":\"https:\/\/www.promusicsmallorca.org\/#logo\"}},{\"@type\":\"WebSite\",\"@id\":\"https:\/\/www.promusicsmallorca.org\/#website\",\"url\":\"https:\/\/www.promusicsmallorca.org\/\",\"name\":\"ProM\\u00fasics Mallorca\",\"description\":\"Associaci\\u00f3 de Professionals de la M\\u00fasica de Mallorca\",\"publisher\":{\"@id\":\"https:\/\/www.promusicsmallorca.org\/#organization\"},\"potentialAction\":[{\"@type\":\"SearchAction\",\"target\":\"https:\/\/www.promusicsmallorca.org\/?s={search_term_string}\",\"query-input\":\"required name=search_term_string\"}],\"inLanguage\":\"es\"},{\"@type\":\"ImageObject\",\"@id\":\"https:\/\/www.promusicsmallorca.org\/es\/catalogo-promusics\/the-kings-of-new-orleans\/#primaryimage\",\"inLanguage\":\"es\",\"url\":\"https:\/\/i0.wp.com\/www.promusicsmallorca.org\/wp-content\/uploads\/2021\/02\/Kings-redes-scaled.jpg?fit=2560%2C1707&ssl=1\",\"width\":2560,\"height\":1707},{\"@type\":\"WebPage\",\"@id\":\"https:\/\/www.promusicsmallorca.org\/es\/catalogo-promusics\/the-kings-of-new-orleans\/#webpage\",\"url\":\"https:\/\/www.promusicsmallorca.org\/es\/catalogo-promusics\/the-kings-of-new-orleans\/\",\"name\":\"The Kings of New Orleans - ProM\\u00fasics Mallorca\",\"isPartOf\":{\"@id\":\"https:\/\/www.promusicsmallorca.org\/#website\"},\"primaryImageOfPage\":{\"@id\":\"https:\/\/www.promusicsmallorca.org\/es\/catalogo-promusics\/the-kings-of-new-orleans\/#primaryimage\"},\"datePublished\":\"2021-02-26T17:19:58+00:00\",\"dateModified\":\"2022-03-20T17:34:19+00:00\",\"inLanguage\":\"es\",\"potentialAction\":[{\"@type\":\"ReadAction\",\"target\":[\"https:\/\/www.promusicsmallorca.org\/es\/catalogo-promusics\/the-kings-of-new-orleans\/\"]}]}]}<\/script>\n<!-- \/ Yoast SEO Premium plugin. -->","jetpack_sharing_enabled":true,"_links":{"self":[{"href":"https:\/\/www.promusicsmallorca.org\/es\/wp-json\/wp\/v2\/product\/3244"}],"collection":[{"href":"https:\/\/www.promusicsmallorca.org\/es\/wp-json\/wp\/v2\/product"}],"about":[{"href":"https:\/\/www.promusicsmallorca.org\/es\/wp-json\/wp\/v2\/types\/product"}],"wp:featuredmedia":[{"embeddable":true,"href":"https:\/\/www.promusicsmallorca.org\/es\/wp-json\/wp\/v2\/media\/3247"}],"wp:attachment":[{"href":"https:\/\/www.promusicsmallorca.org\/es\/wp-json\/wp\/v2\/media?parent=3244"}],"wp:term":[{"taxonomy":"product_cat","embeddable":true,"href":"https:\/\/www.promusicsmallorca.org\/es\/wp-json\/wp\/v2\/product_cat?post=3244"},{"taxonomy":"product_tag","embeddable":true,"href":"https:\/\/www.promusicsmallorca.org\/es\/wp-json\/wp\/v2\/product_tag?post=3244"}],"curies":[{"name":"wp","href":"https:\/\/api.w.org\/{rel}","templated":true}]}}