{"id":3197,"date":"2021-02-24T02:39:06","date_gmt":"2021-02-24T02:39:06","guid":{"rendered":"https:\/\/www.promusicsmallorca.org\/?post_type=product&#038;p=3197"},"modified":"2022-05-04T08:47:17","modified_gmt":"2022-05-04T08:47:17","slug":"ambanima","status":"publish","type":"product","link":"https:\/\/www.promusicsmallorca.org\/es\/catalogo-promusics\/ambanima\/","title":{"rendered":"Ambanima"},"content":{"rendered":"<p style=\"text-align: left;\">Llevo m\u00e1s de veinte a\u00f1os de trayectoria, 17 a\u00f1os de profesional de los que estuve 5 en Romantic Corporate y en los \u00faltimos 12 freelance, trabajando como aut\u00f3noma y subcontratada en varias empresas de espect\u00e1culos como: General Music, Xarxa musical, Espurna Events, SCF Management, etc. Experiencia en varios estilos musicales; bailes de sal\u00f3n, m\u00fasica latina, Soul, Blues, Rock ,Jazz, est\u00e1ndars de todo tipo\u2026He ido realizando Bolos de todo tipo en hoteles, restaurantes, pubs, ceremonias, bodas, eventos privados varios.<\/p>\n<pre style=\"text-align: center;\"><a href=\"https:\/\/www.youtube.com\/watch?v=LDQBtwCX82I\" target=\"_blank\" rel=\"noopener\">https:\/\/www.youtube.com\/watch?v=LDQBtwCX82I<\/a>\r\n<a href=\"https:\/\/www.youtube.com\/watch?v=JbkiCwHOieQ\" target=\"_blank\" rel=\"noopener\">https:\/\/www.youtube.com\/watch?v=JbkiCwHOieQ<\/a>\r\n<a href=\"https:\/\/www.youtube.com\/watch?v=43cYkrb3UcI\" target=\"_blank\" rel=\"noopener\">https:\/\/www.youtube.com\/watch?v=43cYkrb3UcI<\/a><\/pre>\n<p style=\"text-align: right;\">Maria Antonia Serra Vicens: <span data-sheets-value=\"{&quot;1&quot;:2,&quot;2&quot;:&quot;696018630&quot;}\" data-sheets-userformat=\"{&quot;2&quot;:8769,&quot;3&quot;:{&quot;1&quot;:1},&quot;9&quot;:1,&quot;12&quot;:0,&quot;16&quot;:8}\">696018630<\/span> \/<a href=\"mailto:mariaantonia1983@gmail.com\" target=\"_blank\" rel=\"noopener\"> mariaantonia1983@gmail.com<\/a><\/p>\n","protected":false},"excerpt":{"rendered":"<p style=\"text-align: center;\">Maria Antonia Serra Vicens &#8211; Voz<\/p>\n","protected":false},"featured_media":3198,"template":"","meta":{"_et_pb_use_builder":"","_et_pb_old_content":"","_et_gb_content_width":""},"product_cat":[75,96,44,65,66],"product_tag":[101],"yoast_head":"<!-- This site is optimized with the Yoast SEO Premium plugin v15.7 - https:\/\/yoast.com\/wordpress\/plugins\/seo\/ -->\n<title>Ambanima - ProM\u00fasics Mallorca<\/title>\n<meta name=\"robots\" content=\"index, follow, max-snippet:-1, max-image-preview:large, max-video-preview:-1\" \/>\n<link rel=\"canonical\" href=\"https:\/\/www.promusicsmallorca.org\/es\/catalogo-promusics\/ambanima\/\" \/>\n<meta property=\"og:locale\" content=\"es_ES\" \/>\n<meta property=\"og:type\" content=\"article\" \/>\n<meta property=\"og:title\" content=\"Ambanima - ProM\u00fasics Mallorca\" \/>\n<meta property=\"og:description\" content=\"Maria Antonia Serra Vicens - Voz\" \/>\n<meta property=\"og:url\" content=\"https:\/\/www.promusicsmallorca.org\/es\/catalogo-promusics\/ambanima\/\" \/>\n<meta property=\"og:site_name\" content=\"ProM\u00fasics Mallorca\" \/>\n<meta property=\"article:publisher\" content=\"https:\/\/www.facebook.com\/promusicsmallorca\" \/>\n<meta property=\"article:modified_time\" content=\"2022-05-04T08:47:17+00:00\" \/>\n<meta property=\"og:image\" content=\"https:\/\/i0.wp.com\/www.promusicsmallorca.org\/wp-content\/uploads\/2021\/02\/20180424_161143.jpg?fit=536%2C256&#038;ssl=1\" \/>\n\t<meta property=\"og:image:width\" content=\"536\" \/>\n\t<meta property=\"og:image:height\" content=\"256\" \/>\n<meta name=\"twitter:card\" content=\"summary_large_image\" \/>\n<meta name=\"twitter:label1\" content=\"Tiempo de lectura\">\n\t<meta name=\"twitter:data1\" content=\"1 minuto\">\n<script type=\"application\/ld+json\" class=\"yoast-schema-graph\">{\"@context\":\"https:\/\/schema.org\",\"@graph\":[{\"@type\":\"Organization\",\"@id\":\"https:\/\/www.promusicsmallorca.org\/#organization\",\"name\":\"ProM\\u00fasics Mallorca\",\"url\":\"https:\/\/www.promusicsmallorca.org\/\",\"sameAs\":[\"https:\/\/www.facebook.com\/promusicsmallorca\",\"https:\/\/www.instagram.com\/promusicsmallorca\/\",\"https:\/\/www.youtube.com\/channel\/UCWwttYA4JPovS2RZiGlHgpA\"],\"logo\":{\"@type\":\"ImageObject\",\"@id\":\"https:\/\/www.promusicsmallorca.org\/#logo\",\"inLanguage\":\"es\",\"url\":\"https:\/\/i0.wp.com\/www.promusicsmallorca.org\/wp-content\/uploads\/2021\/02\/image0.png?fit=10224%2C7725&ssl=1\",\"width\":10224,\"height\":7725,\"caption\":\"ProM\\u00fasics Mallorca\"},\"image\":{\"@id\":\"https:\/\/www.promusicsmallorca.org\/#logo\"}},{\"@type\":\"WebSite\",\"@id\":\"https:\/\/www.promusicsmallorca.org\/#website\",\"url\":\"https:\/\/www.promusicsmallorca.org\/\",\"name\":\"ProM\\u00fasics Mallorca\",\"description\":\"Associaci\\u00f3 de Professionals de la M\\u00fasica de Mallorca\",\"publisher\":{\"@id\":\"https:\/\/www.promusicsmallorca.org\/#organization\"},\"potentialAction\":[{\"@type\":\"SearchAction\",\"target\":\"https:\/\/www.promusicsmallorca.org\/?s={search_term_string}\",\"query-input\":\"required name=search_term_string\"}],\"inLanguage\":\"es\"},{\"@type\":\"ImageObject\",\"@id\":\"https:\/\/www.promusicsmallorca.org\/es\/catalogo-promusics\/ambanima\/#primaryimage\",\"inLanguage\":\"es\",\"url\":\"https:\/\/i0.wp.com\/www.promusicsmallorca.org\/wp-content\/uploads\/2021\/02\/20180424_161143.jpg?fit=536%2C256&ssl=1\",\"width\":536,\"height\":256},{\"@type\":\"WebPage\",\"@id\":\"https:\/\/www.promusicsmallorca.org\/es\/catalogo-promusics\/ambanima\/#webpage\",\"url\":\"https:\/\/www.promusicsmallorca.org\/es\/catalogo-promusics\/ambanima\/\",\"name\":\"Ambanima - ProM\\u00fasics Mallorca\",\"isPartOf\":{\"@id\":\"https:\/\/www.promusicsmallorca.org\/#website\"},\"primaryImageOfPage\":{\"@id\":\"https:\/\/www.promusicsmallorca.org\/es\/catalogo-promusics\/ambanima\/#primaryimage\"},\"datePublished\":\"2021-02-24T02:39:06+00:00\",\"dateModified\":\"2022-05-04T08:47:17+00:00\",\"inLanguage\":\"es\",\"potentialAction\":[{\"@type\":\"ReadAction\",\"target\":[\"https:\/\/www.promusicsmallorca.org\/es\/catalogo-promusics\/ambanima\/\"]}]}]}<\/script>\n<!-- \/ Yoast SEO Premium plugin. -->","jetpack_sharing_enabled":true,"_links":{"self":[{"href":"https:\/\/www.promusicsmallorca.org\/es\/wp-json\/wp\/v2\/product\/3197"}],"collection":[{"href":"https:\/\/www.promusicsmallorca.org\/es\/wp-json\/wp\/v2\/product"}],"about":[{"href":"https:\/\/www.promusicsmallorca.org\/es\/wp-json\/wp\/v2\/types\/product"}],"wp:featuredmedia":[{"embeddable":true,"href":"https:\/\/www.promusicsmallorca.org\/es\/wp-json\/wp\/v2\/media\/3198"}],"wp:attachment":[{"href":"https:\/\/www.promusicsmallorca.org\/es\/wp-json\/wp\/v2\/media?parent=3197"}],"wp:term":[{"taxonomy":"product_cat","embeddable":true,"href":"https:\/\/www.promusicsmallorca.org\/es\/wp-json\/wp\/v2\/product_cat?post=3197"},{"taxonomy":"product_tag","embeddable":true,"href":"https:\/\/www.promusicsmallorca.org\/es\/wp-json\/wp\/v2\/product_tag?post=3197"}],"curies":[{"name":"wp","href":"https:\/\/api.w.org\/{rel}","templated":true}]}}