{"id":3193,"date":"2021-02-24T02:34:39","date_gmt":"2021-02-24T02:34:39","guid":{"rendered":"https:\/\/www.promusicsmallorca.org\/?post_type=product&#038;p=3193"},"modified":"2022-04-29T13:25:59","modified_gmt":"2022-04-29T13:25:59","slug":"piergo","status":"publish","type":"product","link":"https:\/\/www.promusicsmallorca.org\/es\/catalogo-promusics\/piergo\/","title":{"rendered":"Piergo"},"content":{"rendered":"<p>PIERGO es un d\u00fao de m\u00fasica que une la improvisaci\u00f3n y experimentaci\u00f3n con la m\u00fasica electr\u00f3nica formado en 2018 por dos m\u00fasicos de Jazz de la escena balear y catalana. Piergo toca e improvisa sesiones con instrumentos en directo, con reminiscencias de acid jazz y usando el lenguaje com\u00fan de la improvisaci\u00f3n y la experimentaci\u00f3n para crear un discurso propio libre de etiquetas.<\/p>\n<pre style=\"text-align: center;\"><a href=\"https:\/\/youtu.be\/8T0xprHwqEg\" target=\"_blank\" rel=\"noopener\">https:\/\/youtu.be\/8T0xprHwqEg<\/a>\r\n<a href=\"https:\/\/piergo.bandcamp.com\/releases\" target=\"_blank\" rel=\"noopener\">https:\/\/piergo.bandcamp.com\/releases<\/a>\r\n<a href=\"https:\/\/instagram.com\/piergomusic\" target=\"_blank\" rel=\"noopener\">https:\/\/instagram.com\/piergomusic<\/a><\/pre>\n<p style=\"text-align: right;\">Pere Bujosa: 661447660 \/ <a href=\"mailto:pereantonibass@gmail.com\" target=\"_blank\" rel=\"noopener\"><span data-sheets-value=\"{&quot;1&quot;:2,&quot;2&quot;:&quot;pereantonibass@gmail.com&quot;}\" data-sheets-userformat=\"{&quot;2&quot;:1319489,&quot;3&quot;:{&quot;1&quot;:0},&quot;9&quot;:1,&quot;12&quot;:0,&quot;16&quot;:8,&quot;21&quot;:0,&quot;23&quot;:2}\">pereantonibass@gmail.com<\/span><\/a><\/p>\n","protected":false},"excerpt":{"rendered":"<p style=\"text-align: center;\">PERE BUJOSA \u2013 BAJO Y SYNTHS<br \/>\nDIEGO HERVALEJO \u2013 SYNTHS<\/p>\n","protected":false},"featured_media":3195,"template":"","meta":{"_et_pb_use_builder":"","_et_pb_old_content":"","_et_gb_content_width":""},"product_cat":[99],"product_tag":[91],"yoast_head":"<!-- This site is optimized with the Yoast SEO Premium plugin v15.7 - https:\/\/yoast.com\/wordpress\/plugins\/seo\/ -->\n<title>Piergo - ProM\u00fasics Mallorca<\/title>\n<meta name=\"robots\" content=\"index, follow, max-snippet:-1, max-image-preview:large, max-video-preview:-1\" \/>\n<link rel=\"canonical\" href=\"https:\/\/www.promusicsmallorca.org\/es\/catalogo-promusics\/piergo\/\" \/>\n<meta property=\"og:locale\" content=\"es_ES\" \/>\n<meta property=\"og:type\" content=\"article\" \/>\n<meta property=\"og:title\" content=\"Piergo - ProM\u00fasics Mallorca\" \/>\n<meta property=\"og:description\" content=\"PERE BUJOSA \u2013 BAJO Y SYNTHS DIEGO HERVALEJO \u2013 SYNTHS\" \/>\n<meta property=\"og:url\" content=\"https:\/\/www.promusicsmallorca.org\/es\/catalogo-promusics\/piergo\/\" \/>\n<meta property=\"og:site_name\" content=\"ProM\u00fasics Mallorca\" \/>\n<meta property=\"article:publisher\" content=\"https:\/\/www.facebook.com\/promusicsmallorca\" \/>\n<meta property=\"article:modified_time\" content=\"2022-04-29T13:25:59+00:00\" \/>\n<meta property=\"og:image\" content=\"https:\/\/i0.wp.com\/www.promusicsmallorca.org\/wp-content\/uploads\/2021\/02\/2.jpg?fit=2000%2C1600&#038;ssl=1\" \/>\n\t<meta property=\"og:image:width\" content=\"2000\" \/>\n\t<meta property=\"og:image:height\" content=\"1600\" \/>\n<meta name=\"twitter:card\" content=\"summary_large_image\" \/>\n<script type=\"application\/ld+json\" class=\"yoast-schema-graph\">{\"@context\":\"https:\/\/schema.org\",\"@graph\":[{\"@type\":\"Organization\",\"@id\":\"https:\/\/www.promusicsmallorca.org\/#organization\",\"name\":\"ProM\\u00fasics Mallorca\",\"url\":\"https:\/\/www.promusicsmallorca.org\/\",\"sameAs\":[\"https:\/\/www.facebook.com\/promusicsmallorca\",\"https:\/\/www.instagram.com\/promusicsmallorca\/\",\"https:\/\/www.youtube.com\/channel\/UCWwttYA4JPovS2RZiGlHgpA\"],\"logo\":{\"@type\":\"ImageObject\",\"@id\":\"https:\/\/www.promusicsmallorca.org\/#logo\",\"inLanguage\":\"es\",\"url\":\"https:\/\/i0.wp.com\/www.promusicsmallorca.org\/wp-content\/uploads\/2021\/02\/image0.png?fit=10224%2C7725&ssl=1\",\"width\":10224,\"height\":7725,\"caption\":\"ProM\\u00fasics Mallorca\"},\"image\":{\"@id\":\"https:\/\/www.promusicsmallorca.org\/#logo\"}},{\"@type\":\"WebSite\",\"@id\":\"https:\/\/www.promusicsmallorca.org\/#website\",\"url\":\"https:\/\/www.promusicsmallorca.org\/\",\"name\":\"ProM\\u00fasics Mallorca\",\"description\":\"Associaci\\u00f3 de Professionals de la M\\u00fasica de Mallorca\",\"publisher\":{\"@id\":\"https:\/\/www.promusicsmallorca.org\/#organization\"},\"potentialAction\":[{\"@type\":\"SearchAction\",\"target\":\"https:\/\/www.promusicsmallorca.org\/?s={search_term_string}\",\"query-input\":\"required name=search_term_string\"}],\"inLanguage\":\"es\"},{\"@type\":\"ImageObject\",\"@id\":\"https:\/\/www.promusicsmallorca.org\/es\/catalogo-promusics\/piergo\/#primaryimage\",\"inLanguage\":\"es\",\"url\":\"https:\/\/i0.wp.com\/www.promusicsmallorca.org\/wp-content\/uploads\/2021\/02\/2.jpg?fit=2000%2C1600&ssl=1\",\"width\":2000,\"height\":1600},{\"@type\":\"WebPage\",\"@id\":\"https:\/\/www.promusicsmallorca.org\/es\/catalogo-promusics\/piergo\/#webpage\",\"url\":\"https:\/\/www.promusicsmallorca.org\/es\/catalogo-promusics\/piergo\/\",\"name\":\"Piergo - ProM\\u00fasics Mallorca\",\"isPartOf\":{\"@id\":\"https:\/\/www.promusicsmallorca.org\/#website\"},\"primaryImageOfPage\":{\"@id\":\"https:\/\/www.promusicsmallorca.org\/es\/catalogo-promusics\/piergo\/#primaryimage\"},\"datePublished\":\"2021-02-24T02:34:39+00:00\",\"dateModified\":\"2022-04-29T13:25:59+00:00\",\"inLanguage\":\"es\",\"potentialAction\":[{\"@type\":\"ReadAction\",\"target\":[\"https:\/\/www.promusicsmallorca.org\/es\/catalogo-promusics\/piergo\/\"]}]}]}<\/script>\n<!-- \/ Yoast SEO Premium plugin. -->","jetpack_sharing_enabled":true,"_links":{"self":[{"href":"https:\/\/www.promusicsmallorca.org\/es\/wp-json\/wp\/v2\/product\/3193"}],"collection":[{"href":"https:\/\/www.promusicsmallorca.org\/es\/wp-json\/wp\/v2\/product"}],"about":[{"href":"https:\/\/www.promusicsmallorca.org\/es\/wp-json\/wp\/v2\/types\/product"}],"wp:featuredmedia":[{"embeddable":true,"href":"https:\/\/www.promusicsmallorca.org\/es\/wp-json\/wp\/v2\/media\/3195"}],"wp:attachment":[{"href":"https:\/\/www.promusicsmallorca.org\/es\/wp-json\/wp\/v2\/media?parent=3193"}],"wp:term":[{"taxonomy":"product_cat","embeddable":true,"href":"https:\/\/www.promusicsmallorca.org\/es\/wp-json\/wp\/v2\/product_cat?post=3193"},{"taxonomy":"product_tag","embeddable":true,"href":"https:\/\/www.promusicsmallorca.org\/es\/wp-json\/wp\/v2\/product_tag?post=3193"}],"curies":[{"name":"wp","href":"https:\/\/api.w.org\/{rel}","templated":true}]}}