{"id":3151,"date":"2021-02-24T01:26:55","date_gmt":"2021-02-24T01:26:55","guid":{"rendered":"https:\/\/www.promusicsmallorca.org\/?post_type=product&#038;p=3151"},"modified":"2022-05-04T08:38:21","modified_gmt":"2022-05-04T08:38:21","slug":"highlands-project","status":"publish","type":"product","link":"https:\/\/www.promusicsmallorca.org\/es\/catalogo-promusics\/highlands-project\/","title":{"rendered":"Highlands Project"},"content":{"rendered":"<p>La banda fue formada por el teclista y compositor principal Sergio Llopis en 2013. El colectivo Highlands Project, con sede en Mallorca, es actualmente una de las bandas de Jazz con mayor proyecci\u00f3n en las Islas Baleares. La formaci\u00f3n ha recibido grandes elogios y cr\u00edticas en p\u00e1ginas reconocidas como Enderrock, TomaJazz o AraBalears y su primer \u00e1lbum \u00abSkalanes\u00bb entr\u00f3 en las listas de los discos m\u00e1s vendidos de Jazz en iTunes Espa\u00f1a. Actualmente presentan su cuarto disco titulado \u00abKeepin&#8217; On\u00bb, con una producci\u00f3n m\u00e1s grande y nuevos sonidos que hacen que este sea su trabajo m\u00e1s maduro.<\/p>\n<pre style=\"text-align: center;\"><a href=\"https:\/\/es.highlandsprojectband.com\/\" target=\"_blank\" rel=\"noopener\">https:\/\/es.highlandsprojectband.com\/<\/a>\r\n<a href=\"https:\/\/www.instagram.com\/highlandsproject\/\" target=\"_blank\" rel=\"noopener\">https:\/\/www.instagram.com\/highlandsproject\/<\/a>\r\n<a href=\"https:\/\/lnk.to\/Rir3XIbC\" target=\"_blank\" rel=\"noopener\">https:\/\/lnk.to\/Rir3XIbC<\/a><\/pre>\n<p style=\"text-align: right;\">Sergio Llopis: 666 64 10 16 \/ <a href=\"mailto:highlandsjazz@gmail.com\" target=\"_blank\" rel=\"noopener\">highlandsjazz@gmail.com<\/a><\/p>\n","protected":false},"excerpt":{"rendered":"<p style=\"text-align: center;\">Guillem Nadal \u2013 Trompeta<br \/>\nThomas Fontin \u2013 Saxo<br \/>\nXema Borr\u00e0s \u2013 Tromb\u00f3n<br \/>\nJoan Colom \u2013 Guitarra<br \/>\nJordi Tugores \u2013 Guitarra<br \/>\nGori Matas \u2013 Teclas<br \/>\nSergio Llopis \u2013 Teclas<br \/>\nJuanjo Amengual \u2013 Bajo<br \/>\nTeo Salv\u00e0 \u2013 Bater\u00eda<br \/>\nRogerio Santos Da Silva \u2013 Percusi\u00f3n<\/p>\n","protected":false},"featured_media":3154,"template":"","meta":{"_et_pb_use_builder":"","_et_pb_old_content":"","_et_gb_content_width":""},"product_cat":[120,96],"product_tag":[106],"yoast_head":"<!-- This site is optimized with the Yoast SEO Premium plugin v15.7 - https:\/\/yoast.com\/wordpress\/plugins\/seo\/ -->\n<title>Highlands Project - ProM\u00fasics Mallorca<\/title>\n<meta name=\"robots\" content=\"index, follow, max-snippet:-1, max-image-preview:large, max-video-preview:-1\" \/>\n<link rel=\"canonical\" href=\"https:\/\/www.promusicsmallorca.org\/es\/catalogo-promusics\/highlands-project\/\" \/>\n<meta property=\"og:locale\" content=\"es_ES\" \/>\n<meta property=\"og:type\" content=\"article\" \/>\n<meta property=\"og:title\" content=\"Highlands Project - ProM\u00fasics Mallorca\" \/>\n<meta property=\"og:description\" content=\"Guillem Nadal \u2013 Trompeta Thomas Fontin \u2013 Saxo Xema Borr\u00e0s \u2013 Tromb\u00f3n Joan Colom \u2013 Guitarra Jordi Tugores \u2013 Guitarra Gori Matas \u2013 Teclas Sergio Llopis \u2013 Teclas Juanjo Amengual \u2013 Bajo Teo Salv\u00e0 \u2013 Bater\u00eda Rogerio Santos Da Silva \u2013 Percusi\u00f3n\" \/>\n<meta property=\"og:url\" content=\"https:\/\/www.promusicsmallorca.org\/es\/catalogo-promusics\/highlands-project\/\" \/>\n<meta property=\"og:site_name\" content=\"ProM\u00fasics Mallorca\" \/>\n<meta property=\"article:publisher\" content=\"https:\/\/www.facebook.com\/promusicsmallorca\" \/>\n<meta property=\"article:modified_time\" content=\"2022-05-04T08:38:21+00:00\" \/>\n<meta property=\"og:image\" content=\"https:\/\/i0.wp.com\/www.promusicsmallorca.org\/wp-content\/uploads\/2021\/02\/HighlandsProject..jpg?fit=2000%2C1334&#038;ssl=1\" \/>\n\t<meta property=\"og:image:width\" content=\"2000\" \/>\n\t<meta property=\"og:image:height\" content=\"1334\" \/>\n<meta name=\"twitter:card\" content=\"summary_large_image\" \/>\n<meta name=\"twitter:label1\" content=\"Tiempo de lectura\">\n\t<meta name=\"twitter:data1\" content=\"1 minuto\">\n<script type=\"application\/ld+json\" class=\"yoast-schema-graph\">{\"@context\":\"https:\/\/schema.org\",\"@graph\":[{\"@type\":\"Organization\",\"@id\":\"https:\/\/www.promusicsmallorca.org\/#organization\",\"name\":\"ProM\\u00fasics Mallorca\",\"url\":\"https:\/\/www.promusicsmallorca.org\/\",\"sameAs\":[\"https:\/\/www.facebook.com\/promusicsmallorca\",\"https:\/\/www.instagram.com\/promusicsmallorca\/\",\"https:\/\/www.youtube.com\/channel\/UCWwttYA4JPovS2RZiGlHgpA\"],\"logo\":{\"@type\":\"ImageObject\",\"@id\":\"https:\/\/www.promusicsmallorca.org\/#logo\",\"inLanguage\":\"es\",\"url\":\"https:\/\/i0.wp.com\/www.promusicsmallorca.org\/wp-content\/uploads\/2021\/02\/image0.png?fit=10224%2C7725&ssl=1\",\"width\":10224,\"height\":7725,\"caption\":\"ProM\\u00fasics Mallorca\"},\"image\":{\"@id\":\"https:\/\/www.promusicsmallorca.org\/#logo\"}},{\"@type\":\"WebSite\",\"@id\":\"https:\/\/www.promusicsmallorca.org\/#website\",\"url\":\"https:\/\/www.promusicsmallorca.org\/\",\"name\":\"ProM\\u00fasics Mallorca\",\"description\":\"Associaci\\u00f3 de Professionals de la M\\u00fasica de Mallorca\",\"publisher\":{\"@id\":\"https:\/\/www.promusicsmallorca.org\/#organization\"},\"potentialAction\":[{\"@type\":\"SearchAction\",\"target\":\"https:\/\/www.promusicsmallorca.org\/?s={search_term_string}\",\"query-input\":\"required name=search_term_string\"}],\"inLanguage\":\"es\"},{\"@type\":\"ImageObject\",\"@id\":\"https:\/\/www.promusicsmallorca.org\/es\/catalogo-promusics\/highlands-project\/#primaryimage\",\"inLanguage\":\"es\",\"url\":\"https:\/\/i0.wp.com\/www.promusicsmallorca.org\/wp-content\/uploads\/2021\/02\/HighlandsProject..jpg?fit=2000%2C1334&ssl=1\",\"width\":2000,\"height\":1334},{\"@type\":\"WebPage\",\"@id\":\"https:\/\/www.promusicsmallorca.org\/es\/catalogo-promusics\/highlands-project\/#webpage\",\"url\":\"https:\/\/www.promusicsmallorca.org\/es\/catalogo-promusics\/highlands-project\/\",\"name\":\"Highlands Project - ProM\\u00fasics Mallorca\",\"isPartOf\":{\"@id\":\"https:\/\/www.promusicsmallorca.org\/#website\"},\"primaryImageOfPage\":{\"@id\":\"https:\/\/www.promusicsmallorca.org\/es\/catalogo-promusics\/highlands-project\/#primaryimage\"},\"datePublished\":\"2021-02-24T01:26:55+00:00\",\"dateModified\":\"2022-05-04T08:38:21+00:00\",\"inLanguage\":\"es\",\"potentialAction\":[{\"@type\":\"ReadAction\",\"target\":[\"https:\/\/www.promusicsmallorca.org\/es\/catalogo-promusics\/highlands-project\/\"]}]}]}<\/script>\n<!-- \/ Yoast SEO Premium plugin. -->","jetpack_sharing_enabled":true,"_links":{"self":[{"href":"https:\/\/www.promusicsmallorca.org\/es\/wp-json\/wp\/v2\/product\/3151"}],"collection":[{"href":"https:\/\/www.promusicsmallorca.org\/es\/wp-json\/wp\/v2\/product"}],"about":[{"href":"https:\/\/www.promusicsmallorca.org\/es\/wp-json\/wp\/v2\/types\/product"}],"wp:featuredmedia":[{"embeddable":true,"href":"https:\/\/www.promusicsmallorca.org\/es\/wp-json\/wp\/v2\/media\/3154"}],"wp:attachment":[{"href":"https:\/\/www.promusicsmallorca.org\/es\/wp-json\/wp\/v2\/media?parent=3151"}],"wp:term":[{"taxonomy":"product_cat","embeddable":true,"href":"https:\/\/www.promusicsmallorca.org\/es\/wp-json\/wp\/v2\/product_cat?post=3151"},{"taxonomy":"product_tag","embeddable":true,"href":"https:\/\/www.promusicsmallorca.org\/es\/wp-json\/wp\/v2\/product_tag?post=3151"}],"curies":[{"name":"wp","href":"https:\/\/api.w.org\/{rel}","templated":true}]}}