{"id":3144,"date":"2021-02-24T01:17:28","date_gmt":"2021-02-24T01:17:28","guid":{"rendered":"https:\/\/www.promusicsmallorca.org\/?post_type=product&#038;p=3144"},"modified":"2022-05-04T08:32:44","modified_gmt":"2022-05-04T08:32:44","slug":"tom-trovador","status":"publish","type":"product","link":"https:\/\/www.promusicsmallorca.org\/es\/catalogo-promusics\/tom-trovador\/","title":{"rendered":"Tom Trovador"},"content":{"rendered":"<p>Unos 25 a\u00f1os viviendo de la m\u00fasica en directo avalan a este artista. Estos \u00faltimos a\u00f1os est\u00e1 defendiendo su m\u00fasica; ha tra\u00eddo a Mallorca a numerosos cantautores de la pen\u00ednsula a trav\u00e9s de Malditos Cantautores, la plataforma que cre\u00f3. Constante agitador cultural y con m\u00e1s de 5000 conciertos a sus espaldas, ha llenado numerosos escenarios de Galicia, Holanda, Tenerife, Andaluc\u00eda, Madrid, Barcelona, Extremadura, \u00c1vila\u2026 antes de llegar a Mallorca en 2007. El a\u00f1o pasado present\u00f3 su quinto disco: Con Alas de Rat\u00f3n. Sin duda, su mejor disco.<\/p>\n<pre style=\"text-align: center;\"><a href=\"https:\/\/www.youtube.com\/user\/tomtrobador\" target=\"_blank\" rel=\"noopener\">https:\/\/www.youtube.com\/user\/tomtrobador<\/a>\r\n<a href=\"https:\/\/open.spotify.com\/artist\/3RSMW2fy2cezofYdQEVPUs?si=fcNpI17HRcmsRVy6E-rwXQ\" target=\"_blank\" rel=\"noopener\">https:\/\/open.spotify.com\/artist\/3RSMW2fy2cezofYdQEVPUs?si=fcNpI17HRcmsRVy6E-rwXQ<\/a>\r\n<a href=\"https:\/\/www.facebook.com\/tomtrovadoroficial\" target=\"_blank\" rel=\"noopener\">https:\/\/www.facebook.com\/tomtrovadoroficial<\/a><\/pre>\n<p style=\"text-align: right;\">Tom Montero: 617567445 \/ <a href=\"mailto:tomtrovador@hotmail.com\" target=\"_blank\" rel=\"noopener\">tomtrovador@hotmail.com<\/a><\/p>\n","protected":false},"excerpt":{"rendered":"<p style=\"text-align: center;\">Tom Trovador: Guitarra Espa\u00f1ola, Voz y Caj\u00f3n Flamenco<\/p>\n","protected":false},"featured_media":3145,"template":"","meta":{"_et_pb_use_builder":"","_et_pb_old_content":"","_et_gb_content_width":""},"product_cat":[130,117,84,65,222],"product_tag":[101],"yoast_head":"<!-- This site is optimized with the Yoast SEO Premium plugin v15.7 - https:\/\/yoast.com\/wordpress\/plugins\/seo\/ -->\n<title>Tom Trovador - ProM\u00fasics Mallorca<\/title>\n<meta name=\"robots\" content=\"index, follow, max-snippet:-1, max-image-preview:large, max-video-preview:-1\" \/>\n<link rel=\"canonical\" href=\"https:\/\/www.promusicsmallorca.org\/es\/catalogo-promusics\/tom-trovador\/\" \/>\n<meta property=\"og:locale\" content=\"es_ES\" \/>\n<meta property=\"og:type\" content=\"article\" \/>\n<meta property=\"og:title\" content=\"Tom Trovador - ProM\u00fasics Mallorca\" \/>\n<meta property=\"og:description\" content=\"Tom Trovador: Guitarra Espa\u00f1ola, Voz y Caj\u00f3n Flamenco\" \/>\n<meta property=\"og:url\" content=\"https:\/\/www.promusicsmallorca.org\/es\/catalogo-promusics\/tom-trovador\/\" \/>\n<meta property=\"og:site_name\" content=\"ProM\u00fasics Mallorca\" \/>\n<meta property=\"article:publisher\" content=\"https:\/\/www.facebook.com\/promusicsmallorca\" \/>\n<meta property=\"article:modified_time\" content=\"2022-05-04T08:32:44+00:00\" \/>\n<meta property=\"og:image\" content=\"https:\/\/i0.wp.com\/www.promusicsmallorca.org\/wp-content\/uploads\/2021\/02\/FotoVirginiaFotografica2-scaled.jpg?fit=2560%2C1707&#038;ssl=1\" \/>\n\t<meta property=\"og:image:width\" content=\"2560\" \/>\n\t<meta property=\"og:image:height\" content=\"1707\" \/>\n<meta name=\"twitter:card\" content=\"summary_large_image\" \/>\n<meta name=\"twitter:label1\" content=\"Tiempo de lectura\">\n\t<meta name=\"twitter:data1\" content=\"1 minuto\">\n<script type=\"application\/ld+json\" class=\"yoast-schema-graph\">{\"@context\":\"https:\/\/schema.org\",\"@graph\":[{\"@type\":\"Organization\",\"@id\":\"https:\/\/www.promusicsmallorca.org\/#organization\",\"name\":\"ProM\\u00fasics Mallorca\",\"url\":\"https:\/\/www.promusicsmallorca.org\/\",\"sameAs\":[\"https:\/\/www.facebook.com\/promusicsmallorca\",\"https:\/\/www.instagram.com\/promusicsmallorca\/\",\"https:\/\/www.youtube.com\/channel\/UCWwttYA4JPovS2RZiGlHgpA\"],\"logo\":{\"@type\":\"ImageObject\",\"@id\":\"https:\/\/www.promusicsmallorca.org\/#logo\",\"inLanguage\":\"es\",\"url\":\"https:\/\/i0.wp.com\/www.promusicsmallorca.org\/wp-content\/uploads\/2021\/02\/image0.png?fit=10224%2C7725&ssl=1\",\"width\":10224,\"height\":7725,\"caption\":\"ProM\\u00fasics Mallorca\"},\"image\":{\"@id\":\"https:\/\/www.promusicsmallorca.org\/#logo\"}},{\"@type\":\"WebSite\",\"@id\":\"https:\/\/www.promusicsmallorca.org\/#website\",\"url\":\"https:\/\/www.promusicsmallorca.org\/\",\"name\":\"ProM\\u00fasics Mallorca\",\"description\":\"Associaci\\u00f3 de Professionals de la M\\u00fasica de Mallorca\",\"publisher\":{\"@id\":\"https:\/\/www.promusicsmallorca.org\/#organization\"},\"potentialAction\":[{\"@type\":\"SearchAction\",\"target\":\"https:\/\/www.promusicsmallorca.org\/?s={search_term_string}\",\"query-input\":\"required name=search_term_string\"}],\"inLanguage\":\"es\"},{\"@type\":\"ImageObject\",\"@id\":\"https:\/\/www.promusicsmallorca.org\/es\/catalogo-promusics\/tom-trovador\/#primaryimage\",\"inLanguage\":\"es\",\"url\":\"https:\/\/i0.wp.com\/www.promusicsmallorca.org\/wp-content\/uploads\/2021\/02\/FotoVirginiaFotografica2-scaled.jpg?fit=2560%2C1707&ssl=1\",\"width\":2560,\"height\":1707},{\"@type\":\"WebPage\",\"@id\":\"https:\/\/www.promusicsmallorca.org\/es\/catalogo-promusics\/tom-trovador\/#webpage\",\"url\":\"https:\/\/www.promusicsmallorca.org\/es\/catalogo-promusics\/tom-trovador\/\",\"name\":\"Tom Trovador - ProM\\u00fasics Mallorca\",\"isPartOf\":{\"@id\":\"https:\/\/www.promusicsmallorca.org\/#website\"},\"primaryImageOfPage\":{\"@id\":\"https:\/\/www.promusicsmallorca.org\/es\/catalogo-promusics\/tom-trovador\/#primaryimage\"},\"datePublished\":\"2021-02-24T01:17:28+00:00\",\"dateModified\":\"2022-05-04T08:32:44+00:00\",\"inLanguage\":\"es\",\"potentialAction\":[{\"@type\":\"ReadAction\",\"target\":[\"https:\/\/www.promusicsmallorca.org\/es\/catalogo-promusics\/tom-trovador\/\"]}]}]}<\/script>\n<!-- \/ Yoast SEO Premium plugin. -->","jetpack_sharing_enabled":true,"_links":{"self":[{"href":"https:\/\/www.promusicsmallorca.org\/es\/wp-json\/wp\/v2\/product\/3144"}],"collection":[{"href":"https:\/\/www.promusicsmallorca.org\/es\/wp-json\/wp\/v2\/product"}],"about":[{"href":"https:\/\/www.promusicsmallorca.org\/es\/wp-json\/wp\/v2\/types\/product"}],"wp:featuredmedia":[{"embeddable":true,"href":"https:\/\/www.promusicsmallorca.org\/es\/wp-json\/wp\/v2\/media\/3145"}],"wp:attachment":[{"href":"https:\/\/www.promusicsmallorca.org\/es\/wp-json\/wp\/v2\/media?parent=3144"}],"wp:term":[{"taxonomy":"product_cat","embeddable":true,"href":"https:\/\/www.promusicsmallorca.org\/es\/wp-json\/wp\/v2\/product_cat?post=3144"},{"taxonomy":"product_tag","embeddable":true,"href":"https:\/\/www.promusicsmallorca.org\/es\/wp-json\/wp\/v2\/product_tag?post=3144"}],"curies":[{"name":"wp","href":"https:\/\/api.w.org\/{rel}","templated":true}]}}