{"id":3118,"date":"2021-02-24T00:42:30","date_gmt":"2021-02-24T00:42:30","guid":{"rendered":"https:\/\/www.promusicsmallorca.org\/?post_type=product&#038;p=3118"},"modified":"2022-05-04T08:30:06","modified_gmt":"2022-05-04T08:30:06","slug":"big-yuyu","status":"publish","type":"product","link":"https:\/\/www.promusicsmallorca.org\/es\/catalogo-promusics\/big-yuyu\/","title":{"rendered":"Big Yuyu"},"content":{"rendered":"<p>Big Yuyu se form\u00f3 en 2006 en Mallorca, uno de los lugares m\u00e1s bonitos del Mediterr\u00e1neo, no s\u00f3lo conocido por ser uno de los principales destinos tur\u00edsticos del planeta desde los a\u00f1os 60 sino tambi\u00e9n por su vibrante escena musical, donde el Blues juega un papel importante. Desde su creaci\u00f3n, la banda puede decir con orgullo que lleva m\u00e1s de 3000 noches sudorosas de Blues marcadas en sus correas, habiendo actuado en los principales clubes y festivales del pa\u00eds y realizando giras por Alemania, Holanda, Gran Breta\u00f1a y Suiza.<\/p>\n<pre style=\"text-align: center;\"><a href=\"https:\/\/www.bigyuyu.net\" target=\"_blank\" rel=\"noopener\">https:\/\/www.bigyuyu.net<\/a>\r\n<a href=\"https:\/\/www.facebook.com\/bigyuyu.senyorblues\" target=\"_blank\" rel=\"noopener\">https:\/\/www.facebook.com\/bigyuyu.senyorblues<\/a>\r\n<a href=\"https:\/\/youtube.com\/user\/senyorblues\" target=\"_blank\" rel=\"noopener\">https:\/\/youtube.com\/user\/senyorblues<\/a><\/pre>\n<p style=\"text-align: right;\">Juan Amaro: 672078998 \/ <a href=\"mailto:bigyuyu@hotmail.es\" target=\"_blank\" rel=\"noopener\">bigyuyu@hotmail.es<\/a><\/p>\n","protected":false},"excerpt":{"rendered":"<p style=\"text-align: center;\">Juan Amaro Arjona Fuentes &#8211; Bajo<br \/>\nJordi Alvarez Prat &#8211; Guitarra y voz<br \/>\nEsteve Huguet Duran &#8211; Bater\u00eda<\/p>\n","protected":false},"featured_media":3121,"template":"","meta":{"_et_pb_use_builder":"","_et_pb_old_content":"","_et_gb_content_width":""},"product_cat":[75,65],"product_tag":[86],"yoast_head":"<!-- This site is optimized with the Yoast SEO Premium plugin v15.7 - https:\/\/yoast.com\/wordpress\/plugins\/seo\/ -->\n<title>Big Yuyu - ProM\u00fasics Mallorca<\/title>\n<meta name=\"robots\" content=\"index, follow, max-snippet:-1, max-image-preview:large, max-video-preview:-1\" \/>\n<link rel=\"canonical\" href=\"https:\/\/www.promusicsmallorca.org\/es\/catalogo-promusics\/big-yuyu\/\" \/>\n<meta property=\"og:locale\" content=\"es_ES\" \/>\n<meta property=\"og:type\" content=\"article\" \/>\n<meta property=\"og:title\" content=\"Big Yuyu - ProM\u00fasics Mallorca\" \/>\n<meta property=\"og:description\" content=\"Juan Amaro Arjona Fuentes - Bajo Jordi Alvarez Prat - Guitarra y voz Esteve Huguet Duran - Bater\u00eda\" \/>\n<meta property=\"og:url\" content=\"https:\/\/www.promusicsmallorca.org\/es\/catalogo-promusics\/big-yuyu\/\" \/>\n<meta property=\"og:site_name\" content=\"ProM\u00fasics Mallorca\" \/>\n<meta property=\"article:publisher\" content=\"https:\/\/www.facebook.com\/promusicsmallorca\" \/>\n<meta property=\"article:modified_time\" content=\"2022-05-04T08:30:06+00:00\" \/>\n<meta property=\"og:image\" content=\"https:\/\/i0.wp.com\/www.promusicsmallorca.org\/wp-content\/uploads\/2021\/02\/524403.jpg?fit=678%2C1024&#038;ssl=1\" \/>\n\t<meta property=\"og:image:width\" content=\"678\" \/>\n\t<meta property=\"og:image:height\" content=\"1024\" \/>\n<meta name=\"twitter:card\" content=\"summary_large_image\" \/>\n<meta name=\"twitter:label1\" content=\"Tiempo de lectura\">\n\t<meta name=\"twitter:data1\" content=\"1 minuto\">\n<script type=\"application\/ld+json\" class=\"yoast-schema-graph\">{\"@context\":\"https:\/\/schema.org\",\"@graph\":[{\"@type\":\"Organization\",\"@id\":\"https:\/\/www.promusicsmallorca.org\/#organization\",\"name\":\"ProM\\u00fasics Mallorca\",\"url\":\"https:\/\/www.promusicsmallorca.org\/\",\"sameAs\":[\"https:\/\/www.facebook.com\/promusicsmallorca\",\"https:\/\/www.instagram.com\/promusicsmallorca\/\",\"https:\/\/www.youtube.com\/channel\/UCWwttYA4JPovS2RZiGlHgpA\"],\"logo\":{\"@type\":\"ImageObject\",\"@id\":\"https:\/\/www.promusicsmallorca.org\/#logo\",\"inLanguage\":\"es\",\"url\":\"https:\/\/i0.wp.com\/www.promusicsmallorca.org\/wp-content\/uploads\/2021\/02\/image0.png?fit=10224%2C7725&ssl=1\",\"width\":10224,\"height\":7725,\"caption\":\"ProM\\u00fasics Mallorca\"},\"image\":{\"@id\":\"https:\/\/www.promusicsmallorca.org\/#logo\"}},{\"@type\":\"WebSite\",\"@id\":\"https:\/\/www.promusicsmallorca.org\/#website\",\"url\":\"https:\/\/www.promusicsmallorca.org\/\",\"name\":\"ProM\\u00fasics Mallorca\",\"description\":\"Associaci\\u00f3 de Professionals de la M\\u00fasica de Mallorca\",\"publisher\":{\"@id\":\"https:\/\/www.promusicsmallorca.org\/#organization\"},\"potentialAction\":[{\"@type\":\"SearchAction\",\"target\":\"https:\/\/www.promusicsmallorca.org\/?s={search_term_string}\",\"query-input\":\"required name=search_term_string\"}],\"inLanguage\":\"es\"},{\"@type\":\"ImageObject\",\"@id\":\"https:\/\/www.promusicsmallorca.org\/es\/catalogo-promusics\/big-yuyu\/#primaryimage\",\"inLanguage\":\"es\",\"url\":\"https:\/\/i0.wp.com\/www.promusicsmallorca.org\/wp-content\/uploads\/2021\/02\/524403.jpg?fit=678%2C1024&ssl=1\",\"width\":678,\"height\":1024},{\"@type\":\"WebPage\",\"@id\":\"https:\/\/www.promusicsmallorca.org\/es\/catalogo-promusics\/big-yuyu\/#webpage\",\"url\":\"https:\/\/www.promusicsmallorca.org\/es\/catalogo-promusics\/big-yuyu\/\",\"name\":\"Big Yuyu - ProM\\u00fasics Mallorca\",\"isPartOf\":{\"@id\":\"https:\/\/www.promusicsmallorca.org\/#website\"},\"primaryImageOfPage\":{\"@id\":\"https:\/\/www.promusicsmallorca.org\/es\/catalogo-promusics\/big-yuyu\/#primaryimage\"},\"datePublished\":\"2021-02-24T00:42:30+00:00\",\"dateModified\":\"2022-05-04T08:30:06+00:00\",\"inLanguage\":\"es\",\"potentialAction\":[{\"@type\":\"ReadAction\",\"target\":[\"https:\/\/www.promusicsmallorca.org\/es\/catalogo-promusics\/big-yuyu\/\"]}]}]}<\/script>\n<!-- \/ Yoast SEO Premium plugin. -->","jetpack_sharing_enabled":true,"_links":{"self":[{"href":"https:\/\/www.promusicsmallorca.org\/es\/wp-json\/wp\/v2\/product\/3118"}],"collection":[{"href":"https:\/\/www.promusicsmallorca.org\/es\/wp-json\/wp\/v2\/product"}],"about":[{"href":"https:\/\/www.promusicsmallorca.org\/es\/wp-json\/wp\/v2\/types\/product"}],"wp:featuredmedia":[{"embeddable":true,"href":"https:\/\/www.promusicsmallorca.org\/es\/wp-json\/wp\/v2\/media\/3121"}],"wp:attachment":[{"href":"https:\/\/www.promusicsmallorca.org\/es\/wp-json\/wp\/v2\/media?parent=3118"}],"wp:term":[{"taxonomy":"product_cat","embeddable":true,"href":"https:\/\/www.promusicsmallorca.org\/es\/wp-json\/wp\/v2\/product_cat?post=3118"},{"taxonomy":"product_tag","embeddable":true,"href":"https:\/\/www.promusicsmallorca.org\/es\/wp-json\/wp\/v2\/product_tag?post=3118"}],"curies":[{"name":"wp","href":"https:\/\/api.w.org\/{rel}","templated":true}]}}