{"id":3085,"date":"2021-02-23T09:14:36","date_gmt":"2021-02-23T09:14:36","guid":{"rendered":"https:\/\/www.promusicsmallorca.org\/?post_type=product&#038;p=3085"},"modified":"2022-04-29T16:32:31","modified_gmt":"2022-04-29T16:32:31","slug":"roger-c-wade-meets-balta-bordoy-feat-marion-wade","status":"publish","type":"product","link":"https:\/\/www.promusicsmallorca.org\/es\/catalogo-promusics\/roger-c-wade-meets-balta-bordoy-feat-marion-wade\/","title":{"rendered":"Roger C. Wade meets Balta Bordoy feat. Marion Wade"},"content":{"rendered":"<p>Tras coincidir en el escenario del Festival Blues &amp; Boogie (BCN) en 2017 y gracias a la complicidad creada, Roger y Marion Wade deciden contar con Balta Bordoy para grabar juntos en Alemania un CD (\u00abThe Shoolhouse Sessions\u00bb) y una serie de conciertos en 2018. Este disco recibi\u00f3 muy buenas cr\u00edticas de la prensa especializada europea, lo que les ha llevado a presentarlo en distintos festivales y clubs en Alemania y tambi\u00e9n en Espa\u00f1a. Este 2021 se editar\u00e1 un segundo disco, esta vez en vinilo, que est\u00e1 ya grabado y lleva por t\u00edtulo \u00abCookin&#8217; At Home\u00bb.<\/p>\n<pre style=\"text-align: center;\"><a href=\"https:\/\/www.rogerwade.de\/bands\/roger-c-wade-meets-balta-bordoy-trio\/\" target=\"_blank\" rel=\"noopener\">https:\/\/www.rogerwade.de\/bands\/roger-c-wade-meets-balta-bordoy-trio\/<\/a>\r\n<a href=\"https:\/\/www.youtube.com\/watch?v=n73JuncpYYI&amp;feature=youtu.be\" target=\"_blank\" rel=\"noopener\">https:\/\/www.youtube.com\/watch?v=n73JuncpYYI&amp;feature=youtu.be<\/a>\r\n<a href=\"http:\/\/www.bluesblastmagazine.com\/roger-c-wade-and-balta-bordoy-the-schoolhouse-sessions-album-review\/\" target=\"_blank\" rel=\"noopener\">http:\/\/www.bluesblastmagazine.com\/roger-c-wade-and-balta-bordoy-the-schoolhouse-sessions-album-review\/<\/a><\/pre>\n<p style=\"text-align: right;\">Balta Bordoy: 699138379 \/ <a href=\"mailto:baltabordoylobo@yahoo.es\" target=\"_blank\" rel=\"noopener\">baltabordoylobo@yahoo.es<\/a><\/p>\n","protected":false},"excerpt":{"rendered":"<p style=\"text-align: center;\">Roger C. Wade \u2013 Voz y harm\u00f3nica<br \/>\nMarion Wade \u2013 Piano<br \/>\nBalta Bordoy \u2013 Guitarra<\/p>\n","protected":false},"featured_media":3086,"template":"","meta":{"_et_pb_use_builder":"","_et_pb_old_content":"","_et_gb_content_width":""},"product_cat":[75],"product_tag":[86],"yoast_head":"<!-- This site is optimized with the Yoast SEO Premium plugin v15.7 - https:\/\/yoast.com\/wordpress\/plugins\/seo\/ -->\n<title>Roger C. Wade meets Balta Bordoy feat. Marion Wade - ProM\u00fasics Mallorca<\/title>\n<meta name=\"robots\" content=\"index, follow, max-snippet:-1, max-image-preview:large, max-video-preview:-1\" \/>\n<link rel=\"canonical\" href=\"https:\/\/www.promusicsmallorca.org\/es\/catalogo-promusics\/roger-c-wade-meets-balta-bordoy-feat-marion-wade\/\" \/>\n<meta property=\"og:locale\" content=\"es_ES\" \/>\n<meta property=\"og:type\" content=\"article\" \/>\n<meta property=\"og:title\" content=\"Roger C. Wade meets Balta Bordoy feat. Marion Wade - ProM\u00fasics Mallorca\" \/>\n<meta property=\"og:description\" content=\"Roger C. Wade \u2013 Voz y harm\u00f3nica Marion Wade \u2013 Piano Balta Bordoy \u2013 Guitarra\" \/>\n<meta property=\"og:url\" content=\"https:\/\/www.promusicsmallorca.org\/es\/catalogo-promusics\/roger-c-wade-meets-balta-bordoy-feat-marion-wade\/\" \/>\n<meta property=\"og:site_name\" content=\"ProM\u00fasics Mallorca\" \/>\n<meta property=\"article:publisher\" content=\"https:\/\/www.facebook.com\/promusicsmallorca\" \/>\n<meta property=\"article:modified_time\" content=\"2022-04-29T16:32:31+00:00\" \/>\n<meta property=\"og:image\" content=\"https:\/\/i0.wp.com\/www.promusicsmallorca.org\/wp-content\/uploads\/2021\/02\/RogerC.WademeetsBaltaBordoyfeat.MarionWadeFoto.jpg?fit=755%2C603&#038;ssl=1\" \/>\n\t<meta property=\"og:image:width\" content=\"755\" \/>\n\t<meta property=\"og:image:height\" content=\"603\" \/>\n<meta name=\"twitter:card\" content=\"summary_large_image\" \/>\n<meta name=\"twitter:label1\" content=\"Tiempo de lectura\">\n\t<meta name=\"twitter:data1\" content=\"1 minuto\">\n<script type=\"application\/ld+json\" class=\"yoast-schema-graph\">{\"@context\":\"https:\/\/schema.org\",\"@graph\":[{\"@type\":\"Organization\",\"@id\":\"https:\/\/www.promusicsmallorca.org\/#organization\",\"name\":\"ProM\\u00fasics Mallorca\",\"url\":\"https:\/\/www.promusicsmallorca.org\/\",\"sameAs\":[\"https:\/\/www.facebook.com\/promusicsmallorca\",\"https:\/\/www.instagram.com\/promusicsmallorca\/\",\"https:\/\/www.youtube.com\/channel\/UCWwttYA4JPovS2RZiGlHgpA\"],\"logo\":{\"@type\":\"ImageObject\",\"@id\":\"https:\/\/www.promusicsmallorca.org\/#logo\",\"inLanguage\":\"es\",\"url\":\"https:\/\/i0.wp.com\/www.promusicsmallorca.org\/wp-content\/uploads\/2021\/02\/image0.png?fit=10224%2C7725&ssl=1\",\"width\":10224,\"height\":7725,\"caption\":\"ProM\\u00fasics Mallorca\"},\"image\":{\"@id\":\"https:\/\/www.promusicsmallorca.org\/#logo\"}},{\"@type\":\"WebSite\",\"@id\":\"https:\/\/www.promusicsmallorca.org\/#website\",\"url\":\"https:\/\/www.promusicsmallorca.org\/\",\"name\":\"ProM\\u00fasics Mallorca\",\"description\":\"Associaci\\u00f3 de Professionals de la M\\u00fasica de Mallorca\",\"publisher\":{\"@id\":\"https:\/\/www.promusicsmallorca.org\/#organization\"},\"potentialAction\":[{\"@type\":\"SearchAction\",\"target\":\"https:\/\/www.promusicsmallorca.org\/?s={search_term_string}\",\"query-input\":\"required name=search_term_string\"}],\"inLanguage\":\"es\"},{\"@type\":\"ImageObject\",\"@id\":\"https:\/\/www.promusicsmallorca.org\/es\/catalogo-promusics\/roger-c-wade-meets-balta-bordoy-feat-marion-wade\/#primaryimage\",\"inLanguage\":\"es\",\"url\":\"https:\/\/i0.wp.com\/www.promusicsmallorca.org\/wp-content\/uploads\/2021\/02\/RogerC.WademeetsBaltaBordoyfeat.MarionWadeFoto.jpg?fit=755%2C603&ssl=1\",\"width\":755,\"height\":603},{\"@type\":\"WebPage\",\"@id\":\"https:\/\/www.promusicsmallorca.org\/es\/catalogo-promusics\/roger-c-wade-meets-balta-bordoy-feat-marion-wade\/#webpage\",\"url\":\"https:\/\/www.promusicsmallorca.org\/es\/catalogo-promusics\/roger-c-wade-meets-balta-bordoy-feat-marion-wade\/\",\"name\":\"Roger C. Wade meets Balta Bordoy feat. Marion Wade - ProM\\u00fasics Mallorca\",\"isPartOf\":{\"@id\":\"https:\/\/www.promusicsmallorca.org\/#website\"},\"primaryImageOfPage\":{\"@id\":\"https:\/\/www.promusicsmallorca.org\/es\/catalogo-promusics\/roger-c-wade-meets-balta-bordoy-feat-marion-wade\/#primaryimage\"},\"datePublished\":\"2021-02-23T09:14:36+00:00\",\"dateModified\":\"2022-04-29T16:32:31+00:00\",\"inLanguage\":\"es\",\"potentialAction\":[{\"@type\":\"ReadAction\",\"target\":[\"https:\/\/www.promusicsmallorca.org\/es\/catalogo-promusics\/roger-c-wade-meets-balta-bordoy-feat-marion-wade\/\"]}]}]}<\/script>\n<!-- \/ Yoast SEO Premium plugin. -->","jetpack_sharing_enabled":true,"_links":{"self":[{"href":"https:\/\/www.promusicsmallorca.org\/es\/wp-json\/wp\/v2\/product\/3085"}],"collection":[{"href":"https:\/\/www.promusicsmallorca.org\/es\/wp-json\/wp\/v2\/product"}],"about":[{"href":"https:\/\/www.promusicsmallorca.org\/es\/wp-json\/wp\/v2\/types\/product"}],"wp:featuredmedia":[{"embeddable":true,"href":"https:\/\/www.promusicsmallorca.org\/es\/wp-json\/wp\/v2\/media\/3086"}],"wp:attachment":[{"href":"https:\/\/www.promusicsmallorca.org\/es\/wp-json\/wp\/v2\/media?parent=3085"}],"wp:term":[{"taxonomy":"product_cat","embeddable":true,"href":"https:\/\/www.promusicsmallorca.org\/es\/wp-json\/wp\/v2\/product_cat?post=3085"},{"taxonomy":"product_tag","embeddable":true,"href":"https:\/\/www.promusicsmallorca.org\/es\/wp-json\/wp\/v2\/product_tag?post=3085"}],"curies":[{"name":"wp","href":"https:\/\/api.w.org\/{rel}","templated":true}]}}