{"id":3071,"date":"2021-02-23T08:48:33","date_gmt":"2021-02-23T08:48:33","guid":{"rendered":"https:\/\/www.promusicsmallorca.org\/?post_type=product&#038;p=3071"},"modified":"2022-03-20T15:05:04","modified_gmt":"2022-03-20T15:05:04","slug":"swing-it","status":"publish","type":"product","link":"https:\/\/www.promusicsmallorca.org\/es\/catalogo-promusics\/swing-it\/","title":{"rendered":"Swing It!"},"content":{"rendered":"<p>Un sexteto con armon\u00edas vocales que interpreta temas de jazz de los a\u00f1os &#8217;40 con mucho ritmo de swing y rumba americana. Han actuado en festivales y fiestas en Pollen\u00e7a, Algaida, Inca, en el Club N\u00e1utico de Palma y en el Festival Dei\u00e0 Cultural. Es un conjunto que siempre anima a los grupos de Lindy Hop a moverse en la pista y al resto del p\u00fablico a seguir la marcha que genera.<\/p>\n<pre style=\"text-align: center;\"><a href=\"https:\/\/www.youtube.com\/watch?v=upyuUFsYqqg&amp;ab_channel=richardvinton\" target=\"_blank\" rel=\"noopener\">https:\/\/www.youtube.com\/watch?v=upyuUFsYqqg&amp;ab_channel=richardvinton<\/a><\/pre>\n<p style=\"text-align: right;\">Richard Vinton: 687 349 062 \/ <a href=\"mailto:richardvinton3@hotmail.com\" target=\"_blank\" rel=\"noopener\">richardvinton3@hotmail.co<\/a><\/p>\n","protected":false},"excerpt":{"rendered":"<p style=\"text-align: center;\">Desir\u00e8e Dur\u00e1n, voz<br \/>\nLynn Gaydosh, voz<br \/>\nLlucia Gomila, bajo y voz<br \/>\nMaria Cavaller, voz<br \/>\nRichard Vinton, piano y voz<br \/>\nPep Llu\u00eds Garc\u00eda, bater\u00eda<\/p>\n","protected":false},"featured_media":3078,"template":"","meta":{"_et_pb_use_builder":"","_et_pb_old_content":"","_et_gb_content_width":""},"product_cat":[222,122],"product_tag":[106],"yoast_head":"<!-- This site is optimized with the Yoast SEO Premium plugin v15.7 - https:\/\/yoast.com\/wordpress\/plugins\/seo\/ -->\n<title>Swing It! - ProM\u00fasics Mallorca<\/title>\n<meta name=\"robots\" content=\"index, follow, max-snippet:-1, max-image-preview:large, max-video-preview:-1\" \/>\n<link rel=\"canonical\" href=\"https:\/\/www.promusicsmallorca.org\/es\/catalogo-promusics\/swing-it\/\" \/>\n<meta property=\"og:locale\" content=\"es_ES\" \/>\n<meta property=\"og:type\" content=\"article\" \/>\n<meta property=\"og:title\" content=\"Swing It! - ProM\u00fasics Mallorca\" \/>\n<meta property=\"og:description\" content=\"Desir\u00e8e Dur\u00e1n, voz Lynn Gaydosh, voz Llucia Gomila, bajo y voz Maria Cavaller, voz Richard Vinton, piano y voz Pep Llu\u00eds Garc\u00eda, bater\u00eda\" \/>\n<meta property=\"og:url\" content=\"https:\/\/www.promusicsmallorca.org\/es\/catalogo-promusics\/swing-it\/\" \/>\n<meta property=\"og:site_name\" content=\"ProM\u00fasics Mallorca\" \/>\n<meta property=\"article:publisher\" content=\"https:\/\/www.facebook.com\/promusicsmallorca\" \/>\n<meta property=\"article:modified_time\" content=\"2022-03-20T15:05:04+00:00\" \/>\n<meta property=\"og:image\" content=\"https:\/\/i0.wp.com\/www.promusicsmallorca.org\/wp-content\/uploads\/2021\/02\/SwingIt.jpg?fit=1092%2C1104&#038;ssl=1\" \/>\n\t<meta property=\"og:image:width\" content=\"1092\" \/>\n\t<meta property=\"og:image:height\" content=\"1104\" \/>\n<meta name=\"twitter:card\" content=\"summary_large_image\" \/>\n<script type=\"application\/ld+json\" class=\"yoast-schema-graph\">{\"@context\":\"https:\/\/schema.org\",\"@graph\":[{\"@type\":\"Organization\",\"@id\":\"https:\/\/www.promusicsmallorca.org\/#organization\",\"name\":\"ProM\\u00fasics Mallorca\",\"url\":\"https:\/\/www.promusicsmallorca.org\/\",\"sameAs\":[\"https:\/\/www.facebook.com\/promusicsmallorca\",\"https:\/\/www.instagram.com\/promusicsmallorca\/\",\"https:\/\/www.youtube.com\/channel\/UCWwttYA4JPovS2RZiGlHgpA\"],\"logo\":{\"@type\":\"ImageObject\",\"@id\":\"https:\/\/www.promusicsmallorca.org\/#logo\",\"inLanguage\":\"es\",\"url\":\"https:\/\/i0.wp.com\/www.promusicsmallorca.org\/wp-content\/uploads\/2021\/02\/image0.png?fit=10224%2C7725&ssl=1\",\"width\":10224,\"height\":7725,\"caption\":\"ProM\\u00fasics Mallorca\"},\"image\":{\"@id\":\"https:\/\/www.promusicsmallorca.org\/#logo\"}},{\"@type\":\"WebSite\",\"@id\":\"https:\/\/www.promusicsmallorca.org\/#website\",\"url\":\"https:\/\/www.promusicsmallorca.org\/\",\"name\":\"ProM\\u00fasics Mallorca\",\"description\":\"Associaci\\u00f3 de Professionals de la M\\u00fasica de Mallorca\",\"publisher\":{\"@id\":\"https:\/\/www.promusicsmallorca.org\/#organization\"},\"potentialAction\":[{\"@type\":\"SearchAction\",\"target\":\"https:\/\/www.promusicsmallorca.org\/?s={search_term_string}\",\"query-input\":\"required name=search_term_string\"}],\"inLanguage\":\"es\"},{\"@type\":\"ImageObject\",\"@id\":\"https:\/\/www.promusicsmallorca.org\/es\/catalogo-promusics\/swing-it\/#primaryimage\",\"inLanguage\":\"es\",\"url\":\"https:\/\/i0.wp.com\/www.promusicsmallorca.org\/wp-content\/uploads\/2021\/02\/SwingIt.jpg?fit=1092%2C1104&ssl=1\",\"width\":1092,\"height\":1104},{\"@type\":\"WebPage\",\"@id\":\"https:\/\/www.promusicsmallorca.org\/es\/catalogo-promusics\/swing-it\/#webpage\",\"url\":\"https:\/\/www.promusicsmallorca.org\/es\/catalogo-promusics\/swing-it\/\",\"name\":\"Swing It! - ProM\\u00fasics Mallorca\",\"isPartOf\":{\"@id\":\"https:\/\/www.promusicsmallorca.org\/#website\"},\"primaryImageOfPage\":{\"@id\":\"https:\/\/www.promusicsmallorca.org\/es\/catalogo-promusics\/swing-it\/#primaryimage\"},\"datePublished\":\"2021-02-23T08:48:33+00:00\",\"dateModified\":\"2022-03-20T15:05:04+00:00\",\"inLanguage\":\"es\",\"potentialAction\":[{\"@type\":\"ReadAction\",\"target\":[\"https:\/\/www.promusicsmallorca.org\/es\/catalogo-promusics\/swing-it\/\"]}]}]}<\/script>\n<!-- \/ Yoast SEO Premium plugin. -->","jetpack_sharing_enabled":true,"_links":{"self":[{"href":"https:\/\/www.promusicsmallorca.org\/es\/wp-json\/wp\/v2\/product\/3071"}],"collection":[{"href":"https:\/\/www.promusicsmallorca.org\/es\/wp-json\/wp\/v2\/product"}],"about":[{"href":"https:\/\/www.promusicsmallorca.org\/es\/wp-json\/wp\/v2\/types\/product"}],"wp:featuredmedia":[{"embeddable":true,"href":"https:\/\/www.promusicsmallorca.org\/es\/wp-json\/wp\/v2\/media\/3078"}],"wp:attachment":[{"href":"https:\/\/www.promusicsmallorca.org\/es\/wp-json\/wp\/v2\/media?parent=3071"}],"wp:term":[{"taxonomy":"product_cat","embeddable":true,"href":"https:\/\/www.promusicsmallorca.org\/es\/wp-json\/wp\/v2\/product_cat?post=3071"},{"taxonomy":"product_tag","embeddable":true,"href":"https:\/\/www.promusicsmallorca.org\/es\/wp-json\/wp\/v2\/product_tag?post=3071"}],"curies":[{"name":"wp","href":"https:\/\/api.w.org\/{rel}","templated":true}]}}