{"id":3057,"date":"2021-02-22T14:28:35","date_gmt":"2021-02-22T14:28:35","guid":{"rendered":"https:\/\/www.promusicsmallorca.org\/?post_type=product&#038;p=3057"},"modified":"2022-03-20T15:05:23","modified_gmt":"2022-03-20T15:05:23","slug":"sheela-gathright-afro-soul","status":"publish","type":"product","link":"https:\/\/www.promusicsmallorca.org\/es\/catalogo-promusics\/sheela-gathright-afro-soul\/","title":{"rendered":"Sheela Gathright &#038; Afro-Soul"},"content":{"rendered":"<p>Un conjunto nacido durante el confinamiento y las restricciones del COVID-19, Sheela Gathright &amp; Afro Soul ofrece su expresi\u00f3n de la multi-culturalidad y la integraci\u00f3n con una m\u00fasica que vibra con la positividad y las posibilidades que la vida ofrece. Sus canciones propias combinan elementos de la m\u00fasica africana, el jazz y el soul, resultando en una fusi\u00f3n que anima al p\u00fablico a cruzar las fronteras culturales y a abrirse a otros modos de vida. Un grupo internacional (Espa\u00f1a, EEUU, Senegal, Portugal) que se form\u00f3 en Mallorca, actuar\u00e1n en julio en el Festival Palma Jazz 2021.<\/p>\n<pre style=\"text-align: center;\"><a href=\"https:\/\/www.youtube.com\/watch?v=g5dk9yjpgT4&amp;ab_channel=richardvinton\" target=\"_blank\" rel=\"noopener\">https:\/\/www.youtube.com\/watch?v=g5dk9yjpgT4&amp;ab_channel=richardvinton<\/a>\r\n<a href=\"https:\/\/www.youtube.com\/watch?v=Tdj3d5yY2JU&amp;list=PLbzNhW_AT6afM5xZHNOITtMgM0-XLr8jD&amp;ab_channel=richardvinton\" target=\"_blank\" rel=\"noopener\">https:\/\/www.youtube.com\/watch?v=Tdj3d5yY2JU&amp;list=PLbzNhW_AT6afM5xZHNOITtMgM0-XLr8jD&amp;ab_channel=richardvinton<\/a>\r\n<a href=\"https:\/\/www.youtube.com\/watch?v=6kvS5klJW0M&amp;list=PLbzNhW_AT6afM5xZHNOITtMgM0-XLr8jD&amp;index=2&amp;ab_channel=richardvinton\" target=\"_blank\" rel=\"noopener\">https:\/\/www.youtube.com\/watch?v=6kvS5klJW0M&amp;list=PLbzNhW_AT6afM5xZHNOITtMgM0-XLr8jD&amp;index=2&amp;ab_channel=richardvinton<\/a><\/pre>\n<p style=\"text-align: right;\">Richard Vinton: 687 349 062 \/ <a href=\"mailto:richardvinton3@hotmail.com\" target=\"_blank\" rel=\"noopener\">richardvinton3@hotmail.com<\/a><\/p>\n","protected":false},"excerpt":{"rendered":"<p style=\"text-align: center;\">Sheela Gathright \u2013 voz<br \/>\nRichard Vinton &#8211; teclados<br \/>\nMiguel Ramon &#8211; saxof\u00f3n<br \/>\nAlain Martin &#8211; contrabajo<br \/>\nSeydou Sissokho &#8211; percusi\u00f3n<\/p>\n","protected":false},"featured_media":3059,"template":"","meta":{"_et_pb_use_builder":"","_et_pb_old_content":"","_et_gb_content_width":""},"product_cat":[66,88],"product_tag":[92],"yoast_head":"<!-- This site is optimized with the Yoast SEO Premium plugin v15.7 - https:\/\/yoast.com\/wordpress\/plugins\/seo\/ -->\n<title>Sheela Gathright &amp; Afro-Soul - ProM\u00fasics Mallorca<\/title>\n<meta name=\"robots\" content=\"index, follow, max-snippet:-1, max-image-preview:large, max-video-preview:-1\" \/>\n<link rel=\"canonical\" href=\"https:\/\/www.promusicsmallorca.org\/es\/catalogo-promusics\/sheela-gathright-afro-soul\/\" \/>\n<meta property=\"og:locale\" content=\"es_ES\" \/>\n<meta property=\"og:type\" content=\"article\" \/>\n<meta property=\"og:title\" content=\"Sheela Gathright &amp; Afro-Soul - ProM\u00fasics Mallorca\" \/>\n<meta property=\"og:description\" content=\"Sheela Gathright \u2013 voz Richard Vinton - teclados Miguel Ramon - saxof\u00f3n Alain Martin - contrabajo Seydou Sissokho - percusi\u00f3n\" \/>\n<meta property=\"og:url\" content=\"https:\/\/www.promusicsmallorca.org\/es\/catalogo-promusics\/sheela-gathright-afro-soul\/\" \/>\n<meta property=\"og:site_name\" content=\"ProM\u00fasics Mallorca\" \/>\n<meta property=\"article:publisher\" content=\"https:\/\/www.facebook.com\/promusicsmallorca\" \/>\n<meta property=\"article:modified_time\" content=\"2022-03-20T15:05:23+00:00\" \/>\n<meta property=\"og:image\" content=\"https:\/\/i0.wp.com\/www.promusicsmallorca.org\/wp-content\/uploads\/2021\/02\/SheelaGathrightAfroSoul.jpg?fit=1200%2C630&#038;ssl=1\" \/>\n\t<meta property=\"og:image:width\" content=\"1200\" \/>\n\t<meta property=\"og:image:height\" content=\"630\" \/>\n<meta name=\"twitter:card\" content=\"summary_large_image\" \/>\n<meta name=\"twitter:label1\" content=\"Tiempo de lectura\">\n\t<meta name=\"twitter:data1\" content=\"1 minuto\">\n<script type=\"application\/ld+json\" class=\"yoast-schema-graph\">{\"@context\":\"https:\/\/schema.org\",\"@graph\":[{\"@type\":\"Organization\",\"@id\":\"https:\/\/www.promusicsmallorca.org\/#organization\",\"name\":\"ProM\\u00fasics Mallorca\",\"url\":\"https:\/\/www.promusicsmallorca.org\/\",\"sameAs\":[\"https:\/\/www.facebook.com\/promusicsmallorca\",\"https:\/\/www.instagram.com\/promusicsmallorca\/\",\"https:\/\/www.youtube.com\/channel\/UCWwttYA4JPovS2RZiGlHgpA\"],\"logo\":{\"@type\":\"ImageObject\",\"@id\":\"https:\/\/www.promusicsmallorca.org\/#logo\",\"inLanguage\":\"es\",\"url\":\"https:\/\/i0.wp.com\/www.promusicsmallorca.org\/wp-content\/uploads\/2021\/02\/image0.png?fit=10224%2C7725&ssl=1\",\"width\":10224,\"height\":7725,\"caption\":\"ProM\\u00fasics Mallorca\"},\"image\":{\"@id\":\"https:\/\/www.promusicsmallorca.org\/#logo\"}},{\"@type\":\"WebSite\",\"@id\":\"https:\/\/www.promusicsmallorca.org\/#website\",\"url\":\"https:\/\/www.promusicsmallorca.org\/\",\"name\":\"ProM\\u00fasics Mallorca\",\"description\":\"Associaci\\u00f3 de Professionals de la M\\u00fasica de Mallorca\",\"publisher\":{\"@id\":\"https:\/\/www.promusicsmallorca.org\/#organization\"},\"potentialAction\":[{\"@type\":\"SearchAction\",\"target\":\"https:\/\/www.promusicsmallorca.org\/?s={search_term_string}\",\"query-input\":\"required name=search_term_string\"}],\"inLanguage\":\"es\"},{\"@type\":\"ImageObject\",\"@id\":\"https:\/\/www.promusicsmallorca.org\/es\/catalogo-promusics\/sheela-gathright-afro-soul\/#primaryimage\",\"inLanguage\":\"es\",\"url\":\"https:\/\/i0.wp.com\/www.promusicsmallorca.org\/wp-content\/uploads\/2021\/02\/SheelaGathrightAfroSoul.jpg?fit=1200%2C630&ssl=1\",\"width\":1200,\"height\":630},{\"@type\":\"WebPage\",\"@id\":\"https:\/\/www.promusicsmallorca.org\/es\/catalogo-promusics\/sheela-gathright-afro-soul\/#webpage\",\"url\":\"https:\/\/www.promusicsmallorca.org\/es\/catalogo-promusics\/sheela-gathright-afro-soul\/\",\"name\":\"Sheela Gathright & Afro-Soul - ProM\\u00fasics Mallorca\",\"isPartOf\":{\"@id\":\"https:\/\/www.promusicsmallorca.org\/#website\"},\"primaryImageOfPage\":{\"@id\":\"https:\/\/www.promusicsmallorca.org\/es\/catalogo-promusics\/sheela-gathright-afro-soul\/#primaryimage\"},\"datePublished\":\"2021-02-22T14:28:35+00:00\",\"dateModified\":\"2022-03-20T15:05:23+00:00\",\"inLanguage\":\"es\",\"potentialAction\":[{\"@type\":\"ReadAction\",\"target\":[\"https:\/\/www.promusicsmallorca.org\/es\/catalogo-promusics\/sheela-gathright-afro-soul\/\"]}]}]}<\/script>\n<!-- \/ Yoast SEO Premium plugin. -->","jetpack_sharing_enabled":true,"_links":{"self":[{"href":"https:\/\/www.promusicsmallorca.org\/es\/wp-json\/wp\/v2\/product\/3057"}],"collection":[{"href":"https:\/\/www.promusicsmallorca.org\/es\/wp-json\/wp\/v2\/product"}],"about":[{"href":"https:\/\/www.promusicsmallorca.org\/es\/wp-json\/wp\/v2\/types\/product"}],"wp:featuredmedia":[{"embeddable":true,"href":"https:\/\/www.promusicsmallorca.org\/es\/wp-json\/wp\/v2\/media\/3059"}],"wp:attachment":[{"href":"https:\/\/www.promusicsmallorca.org\/es\/wp-json\/wp\/v2\/media?parent=3057"}],"wp:term":[{"taxonomy":"product_cat","embeddable":true,"href":"https:\/\/www.promusicsmallorca.org\/es\/wp-json\/wp\/v2\/product_cat?post=3057"},{"taxonomy":"product_tag","embeddable":true,"href":"https:\/\/www.promusicsmallorca.org\/es\/wp-json\/wp\/v2\/product_tag?post=3057"}],"curies":[{"name":"wp","href":"https:\/\/api.w.org\/{rel}","templated":true}]}}