{"id":3016,"date":"2021-02-22T10:50:02","date_gmt":"2021-02-22T10:50:02","guid":{"rendered":"https:\/\/www.promusicsmallorca.org\/?post_type=product&#038;p=3016"},"modified":"2022-05-03T16:56:42","modified_gmt":"2022-05-03T16:56:42","slug":"sac-de-trons","status":"publish","type":"product","link":"https:\/\/www.promusicsmallorca.org\/es\/catalogo-promusics\/sac-de-trons\/","title":{"rendered":"Sac de Trons"},"content":{"rendered":"<div class=\"btns-llengues row\">\n<div class=\"col-xs-12\">\n<div class=\"btns-llengues-origen btn-group\" role=\"group\">\n<div class=\"btn-group\" role=\"group\">\n<div id=\"div_select_origin\">\n<div class=\"form-control second-textarea\">Sac de Trons es el nuevo proyecto musical de Cec\u00edlia Gim\u00e9nez, conocida como La Fada Despistada, y su compa\u00f1ero Michael Mesquida, un taller de bater\u00eda para ni\u00f1os y familias amantes del rock\u2019 roll. Se trata de un taller basado en la exploraci\u00f3n, improvisaci\u00f3n y pr\u00e1ctica musical utilizando los elementos de la bater\u00eda, dirigido a ni\u00f1os, podr\u00e1n tocar elementos de la bater\u00eda de todas las maneras que quieran y puedan, tambi\u00e9n aprender\u00e1n patrones b\u00e1sicos para acompa\u00f1ar una canci\u00f3n y aplicar\u00e1n lo que han aprendido tocando un tema real.<\/div>\n<\/div>\n<\/div>\n<div><\/div>\n<pre style=\"text-align: center;\"><a href=\"https:\/\/open.spotify.com\/track\/4t8zhEWK9kF1nl1a3uezVX?si=cdqrJSeuSN6BiGC035kf-A\" target=\"_blank\" rel=\"noopener\">https:\/\/open.spotify.com\/track\/4t8zhEWK9kF1nl1a3uezVX?si=cdqrJSeuSN6BiGC035kf-A<\/a>\r\n<a href=\"https:\/\/youtu.be\/daqQzdp2h_o\" target=\"_blank\" rel=\"noopener\">https:\/\/youtu.be\/daqQzdp2h_o<\/a>\r\n<a href=\"https:\/\/youtu.be\/rOGISjw8aXw\" target=\"_blank\" rel=\"noopener\">https:\/\/youtu.be\/rOGISjw8aXw<\/a><\/pre>\n<div style=\"text-align: right;\">Cecilia Adriana: 667399221\/ <a href=\"mailto:fada@lafadadespistada.org\" target=\"_blank\" rel=\"noopener\">fada@lafadadespistada.org<\/a><\/div>\n<\/div>\n<\/div>\n<\/div>\n<form class=\"formulari form-horizontal\"><\/form>\n","protected":false},"excerpt":{"rendered":"<p style=\"text-align: center;\">Cecilia Adriana Gim\u00e9nez Pedroza &#8211; voz y bater\u00eda<br \/>\nMichael Mesquida young\u00a0 &#8211; Bajo, guitarra, loops<\/p>\n","protected":false},"featured_media":3018,"template":"","meta":{"_et_pb_use_builder":"","_et_pb_old_content":"","_et_gb_content_width":""},"product_cat":[161,65],"product_tag":[91],"yoast_head":"<!-- This site is optimized with the Yoast SEO Premium plugin v15.7 - https:\/\/yoast.com\/wordpress\/plugins\/seo\/ -->\n<title>Sac de Trons - ProM\u00fasics Mallorca<\/title>\n<meta name=\"robots\" content=\"index, follow, max-snippet:-1, max-image-preview:large, max-video-preview:-1\" \/>\n<link rel=\"canonical\" href=\"https:\/\/www.promusicsmallorca.org\/es\/catalogo-promusics\/sac-de-trons\/\" \/>\n<meta property=\"og:locale\" content=\"es_ES\" \/>\n<meta property=\"og:type\" content=\"article\" \/>\n<meta property=\"og:title\" content=\"Sac de Trons - ProM\u00fasics Mallorca\" \/>\n<meta property=\"og:description\" content=\"Cecilia Adriana Gim\u00e9nez Pedroza - voz y bater\u00eda Michael Mesquida young\u00a0 - Bajo, guitarra, loops\" \/>\n<meta property=\"og:url\" content=\"https:\/\/www.promusicsmallorca.org\/es\/catalogo-promusics\/sac-de-trons\/\" \/>\n<meta property=\"og:site_name\" content=\"ProM\u00fasics Mallorca\" \/>\n<meta property=\"article:publisher\" content=\"https:\/\/www.facebook.com\/promusicsmallorca\" \/>\n<meta property=\"article:modified_time\" content=\"2022-05-03T16:56:42+00:00\" \/>\n<meta property=\"og:image\" content=\"https:\/\/i0.wp.com\/www.promusicsmallorca.org\/wp-content\/uploads\/2021\/02\/SacDeTrons.jpg?fit=2363%2C2363&#038;ssl=1\" \/>\n\t<meta property=\"og:image:width\" content=\"2363\" \/>\n\t<meta property=\"og:image:height\" content=\"2363\" \/>\n<meta name=\"twitter:card\" content=\"summary_large_image\" \/>\n<meta name=\"twitter:label1\" content=\"Tiempo de lectura\">\n\t<meta name=\"twitter:data1\" content=\"1 minuto\">\n<script type=\"application\/ld+json\" class=\"yoast-schema-graph\">{\"@context\":\"https:\/\/schema.org\",\"@graph\":[{\"@type\":\"Organization\",\"@id\":\"https:\/\/www.promusicsmallorca.org\/#organization\",\"name\":\"ProM\\u00fasics Mallorca\",\"url\":\"https:\/\/www.promusicsmallorca.org\/\",\"sameAs\":[\"https:\/\/www.facebook.com\/promusicsmallorca\",\"https:\/\/www.instagram.com\/promusicsmallorca\/\",\"https:\/\/www.youtube.com\/channel\/UCWwttYA4JPovS2RZiGlHgpA\"],\"logo\":{\"@type\":\"ImageObject\",\"@id\":\"https:\/\/www.promusicsmallorca.org\/#logo\",\"inLanguage\":\"es\",\"url\":\"https:\/\/i0.wp.com\/www.promusicsmallorca.org\/wp-content\/uploads\/2021\/02\/image0.png?fit=10224%2C7725&ssl=1\",\"width\":10224,\"height\":7725,\"caption\":\"ProM\\u00fasics Mallorca\"},\"image\":{\"@id\":\"https:\/\/www.promusicsmallorca.org\/#logo\"}},{\"@type\":\"WebSite\",\"@id\":\"https:\/\/www.promusicsmallorca.org\/#website\",\"url\":\"https:\/\/www.promusicsmallorca.org\/\",\"name\":\"ProM\\u00fasics Mallorca\",\"description\":\"Associaci\\u00f3 de Professionals de la M\\u00fasica de Mallorca\",\"publisher\":{\"@id\":\"https:\/\/www.promusicsmallorca.org\/#organization\"},\"potentialAction\":[{\"@type\":\"SearchAction\",\"target\":\"https:\/\/www.promusicsmallorca.org\/?s={search_term_string}\",\"query-input\":\"required name=search_term_string\"}],\"inLanguage\":\"es\"},{\"@type\":\"ImageObject\",\"@id\":\"https:\/\/www.promusicsmallorca.org\/es\/catalogo-promusics\/sac-de-trons\/#primaryimage\",\"inLanguage\":\"es\",\"url\":\"https:\/\/i0.wp.com\/www.promusicsmallorca.org\/wp-content\/uploads\/2021\/02\/SacDeTrons.jpg?fit=2363%2C2363&ssl=1\",\"width\":2363,\"height\":2363},{\"@type\":\"WebPage\",\"@id\":\"https:\/\/www.promusicsmallorca.org\/es\/catalogo-promusics\/sac-de-trons\/#webpage\",\"url\":\"https:\/\/www.promusicsmallorca.org\/es\/catalogo-promusics\/sac-de-trons\/\",\"name\":\"Sac de Trons - ProM\\u00fasics Mallorca\",\"isPartOf\":{\"@id\":\"https:\/\/www.promusicsmallorca.org\/#website\"},\"primaryImageOfPage\":{\"@id\":\"https:\/\/www.promusicsmallorca.org\/es\/catalogo-promusics\/sac-de-trons\/#primaryimage\"},\"datePublished\":\"2021-02-22T10:50:02+00:00\",\"dateModified\":\"2022-05-03T16:56:42+00:00\",\"inLanguage\":\"es\",\"potentialAction\":[{\"@type\":\"ReadAction\",\"target\":[\"https:\/\/www.promusicsmallorca.org\/es\/catalogo-promusics\/sac-de-trons\/\"]}]}]}<\/script>\n<!-- \/ Yoast SEO Premium plugin. -->","jetpack_sharing_enabled":true,"_links":{"self":[{"href":"https:\/\/www.promusicsmallorca.org\/es\/wp-json\/wp\/v2\/product\/3016"}],"collection":[{"href":"https:\/\/www.promusicsmallorca.org\/es\/wp-json\/wp\/v2\/product"}],"about":[{"href":"https:\/\/www.promusicsmallorca.org\/es\/wp-json\/wp\/v2\/types\/product"}],"wp:featuredmedia":[{"embeddable":true,"href":"https:\/\/www.promusicsmallorca.org\/es\/wp-json\/wp\/v2\/media\/3018"}],"wp:attachment":[{"href":"https:\/\/www.promusicsmallorca.org\/es\/wp-json\/wp\/v2\/media?parent=3016"}],"wp:term":[{"taxonomy":"product_cat","embeddable":true,"href":"https:\/\/www.promusicsmallorca.org\/es\/wp-json\/wp\/v2\/product_cat?post=3016"},{"taxonomy":"product_tag","embeddable":true,"href":"https:\/\/www.promusicsmallorca.org\/es\/wp-json\/wp\/v2\/product_tag?post=3016"}],"curies":[{"name":"wp","href":"https:\/\/api.w.org\/{rel}","templated":true}]}}