{"id":2958,"date":"2021-02-22T08:46:30","date_gmt":"2021-02-22T08:46:30","guid":{"rendered":"https:\/\/www.promusicsmallorca.org\/?post_type=product&#038;p=2958"},"modified":"2022-05-03T16:56:03","modified_gmt":"2022-05-03T16:56:03","slug":"alex-maldonado","status":"publish","type":"product","link":"https:\/\/www.promusicsmallorca.org\/es\/catalogo-promusics\/alex-maldonado\/","title":{"rendered":"Alex Maldonado"},"content":{"rendered":"<div class=\"btns-llengues row\">\n<div class=\"col-xs-12\">\n<div class=\"btns-llengues-origen btn-group\" role=\"group\">\n<div class=\"btn-group\" role=\"group\">\n<div id=\"div_select_origin\">\n<div class=\"form-control second-textarea\">En los escenarios desde 1991, Alex combina su propia m\u00fasica, pr\u00e1cticamente toda escrita en castellano, con versiones de pop, rock, funk o soul de artistas como Eric Clapton, Lenny Kravitz y Prince, entre otros. Cuenta con tres \u00e1lbumes, editados con su propio sello discogr\u00e1fico Lentejamusic, en los cuales colaboran algunos de los mejores m\u00fasicos del pa\u00eds: \u00abMaldonado\u00bb (2009), \u00abNo, no\u2026 ahora en serio\u00bb (2013), \u00abCuentos para n\u00e1ufragos\u00bb (2020).<\/div>\n<div><\/div>\n<\/div>\n<pre style=\"text-align: center;\"><a href=\"https:\/\/youtube.com\/channel\/UCxjO0cAjFVDMOH78wZTslRg\" target=\"_blank\" rel=\"noopener\">https:\/\/youtube.com\/channel\/UCxjO0cAjFVDMOH78wZTslRg<\/a><\/pre>\n<div><\/div>\n<div style=\"text-align: right;\">Alex Maldonado: 616102748 \/ <a href=\"mailto:lentejasuperstar@gmail.com\" target=\"_blank\" rel=\"noopener\">lentejasuperstar@gmail.com<\/a><\/div>\n<\/div>\n<\/div>\n<\/div>\n<\/div>\n<form class=\"formulari form-horizontal\"><\/form>\n","protected":false},"excerpt":{"rendered":"<p style=\"text-align: center;\">Alex Maldonado: voz, guitarra<br \/>\nJoe Almir\u00f3n: bajo<br \/>\nEmili Gen\u00e9: teclados<br \/>\nDiego Ferral: bater\u00eda<\/p>\n","protected":false},"featured_media":2959,"template":"","meta":{"_et_pb_use_builder":"","_et_pb_old_content":"","_et_gb_content_width":""},"product_cat":[78,84,65],"product_tag":[72],"yoast_head":"<!-- This site is optimized with the Yoast SEO Premium plugin v15.7 - https:\/\/yoast.com\/wordpress\/plugins\/seo\/ -->\n<title>Alex Maldonado - ProM\u00fasics Mallorca<\/title>\n<meta name=\"robots\" content=\"index, follow, max-snippet:-1, max-image-preview:large, max-video-preview:-1\" \/>\n<link rel=\"canonical\" href=\"https:\/\/www.promusicsmallorca.org\/es\/catalogo-promusics\/alex-maldonado\/\" \/>\n<meta property=\"og:locale\" content=\"es_ES\" \/>\n<meta property=\"og:type\" content=\"article\" \/>\n<meta property=\"og:title\" content=\"Alex Maldonado - ProM\u00fasics Mallorca\" \/>\n<meta property=\"og:description\" content=\"Alex Maldonado: voz, guitarra Joe Almir\u00f3n: bajo Emili Gen\u00e9: teclados Diego Ferral: bater\u00eda\" \/>\n<meta property=\"og:url\" content=\"https:\/\/www.promusicsmallorca.org\/es\/catalogo-promusics\/alex-maldonado\/\" \/>\n<meta property=\"og:site_name\" content=\"ProM\u00fasics Mallorca\" \/>\n<meta property=\"article:publisher\" content=\"https:\/\/www.facebook.com\/promusicsmallorca\" \/>\n<meta property=\"article:modified_time\" content=\"2022-05-03T16:56:03+00:00\" \/>\n<meta property=\"og:image\" content=\"https:\/\/i0.wp.com\/www.promusicsmallorca.org\/wp-content\/uploads\/2021\/02\/F1B838F6-8E57-4389-8191-55AFEC181424.jpeg?fit=1600%2C1065&#038;ssl=1\" \/>\n\t<meta property=\"og:image:width\" content=\"1600\" \/>\n\t<meta property=\"og:image:height\" content=\"1065\" \/>\n<meta name=\"twitter:card\" content=\"summary_large_image\" \/>\n<script type=\"application\/ld+json\" class=\"yoast-schema-graph\">{\"@context\":\"https:\/\/schema.org\",\"@graph\":[{\"@type\":\"Organization\",\"@id\":\"https:\/\/www.promusicsmallorca.org\/#organization\",\"name\":\"ProM\\u00fasics Mallorca\",\"url\":\"https:\/\/www.promusicsmallorca.org\/\",\"sameAs\":[\"https:\/\/www.facebook.com\/promusicsmallorca\",\"https:\/\/www.instagram.com\/promusicsmallorca\/\",\"https:\/\/www.youtube.com\/channel\/UCWwttYA4JPovS2RZiGlHgpA\"],\"logo\":{\"@type\":\"ImageObject\",\"@id\":\"https:\/\/www.promusicsmallorca.org\/#logo\",\"inLanguage\":\"es\",\"url\":\"https:\/\/i0.wp.com\/www.promusicsmallorca.org\/wp-content\/uploads\/2021\/02\/image0.png?fit=10224%2C7725&ssl=1\",\"width\":10224,\"height\":7725,\"caption\":\"ProM\\u00fasics Mallorca\"},\"image\":{\"@id\":\"https:\/\/www.promusicsmallorca.org\/#logo\"}},{\"@type\":\"WebSite\",\"@id\":\"https:\/\/www.promusicsmallorca.org\/#website\",\"url\":\"https:\/\/www.promusicsmallorca.org\/\",\"name\":\"ProM\\u00fasics Mallorca\",\"description\":\"Associaci\\u00f3 de Professionals de la M\\u00fasica de Mallorca\",\"publisher\":{\"@id\":\"https:\/\/www.promusicsmallorca.org\/#organization\"},\"potentialAction\":[{\"@type\":\"SearchAction\",\"target\":\"https:\/\/www.promusicsmallorca.org\/?s={search_term_string}\",\"query-input\":\"required name=search_term_string\"}],\"inLanguage\":\"es\"},{\"@type\":\"ImageObject\",\"@id\":\"https:\/\/www.promusicsmallorca.org\/es\/catalogo-promusics\/alex-maldonado\/#primaryimage\",\"inLanguage\":\"es\",\"url\":\"https:\/\/i0.wp.com\/www.promusicsmallorca.org\/wp-content\/uploads\/2021\/02\/F1B838F6-8E57-4389-8191-55AFEC181424.jpeg?fit=1600%2C1065&ssl=1\",\"width\":1600,\"height\":1065},{\"@type\":\"WebPage\",\"@id\":\"https:\/\/www.promusicsmallorca.org\/es\/catalogo-promusics\/alex-maldonado\/#webpage\",\"url\":\"https:\/\/www.promusicsmallorca.org\/es\/catalogo-promusics\/alex-maldonado\/\",\"name\":\"Alex Maldonado - ProM\\u00fasics Mallorca\",\"isPartOf\":{\"@id\":\"https:\/\/www.promusicsmallorca.org\/#website\"},\"primaryImageOfPage\":{\"@id\":\"https:\/\/www.promusicsmallorca.org\/es\/catalogo-promusics\/alex-maldonado\/#primaryimage\"},\"datePublished\":\"2021-02-22T08:46:30+00:00\",\"dateModified\":\"2022-05-03T16:56:03+00:00\",\"inLanguage\":\"es\",\"potentialAction\":[{\"@type\":\"ReadAction\",\"target\":[\"https:\/\/www.promusicsmallorca.org\/es\/catalogo-promusics\/alex-maldonado\/\"]}]}]}<\/script>\n<!-- \/ Yoast SEO Premium plugin. -->","jetpack_sharing_enabled":true,"_links":{"self":[{"href":"https:\/\/www.promusicsmallorca.org\/es\/wp-json\/wp\/v2\/product\/2958"}],"collection":[{"href":"https:\/\/www.promusicsmallorca.org\/es\/wp-json\/wp\/v2\/product"}],"about":[{"href":"https:\/\/www.promusicsmallorca.org\/es\/wp-json\/wp\/v2\/types\/product"}],"wp:featuredmedia":[{"embeddable":true,"href":"https:\/\/www.promusicsmallorca.org\/es\/wp-json\/wp\/v2\/media\/2959"}],"wp:attachment":[{"href":"https:\/\/www.promusicsmallorca.org\/es\/wp-json\/wp\/v2\/media?parent=2958"}],"wp:term":[{"taxonomy":"product_cat","embeddable":true,"href":"https:\/\/www.promusicsmallorca.org\/es\/wp-json\/wp\/v2\/product_cat?post=2958"},{"taxonomy":"product_tag","embeddable":true,"href":"https:\/\/www.promusicsmallorca.org\/es\/wp-json\/wp\/v2\/product_tag?post=2958"}],"curies":[{"name":"wp","href":"https:\/\/api.w.org\/{rel}","templated":true}]}}