{"id":2951,"date":"2021-02-22T08:35:42","date_gmt":"2021-02-22T08:35:42","guid":{"rendered":"https:\/\/www.promusicsmallorca.org\/?post_type=product&#038;p=2951"},"modified":"2022-04-30T07:00:31","modified_gmt":"2022-04-30T07:00:31","slug":"swingtonizando","status":"publish","type":"product","link":"https:\/\/www.promusicsmallorca.org\/es\/catalogo-promusics\/swingtonizando\/","title":{"rendered":"Swingtonizando"},"content":{"rendered":"<p>Swingtonizando es un proyecto art\u00edstico-musical centrado en la interpretaci\u00f3n en directo de cl\u00e1sicos del Jazz\/Swing de marcado car\u00e1cter bailable, especialmente dentro de los estilos renovados del Lindy Hop, Balboa, Jazz Steps y Blues. Con m\u00e1s de dos a\u00f1os de actuaciones musicales en directo en diferentes y variados eventos p\u00fablicos y privados, la banda se ha consolidado dentro de la isla de Mallorca como un referente atractivo tanto por la equilibrada y sugerente formaci\u00f3n musical como por el gusto en la elecci\u00f3n de un repertorio que rememora grandes artistas del g\u00e9nero.<\/p>\n<pre style=\"text-align: center;\"><a href=\"https:\/\/www.youtube.com\/playlist?list=PLrXcM0XSpOo3CZKuwJSVSdZjdPPt5N7Dl\" target=\"_blank\" rel=\"noopener\">https:\/\/www.youtube.com\/playlist?list=PLrXcM0XSpOo3CZKuwJSVSdZjdPPt5N7Dl<\/a>\r\n<a href=\"https:\/\/www.facebook.com\/rsemusica\/\" target=\"_blank\" rel=\"noopener\">https:\/\/www.facebook.com\/rsemusica\/<\/a>\r\n<a href=\"https:\/\/www.instagram.com\/explore\/tags\/swingtonizando\/\" target=\"_blank\" rel=\"noopener\">https:\/\/www.instagram.com\/explore\/tags\/swingtonizando\/<\/a><\/pre>\n<p style=\"text-align: right;\">Llucia Gomila: 618842627 \/ <a href=\"mailto:fanyousee@gmail.com\" target=\"_blank\" rel=\"noopener\">fanyousee@gmail.com<\/a><\/p>\n","protected":false},"excerpt":{"rendered":"<p style=\"text-align: center;\">Luc\u00eda Gomila Gonz\u00e1lez &#8211; Bajo\/contrabajo<br \/>\nRosendo Simon &#8211; Clarinete<br \/>\nSilvia Fioole &#8211; Voz y percusi\u00f3n<br \/>\nFabian Gorordo &#8211; Guitarra<\/p>\n","protected":false},"featured_media":2955,"template":"","meta":{"_et_pb_use_builder":"","_et_pb_old_content":"","_et_gb_content_width":""},"product_cat":[122],"product_tag":[72],"yoast_head":"<!-- This site is optimized with the Yoast SEO Premium plugin v15.7 - https:\/\/yoast.com\/wordpress\/plugins\/seo\/ -->\n<title>Swingtonizando - ProM\u00fasics Mallorca<\/title>\n<meta name=\"robots\" content=\"index, follow, max-snippet:-1, max-image-preview:large, max-video-preview:-1\" \/>\n<link rel=\"canonical\" href=\"https:\/\/www.promusicsmallorca.org\/es\/catalogo-promusics\/swingtonizando\/\" \/>\n<meta property=\"og:locale\" content=\"es_ES\" \/>\n<meta property=\"og:type\" content=\"article\" \/>\n<meta property=\"og:title\" content=\"Swingtonizando - ProM\u00fasics Mallorca\" \/>\n<meta property=\"og:description\" content=\"Luc\u00eda Gomila Gonz\u00e1lez - Bajo\/contrabajo Rosendo Simon - Clarinete Silvia Fioole - Voz y percusi\u00f3n Fabian Gorordo - Guitarra\" \/>\n<meta property=\"og:url\" content=\"https:\/\/www.promusicsmallorca.org\/es\/catalogo-promusics\/swingtonizando\/\" \/>\n<meta property=\"og:site_name\" content=\"ProM\u00fasics Mallorca\" \/>\n<meta property=\"article:publisher\" content=\"https:\/\/www.facebook.com\/promusicsmallorca\" \/>\n<meta property=\"article:modified_time\" content=\"2022-04-30T07:00:31+00:00\" \/>\n<meta property=\"og:image\" content=\"https:\/\/i0.wp.com\/www.promusicsmallorca.org\/wp-content\/uploads\/2021\/02\/SwingtonizandoPHOTO-2019.jpg?fit=1600%2C900&#038;ssl=1\" \/>\n\t<meta property=\"og:image:width\" content=\"1600\" \/>\n\t<meta property=\"og:image:height\" content=\"900\" \/>\n<meta name=\"twitter:card\" content=\"summary_large_image\" \/>\n<meta name=\"twitter:label1\" content=\"Tiempo de lectura\">\n\t<meta name=\"twitter:data1\" content=\"1 minuto\">\n<script type=\"application\/ld+json\" class=\"yoast-schema-graph\">{\"@context\":\"https:\/\/schema.org\",\"@graph\":[{\"@type\":\"Organization\",\"@id\":\"https:\/\/www.promusicsmallorca.org\/#organization\",\"name\":\"ProM\\u00fasics Mallorca\",\"url\":\"https:\/\/www.promusicsmallorca.org\/\",\"sameAs\":[\"https:\/\/www.facebook.com\/promusicsmallorca\",\"https:\/\/www.instagram.com\/promusicsmallorca\/\",\"https:\/\/www.youtube.com\/channel\/UCWwttYA4JPovS2RZiGlHgpA\"],\"logo\":{\"@type\":\"ImageObject\",\"@id\":\"https:\/\/www.promusicsmallorca.org\/#logo\",\"inLanguage\":\"es\",\"url\":\"https:\/\/i0.wp.com\/www.promusicsmallorca.org\/wp-content\/uploads\/2021\/02\/image0.png?fit=10224%2C7725&ssl=1\",\"width\":10224,\"height\":7725,\"caption\":\"ProM\\u00fasics Mallorca\"},\"image\":{\"@id\":\"https:\/\/www.promusicsmallorca.org\/#logo\"}},{\"@type\":\"WebSite\",\"@id\":\"https:\/\/www.promusicsmallorca.org\/#website\",\"url\":\"https:\/\/www.promusicsmallorca.org\/\",\"name\":\"ProM\\u00fasics Mallorca\",\"description\":\"Associaci\\u00f3 de Professionals de la M\\u00fasica de Mallorca\",\"publisher\":{\"@id\":\"https:\/\/www.promusicsmallorca.org\/#organization\"},\"potentialAction\":[{\"@type\":\"SearchAction\",\"target\":\"https:\/\/www.promusicsmallorca.org\/?s={search_term_string}\",\"query-input\":\"required name=search_term_string\"}],\"inLanguage\":\"es\"},{\"@type\":\"ImageObject\",\"@id\":\"https:\/\/www.promusicsmallorca.org\/es\/catalogo-promusics\/swingtonizando\/#primaryimage\",\"inLanguage\":\"es\",\"url\":\"https:\/\/i0.wp.com\/www.promusicsmallorca.org\/wp-content\/uploads\/2021\/02\/SwingtonizandoPHOTO-2019.jpg?fit=1600%2C900&ssl=1\",\"width\":1600,\"height\":900},{\"@type\":\"WebPage\",\"@id\":\"https:\/\/www.promusicsmallorca.org\/es\/catalogo-promusics\/swingtonizando\/#webpage\",\"url\":\"https:\/\/www.promusicsmallorca.org\/es\/catalogo-promusics\/swingtonizando\/\",\"name\":\"Swingtonizando - ProM\\u00fasics Mallorca\",\"isPartOf\":{\"@id\":\"https:\/\/www.promusicsmallorca.org\/#website\"},\"primaryImageOfPage\":{\"@id\":\"https:\/\/www.promusicsmallorca.org\/es\/catalogo-promusics\/swingtonizando\/#primaryimage\"},\"datePublished\":\"2021-02-22T08:35:42+00:00\",\"dateModified\":\"2022-04-30T07:00:31+00:00\",\"inLanguage\":\"es\",\"potentialAction\":[{\"@type\":\"ReadAction\",\"target\":[\"https:\/\/www.promusicsmallorca.org\/es\/catalogo-promusics\/swingtonizando\/\"]}]}]}<\/script>\n<!-- \/ Yoast SEO Premium plugin. -->","jetpack_sharing_enabled":true,"_links":{"self":[{"href":"https:\/\/www.promusicsmallorca.org\/es\/wp-json\/wp\/v2\/product\/2951"}],"collection":[{"href":"https:\/\/www.promusicsmallorca.org\/es\/wp-json\/wp\/v2\/product"}],"about":[{"href":"https:\/\/www.promusicsmallorca.org\/es\/wp-json\/wp\/v2\/types\/product"}],"wp:featuredmedia":[{"embeddable":true,"href":"https:\/\/www.promusicsmallorca.org\/es\/wp-json\/wp\/v2\/media\/2955"}],"wp:attachment":[{"href":"https:\/\/www.promusicsmallorca.org\/es\/wp-json\/wp\/v2\/media?parent=2951"}],"wp:term":[{"taxonomy":"product_cat","embeddable":true,"href":"https:\/\/www.promusicsmallorca.org\/es\/wp-json\/wp\/v2\/product_cat?post=2951"},{"taxonomy":"product_tag","embeddable":true,"href":"https:\/\/www.promusicsmallorca.org\/es\/wp-json\/wp\/v2\/product_tag?post=2951"}],"curies":[{"name":"wp","href":"https:\/\/api.w.org\/{rel}","templated":true}]}}