{"id":2945,"date":"2021-02-22T08:27:59","date_gmt":"2021-02-22T08:27:59","guid":{"rendered":"https:\/\/www.promusicsmallorca.org\/?post_type=product&#038;p=2945"},"modified":"2022-05-03T16:55:32","modified_gmt":"2022-05-03T16:55:32","slug":"freeborn-band","status":"publish","type":"product","link":"https:\/\/www.promusicsmallorca.org\/es\/catalogo-promusics\/freeborn-band\/","title":{"rendered":"Freeborn Band"},"content":{"rendered":"<p>Grupo de bluegrass formado en mayo de 2019. Se caracteriza por la alegr\u00eda y espontaneidad que desprende en sus directos y por calidad en el estilo que ofrecen, siendo actualmente de las mejores propuestas de esta m\u00fasica en las Illes Balears. El bluegrass es un g\u00e9nero musical reconocido a mediados de los a\u00f1os 1940 que pertenece al conjunto de m\u00fasicas tradicionales estadounidenses. Bill Monroe, Earl Scruggs y Lester Flatt son considerados sus fundadores. Freeborn Band recupera ese esp\u00edritu original apostando por el quinteto cl\u00e1sico y transport\u00e1ndonos al Kentucky m\u00e1s profundo.<\/p>\n<pre style=\"text-align: center;\"><a href=\"https:\/\/www.instagram.com\/freeborn_band\/\" target=\"_blank\" rel=\"noopener\">https:\/\/www.instagram.com\/freeborn_band\/<\/a>\r\n<a href=\"https:\/\/www.youtube.com\/watch?v=bIrQfdv6dJw\" target=\"_blank\" rel=\"noopener\">https:\/\/www.youtube.com\/watch?v=bIrQfdv6dJw<\/a><\/pre>\n<p style=\"text-align: right;\">Biel Font: 658 695 396 \/ <a href=\"mailto:bielfont@hotmail.com\" target=\"_blank\" rel=\"noopener\">bielfont@hotmail.com<\/a><\/p>\n","protected":false},"excerpt":{"rendered":"<p style=\"text-align: center;\">Biel Font: Guitarra y voz<br \/>\nAli Dom\u00ednguez: Viol\u00edn<br \/>\nKiko Kentucky: Banjo<br \/>\nCarlitos G\u00fcey: Mandolina<br \/>\nLlucia Gomila: Contrabajo y coros<\/p>\n","protected":false},"featured_media":2946,"template":"","meta":{"_et_pb_use_builder":"","_et_pb_old_content":"","_et_gb_content_width":""},"product_cat":[211,212],"product_tag":[92],"yoast_head":"<!-- This site is optimized with the Yoast SEO Premium plugin v15.7 - https:\/\/yoast.com\/wordpress\/plugins\/seo\/ -->\n<title>Freeborn Band - ProM\u00fasics Mallorca<\/title>\n<meta name=\"robots\" content=\"index, follow, max-snippet:-1, max-image-preview:large, max-video-preview:-1\" \/>\n<link rel=\"canonical\" href=\"https:\/\/www.promusicsmallorca.org\/es\/catalogo-promusics\/freeborn-band\/\" \/>\n<meta property=\"og:locale\" content=\"es_ES\" \/>\n<meta property=\"og:type\" content=\"article\" \/>\n<meta property=\"og:title\" content=\"Freeborn Band - ProM\u00fasics Mallorca\" \/>\n<meta property=\"og:description\" content=\"Biel Font: Guitarra y voz Ali Dom\u00ednguez: Viol\u00edn Kiko Kentucky: Banjo Carlitos G\u00fcey: Mandolina Llucia Gomila: Contrabajo y coros\" \/>\n<meta property=\"og:url\" content=\"https:\/\/www.promusicsmallorca.org\/es\/catalogo-promusics\/freeborn-band\/\" \/>\n<meta property=\"og:site_name\" content=\"ProM\u00fasics Mallorca\" \/>\n<meta property=\"article:publisher\" content=\"https:\/\/www.facebook.com\/promusicsmallorca\" \/>\n<meta property=\"article:modified_time\" content=\"2022-05-03T16:55:32+00:00\" \/>\n<meta property=\"og:image\" content=\"https:\/\/i0.wp.com\/www.promusicsmallorca.org\/wp-content\/uploads\/2021\/02\/FreebornBand4-scaled.jpg?fit=2560%2C1714&#038;ssl=1\" \/>\n\t<meta property=\"og:image:width\" content=\"2560\" \/>\n\t<meta property=\"og:image:height\" content=\"1714\" \/>\n<meta name=\"twitter:card\" content=\"summary_large_image\" \/>\n<meta name=\"twitter:label1\" content=\"Tiempo de lectura\">\n\t<meta name=\"twitter:data1\" content=\"1 minuto\">\n<script type=\"application\/ld+json\" class=\"yoast-schema-graph\">{\"@context\":\"https:\/\/schema.org\",\"@graph\":[{\"@type\":\"Organization\",\"@id\":\"https:\/\/www.promusicsmallorca.org\/#organization\",\"name\":\"ProM\\u00fasics Mallorca\",\"url\":\"https:\/\/www.promusicsmallorca.org\/\",\"sameAs\":[\"https:\/\/www.facebook.com\/promusicsmallorca\",\"https:\/\/www.instagram.com\/promusicsmallorca\/\",\"https:\/\/www.youtube.com\/channel\/UCWwttYA4JPovS2RZiGlHgpA\"],\"logo\":{\"@type\":\"ImageObject\",\"@id\":\"https:\/\/www.promusicsmallorca.org\/#logo\",\"inLanguage\":\"es\",\"url\":\"https:\/\/i0.wp.com\/www.promusicsmallorca.org\/wp-content\/uploads\/2021\/02\/image0.png?fit=10224%2C7725&ssl=1\",\"width\":10224,\"height\":7725,\"caption\":\"ProM\\u00fasics Mallorca\"},\"image\":{\"@id\":\"https:\/\/www.promusicsmallorca.org\/#logo\"}},{\"@type\":\"WebSite\",\"@id\":\"https:\/\/www.promusicsmallorca.org\/#website\",\"url\":\"https:\/\/www.promusicsmallorca.org\/\",\"name\":\"ProM\\u00fasics Mallorca\",\"description\":\"Associaci\\u00f3 de Professionals de la M\\u00fasica de Mallorca\",\"publisher\":{\"@id\":\"https:\/\/www.promusicsmallorca.org\/#organization\"},\"potentialAction\":[{\"@type\":\"SearchAction\",\"target\":\"https:\/\/www.promusicsmallorca.org\/?s={search_term_string}\",\"query-input\":\"required name=search_term_string\"}],\"inLanguage\":\"es\"},{\"@type\":\"ImageObject\",\"@id\":\"https:\/\/www.promusicsmallorca.org\/es\/catalogo-promusics\/freeborn-band\/#primaryimage\",\"inLanguage\":\"es\",\"url\":\"https:\/\/i0.wp.com\/www.promusicsmallorca.org\/wp-content\/uploads\/2021\/02\/FreebornBand4-scaled.jpg?fit=2560%2C1714&ssl=1\",\"width\":2560,\"height\":1714},{\"@type\":\"WebPage\",\"@id\":\"https:\/\/www.promusicsmallorca.org\/es\/catalogo-promusics\/freeborn-band\/#webpage\",\"url\":\"https:\/\/www.promusicsmallorca.org\/es\/catalogo-promusics\/freeborn-band\/\",\"name\":\"Freeborn Band - ProM\\u00fasics Mallorca\",\"isPartOf\":{\"@id\":\"https:\/\/www.promusicsmallorca.org\/#website\"},\"primaryImageOfPage\":{\"@id\":\"https:\/\/www.promusicsmallorca.org\/es\/catalogo-promusics\/freeborn-band\/#primaryimage\"},\"datePublished\":\"2021-02-22T08:27:59+00:00\",\"dateModified\":\"2022-05-03T16:55:32+00:00\",\"inLanguage\":\"es\",\"potentialAction\":[{\"@type\":\"ReadAction\",\"target\":[\"https:\/\/www.promusicsmallorca.org\/es\/catalogo-promusics\/freeborn-band\/\"]}]}]}<\/script>\n<!-- \/ Yoast SEO Premium plugin. -->","jetpack_sharing_enabled":true,"_links":{"self":[{"href":"https:\/\/www.promusicsmallorca.org\/es\/wp-json\/wp\/v2\/product\/2945"}],"collection":[{"href":"https:\/\/www.promusicsmallorca.org\/es\/wp-json\/wp\/v2\/product"}],"about":[{"href":"https:\/\/www.promusicsmallorca.org\/es\/wp-json\/wp\/v2\/types\/product"}],"wp:featuredmedia":[{"embeddable":true,"href":"https:\/\/www.promusicsmallorca.org\/es\/wp-json\/wp\/v2\/media\/2946"}],"wp:attachment":[{"href":"https:\/\/www.promusicsmallorca.org\/es\/wp-json\/wp\/v2\/media?parent=2945"}],"wp:term":[{"taxonomy":"product_cat","embeddable":true,"href":"https:\/\/www.promusicsmallorca.org\/es\/wp-json\/wp\/v2\/product_cat?post=2945"},{"taxonomy":"product_tag","embeddable":true,"href":"https:\/\/www.promusicsmallorca.org\/es\/wp-json\/wp\/v2\/product_tag?post=2945"}],"curies":[{"name":"wp","href":"https:\/\/api.w.org\/{rel}","templated":true}]}}