{"id":2938,"date":"2021-02-22T08:12:07","date_gmt":"2021-02-22T08:12:07","guid":{"rendered":"https:\/\/www.promusicsmallorca.org\/?post_type=product&#038;p=2938"},"modified":"2022-04-30T07:00:45","modified_gmt":"2022-04-30T07:00:45","slug":"morgana-jazz","status":"publish","type":"product","link":"https:\/\/www.promusicsmallorca.org\/es\/catalogo-promusics\/morgana-jazz\/","title":{"rendered":"Morgana Jazz"},"content":{"rendered":"<p>MorganaJazz es un cuarteto femenino de jazz. Su estilo combina standards con ritmos soul, bossa e incluso pop. La puesta en escena desenfadada pero elegante, asegura un recorrido por el jazz de la mejor calidad a la vez que cercano y de buen gusto. Sus m\u00fasicas: Xisca Oliver (pianista y trompetista), Luc\u00eda Latorre (voz), Llucia Gomila (bajo) y Nail\u00e9 Sosa (percusi\u00f3n) se inspiran en Monk, Dizzy Gillespie, Ella Fitzgerald, Hyatus Kayote, Jamie Cullum, Cyrille Aim\u00e9e o Esperanza Spalding. Han tocado, entre otros, en los Premis Ciutat de Palma 2018 y en el Inca Jazz 2020.<\/p>\n<pre style=\"text-align: center;\"><a href=\"https:\/\/www.facebook.com\/MorganaJazzMallorca\" target=\"_blank\" rel=\"noopener\">https:\/\/www.facebook.com\/MorganaJazzMallorca<\/a>\r\n<a href=\"https:\/\/www.youtube.com\/channel\/UCX7Bj78ov0QDACK-xJHWENA\" target=\"_blank\" rel=\"noopener\">https:\/\/www.youtube.com\/channel\/UCX7Bj78ov0QDACK-xJHWENA<\/a>\r\n<a href=\"https:\/\/www.instagram.com\/morgana_jazz\/?hl=es\" target=\"_blank\" rel=\"noopener\">https:\/\/www.instagram.com\/morgana_jazz\/?hl=es<\/a><\/pre>\n<div class=\"moz-text-html\" lang=\"x-unicode\">\n<p style=\"text-align: right;\">Luc\u00eda Latorre: 699408964 \/ <a href=\"mailto:morganajazz@gmail.com\" target=\"_blank\" rel=\"noopener\">morganajazz@gmail.com<\/a><\/p>\n<\/div>\n","protected":false},"excerpt":{"rendered":"<p style=\"text-align: center;\">Luc\u00eda Latorre &#8211; Voz<br \/>\nLlucia Gomila &#8211; bajo y contrabajo<br \/>\nXisca Oliver &#8211; piano<br \/>\nNail\u00e9 Sosa &#8211; Bater\u00eda y percusi\u00f3n<\/p>\n","protected":false},"featured_media":2942,"template":"","meta":{"_et_pb_use_builder":"","_et_pb_old_content":"","_et_gb_content_width":""},"product_cat":[132,96,66],"product_tag":[72],"yoast_head":"<!-- This site is optimized with the Yoast SEO Premium plugin v15.7 - https:\/\/yoast.com\/wordpress\/plugins\/seo\/ -->\n<title>Morgana Jazz - ProM\u00fasics Mallorca<\/title>\n<meta name=\"robots\" content=\"index, follow, max-snippet:-1, max-image-preview:large, max-video-preview:-1\" \/>\n<link rel=\"canonical\" href=\"https:\/\/www.promusicsmallorca.org\/es\/catalogo-promusics\/morgana-jazz\/\" \/>\n<meta property=\"og:locale\" content=\"es_ES\" \/>\n<meta property=\"og:type\" content=\"article\" \/>\n<meta property=\"og:title\" content=\"Morgana Jazz - ProM\u00fasics Mallorca\" \/>\n<meta property=\"og:description\" content=\"Luc\u00eda Latorre - Voz Llucia Gomila - bajo y contrabajo Xisca Oliver - piano Nail\u00e9 Sosa - Bater\u00eda y percusi\u00f3n\" \/>\n<meta property=\"og:url\" content=\"https:\/\/www.promusicsmallorca.org\/es\/catalogo-promusics\/morgana-jazz\/\" \/>\n<meta property=\"og:site_name\" content=\"ProM\u00fasics Mallorca\" \/>\n<meta property=\"article:publisher\" content=\"https:\/\/www.facebook.com\/promusicsmallorca\" \/>\n<meta property=\"article:modified_time\" content=\"2022-04-30T07:00:45+00:00\" \/>\n<meta property=\"og:image\" content=\"https:\/\/i0.wp.com\/www.promusicsmallorca.org\/wp-content\/uploads\/2021\/02\/DSC03756-scaled.jpg?fit=2560%2C1477&#038;ssl=1\" \/>\n\t<meta property=\"og:image:width\" content=\"2560\" \/>\n\t<meta property=\"og:image:height\" content=\"1477\" \/>\n<meta name=\"twitter:card\" content=\"summary_large_image\" \/>\n<meta name=\"twitter:label1\" content=\"Tiempo de lectura\">\n\t<meta name=\"twitter:data1\" content=\"1 minuto\">\n<script type=\"application\/ld+json\" class=\"yoast-schema-graph\">{\"@context\":\"https:\/\/schema.org\",\"@graph\":[{\"@type\":\"Organization\",\"@id\":\"https:\/\/www.promusicsmallorca.org\/#organization\",\"name\":\"ProM\\u00fasics Mallorca\",\"url\":\"https:\/\/www.promusicsmallorca.org\/\",\"sameAs\":[\"https:\/\/www.facebook.com\/promusicsmallorca\",\"https:\/\/www.instagram.com\/promusicsmallorca\/\",\"https:\/\/www.youtube.com\/channel\/UCWwttYA4JPovS2RZiGlHgpA\"],\"logo\":{\"@type\":\"ImageObject\",\"@id\":\"https:\/\/www.promusicsmallorca.org\/#logo\",\"inLanguage\":\"es\",\"url\":\"https:\/\/i0.wp.com\/www.promusicsmallorca.org\/wp-content\/uploads\/2021\/02\/image0.png?fit=10224%2C7725&ssl=1\",\"width\":10224,\"height\":7725,\"caption\":\"ProM\\u00fasics Mallorca\"},\"image\":{\"@id\":\"https:\/\/www.promusicsmallorca.org\/#logo\"}},{\"@type\":\"WebSite\",\"@id\":\"https:\/\/www.promusicsmallorca.org\/#website\",\"url\":\"https:\/\/www.promusicsmallorca.org\/\",\"name\":\"ProM\\u00fasics Mallorca\",\"description\":\"Associaci\\u00f3 de Professionals de la M\\u00fasica de Mallorca\",\"publisher\":{\"@id\":\"https:\/\/www.promusicsmallorca.org\/#organization\"},\"potentialAction\":[{\"@type\":\"SearchAction\",\"target\":\"https:\/\/www.promusicsmallorca.org\/?s={search_term_string}\",\"query-input\":\"required name=search_term_string\"}],\"inLanguage\":\"es\"},{\"@type\":\"ImageObject\",\"@id\":\"https:\/\/www.promusicsmallorca.org\/es\/catalogo-promusics\/morgana-jazz\/#primaryimage\",\"inLanguage\":\"es\",\"url\":\"https:\/\/i0.wp.com\/www.promusicsmallorca.org\/wp-content\/uploads\/2021\/02\/DSC03756-scaled.jpg?fit=2560%2C1477&ssl=1\",\"width\":2560,\"height\":1477},{\"@type\":\"WebPage\",\"@id\":\"https:\/\/www.promusicsmallorca.org\/es\/catalogo-promusics\/morgana-jazz\/#webpage\",\"url\":\"https:\/\/www.promusicsmallorca.org\/es\/catalogo-promusics\/morgana-jazz\/\",\"name\":\"Morgana Jazz - ProM\\u00fasics Mallorca\",\"isPartOf\":{\"@id\":\"https:\/\/www.promusicsmallorca.org\/#website\"},\"primaryImageOfPage\":{\"@id\":\"https:\/\/www.promusicsmallorca.org\/es\/catalogo-promusics\/morgana-jazz\/#primaryimage\"},\"datePublished\":\"2021-02-22T08:12:07+00:00\",\"dateModified\":\"2022-04-30T07:00:45+00:00\",\"inLanguage\":\"es\",\"potentialAction\":[{\"@type\":\"ReadAction\",\"target\":[\"https:\/\/www.promusicsmallorca.org\/es\/catalogo-promusics\/morgana-jazz\/\"]}]}]}<\/script>\n<!-- \/ Yoast SEO Premium plugin. -->","jetpack_sharing_enabled":true,"_links":{"self":[{"href":"https:\/\/www.promusicsmallorca.org\/es\/wp-json\/wp\/v2\/product\/2938"}],"collection":[{"href":"https:\/\/www.promusicsmallorca.org\/es\/wp-json\/wp\/v2\/product"}],"about":[{"href":"https:\/\/www.promusicsmallorca.org\/es\/wp-json\/wp\/v2\/types\/product"}],"wp:featuredmedia":[{"embeddable":true,"href":"https:\/\/www.promusicsmallorca.org\/es\/wp-json\/wp\/v2\/media\/2942"}],"wp:attachment":[{"href":"https:\/\/www.promusicsmallorca.org\/es\/wp-json\/wp\/v2\/media?parent=2938"}],"wp:term":[{"taxonomy":"product_cat","embeddable":true,"href":"https:\/\/www.promusicsmallorca.org\/es\/wp-json\/wp\/v2\/product_cat?post=2938"},{"taxonomy":"product_tag","embeddable":true,"href":"https:\/\/www.promusicsmallorca.org\/es\/wp-json\/wp\/v2\/product_tag?post=2938"}],"curies":[{"name":"wp","href":"https:\/\/api.w.org\/{rel}","templated":true}]}}