{"id":2746,"date":"2021-02-21T16:21:48","date_gmt":"2021-02-21T16:21:48","guid":{"rendered":"https:\/\/www.promusicsmallorca.org\/?post_type=product&#038;p=2746"},"modified":"2022-05-03T16:54:16","modified_gmt":"2022-05-03T16:54:16","slug":"los-fabulosos-globetrotters","status":"publish","type":"product","link":"https:\/\/www.promusicsmallorca.org\/es\/catalogo-promusics\/los-fabulosos-globetrotters\/","title":{"rendered":"Los Fabulosos GlobetrotTers"},"content":{"rendered":"<p>Los fabulosos globetroTters, somos un grupo formado en el a\u00f1o 2016, a pesar de nuestra corta trayectoria, hemos logrado un sonido muy pujante y divertido mediante el swing, gracias a numerosas presentaciones en Mallorca, salas, garitos, calle, bodas y festivales alrededor de la isla. Sus integrantes provienen de la rep\u00fablica Argentina, aunque tenemos a un gran m\u00fasico mallorqu\u00edn entre nosotros.<\/p>\n<pre style=\"text-align: center;\"><a href=\"https:\/\/www.youtube.com\/watch?v=cd4iWR8PhSI\" target=\"_blank\" rel=\"noopener\">https:\/\/www.youtube.com\/watch?v=cd4iWR8PhSI<\/a>\r\n<a href=\"https:\/\/www.youtube.com\/watch?v=5ZDn8_pRmDY\" target=\"_blank\" rel=\"noopener\">https:\/\/www.youtube.com\/watch?v=5ZDn8_pRmDY<\/a>\r\n<a href=\"https:\/\/www.youtube.com\/watch?v=RF_PypXqFek\" target=\"_blank\" rel=\"noopener\">https:\/\/www.youtube.com\/watch?v=RF_PypXqFek<\/a><\/pre>\n<p style=\"text-align: right;\">David Alejandro Soldavini: 657427328 \/ <a href=\"mailto:davidalesoldavini@gmail.com\" target=\"_blank\" rel=\"noopener\">davidalesoldavini@gmail.com<\/a><\/p>\n","protected":false},"excerpt":{"rendered":"<p style=\"text-align: center;\">Gaston Marchesani, voz y harmonica<br \/>\nEzequiel kelo Landoni, guitarra y voz<br \/>\nDavid Soldavini, bateria y coros<br \/>\nLloren\u00e7 Barcel\u00f3, organ-hammond<\/p>\n","protected":false},"featured_media":2749,"template":"","meta":{"_et_pb_use_builder":"","_et_pb_old_content":"","_et_gb_content_width":""},"product_cat":[75,122],"product_tag":[72],"yoast_head":"<!-- This site is optimized with the Yoast SEO Premium plugin v15.7 - https:\/\/yoast.com\/wordpress\/plugins\/seo\/ -->\n<title>Los Fabulosos GlobetrotTers - ProM\u00fasics Mallorca<\/title>\n<meta name=\"robots\" content=\"index, follow, max-snippet:-1, max-image-preview:large, max-video-preview:-1\" \/>\n<link rel=\"canonical\" href=\"https:\/\/www.promusicsmallorca.org\/es\/catalogo-promusics\/los-fabulosos-globetrotters\/\" \/>\n<meta property=\"og:locale\" content=\"es_ES\" \/>\n<meta property=\"og:type\" content=\"article\" \/>\n<meta property=\"og:title\" content=\"Los Fabulosos GlobetrotTers - ProM\u00fasics Mallorca\" \/>\n<meta property=\"og:description\" content=\"Gaston Marchesani, voz y harmonica Ezequiel kelo Landoni, guitarra y voz David Soldavini, bateria y coros Lloren\u00e7 Barcel\u00f3, organ-hammond\" \/>\n<meta property=\"og:url\" content=\"https:\/\/www.promusicsmallorca.org\/es\/catalogo-promusics\/los-fabulosos-globetrotters\/\" \/>\n<meta property=\"og:site_name\" content=\"ProM\u00fasics Mallorca\" \/>\n<meta property=\"article:publisher\" content=\"https:\/\/www.facebook.com\/promusicsmallorca\" \/>\n<meta property=\"article:modified_time\" content=\"2022-05-03T16:54:16+00:00\" \/>\n<meta property=\"og:image\" content=\"https:\/\/i0.wp.com\/www.promusicsmallorca.org\/wp-content\/uploads\/2021\/02\/20210131_125419.jpg?fit=701%2C595&#038;ssl=1\" \/>\n\t<meta property=\"og:image:width\" content=\"701\" \/>\n\t<meta property=\"og:image:height\" content=\"595\" \/>\n<meta name=\"twitter:card\" content=\"summary_large_image\" \/>\n<script type=\"application\/ld+json\" class=\"yoast-schema-graph\">{\"@context\":\"https:\/\/schema.org\",\"@graph\":[{\"@type\":\"Organization\",\"@id\":\"https:\/\/www.promusicsmallorca.org\/#organization\",\"name\":\"ProM\\u00fasics Mallorca\",\"url\":\"https:\/\/www.promusicsmallorca.org\/\",\"sameAs\":[\"https:\/\/www.facebook.com\/promusicsmallorca\",\"https:\/\/www.instagram.com\/promusicsmallorca\/\",\"https:\/\/www.youtube.com\/channel\/UCWwttYA4JPovS2RZiGlHgpA\"],\"logo\":{\"@type\":\"ImageObject\",\"@id\":\"https:\/\/www.promusicsmallorca.org\/#logo\",\"inLanguage\":\"es\",\"url\":\"https:\/\/i0.wp.com\/www.promusicsmallorca.org\/wp-content\/uploads\/2021\/02\/image0.png?fit=10224%2C7725&ssl=1\",\"width\":10224,\"height\":7725,\"caption\":\"ProM\\u00fasics Mallorca\"},\"image\":{\"@id\":\"https:\/\/www.promusicsmallorca.org\/#logo\"}},{\"@type\":\"WebSite\",\"@id\":\"https:\/\/www.promusicsmallorca.org\/#website\",\"url\":\"https:\/\/www.promusicsmallorca.org\/\",\"name\":\"ProM\\u00fasics Mallorca\",\"description\":\"Associaci\\u00f3 de Professionals de la M\\u00fasica de Mallorca\",\"publisher\":{\"@id\":\"https:\/\/www.promusicsmallorca.org\/#organization\"},\"potentialAction\":[{\"@type\":\"SearchAction\",\"target\":\"https:\/\/www.promusicsmallorca.org\/?s={search_term_string}\",\"query-input\":\"required name=search_term_string\"}],\"inLanguage\":\"es\"},{\"@type\":\"ImageObject\",\"@id\":\"https:\/\/www.promusicsmallorca.org\/es\/catalogo-promusics\/los-fabulosos-globetrotters\/#primaryimage\",\"inLanguage\":\"es\",\"url\":\"https:\/\/i0.wp.com\/www.promusicsmallorca.org\/wp-content\/uploads\/2021\/02\/20210131_125419.jpg?fit=701%2C595&ssl=1\",\"width\":701,\"height\":595},{\"@type\":\"WebPage\",\"@id\":\"https:\/\/www.promusicsmallorca.org\/es\/catalogo-promusics\/los-fabulosos-globetrotters\/#webpage\",\"url\":\"https:\/\/www.promusicsmallorca.org\/es\/catalogo-promusics\/los-fabulosos-globetrotters\/\",\"name\":\"Los Fabulosos GlobetrotTers - ProM\\u00fasics Mallorca\",\"isPartOf\":{\"@id\":\"https:\/\/www.promusicsmallorca.org\/#website\"},\"primaryImageOfPage\":{\"@id\":\"https:\/\/www.promusicsmallorca.org\/es\/catalogo-promusics\/los-fabulosos-globetrotters\/#primaryimage\"},\"datePublished\":\"2021-02-21T16:21:48+00:00\",\"dateModified\":\"2022-05-03T16:54:16+00:00\",\"inLanguage\":\"es\",\"potentialAction\":[{\"@type\":\"ReadAction\",\"target\":[\"https:\/\/www.promusicsmallorca.org\/es\/catalogo-promusics\/los-fabulosos-globetrotters\/\"]}]}]}<\/script>\n<!-- \/ Yoast SEO Premium plugin. -->","jetpack_sharing_enabled":true,"_links":{"self":[{"href":"https:\/\/www.promusicsmallorca.org\/es\/wp-json\/wp\/v2\/product\/2746"}],"collection":[{"href":"https:\/\/www.promusicsmallorca.org\/es\/wp-json\/wp\/v2\/product"}],"about":[{"href":"https:\/\/www.promusicsmallorca.org\/es\/wp-json\/wp\/v2\/types\/product"}],"wp:featuredmedia":[{"embeddable":true,"href":"https:\/\/www.promusicsmallorca.org\/es\/wp-json\/wp\/v2\/media\/2749"}],"wp:attachment":[{"href":"https:\/\/www.promusicsmallorca.org\/es\/wp-json\/wp\/v2\/media?parent=2746"}],"wp:term":[{"taxonomy":"product_cat","embeddable":true,"href":"https:\/\/www.promusicsmallorca.org\/es\/wp-json\/wp\/v2\/product_cat?post=2746"},{"taxonomy":"product_tag","embeddable":true,"href":"https:\/\/www.promusicsmallorca.org\/es\/wp-json\/wp\/v2\/product_tag?post=2746"}],"curies":[{"name":"wp","href":"https:\/\/api.w.org\/{rel}","templated":true}]}}