{"id":2659,"date":"2021-02-21T07:23:16","date_gmt":"2021-02-21T07:23:16","guid":{"rendered":"https:\/\/www.promusicsmallorca.org\/?post_type=product&#038;p=2659"},"modified":"2022-04-01T08:12:30","modified_gmt":"2022-04-01T08:12:30","slug":"tomeu-quetgles-y-biel-font","status":"publish","type":"product","link":"https:\/\/www.promusicsmallorca.org\/es\/catalogo-promusics\/tomeu-quetgles-y-biel-font\/","title":{"rendered":"Tomeu Quetgles"},"content":{"rendered":"<div class=\"textarea-desti col-xs-12 col-sm-6\">\n<div class=\"form-control second-textarea\">Relaci\u00f3n musical entre ambos artistas que se inicia a finales de 2011 con motivo de la presentaci\u00f3n del disco de Tomeu Quetgles &#8216;Cants abor\u00edgens&#8217;, en el Teatro Municipal Mar y Terra. El a\u00f1o siguiente graban &#8216;\u2026A una illa mediterr\u00e0nia&#8217;, (autoeditado) y en 2014 editan el LP &#8216;Recorda-te&#8217;n de riure&#8217;, interpretando las canciones de ambos \u00e1lbumes en numerosos conciertos. A prinicipis de 2021, Tomeu y Biel publican el disco &#8216;Agermanats&#8217;, con la intenci\u00f3n de presentarlo en todo la isla de Mallorca y el resto de tierras de habla catalana. Completar\u00e1n la propuesta de presentaci\u00f3n los m\u00fasicos Manel Martorell y Pau Mas.<\/div>\n<div style=\"text-align: center;\"><\/div>\n<div style=\"text-align: center;\"><a href=\"https:\/\/www.youtube.com\/watch?v=4NuMlU3YGGw\" target=\"_blank\" rel=\"noopener\">https:\/\/www.youtube.com\/watch?v=4NuMlU3YGGw<\/a><br \/>\n<a href=\"https:\/\/www.youtube.com\/watch?v=RTraDGeTPLg\" target=\"_blank\" rel=\"noopener\">https:\/\/www.youtube.com\/watch?v=RTraDGeTPLg<\/a><br \/>\n<a href=\"https:\/\/www.facebook.com\/TomeuQuetglesiBielFont\" target=\"_blank\" rel=\"noopener\">https:\/\/www.facebook.com\/TomeuQuetglesiBielFont<\/a><\/div>\n<div style=\"text-align: right;\">Biel Font: 658 695 396 \/ <a href=\"mailto:bielfont@hotmail.com\" target=\"_blank\" rel=\"noopener\">bielfont@hotmail.com<\/a><\/div>\n<\/div>\n","protected":false},"excerpt":{"rendered":"<p style=\"text-align: center;\">Tomeu Quetgles: Guitarra cl\u00e1sica y voz<br \/>\nBiel Font: Contrabajo y segundas voces<br \/>\nJosep Sastre: La\u00fad y Guitarra cl\u00e1sica solista<br \/>\nPau Mas: Bater\u00eda y Flabiol<\/p>\n","protected":false},"featured_media":2660,"template":"","meta":{"_et_pb_use_builder":"","_et_pb_old_content":"","_et_gb_content_width":""},"product_cat":[130],"product_tag":[72],"yoast_head":"<!-- This site is optimized with the Yoast SEO Premium plugin v15.7 - https:\/\/yoast.com\/wordpress\/plugins\/seo\/ -->\n<title>Tomeu Quetgles - ProM\u00fasics Mallorca<\/title>\n<meta name=\"robots\" content=\"index, follow, max-snippet:-1, max-image-preview:large, max-video-preview:-1\" \/>\n<link rel=\"canonical\" href=\"https:\/\/www.promusicsmallorca.org\/es\/catalogo-promusics\/tomeu-quetgles-y-biel-font\/\" \/>\n<meta property=\"og:locale\" content=\"es_ES\" \/>\n<meta property=\"og:type\" content=\"article\" \/>\n<meta property=\"og:title\" content=\"Tomeu Quetgles - ProM\u00fasics Mallorca\" \/>\n<meta property=\"og:description\" content=\"Tomeu Quetgles: Guitarra cl\u00e1sica y voz Biel Font: Contrabajo y segundas voces Josep Sastre: La\u00fad y Guitarra cl\u00e1sica solista Pau Mas: Bater\u00eda y Flabiol\" \/>\n<meta property=\"og:url\" content=\"https:\/\/www.promusicsmallorca.org\/es\/catalogo-promusics\/tomeu-quetgles-y-biel-font\/\" \/>\n<meta property=\"og:site_name\" content=\"ProM\u00fasics Mallorca\" \/>\n<meta property=\"article:publisher\" content=\"https:\/\/www.facebook.com\/promusicsmallorca\" \/>\n<meta property=\"article:modified_time\" content=\"2022-04-01T08:12:30+00:00\" \/>\n<meta property=\"og:image\" content=\"https:\/\/i0.wp.com\/www.promusicsmallorca.org\/wp-content\/uploads\/2021\/02\/TomeuiBiel-scaled.jpg?fit=2560%2C1721&#038;ssl=1\" \/>\n\t<meta property=\"og:image:width\" content=\"2560\" \/>\n\t<meta property=\"og:image:height\" content=\"1721\" \/>\n<meta name=\"twitter:card\" content=\"summary_large_image\" \/>\n<meta name=\"twitter:label1\" content=\"Tiempo de lectura\">\n\t<meta name=\"twitter:data1\" content=\"1 minuto\">\n<script type=\"application\/ld+json\" class=\"yoast-schema-graph\">{\"@context\":\"https:\/\/schema.org\",\"@graph\":[{\"@type\":\"Organization\",\"@id\":\"https:\/\/www.promusicsmallorca.org\/#organization\",\"name\":\"ProM\\u00fasics Mallorca\",\"url\":\"https:\/\/www.promusicsmallorca.org\/\",\"sameAs\":[\"https:\/\/www.facebook.com\/promusicsmallorca\",\"https:\/\/www.instagram.com\/promusicsmallorca\/\",\"https:\/\/www.youtube.com\/channel\/UCWwttYA4JPovS2RZiGlHgpA\"],\"logo\":{\"@type\":\"ImageObject\",\"@id\":\"https:\/\/www.promusicsmallorca.org\/#logo\",\"inLanguage\":\"es\",\"url\":\"https:\/\/i0.wp.com\/www.promusicsmallorca.org\/wp-content\/uploads\/2021\/02\/image0.png?fit=10224%2C7725&ssl=1\",\"width\":10224,\"height\":7725,\"caption\":\"ProM\\u00fasics Mallorca\"},\"image\":{\"@id\":\"https:\/\/www.promusicsmallorca.org\/#logo\"}},{\"@type\":\"WebSite\",\"@id\":\"https:\/\/www.promusicsmallorca.org\/#website\",\"url\":\"https:\/\/www.promusicsmallorca.org\/\",\"name\":\"ProM\\u00fasics Mallorca\",\"description\":\"Associaci\\u00f3 de Professionals de la M\\u00fasica de Mallorca\",\"publisher\":{\"@id\":\"https:\/\/www.promusicsmallorca.org\/#organization\"},\"potentialAction\":[{\"@type\":\"SearchAction\",\"target\":\"https:\/\/www.promusicsmallorca.org\/?s={search_term_string}\",\"query-input\":\"required name=search_term_string\"}],\"inLanguage\":\"es\"},{\"@type\":\"ImageObject\",\"@id\":\"https:\/\/www.promusicsmallorca.org\/es\/catalogo-promusics\/tomeu-quetgles-y-biel-font\/#primaryimage\",\"inLanguage\":\"es\",\"url\":\"https:\/\/i0.wp.com\/www.promusicsmallorca.org\/wp-content\/uploads\/2021\/02\/TomeuiBiel-scaled.jpg?fit=2560%2C1721&ssl=1\",\"width\":2560,\"height\":1721},{\"@type\":\"WebPage\",\"@id\":\"https:\/\/www.promusicsmallorca.org\/es\/catalogo-promusics\/tomeu-quetgles-y-biel-font\/#webpage\",\"url\":\"https:\/\/www.promusicsmallorca.org\/es\/catalogo-promusics\/tomeu-quetgles-y-biel-font\/\",\"name\":\"Tomeu Quetgles - ProM\\u00fasics Mallorca\",\"isPartOf\":{\"@id\":\"https:\/\/www.promusicsmallorca.org\/#website\"},\"primaryImageOfPage\":{\"@id\":\"https:\/\/www.promusicsmallorca.org\/es\/catalogo-promusics\/tomeu-quetgles-y-biel-font\/#primaryimage\"},\"datePublished\":\"2021-02-21T07:23:16+00:00\",\"dateModified\":\"2022-04-01T08:12:30+00:00\",\"inLanguage\":\"es\",\"potentialAction\":[{\"@type\":\"ReadAction\",\"target\":[\"https:\/\/www.promusicsmallorca.org\/es\/catalogo-promusics\/tomeu-quetgles-y-biel-font\/\"]}]}]}<\/script>\n<!-- \/ Yoast SEO Premium plugin. -->","jetpack_sharing_enabled":true,"_links":{"self":[{"href":"https:\/\/www.promusicsmallorca.org\/es\/wp-json\/wp\/v2\/product\/2659"}],"collection":[{"href":"https:\/\/www.promusicsmallorca.org\/es\/wp-json\/wp\/v2\/product"}],"about":[{"href":"https:\/\/www.promusicsmallorca.org\/es\/wp-json\/wp\/v2\/types\/product"}],"wp:featuredmedia":[{"embeddable":true,"href":"https:\/\/www.promusicsmallorca.org\/es\/wp-json\/wp\/v2\/media\/2660"}],"wp:attachment":[{"href":"https:\/\/www.promusicsmallorca.org\/es\/wp-json\/wp\/v2\/media?parent=2659"}],"wp:term":[{"taxonomy":"product_cat","embeddable":true,"href":"https:\/\/www.promusicsmallorca.org\/es\/wp-json\/wp\/v2\/product_cat?post=2659"},{"taxonomy":"product_tag","embeddable":true,"href":"https:\/\/www.promusicsmallorca.org\/es\/wp-json\/wp\/v2\/product_tag?post=2659"}],"curies":[{"name":"wp","href":"https:\/\/api.w.org\/{rel}","templated":true}]}}