{"id":2640,"date":"2021-02-20T17:15:20","date_gmt":"2021-02-20T17:15:20","guid":{"rendered":"https:\/\/www.promusicsmallorca.org\/?post_type=product&#038;p=2640"},"modified":"2022-03-20T15:05:57","modified_gmt":"2022-03-20T15:05:57","slug":"duo-sheela-gathright-richard-vinton","status":"publish","type":"product","link":"https:\/\/www.promusicsmallorca.org\/es\/catalogo-promusics\/duo-sheela-gathright-richard-vinton\/","title":{"rendered":"D\u00fao Sheela Gathright &#038; Richard Vinton"},"content":{"rendered":"<p>Un d\u00fao de dos estadounidenses afincados en Mallorca, Sheela Gathright de Nueva York y Richard Vinton de Miami. Se han reunido para presentar lo mejor de su cultura: la m\u00fasica jazz, soul, blues y pop. Sheela tiene mucha experiencia como vocalista de jazz, soul y gospel. En Mallorca ha actuado en el Blue Jazz Club Hotel Saratoga, el Jazz Voyeur, y en muchas verbenas, galas, bodas, hoteles y restaurantes de la isla. Richard aporta su extensa experiencia como acompa\u00f1ante de vocalistas en EEUU y en Espa\u00f1a. El resultado es un d\u00fao vibrante y sofisticado que transmite mucha emoci\u00f3n.<\/p>\n<pre style=\"text-align: center;\"><a href=\"https:\/\/youtu.be\/Tdj3d5yY2JU\" target=\"_blank\" rel=\"noopener\">https:\/\/youtu.be\/Tdj3d5yY2JU<\/a>\r\n<a href=\"https:\/\/www.youtube.com\/watch?v=JQJnI7Y8Hs8&amp;list=PLbzNhW_AT6aegsB1BiTv3M4H6L9J4kM0K&amp;index=2&amp;ab_channel=richardvinton\" target=\"_blank\" rel=\"noopener\">https:\/\/www.youtube.com\/watch?v=JQJnI7Y8Hs8&amp;list=PLbzNhW_AT6aegsB1BiTv3M4H6L9J4kM0K&amp;index=2&amp;ab_channel=richardvinton<\/a>\r\n<a href=\"https:\/\/youtu.be\/6kvS5klJW0M\" target=\"_blank\" rel=\"noopener\">https:\/\/youtu.be\/6kvS5klJW0M<\/a><\/pre>\n<p style=\"text-align: right;\">Richard Vinton: 687 349 062 \/ <a href=\"mailto:richardvinton3@hotmail.com\" target=\"_blank\" rel=\"noopener\">richardvinton3@hotmail.com<\/a><\/p>\n","protected":false},"excerpt":{"rendered":"<p style=\"text-align: center;\">Sheela Gathright \u2013 voz<br \/>\nRichard Vinton \u2013 piano<\/p>\n","protected":false},"featured_media":2641,"template":"","meta":{"_et_pb_use_builder":"","_et_pb_old_content":"","_et_gb_content_width":""},"product_cat":[75,96,84,66],"product_tag":[91],"yoast_head":"<!-- This site is optimized with the Yoast SEO Premium plugin v15.7 - https:\/\/yoast.com\/wordpress\/plugins\/seo\/ -->\n<title>D\u00fao Sheela Gathright &amp; Richard Vinton - ProM\u00fasics Mallorca<\/title>\n<meta name=\"robots\" content=\"index, follow, max-snippet:-1, max-image-preview:large, max-video-preview:-1\" \/>\n<link rel=\"canonical\" href=\"https:\/\/www.promusicsmallorca.org\/es\/catalogo-promusics\/duo-sheela-gathright-richard-vinton\/\" \/>\n<meta property=\"og:locale\" content=\"es_ES\" \/>\n<meta property=\"og:type\" content=\"article\" \/>\n<meta property=\"og:title\" content=\"D\u00fao Sheela Gathright &amp; Richard Vinton - ProM\u00fasics Mallorca\" \/>\n<meta property=\"og:description\" content=\"Sheela Gathright \u2013 voz Richard Vinton \u2013 piano\" \/>\n<meta property=\"og:url\" content=\"https:\/\/www.promusicsmallorca.org\/es\/catalogo-promusics\/duo-sheela-gathright-richard-vinton\/\" \/>\n<meta property=\"og:site_name\" content=\"ProM\u00fasics Mallorca\" \/>\n<meta property=\"article:publisher\" content=\"https:\/\/www.facebook.com\/promusicsmallorca\" \/>\n<meta property=\"article:modified_time\" content=\"2022-03-20T15:05:57+00:00\" \/>\n<meta property=\"og:image\" content=\"https:\/\/i0.wp.com\/www.promusicsmallorca.org\/wp-content\/uploads\/2021\/02\/SheelayRichard.jpg?fit=1200%2C630&#038;ssl=1\" \/>\n\t<meta property=\"og:image:width\" content=\"1200\" \/>\n\t<meta property=\"og:image:height\" content=\"630\" \/>\n<meta name=\"twitter:card\" content=\"summary_large_image\" \/>\n<meta name=\"twitter:label1\" content=\"Tiempo de lectura\">\n\t<meta name=\"twitter:data1\" content=\"1 minuto\">\n<script type=\"application\/ld+json\" class=\"yoast-schema-graph\">{\"@context\":\"https:\/\/schema.org\",\"@graph\":[{\"@type\":\"Organization\",\"@id\":\"https:\/\/www.promusicsmallorca.org\/#organization\",\"name\":\"ProM\\u00fasics Mallorca\",\"url\":\"https:\/\/www.promusicsmallorca.org\/\",\"sameAs\":[\"https:\/\/www.facebook.com\/promusicsmallorca\",\"https:\/\/www.instagram.com\/promusicsmallorca\/\",\"https:\/\/www.youtube.com\/channel\/UCWwttYA4JPovS2RZiGlHgpA\"],\"logo\":{\"@type\":\"ImageObject\",\"@id\":\"https:\/\/www.promusicsmallorca.org\/#logo\",\"inLanguage\":\"es\",\"url\":\"https:\/\/i0.wp.com\/www.promusicsmallorca.org\/wp-content\/uploads\/2021\/02\/image0.png?fit=10224%2C7725&ssl=1\",\"width\":10224,\"height\":7725,\"caption\":\"ProM\\u00fasics Mallorca\"},\"image\":{\"@id\":\"https:\/\/www.promusicsmallorca.org\/#logo\"}},{\"@type\":\"WebSite\",\"@id\":\"https:\/\/www.promusicsmallorca.org\/#website\",\"url\":\"https:\/\/www.promusicsmallorca.org\/\",\"name\":\"ProM\\u00fasics Mallorca\",\"description\":\"Associaci\\u00f3 de Professionals de la M\\u00fasica de Mallorca\",\"publisher\":{\"@id\":\"https:\/\/www.promusicsmallorca.org\/#organization\"},\"potentialAction\":[{\"@type\":\"SearchAction\",\"target\":\"https:\/\/www.promusicsmallorca.org\/?s={search_term_string}\",\"query-input\":\"required name=search_term_string\"}],\"inLanguage\":\"es\"},{\"@type\":\"ImageObject\",\"@id\":\"https:\/\/www.promusicsmallorca.org\/es\/catalogo-promusics\/duo-sheela-gathright-richard-vinton\/#primaryimage\",\"inLanguage\":\"es\",\"url\":\"https:\/\/i0.wp.com\/www.promusicsmallorca.org\/wp-content\/uploads\/2021\/02\/SheelayRichard.jpg?fit=1200%2C630&ssl=1\",\"width\":1200,\"height\":630},{\"@type\":\"WebPage\",\"@id\":\"https:\/\/www.promusicsmallorca.org\/es\/catalogo-promusics\/duo-sheela-gathright-richard-vinton\/#webpage\",\"url\":\"https:\/\/www.promusicsmallorca.org\/es\/catalogo-promusics\/duo-sheela-gathright-richard-vinton\/\",\"name\":\"D\\u00fao Sheela Gathright & Richard Vinton - ProM\\u00fasics Mallorca\",\"isPartOf\":{\"@id\":\"https:\/\/www.promusicsmallorca.org\/#website\"},\"primaryImageOfPage\":{\"@id\":\"https:\/\/www.promusicsmallorca.org\/es\/catalogo-promusics\/duo-sheela-gathright-richard-vinton\/#primaryimage\"},\"datePublished\":\"2021-02-20T17:15:20+00:00\",\"dateModified\":\"2022-03-20T15:05:57+00:00\",\"inLanguage\":\"es\",\"potentialAction\":[{\"@type\":\"ReadAction\",\"target\":[\"https:\/\/www.promusicsmallorca.org\/es\/catalogo-promusics\/duo-sheela-gathright-richard-vinton\/\"]}]}]}<\/script>\n<!-- \/ Yoast SEO Premium plugin. -->","jetpack_sharing_enabled":true,"_links":{"self":[{"href":"https:\/\/www.promusicsmallorca.org\/es\/wp-json\/wp\/v2\/product\/2640"}],"collection":[{"href":"https:\/\/www.promusicsmallorca.org\/es\/wp-json\/wp\/v2\/product"}],"about":[{"href":"https:\/\/www.promusicsmallorca.org\/es\/wp-json\/wp\/v2\/types\/product"}],"wp:featuredmedia":[{"embeddable":true,"href":"https:\/\/www.promusicsmallorca.org\/es\/wp-json\/wp\/v2\/media\/2641"}],"wp:attachment":[{"href":"https:\/\/www.promusicsmallorca.org\/es\/wp-json\/wp\/v2\/media?parent=2640"}],"wp:term":[{"taxonomy":"product_cat","embeddable":true,"href":"https:\/\/www.promusicsmallorca.org\/es\/wp-json\/wp\/v2\/product_cat?post=2640"},{"taxonomy":"product_tag","embeddable":true,"href":"https:\/\/www.promusicsmallorca.org\/es\/wp-json\/wp\/v2\/product_tag?post=2640"}],"curies":[{"name":"wp","href":"https:\/\/api.w.org\/{rel}","templated":true}]}}