{"id":2554,"date":"2021-02-20T08:06:26","date_gmt":"2021-02-20T08:06:26","guid":{"rendered":"https:\/\/www.promusicsmallorca.org\/?post_type=product&#038;p=2554"},"modified":"2022-03-20T15:06:14","modified_gmt":"2022-03-20T15:06:14","slug":"richard-vinton","status":"publish","type":"product","link":"https:\/\/www.promusicsmallorca.org\/es\/catalogo-promusics\/richard-vinton\/","title":{"rendered":"Richard Vinton"},"content":{"rendered":"<p>Richard Vinton (Florida, EEUU, 1958) es pianista, vocalista y arreglista\/compositor musical. Tiene su Diplomatura de M\u00fasica de New England Conservatory (Boston, 1982), su M\u00e1ster en M\u00fasica de la Universidad de Miami (1990) y su T\u00edtulo Superior de Piano Jazz del Conservatorio Superior de M\u00fasica de las Islas Baleares (2019). En EEUU trabaj\u00f3 con Tony Bennett y The Mavericks. Residente de Mallorca desde el 1993, ha trabajado con diversos grupos y cantantes. Como solista interpreta una variedad de estilos, incluyendo el jazz, blues, pop y soul. Crea un ambiente de piano bar con elegancia y humor.<\/p>\n<pre style=\"text-align: center;\"><a href=\"https:\/\/www.youtube.com\/watch?v=Mp0zWhE3bqs&amp;ab_channel=richardvinton\" target=\"_blank\" rel=\"noopener\">https:\/\/www.youtube.com\/watch?v=Mp0zWhE3bqs&amp;ab_channel=richardvinton<\/a>\r\n<a href=\"https:\/\/www.youtube.com\/watch?v=-32LqAwxZuA&amp;ab_channel=richardvinton\" target=\"_blank\" rel=\"noopener\">https:\/\/www.youtube.com\/watch?v=-32LqAwxZuA&amp;ab_channel=richardvinton<\/a>\r\n<a href=\"https:\/\/www.youtube.com\/watch?v=ltkLNgA7dXQ&amp;ab_channel=richardvinton\" target=\"_blank\" rel=\"noopener\">https:\/\/www.youtube.com\/watch?v=ltkLNgA7dXQ&amp;ab_channel=richardvinton<\/a><\/pre>\n<p style=\"text-align: right;\">Richard Vinton: 687 349 062 \/ <a href=\"mailto:richardvinton3@hotmail.com\" target=\"_blank\" rel=\"noopener\">richardvinton3@hotmail.com<\/a><\/p>\n","protected":false},"excerpt":{"rendered":"<p style=\"text-align: center;\">Richard Vinton \u2013 piano y voz<\/p>\n","protected":false},"featured_media":2555,"template":"","meta":{"_et_pb_use_builder":"","_et_pb_old_content":"","_et_gb_content_width":""},"product_cat":[75,96,84,66],"product_tag":[101],"yoast_head":"<!-- This site is optimized with the Yoast SEO Premium plugin v15.7 - https:\/\/yoast.com\/wordpress\/plugins\/seo\/ -->\n<title>Richard Vinton - ProM\u00fasics Mallorca<\/title>\n<meta name=\"robots\" content=\"index, follow, max-snippet:-1, max-image-preview:large, max-video-preview:-1\" \/>\n<link rel=\"canonical\" href=\"https:\/\/www.promusicsmallorca.org\/es\/catalogo-promusics\/richard-vinton\/\" \/>\n<meta property=\"og:locale\" content=\"es_ES\" \/>\n<meta property=\"og:type\" content=\"article\" \/>\n<meta property=\"og:title\" content=\"Richard Vinton - ProM\u00fasics Mallorca\" \/>\n<meta property=\"og:description\" content=\"Richard Vinton \u2013 piano y voz\" \/>\n<meta property=\"og:url\" content=\"https:\/\/www.promusicsmallorca.org\/es\/catalogo-promusics\/richard-vinton\/\" \/>\n<meta property=\"og:site_name\" content=\"ProM\u00fasics Mallorca\" \/>\n<meta property=\"article:publisher\" content=\"https:\/\/www.facebook.com\/promusicsmallorca\" \/>\n<meta property=\"article:modified_time\" content=\"2022-03-20T15:06:14+00:00\" \/>\n<meta property=\"og:image\" content=\"https:\/\/i0.wp.com\/www.promusicsmallorca.org\/wp-content\/uploads\/2021\/02\/RVwhitepiano-scaled.jpg?fit=2560%2C1920&#038;ssl=1\" \/>\n\t<meta property=\"og:image:width\" content=\"2560\" \/>\n\t<meta property=\"og:image:height\" content=\"1920\" \/>\n<meta name=\"twitter:card\" content=\"summary_large_image\" \/>\n<meta name=\"twitter:label1\" content=\"Tiempo de lectura\">\n\t<meta name=\"twitter:data1\" content=\"1 minuto\">\n<script type=\"application\/ld+json\" class=\"yoast-schema-graph\">{\"@context\":\"https:\/\/schema.org\",\"@graph\":[{\"@type\":\"Organization\",\"@id\":\"https:\/\/www.promusicsmallorca.org\/#organization\",\"name\":\"ProM\\u00fasics Mallorca\",\"url\":\"https:\/\/www.promusicsmallorca.org\/\",\"sameAs\":[\"https:\/\/www.facebook.com\/promusicsmallorca\",\"https:\/\/www.instagram.com\/promusicsmallorca\/\",\"https:\/\/www.youtube.com\/channel\/UCWwttYA4JPovS2RZiGlHgpA\"],\"logo\":{\"@type\":\"ImageObject\",\"@id\":\"https:\/\/www.promusicsmallorca.org\/#logo\",\"inLanguage\":\"es\",\"url\":\"https:\/\/i0.wp.com\/www.promusicsmallorca.org\/wp-content\/uploads\/2021\/02\/image0.png?fit=10224%2C7725&ssl=1\",\"width\":10224,\"height\":7725,\"caption\":\"ProM\\u00fasics Mallorca\"},\"image\":{\"@id\":\"https:\/\/www.promusicsmallorca.org\/#logo\"}},{\"@type\":\"WebSite\",\"@id\":\"https:\/\/www.promusicsmallorca.org\/#website\",\"url\":\"https:\/\/www.promusicsmallorca.org\/\",\"name\":\"ProM\\u00fasics Mallorca\",\"description\":\"Associaci\\u00f3 de Professionals de la M\\u00fasica de Mallorca\",\"publisher\":{\"@id\":\"https:\/\/www.promusicsmallorca.org\/#organization\"},\"potentialAction\":[{\"@type\":\"SearchAction\",\"target\":\"https:\/\/www.promusicsmallorca.org\/?s={search_term_string}\",\"query-input\":\"required name=search_term_string\"}],\"inLanguage\":\"es\"},{\"@type\":\"ImageObject\",\"@id\":\"https:\/\/www.promusicsmallorca.org\/es\/catalogo-promusics\/richard-vinton\/#primaryimage\",\"inLanguage\":\"es\",\"url\":\"https:\/\/i0.wp.com\/www.promusicsmallorca.org\/wp-content\/uploads\/2021\/02\/RVwhitepiano-scaled.jpg?fit=2560%2C1920&ssl=1\",\"width\":2560,\"height\":1920},{\"@type\":\"WebPage\",\"@id\":\"https:\/\/www.promusicsmallorca.org\/es\/catalogo-promusics\/richard-vinton\/#webpage\",\"url\":\"https:\/\/www.promusicsmallorca.org\/es\/catalogo-promusics\/richard-vinton\/\",\"name\":\"Richard Vinton - ProM\\u00fasics Mallorca\",\"isPartOf\":{\"@id\":\"https:\/\/www.promusicsmallorca.org\/#website\"},\"primaryImageOfPage\":{\"@id\":\"https:\/\/www.promusicsmallorca.org\/es\/catalogo-promusics\/richard-vinton\/#primaryimage\"},\"datePublished\":\"2021-02-20T08:06:26+00:00\",\"dateModified\":\"2022-03-20T15:06:14+00:00\",\"inLanguage\":\"es\",\"potentialAction\":[{\"@type\":\"ReadAction\",\"target\":[\"https:\/\/www.promusicsmallorca.org\/es\/catalogo-promusics\/richard-vinton\/\"]}]}]}<\/script>\n<!-- \/ Yoast SEO Premium plugin. -->","jetpack_sharing_enabled":true,"_links":{"self":[{"href":"https:\/\/www.promusicsmallorca.org\/es\/wp-json\/wp\/v2\/product\/2554"}],"collection":[{"href":"https:\/\/www.promusicsmallorca.org\/es\/wp-json\/wp\/v2\/product"}],"about":[{"href":"https:\/\/www.promusicsmallorca.org\/es\/wp-json\/wp\/v2\/types\/product"}],"wp:featuredmedia":[{"embeddable":true,"href":"https:\/\/www.promusicsmallorca.org\/es\/wp-json\/wp\/v2\/media\/2555"}],"wp:attachment":[{"href":"https:\/\/www.promusicsmallorca.org\/es\/wp-json\/wp\/v2\/media?parent=2554"}],"wp:term":[{"taxonomy":"product_cat","embeddable":true,"href":"https:\/\/www.promusicsmallorca.org\/es\/wp-json\/wp\/v2\/product_cat?post=2554"},{"taxonomy":"product_tag","embeddable":true,"href":"https:\/\/www.promusicsmallorca.org\/es\/wp-json\/wp\/v2\/product_tag?post=2554"}],"curies":[{"name":"wp","href":"https:\/\/api.w.org\/{rel}","templated":true}]}}