{"id":2369,"date":"2021-02-13T23:05:18","date_gmt":"2021-02-13T23:05:18","guid":{"rendered":"https:\/\/www.promusicsmallorca.org\/?post_type=product&#038;p=2369"},"modified":"2022-05-03T16:21:20","modified_gmt":"2022-05-03T16:21:20","slug":"ales-de-la-fada-despistada","status":"publish","type":"product","link":"https:\/\/www.promusicsmallorca.org\/es\/catalogo-promusics\/ales-de-la-fada-despistada\/","title":{"rendered":"(A)les de La Fada Despistada"},"content":{"rendered":"<p>Es el tercer disco del hada Despistada realizado \u00edntegramente en Mallorca, creado por Cec\u00edlia Gim\u00e9nez, Rous Mascar\u00f3 y Joana Abrines. Un trabajo sobre el empoderamiento femenino, dirigido a la familia, canciones en catal\u00e1n para una nueva generaci\u00f3n de ni\u00f1as y ni\u00f1os con mucha m\u00e1s libertad de elecci\u00f3n, acci\u00f3n e igualdad. Con el mensaje de siempre: Que todo el mundo tiene derecho y capacidad de so\u00f1ar hemos creado canciones positivando la colaboraci\u00f3n, la igualdad, valorando a las mujeres de nuestras vidas, las grandes e inspiradoras y a las invisibles y cotidianas.<\/p>\n<pre style=\"text-align: center;\"><a href=\"https:\/\/open.spotify.com\/album\/4kIK4Fof5eONtP3ua2r0rd?si=UVLA998-ScmtD4zr4GOFHQ\" target=\"_blank\" rel=\"noopener\">https:\/\/open.spotify.com\/album\/4kIK4Fof5eONtP3ua2r0rd?si=UVLA998-ScmtD4zr4GOFHQ<\/a>\r\n<a href=\"https:\/\/youtu.be\/mDgAM-GCCnQ\" target=\"_blank\" rel=\"noopener\">https:\/\/youtu.be\/mDgAM-GCCnQ<\/a>\r\n<a href=\"https:\/\/youtu.be\/PH3kWxf3Y4c\" target=\"_blank\" rel=\"noopener\">https:\/\/youtu.be\/PH3kWxf3Y4c<\/a><\/pre>\n<p style=\"text-align: right;\">Cecilia Adriana: 667399221\/ <a href=\"mailto:fada@lafadadespistada.org\" target=\"_blank\" rel=\"noopener\">fada@lafadadespistada.org<\/a><\/p>\n","protected":false},"excerpt":{"rendered":"<p style=\"text-align: center;\">Cecilia Adriana Gim\u00e9nez Pedroza<br \/>\nJoan Luna Frontera<br \/>\nCarlos G\u00f3mez Servera<br \/>\nNat\u00e0lia G\u00f3mez Servera<br \/>\nDaniel G\u00f3mez Servera<\/p>\n","protected":false},"featured_media":2370,"template":"","meta":{"_et_pb_use_builder":"","_et_pb_old_content":"","_et_gb_content_width":""},"product_cat":[161,84,65],"product_tag":[92],"yoast_head":"<!-- This site is optimized with the Yoast SEO Premium plugin v15.7 - https:\/\/yoast.com\/wordpress\/plugins\/seo\/ -->\n<title>(A)les de La Fada Despistada - ProM\u00fasics Mallorca<\/title>\n<meta name=\"robots\" content=\"index, follow, max-snippet:-1, max-image-preview:large, max-video-preview:-1\" \/>\n<link rel=\"canonical\" href=\"https:\/\/www.promusicsmallorca.org\/es\/catalogo-promusics\/ales-de-la-fada-despistada\/\" \/>\n<meta property=\"og:locale\" content=\"es_ES\" \/>\n<meta property=\"og:type\" content=\"article\" \/>\n<meta property=\"og:title\" content=\"(A)les de La Fada Despistada - ProM\u00fasics Mallorca\" \/>\n<meta property=\"og:description\" content=\"Cecilia Adriana Gim\u00e9nez Pedroza Joan Luna Frontera Carlos G\u00f3mez Servera Nat\u00e0lia G\u00f3mez Servera Daniel G\u00f3mez Servera\" \/>\n<meta property=\"og:url\" content=\"https:\/\/www.promusicsmallorca.org\/es\/catalogo-promusics\/ales-de-la-fada-despistada\/\" \/>\n<meta property=\"og:site_name\" content=\"ProM\u00fasics Mallorca\" \/>\n<meta property=\"article:publisher\" content=\"https:\/\/www.facebook.com\/promusicsmallorca\" \/>\n<meta property=\"article:modified_time\" content=\"2022-05-03T16:21:20+00:00\" \/>\n<meta property=\"og:image\" content=\"https:\/\/i0.wp.com\/www.promusicsmallorca.org\/wp-content\/uploads\/2021\/02\/cecaliagimanezciutadailalegal_68-scaled.jpg?fit=2560%2C1768&#038;ssl=1\" \/>\n\t<meta property=\"og:image:width\" content=\"2560\" \/>\n\t<meta property=\"og:image:height\" content=\"1768\" \/>\n<meta name=\"twitter:card\" content=\"summary_large_image\" \/>\n<meta name=\"twitter:label1\" content=\"Tiempo de lectura\">\n\t<meta name=\"twitter:data1\" content=\"1 minuto\">\n<script type=\"application\/ld+json\" class=\"yoast-schema-graph\">{\"@context\":\"https:\/\/schema.org\",\"@graph\":[{\"@type\":\"Organization\",\"@id\":\"https:\/\/www.promusicsmallorca.org\/#organization\",\"name\":\"ProM\\u00fasics Mallorca\",\"url\":\"https:\/\/www.promusicsmallorca.org\/\",\"sameAs\":[\"https:\/\/www.facebook.com\/promusicsmallorca\",\"https:\/\/www.instagram.com\/promusicsmallorca\/\",\"https:\/\/www.youtube.com\/channel\/UCWwttYA4JPovS2RZiGlHgpA\"],\"logo\":{\"@type\":\"ImageObject\",\"@id\":\"https:\/\/www.promusicsmallorca.org\/#logo\",\"inLanguage\":\"es\",\"url\":\"https:\/\/i0.wp.com\/www.promusicsmallorca.org\/wp-content\/uploads\/2021\/02\/image0.png?fit=10224%2C7725&ssl=1\",\"width\":10224,\"height\":7725,\"caption\":\"ProM\\u00fasics Mallorca\"},\"image\":{\"@id\":\"https:\/\/www.promusicsmallorca.org\/#logo\"}},{\"@type\":\"WebSite\",\"@id\":\"https:\/\/www.promusicsmallorca.org\/#website\",\"url\":\"https:\/\/www.promusicsmallorca.org\/\",\"name\":\"ProM\\u00fasics Mallorca\",\"description\":\"Associaci\\u00f3 de Professionals de la M\\u00fasica de Mallorca\",\"publisher\":{\"@id\":\"https:\/\/www.promusicsmallorca.org\/#organization\"},\"potentialAction\":[{\"@type\":\"SearchAction\",\"target\":\"https:\/\/www.promusicsmallorca.org\/?s={search_term_string}\",\"query-input\":\"required name=search_term_string\"}],\"inLanguage\":\"es\"},{\"@type\":\"ImageObject\",\"@id\":\"https:\/\/www.promusicsmallorca.org\/es\/catalogo-promusics\/ales-de-la-fada-despistada\/#primaryimage\",\"inLanguage\":\"es\",\"url\":\"https:\/\/i0.wp.com\/www.promusicsmallorca.org\/wp-content\/uploads\/2021\/02\/cecaliagimanezciutadailalegal_68-scaled.jpg?fit=2560%2C1768&ssl=1\",\"width\":2560,\"height\":1768,\"caption\":\"OLYMPUS DIGITAL CAMERA\"},{\"@type\":\"WebPage\",\"@id\":\"https:\/\/www.promusicsmallorca.org\/es\/catalogo-promusics\/ales-de-la-fada-despistada\/#webpage\",\"url\":\"https:\/\/www.promusicsmallorca.org\/es\/catalogo-promusics\/ales-de-la-fada-despistada\/\",\"name\":\"(A)les de La Fada Despistada - ProM\\u00fasics Mallorca\",\"isPartOf\":{\"@id\":\"https:\/\/www.promusicsmallorca.org\/#website\"},\"primaryImageOfPage\":{\"@id\":\"https:\/\/www.promusicsmallorca.org\/es\/catalogo-promusics\/ales-de-la-fada-despistada\/#primaryimage\"},\"datePublished\":\"2021-02-13T23:05:18+00:00\",\"dateModified\":\"2022-05-03T16:21:20+00:00\",\"inLanguage\":\"es\",\"potentialAction\":[{\"@type\":\"ReadAction\",\"target\":[\"https:\/\/www.promusicsmallorca.org\/es\/catalogo-promusics\/ales-de-la-fada-despistada\/\"]}]}]}<\/script>\n<!-- \/ Yoast SEO Premium plugin. -->","jetpack_sharing_enabled":true,"_links":{"self":[{"href":"https:\/\/www.promusicsmallorca.org\/es\/wp-json\/wp\/v2\/product\/2369"}],"collection":[{"href":"https:\/\/www.promusicsmallorca.org\/es\/wp-json\/wp\/v2\/product"}],"about":[{"href":"https:\/\/www.promusicsmallorca.org\/es\/wp-json\/wp\/v2\/types\/product"}],"wp:featuredmedia":[{"embeddable":true,"href":"https:\/\/www.promusicsmallorca.org\/es\/wp-json\/wp\/v2\/media\/2370"}],"wp:attachment":[{"href":"https:\/\/www.promusicsmallorca.org\/es\/wp-json\/wp\/v2\/media?parent=2369"}],"wp:term":[{"taxonomy":"product_cat","embeddable":true,"href":"https:\/\/www.promusicsmallorca.org\/es\/wp-json\/wp\/v2\/product_cat?post=2369"},{"taxonomy":"product_tag","embeddable":true,"href":"https:\/\/www.promusicsmallorca.org\/es\/wp-json\/wp\/v2\/product_tag?post=2369"}],"curies":[{"name":"wp","href":"https:\/\/api.w.org\/{rel}","templated":true}]}}