{"id":2258,"date":"2021-02-13T08:24:57","date_gmt":"2021-02-13T08:24:57","guid":{"rendered":"https:\/\/www.promusicsmallorca.org\/?post_type=product&#038;p=2258"},"modified":"2022-05-03T16:48:24","modified_gmt":"2022-05-03T16:48:24","slug":"raggles-taggles-gypsyies","status":"publish","type":"product","link":"https:\/\/www.promusicsmallorca.org\/es\/catalogo-promusics\/raggles-taggles-gypsyies\/","title":{"rendered":"Raggles Taggles Gypsyies"},"content":{"rendered":"<p>Banda de excelencia en el estilo much\u00edsimo curr\u00edculum y m\u00e1s de 28 a\u00f1os de trayectoria con giras por much\u00edsimos festivales en Europa , EEUU y medio oriente. Adaptados y afincados hace mucho tiempo a la isla, este quinteto interpreta cl\u00e1sicos del folk irland\u00e9s y la m\u00fasica celta en formato rock semi ac\u00fastico garantizando una celebraci\u00f3n del genero.<\/p>\n<pre style=\"text-align: center;\"><a href=\"https:\/\/youtu.be\/KVF_bxawNlY\" target=\"_blank\" rel=\"noopener\">https:\/\/youtu.be\/KVF_bxawNlY<\/a>\r\n<a href=\"https:\/\/youtu.be\/V95JX7-kO9g\" target=\"_blank\" rel=\"noopener\">https:\/\/youtu.be\/V95JX7-kO9g<\/a><\/pre>\n<p style=\"text-align: right;\">Paul MCkeon: 655529280 \/ <a href=\"mailto:rrttgg@yahoo.com\" target=\"_blank\" rel=\"noopener\">rrttgg@yahoo.com<\/a><\/p>\n","protected":false},"excerpt":{"rendered":"<p style=\"text-align: center;\">Paul MCkeon .. mandolina y guitarra<br \/>\nEamon Colbert .. voz guitarra y bodhrom<br \/>\nChristian w Mart\u00edn \u2026 Viol\u00edn<br \/>\nHern\u00e1n Podesta \u2026 Bajo<br \/>\nPatti ballinas \u2026 bater\u00eda<\/p>\n","protected":false},"featured_media":2259,"template":"","meta":{"_et_pb_use_builder":"","_et_pb_old_content":"","_et_gb_content_width":""},"product_cat":[150,117,149,65],"product_tag":[92],"yoast_head":"<!-- This site is optimized with the Yoast SEO Premium plugin v15.7 - https:\/\/yoast.com\/wordpress\/plugins\/seo\/ -->\n<title>Raggles Taggles Gypsyies - ProM\u00fasics Mallorca<\/title>\n<meta name=\"robots\" content=\"index, follow, max-snippet:-1, max-image-preview:large, max-video-preview:-1\" \/>\n<link rel=\"canonical\" href=\"https:\/\/www.promusicsmallorca.org\/es\/catalogo-promusics\/raggles-taggles-gypsyies\/\" \/>\n<meta property=\"og:locale\" content=\"es_ES\" \/>\n<meta property=\"og:type\" content=\"article\" \/>\n<meta property=\"og:title\" content=\"Raggles Taggles Gypsyies - ProM\u00fasics Mallorca\" \/>\n<meta property=\"og:description\" content=\"Paul MCkeon .. mandolina y guitarra Eamon Colbert .. voz guitarra y bodhrom Christian w Mart\u00edn \u2026 Viol\u00edn Hern\u00e1n Podesta \u2026 Bajo Patti ballinas \u2026 bater\u00eda\" \/>\n<meta property=\"og:url\" content=\"https:\/\/www.promusicsmallorca.org\/es\/catalogo-promusics\/raggles-taggles-gypsyies\/\" \/>\n<meta property=\"og:site_name\" content=\"ProM\u00fasics Mallorca\" \/>\n<meta property=\"article:publisher\" content=\"https:\/\/www.facebook.com\/promusicsmallorca\" \/>\n<meta property=\"article:modified_time\" content=\"2022-05-03T16:48:24+00:00\" \/>\n<meta property=\"og:image\" content=\"https:\/\/i0.wp.com\/www.promusicsmallorca.org\/wp-content\/uploads\/2021\/02\/FB_IMG_1611992779883.jpg?fit=720%2C405&#038;ssl=1\" \/>\n\t<meta property=\"og:image:width\" content=\"720\" \/>\n\t<meta property=\"og:image:height\" content=\"405\" \/>\n<meta name=\"twitter:card\" content=\"summary_large_image\" \/>\n<script type=\"application\/ld+json\" class=\"yoast-schema-graph\">{\"@context\":\"https:\/\/schema.org\",\"@graph\":[{\"@type\":\"Organization\",\"@id\":\"https:\/\/www.promusicsmallorca.org\/#organization\",\"name\":\"ProM\\u00fasics Mallorca\",\"url\":\"https:\/\/www.promusicsmallorca.org\/\",\"sameAs\":[\"https:\/\/www.facebook.com\/promusicsmallorca\",\"https:\/\/www.instagram.com\/promusicsmallorca\/\",\"https:\/\/www.youtube.com\/channel\/UCWwttYA4JPovS2RZiGlHgpA\"],\"logo\":{\"@type\":\"ImageObject\",\"@id\":\"https:\/\/www.promusicsmallorca.org\/#logo\",\"inLanguage\":\"es\",\"url\":\"https:\/\/i0.wp.com\/www.promusicsmallorca.org\/wp-content\/uploads\/2021\/02\/image0.png?fit=10224%2C7725&ssl=1\",\"width\":10224,\"height\":7725,\"caption\":\"ProM\\u00fasics Mallorca\"},\"image\":{\"@id\":\"https:\/\/www.promusicsmallorca.org\/#logo\"}},{\"@type\":\"WebSite\",\"@id\":\"https:\/\/www.promusicsmallorca.org\/#website\",\"url\":\"https:\/\/www.promusicsmallorca.org\/\",\"name\":\"ProM\\u00fasics Mallorca\",\"description\":\"Associaci\\u00f3 de Professionals de la M\\u00fasica de Mallorca\",\"publisher\":{\"@id\":\"https:\/\/www.promusicsmallorca.org\/#organization\"},\"potentialAction\":[{\"@type\":\"SearchAction\",\"target\":\"https:\/\/www.promusicsmallorca.org\/?s={search_term_string}\",\"query-input\":\"required name=search_term_string\"}],\"inLanguage\":\"es\"},{\"@type\":\"ImageObject\",\"@id\":\"https:\/\/www.promusicsmallorca.org\/es\/catalogo-promusics\/raggles-taggles-gypsyies\/#primaryimage\",\"inLanguage\":\"es\",\"url\":\"https:\/\/i0.wp.com\/www.promusicsmallorca.org\/wp-content\/uploads\/2021\/02\/FB_IMG_1611992779883.jpg?fit=720%2C405&ssl=1\",\"width\":720,\"height\":405},{\"@type\":\"WebPage\",\"@id\":\"https:\/\/www.promusicsmallorca.org\/es\/catalogo-promusics\/raggles-taggles-gypsyies\/#webpage\",\"url\":\"https:\/\/www.promusicsmallorca.org\/es\/catalogo-promusics\/raggles-taggles-gypsyies\/\",\"name\":\"Raggles Taggles Gypsyies - ProM\\u00fasics Mallorca\",\"isPartOf\":{\"@id\":\"https:\/\/www.promusicsmallorca.org\/#website\"},\"primaryImageOfPage\":{\"@id\":\"https:\/\/www.promusicsmallorca.org\/es\/catalogo-promusics\/raggles-taggles-gypsyies\/#primaryimage\"},\"datePublished\":\"2021-02-13T08:24:57+00:00\",\"dateModified\":\"2022-05-03T16:48:24+00:00\",\"inLanguage\":\"es\",\"potentialAction\":[{\"@type\":\"ReadAction\",\"target\":[\"https:\/\/www.promusicsmallorca.org\/es\/catalogo-promusics\/raggles-taggles-gypsyies\/\"]}]}]}<\/script>\n<!-- \/ Yoast SEO Premium plugin. -->","jetpack_sharing_enabled":true,"_links":{"self":[{"href":"https:\/\/www.promusicsmallorca.org\/es\/wp-json\/wp\/v2\/product\/2258"}],"collection":[{"href":"https:\/\/www.promusicsmallorca.org\/es\/wp-json\/wp\/v2\/product"}],"about":[{"href":"https:\/\/www.promusicsmallorca.org\/es\/wp-json\/wp\/v2\/types\/product"}],"wp:featuredmedia":[{"embeddable":true,"href":"https:\/\/www.promusicsmallorca.org\/es\/wp-json\/wp\/v2\/media\/2259"}],"wp:attachment":[{"href":"https:\/\/www.promusicsmallorca.org\/es\/wp-json\/wp\/v2\/media?parent=2258"}],"wp:term":[{"taxonomy":"product_cat","embeddable":true,"href":"https:\/\/www.promusicsmallorca.org\/es\/wp-json\/wp\/v2\/product_cat?post=2258"},{"taxonomy":"product_tag","embeddable":true,"href":"https:\/\/www.promusicsmallorca.org\/es\/wp-json\/wp\/v2\/product_tag?post=2258"}],"curies":[{"name":"wp","href":"https:\/\/api.w.org\/{rel}","templated":true}]}}