{"id":2208,"date":"2021-02-08T09:09:08","date_gmt":"2021-02-08T09:09:08","guid":{"rendered":"https:\/\/www.promusicsmallorca.org\/?post_type=product&#038;p=2208"},"modified":"2022-03-20T15:00:40","modified_gmt":"2022-03-20T15:00:40","slug":"moonlight-drivers","status":"publish","type":"product","link":"https:\/\/www.promusicsmallorca.org\/es\/catalogo-promusics\/moonlight-drivers\/","title":{"rendered":"Moonlight Drivers &#8211; The Doors"},"content":{"rendered":"<p>Un viaje po\u00e9tico musical a trav\u00e9s de las emblem\u00e1ticas composiciones de la m\u00edtica banda \u201cThe Doors\u201d. Moonlight Drivers nace en el a\u00f1o 2012 con el deseo de recrear con fidelidad el esp\u00edritu de una banda que es y ser\u00e1 eternamente adorada, ofreciendo as\u00ed a sus fans la posibilidad de disfrutar sus canciones plenamente y brindando a su creciente nuevo p\u00fablico la ocasi\u00f3n de descubrirlas en la mejor de las condiciones: en vivo y en directo.<\/p>\n<pre style=\"text-align: center;\"><a href=\"https:\/\/youtu.be\/RidciSXAbNY\" target=\"_blank\" rel=\"noopener\">https:\/\/youtu.be\/RidciSXAbNY<\/a>\r\n<a href=\"https:\/\/youtu.be\/Q6ZURlIym94\" target=\"_blank\" rel=\"noopener\">https:\/\/youtu.be\/Q6ZURlIym94<\/a>\r\n<a href=\"https:\/\/youtu.be\/b80K_fPlaIQ\" target=\"_blank\" rel=\"noopener\">https:\/\/youtu.be\/b80K_fPlaIQ<\/a><\/pre>\n<p style=\"text-align: right;\">Toni Soler: 627 409 604 \/ <a href=\"mailto:tonicanostra@gmail.com\" target=\"_blank\" rel=\"noopener\">tonicanostra@gmail.com<\/a><\/p>\n","protected":false},"excerpt":{"rendered":"<p style=\"text-align: center;\">Toni Soler, Voz<br \/>\nEmili Gen\u00e9, \u00d3rgano<br \/>\nAgust\u00cd Serra, guitarra<br \/>\nJaume Cresp\u00ed Villarroel, bater\u00cda<\/p>\n","protected":false},"featured_media":2209,"template":"","meta":{"_et_pb_use_builder":"","_et_pb_old_content":"","_et_gb_content_width":""},"product_cat":[75,65,140],"product_tag":[72],"yoast_head":"<!-- This site is optimized with the Yoast SEO Premium plugin v15.7 - https:\/\/yoast.com\/wordpress\/plugins\/seo\/ -->\n<title>Moonlight Drivers - The Doors - ProM\u00fasics Mallorca<\/title>\n<meta name=\"robots\" content=\"index, follow, max-snippet:-1, max-image-preview:large, max-video-preview:-1\" \/>\n<link rel=\"canonical\" href=\"https:\/\/www.promusicsmallorca.org\/es\/catalogo-promusics\/moonlight-drivers\/\" \/>\n<meta property=\"og:locale\" content=\"es_ES\" \/>\n<meta property=\"og:type\" content=\"article\" \/>\n<meta property=\"og:title\" content=\"Moonlight Drivers - The Doors - ProM\u00fasics Mallorca\" \/>\n<meta property=\"og:description\" content=\"Toni Soler, Voz Emili Gen\u00e9, \u00d3rgano Agust\u00cd Serra, guitarra Jaume Cresp\u00ed Villarroel, bater\u00cda\" \/>\n<meta property=\"og:url\" content=\"https:\/\/www.promusicsmallorca.org\/es\/catalogo-promusics\/moonlight-drivers\/\" \/>\n<meta property=\"og:site_name\" content=\"ProM\u00fasics Mallorca\" \/>\n<meta property=\"article:publisher\" content=\"https:\/\/www.facebook.com\/promusicsmallorca\" \/>\n<meta property=\"article:modified_time\" content=\"2022-03-20T15:00:40+00:00\" \/>\n<meta property=\"og:image\" content=\"https:\/\/i0.wp.com\/www.promusicsmallorca.org\/wp-content\/uploads\/2021\/02\/eivissa-e1612775328217.jpg?fit=444%2C250&#038;ssl=1\" \/>\n\t<meta property=\"og:image:width\" content=\"444\" \/>\n\t<meta property=\"og:image:height\" content=\"250\" \/>\n<meta name=\"twitter:card\" content=\"summary_large_image\" \/>\n<meta name=\"twitter:label1\" content=\"Tiempo de lectura\">\n\t<meta name=\"twitter:data1\" content=\"1 minuto\">\n<script type=\"application\/ld+json\" class=\"yoast-schema-graph\">{\"@context\":\"https:\/\/schema.org\",\"@graph\":[{\"@type\":\"Organization\",\"@id\":\"https:\/\/www.promusicsmallorca.org\/#organization\",\"name\":\"ProM\\u00fasics Mallorca\",\"url\":\"https:\/\/www.promusicsmallorca.org\/\",\"sameAs\":[\"https:\/\/www.facebook.com\/promusicsmallorca\",\"https:\/\/www.instagram.com\/promusicsmallorca\/\",\"https:\/\/www.youtube.com\/channel\/UCWwttYA4JPovS2RZiGlHgpA\"],\"logo\":{\"@type\":\"ImageObject\",\"@id\":\"https:\/\/www.promusicsmallorca.org\/#logo\",\"inLanguage\":\"es\",\"url\":\"https:\/\/i0.wp.com\/www.promusicsmallorca.org\/wp-content\/uploads\/2021\/02\/image0.png?fit=10224%2C7725&ssl=1\",\"width\":10224,\"height\":7725,\"caption\":\"ProM\\u00fasics Mallorca\"},\"image\":{\"@id\":\"https:\/\/www.promusicsmallorca.org\/#logo\"}},{\"@type\":\"WebSite\",\"@id\":\"https:\/\/www.promusicsmallorca.org\/#website\",\"url\":\"https:\/\/www.promusicsmallorca.org\/\",\"name\":\"ProM\\u00fasics Mallorca\",\"description\":\"Associaci\\u00f3 de Professionals de la M\\u00fasica de Mallorca\",\"publisher\":{\"@id\":\"https:\/\/www.promusicsmallorca.org\/#organization\"},\"potentialAction\":[{\"@type\":\"SearchAction\",\"target\":\"https:\/\/www.promusicsmallorca.org\/?s={search_term_string}\",\"query-input\":\"required name=search_term_string\"}],\"inLanguage\":\"es\"},{\"@type\":\"ImageObject\",\"@id\":\"https:\/\/www.promusicsmallorca.org\/es\/catalogo-promusics\/moonlight-drivers\/#primaryimage\",\"inLanguage\":\"es\",\"url\":\"https:\/\/i0.wp.com\/www.promusicsmallorca.org\/wp-content\/uploads\/2021\/02\/eivissa-e1612775328217.jpg?fit=444%2C250&ssl=1\",\"width\":444,\"height\":250},{\"@type\":\"WebPage\",\"@id\":\"https:\/\/www.promusicsmallorca.org\/es\/catalogo-promusics\/moonlight-drivers\/#webpage\",\"url\":\"https:\/\/www.promusicsmallorca.org\/es\/catalogo-promusics\/moonlight-drivers\/\",\"name\":\"Moonlight Drivers - The Doors - ProM\\u00fasics Mallorca\",\"isPartOf\":{\"@id\":\"https:\/\/www.promusicsmallorca.org\/#website\"},\"primaryImageOfPage\":{\"@id\":\"https:\/\/www.promusicsmallorca.org\/es\/catalogo-promusics\/moonlight-drivers\/#primaryimage\"},\"datePublished\":\"2021-02-08T09:09:08+00:00\",\"dateModified\":\"2022-03-20T15:00:40+00:00\",\"inLanguage\":\"es\",\"potentialAction\":[{\"@type\":\"ReadAction\",\"target\":[\"https:\/\/www.promusicsmallorca.org\/es\/catalogo-promusics\/moonlight-drivers\/\"]}]}]}<\/script>\n<!-- \/ Yoast SEO Premium plugin. -->","jetpack_sharing_enabled":true,"_links":{"self":[{"href":"https:\/\/www.promusicsmallorca.org\/es\/wp-json\/wp\/v2\/product\/2208"}],"collection":[{"href":"https:\/\/www.promusicsmallorca.org\/es\/wp-json\/wp\/v2\/product"}],"about":[{"href":"https:\/\/www.promusicsmallorca.org\/es\/wp-json\/wp\/v2\/types\/product"}],"wp:featuredmedia":[{"embeddable":true,"href":"https:\/\/www.promusicsmallorca.org\/es\/wp-json\/wp\/v2\/media\/2209"}],"wp:attachment":[{"href":"https:\/\/www.promusicsmallorca.org\/es\/wp-json\/wp\/v2\/media?parent=2208"}],"wp:term":[{"taxonomy":"product_cat","embeddable":true,"href":"https:\/\/www.promusicsmallorca.org\/es\/wp-json\/wp\/v2\/product_cat?post=2208"},{"taxonomy":"product_tag","embeddable":true,"href":"https:\/\/www.promusicsmallorca.org\/es\/wp-json\/wp\/v2\/product_tag?post=2208"}],"curies":[{"name":"wp","href":"https:\/\/api.w.org\/{rel}","templated":true}]}}