{"id":2158,"date":"2021-02-08T06:45:13","date_gmt":"2021-02-08T06:45:13","guid":{"rendered":"https:\/\/www.promusicsmallorca.org\/?post_type=product&#038;p=2158"},"modified":"2022-04-01T08:07:10","modified_gmt":"2022-04-01T08:07:10","slug":"alma-de-mujer","status":"publish","type":"product","link":"https:\/\/www.promusicsmallorca.org\/es\/catalogo-promusics\/alma-de-mujer\/","title":{"rendered":"Alma de Mujer"},"content":{"rendered":"<p>Propuesta musical de las cantautoras Naty Lomas y Susana Aguil\u00f3, que unen su creatividad y amplia experiencia profesional en un proyecto lleno de fuerza y sensibilidad. Dos mujeres expresando vivencias y sue\u00f1os a trav\u00e9s de la m\u00fasica y la poes\u00eda. Naty Lomas forja su carrera art\u00edstica durante veinte a\u00f1os entre M\u00e9xico y Espa\u00f1a como int\u00e9rprete y productora de m\u00fasica original. Discos: Amante del mar, Alquimia y Coraz\u00f3n Luna. Susana Aguil\u00f3, pianista y cantautora, ha actuado en salas de Madrid, Barcelona, Irlanda y Mallorca. Compone y auto produce los discos: Las emociones de los h\u00e9roes y Aut\u00e9ntica.<\/p>\n<pre style=\"text-align: center;\"><a href=\"https:\/\/www.facebook.com\/almademujerproject\" target=\"_blank\" rel=\"noopener\">https:\/\/www.facebook.com\/almademujerproject<\/a>\r\n<a href=\"https:\/\/www.youtube.com\/c\/NatyLomas\/featured\" target=\"_blank\" rel=\"noopener\">https:\/\/www.youtube.com\/c\/NatyLomas\/featured<\/a>\r\n<a href=\"https:\/\/open.spotify.com\/artist\/2CLvuwYzhDKAzSqbpRXAmh\" target=\"_blank\" rel=\"noopener\">https:\/\/open.spotify.com\/artist\/2CLvuwYzhDKAzSqbpRXAmh<\/a><\/pre>\n<p style=\"text-align: right;\">Natividad Mar\u00eda Lomas M\u00e1rquez:: 696117163 \/ <a href=\"mailto:natylomas@gmail.com\" target=\"_blank\" rel=\"noopener\">natylomas@gmail.com<\/a><\/p>\n","protected":false},"excerpt":{"rendered":"<p style=\"text-align: center;\">NATY LOMAS &#8211; Voz y guitarra<br \/>\nSUSANA AGUIL\u00d3 &#8211; Voz y piano<\/p>\n","protected":false},"featured_media":3638,"template":"","meta":{"_et_pb_use_builder":"","_et_pb_old_content":"","_et_gb_content_width":""},"product_cat":[75,130,117,134,84,88],"product_tag":[91],"yoast_head":"<!-- This site is optimized with the Yoast SEO Premium plugin v15.7 - https:\/\/yoast.com\/wordpress\/plugins\/seo\/ -->\n<title>Alma de Mujer - ProM\u00fasics Mallorca<\/title>\n<meta name=\"robots\" content=\"index, follow, max-snippet:-1, max-image-preview:large, max-video-preview:-1\" \/>\n<link rel=\"canonical\" href=\"https:\/\/www.promusicsmallorca.org\/es\/catalogo-promusics\/alma-de-mujer\/\" \/>\n<meta property=\"og:locale\" content=\"es_ES\" \/>\n<meta property=\"og:type\" content=\"article\" \/>\n<meta property=\"og:title\" content=\"Alma de Mujer - ProM\u00fasics Mallorca\" \/>\n<meta property=\"og:description\" content=\"NATY LOMAS - Voz y guitarra SUSANA AGUIL\u00d3 - Voz y piano\" \/>\n<meta property=\"og:url\" content=\"https:\/\/www.promusicsmallorca.org\/es\/catalogo-promusics\/alma-de-mujer\/\" \/>\n<meta property=\"og:site_name\" content=\"ProM\u00fasics Mallorca\" \/>\n<meta property=\"article:publisher\" content=\"https:\/\/www.facebook.com\/promusicsmallorca\" \/>\n<meta property=\"article:modified_time\" content=\"2022-04-01T08:07:10+00:00\" \/>\n<meta property=\"og:image\" content=\"https:\/\/i0.wp.com\/www.promusicsmallorca.org\/wp-content\/uploads\/2021\/02\/2-CARTEL.jpg?fit=2245%2C1485&#038;ssl=1\" \/>\n\t<meta property=\"og:image:width\" content=\"2245\" \/>\n\t<meta property=\"og:image:height\" content=\"1485\" \/>\n<meta name=\"twitter:card\" content=\"summary_large_image\" \/>\n<meta name=\"twitter:label1\" content=\"Tiempo de lectura\">\n\t<meta name=\"twitter:data1\" content=\"1 minuto\">\n<script type=\"application\/ld+json\" class=\"yoast-schema-graph\">{\"@context\":\"https:\/\/schema.org\",\"@graph\":[{\"@type\":\"Organization\",\"@id\":\"https:\/\/www.promusicsmallorca.org\/#organization\",\"name\":\"ProM\\u00fasics Mallorca\",\"url\":\"https:\/\/www.promusicsmallorca.org\/\",\"sameAs\":[\"https:\/\/www.facebook.com\/promusicsmallorca\",\"https:\/\/www.instagram.com\/promusicsmallorca\/\",\"https:\/\/www.youtube.com\/channel\/UCWwttYA4JPovS2RZiGlHgpA\"],\"logo\":{\"@type\":\"ImageObject\",\"@id\":\"https:\/\/www.promusicsmallorca.org\/#logo\",\"inLanguage\":\"es\",\"url\":\"https:\/\/i0.wp.com\/www.promusicsmallorca.org\/wp-content\/uploads\/2021\/02\/image0.png?fit=10224%2C7725&ssl=1\",\"width\":10224,\"height\":7725,\"caption\":\"ProM\\u00fasics Mallorca\"},\"image\":{\"@id\":\"https:\/\/www.promusicsmallorca.org\/#logo\"}},{\"@type\":\"WebSite\",\"@id\":\"https:\/\/www.promusicsmallorca.org\/#website\",\"url\":\"https:\/\/www.promusicsmallorca.org\/\",\"name\":\"ProM\\u00fasics Mallorca\",\"description\":\"Associaci\\u00f3 de Professionals de la M\\u00fasica de Mallorca\",\"publisher\":{\"@id\":\"https:\/\/www.promusicsmallorca.org\/#organization\"},\"potentialAction\":[{\"@type\":\"SearchAction\",\"target\":\"https:\/\/www.promusicsmallorca.org\/?s={search_term_string}\",\"query-input\":\"required name=search_term_string\"}],\"inLanguage\":\"es\"},{\"@type\":\"ImageObject\",\"@id\":\"https:\/\/www.promusicsmallorca.org\/es\/catalogo-promusics\/alma-de-mujer\/#primaryimage\",\"inLanguage\":\"es\",\"url\":\"https:\/\/i0.wp.com\/www.promusicsmallorca.org\/wp-content\/uploads\/2021\/02\/2-CARTEL.jpg?fit=2245%2C1485&ssl=1\",\"width\":2245,\"height\":1485},{\"@type\":\"WebPage\",\"@id\":\"https:\/\/www.promusicsmallorca.org\/es\/catalogo-promusics\/alma-de-mujer\/#webpage\",\"url\":\"https:\/\/www.promusicsmallorca.org\/es\/catalogo-promusics\/alma-de-mujer\/\",\"name\":\"Alma de Mujer - ProM\\u00fasics Mallorca\",\"isPartOf\":{\"@id\":\"https:\/\/www.promusicsmallorca.org\/#website\"},\"primaryImageOfPage\":{\"@id\":\"https:\/\/www.promusicsmallorca.org\/es\/catalogo-promusics\/alma-de-mujer\/#primaryimage\"},\"datePublished\":\"2021-02-08T06:45:13+00:00\",\"dateModified\":\"2022-04-01T08:07:10+00:00\",\"inLanguage\":\"es\",\"potentialAction\":[{\"@type\":\"ReadAction\",\"target\":[\"https:\/\/www.promusicsmallorca.org\/es\/catalogo-promusics\/alma-de-mujer\/\"]}]}]}<\/script>\n<!-- \/ Yoast SEO Premium plugin. -->","jetpack_sharing_enabled":true,"_links":{"self":[{"href":"https:\/\/www.promusicsmallorca.org\/es\/wp-json\/wp\/v2\/product\/2158"}],"collection":[{"href":"https:\/\/www.promusicsmallorca.org\/es\/wp-json\/wp\/v2\/product"}],"about":[{"href":"https:\/\/www.promusicsmallorca.org\/es\/wp-json\/wp\/v2\/types\/product"}],"wp:featuredmedia":[{"embeddable":true,"href":"https:\/\/www.promusicsmallorca.org\/es\/wp-json\/wp\/v2\/media\/3638"}],"wp:attachment":[{"href":"https:\/\/www.promusicsmallorca.org\/es\/wp-json\/wp\/v2\/media?parent=2158"}],"wp:term":[{"taxonomy":"product_cat","embeddable":true,"href":"https:\/\/www.promusicsmallorca.org\/es\/wp-json\/wp\/v2\/product_cat?post=2158"},{"taxonomy":"product_tag","embeddable":true,"href":"https:\/\/www.promusicsmallorca.org\/es\/wp-json\/wp\/v2\/product_tag?post=2158"}],"curies":[{"name":"wp","href":"https:\/\/api.w.org\/{rel}","templated":true}]}}