{"id":2065,"date":"2021-02-06T13:10:15","date_gmt":"2021-02-06T13:10:15","guid":{"rendered":"https:\/\/www.promusicsmallorca.org\/?post_type=product&#038;p=2065"},"modified":"2022-03-20T17:36:01","modified_gmt":"2022-03-20T17:36:01","slug":"sheela-gathright-palma-groove-project","status":"publish","type":"product","link":"https:\/\/www.promusicsmallorca.org\/es\/catalogo-promusics\/sheela-gathright-palma-groove-project\/","title":{"rendered":"Sheela Gathright &#038; Palma Groove Project"},"content":{"rendered":"<p>PGP fundado en 2012 por Sheela Gathright (\u00abprimera dama de SOUL\u00bb de Mallorca), y Orlando Lund (productor\/ compositor\/ guitarrista). Estilo funky-soul-mel\u00f3dico con composiciones propias. Caracterizados por su gran musicalidad y por sus shows en vivo muy din\u00e1micos. 2014, el single \u00abWhat You Need\u00bb de su \u00e1lbum hom\u00f3nimo alcanz\u00f3 el n\u00famero 2 en el Top 10 de SoulSpain. PGP est\u00e1 formado por los m\u00fasicos m\u00e1s respetados de la isla, y colaboradores internacionales. Forman la comunidad en vivo conocida como &#8216;P-Groove&#8217;. PGP actuaron en &#8216;Eres Negre&#8217;, &#8216;Mallorca Black&#8217;, &#8216;Soul Weekend&#8217; y Teatre Principal Palma.<\/p>\n<pre style=\"text-align: center;\"><a href=\"https:\/\/www.facebook.com\/palmagrooveproject\" target=\"_blank\" rel=\"noopener\">https:\/\/www.facebook.com\/palmagrooveproject<\/a>\r\n<a href=\"http:\/\/tinyurl.com\/nrywetb\" target=\"_blank\" rel=\"noopener\">http:\/\/tinyurl.com\/nrywetb<\/a>\r\n<a href=\"https:\/\/www.youtube.com\/watch?v=yZh_2pLmK-Q\" target=\"_blank\" rel=\"noopener\">https:\/\/www.youtube.com\/watch?v=yZh_2pLmK-Q<\/a><\/pre>\n<p style=\"text-align: right;\">Orlando Lund: 627 791 696 \/ <a href=\"mailto:orlando_lunnd@yahoo.co.uk\" target=\"_blank\" rel=\"noopener\">orlando_lund@yahoo.co.uk<\/a><\/p>\n","protected":false},"excerpt":{"rendered":"<p style=\"text-align: center;\">Sheela Gathright \u2013 voz<br \/>\nOrlando Lund \u2013 guitarra, coros<br \/>\nPablo Di Salvo \u2013 bajo<br \/>\nRichard Vinton \u2013 teclados, coros<br \/>\nJaume Ginard \u2013 bater\u00eda<br \/>\nPep Lluis Garcia \u2013 percusi\u00f3n<\/p>\n","protected":false},"featured_media":3619,"template":"","meta":{"_et_pb_use_builder":"","_et_pb_old_content":"","_et_gb_content_width":""},"product_cat":[78,96,65,66],"product_tag":[92,106],"yoast_head":"<!-- This site is optimized with the Yoast SEO Premium plugin v15.7 - https:\/\/yoast.com\/wordpress\/plugins\/seo\/ -->\n<title>Sheela Gathright &amp; Palma Groove Project - ProM\u00fasics Mallorca<\/title>\n<meta name=\"robots\" content=\"index, follow, max-snippet:-1, max-image-preview:large, max-video-preview:-1\" \/>\n<link rel=\"canonical\" href=\"https:\/\/www.promusicsmallorca.org\/es\/catalogo-promusics\/sheela-gathright-palma-groove-project\/\" \/>\n<meta property=\"og:locale\" content=\"es_ES\" \/>\n<meta property=\"og:type\" content=\"article\" \/>\n<meta property=\"og:title\" content=\"Sheela Gathright &amp; Palma Groove Project - ProM\u00fasics Mallorca\" \/>\n<meta property=\"og:description\" content=\"Sheela Gathright \u2013 voz Orlando Lund \u2013 guitarra, coros Pablo Di Salvo \u2013 bajo Richard Vinton \u2013 teclados, coros Jaume Ginard \u2013 bater\u00eda Pep Lluis Garcia \u2013 percusi\u00f3n\" \/>\n<meta property=\"og:url\" content=\"https:\/\/www.promusicsmallorca.org\/es\/catalogo-promusics\/sheela-gathright-palma-groove-project\/\" \/>\n<meta property=\"og:site_name\" content=\"ProM\u00fasics Mallorca\" \/>\n<meta property=\"article:publisher\" content=\"https:\/\/www.facebook.com\/promusicsmallorca\" \/>\n<meta property=\"article:modified_time\" content=\"2022-03-20T17:36:01+00:00\" \/>\n<meta property=\"og:image\" content=\"https:\/\/i0.wp.com\/www.promusicsmallorca.org\/wp-content\/uploads\/2021\/02\/PalmaGrooveProject_MallorcaBlack-scaled.jpg?fit=2560%2C1707&#038;ssl=1\" \/>\n\t<meta property=\"og:image:width\" content=\"2560\" \/>\n\t<meta property=\"og:image:height\" content=\"1707\" \/>\n<meta name=\"twitter:card\" content=\"summary_large_image\" \/>\n<meta name=\"twitter:label1\" content=\"Tiempo de lectura\">\n\t<meta name=\"twitter:data1\" content=\"1 minuto\">\n<script type=\"application\/ld+json\" class=\"yoast-schema-graph\">{\"@context\":\"https:\/\/schema.org\",\"@graph\":[{\"@type\":\"Organization\",\"@id\":\"https:\/\/www.promusicsmallorca.org\/#organization\",\"name\":\"ProM\\u00fasics Mallorca\",\"url\":\"https:\/\/www.promusicsmallorca.org\/\",\"sameAs\":[\"https:\/\/www.facebook.com\/promusicsmallorca\",\"https:\/\/www.instagram.com\/promusicsmallorca\/\",\"https:\/\/www.youtube.com\/channel\/UCWwttYA4JPovS2RZiGlHgpA\"],\"logo\":{\"@type\":\"ImageObject\",\"@id\":\"https:\/\/www.promusicsmallorca.org\/#logo\",\"inLanguage\":\"es\",\"url\":\"https:\/\/i0.wp.com\/www.promusicsmallorca.org\/wp-content\/uploads\/2021\/02\/image0.png?fit=10224%2C7725&ssl=1\",\"width\":10224,\"height\":7725,\"caption\":\"ProM\\u00fasics Mallorca\"},\"image\":{\"@id\":\"https:\/\/www.promusicsmallorca.org\/#logo\"}},{\"@type\":\"WebSite\",\"@id\":\"https:\/\/www.promusicsmallorca.org\/#website\",\"url\":\"https:\/\/www.promusicsmallorca.org\/\",\"name\":\"ProM\\u00fasics Mallorca\",\"description\":\"Associaci\\u00f3 de Professionals de la M\\u00fasica de Mallorca\",\"publisher\":{\"@id\":\"https:\/\/www.promusicsmallorca.org\/#organization\"},\"potentialAction\":[{\"@type\":\"SearchAction\",\"target\":\"https:\/\/www.promusicsmallorca.org\/?s={search_term_string}\",\"query-input\":\"required name=search_term_string\"}],\"inLanguage\":\"es\"},{\"@type\":\"ImageObject\",\"@id\":\"https:\/\/www.promusicsmallorca.org\/es\/catalogo-promusics\/sheela-gathright-palma-groove-project\/#primaryimage\",\"inLanguage\":\"es\",\"url\":\"https:\/\/i0.wp.com\/www.promusicsmallorca.org\/wp-content\/uploads\/2021\/02\/PalmaGrooveProject_MallorcaBlack-scaled.jpg?fit=2560%2C1707&ssl=1\",\"width\":2560,\"height\":1707},{\"@type\":\"WebPage\",\"@id\":\"https:\/\/www.promusicsmallorca.org\/es\/catalogo-promusics\/sheela-gathright-palma-groove-project\/#webpage\",\"url\":\"https:\/\/www.promusicsmallorca.org\/es\/catalogo-promusics\/sheela-gathright-palma-groove-project\/\",\"name\":\"Sheela Gathright & Palma Groove Project - ProM\\u00fasics Mallorca\",\"isPartOf\":{\"@id\":\"https:\/\/www.promusicsmallorca.org\/#website\"},\"primaryImageOfPage\":{\"@id\":\"https:\/\/www.promusicsmallorca.org\/es\/catalogo-promusics\/sheela-gathright-palma-groove-project\/#primaryimage\"},\"datePublished\":\"2021-02-06T13:10:15+00:00\",\"dateModified\":\"2022-03-20T17:36:01+00:00\",\"inLanguage\":\"es\",\"potentialAction\":[{\"@type\":\"ReadAction\",\"target\":[\"https:\/\/www.promusicsmallorca.org\/es\/catalogo-promusics\/sheela-gathright-palma-groove-project\/\"]}]}]}<\/script>\n<!-- \/ Yoast SEO Premium plugin. -->","jetpack_sharing_enabled":true,"_links":{"self":[{"href":"https:\/\/www.promusicsmallorca.org\/es\/wp-json\/wp\/v2\/product\/2065"}],"collection":[{"href":"https:\/\/www.promusicsmallorca.org\/es\/wp-json\/wp\/v2\/product"}],"about":[{"href":"https:\/\/www.promusicsmallorca.org\/es\/wp-json\/wp\/v2\/types\/product"}],"wp:featuredmedia":[{"embeddable":true,"href":"https:\/\/www.promusicsmallorca.org\/es\/wp-json\/wp\/v2\/media\/3619"}],"wp:attachment":[{"href":"https:\/\/www.promusicsmallorca.org\/es\/wp-json\/wp\/v2\/media?parent=2065"}],"wp:term":[{"taxonomy":"product_cat","embeddable":true,"href":"https:\/\/www.promusicsmallorca.org\/es\/wp-json\/wp\/v2\/product_cat?post=2065"},{"taxonomy":"product_tag","embeddable":true,"href":"https:\/\/www.promusicsmallorca.org\/es\/wp-json\/wp\/v2\/product_tag?post=2065"}],"curies":[{"name":"wp","href":"https:\/\/api.w.org\/{rel}","templated":true}]}}