{"id":2023,"date":"2021-02-06T09:02:37","date_gmt":"2021-02-06T09:02:37","guid":{"rendered":"https:\/\/www.promusicsmallorca.org\/?post_type=product&#038;p=2023"},"modified":"2022-04-27T11:14:06","modified_gmt":"2022-04-27T11:14:06","slug":"dragonera-tango","status":"publish","type":"product","link":"https:\/\/www.promusicsmallorca.org\/es\/catalogo-promusics\/dragonera-tango\/","title":{"rendered":"Dragonera Tango"},"content":{"rendered":"<p>El tango constituye un amplio universo musical que en las \u00faltimas d\u00e9cadas vive un importante resurgimiento. Como parte de la nueva generaci\u00f3n, Dragonera tango se inscribe en la corriente \u201crenovadora\u201d a la que pertenecen Astor Piazzolla y Horacio Salg\u00e1n como figuras centrales. El repertorio propone un recorrido desde los cl\u00e1sicos de Carlos Gardel hasta las nuevas composiciones incluyendo, adem\u00e1s de tangos, valses y milongas; zambas, choros y boleros, en compromiso con la m\u00fasica universal y sin fronteras<\/p>\n<pre style=\"text-align: center;\"><a href=\"https:\/\/fb.watch\/36tuWp5d-2\/\" target=\"_blank\" rel=\"noopener\">https:\/\/fb.watch\/36tuWp5d-2\/<\/a>\r\n<a href=\"https:\/\/www.youtube.com\/watch?v=86hPNECHNoU&amp;ab_channel=DragoneraTango\" target=\"_blank\" rel=\"noopener\">https:\/\/www.youtube.com\/watch?v=86hPNECHNoU&amp;ab_channel=DragoneraTango<\/a>\r\n<a href=\"https:\/\/fb.watch\/36tcY62aQK\/\" target=\"_blank\" rel=\"noopener\">https:\/\/fb.watch\/36tcY62aQK\/<\/a><\/pre>\n<p style=\"text-align: right;\">Pablo Di Salvo: 620 47 84 72 \/ <a href=\"mailto:pablodisalvo@gmail.com\" target=\"_blank\" rel=\"noopener\">pablodisalvo@gmail.com<\/a><\/p>\n","protected":false},"excerpt":{"rendered":"<p style=\"text-align: center;\">Pablo di salvo : Contrabajo<br \/>\nGaspar M\u00fcller : Bandone\u00f3n<br \/>\nN\u00e9stor Zarzoso: Piano<br \/>\nAlfredo Ardanaz : Viol\u00edn<\/p>\n","protected":false},"featured_media":2024,"template":"","meta":{"_et_pb_use_builder":"","_et_pb_old_content":"","_et_gb_content_width":""},"product_cat":[126],"product_tag":[72],"yoast_head":"<!-- This site is optimized with the Yoast SEO Premium plugin v15.7 - https:\/\/yoast.com\/wordpress\/plugins\/seo\/ -->\n<title>Dragonera Tango - ProM\u00fasics Mallorca<\/title>\n<meta name=\"robots\" content=\"index, follow, max-snippet:-1, max-image-preview:large, max-video-preview:-1\" \/>\n<link rel=\"canonical\" href=\"https:\/\/www.promusicsmallorca.org\/es\/catalogo-promusics\/dragonera-tango\/\" \/>\n<meta property=\"og:locale\" content=\"es_ES\" \/>\n<meta property=\"og:type\" content=\"article\" \/>\n<meta property=\"og:title\" content=\"Dragonera Tango - ProM\u00fasics Mallorca\" \/>\n<meta property=\"og:description\" content=\"Pablo di salvo : Contrabajo Gaspar M\u00fcller : Bandone\u00f3n N\u00e9stor Zarzoso: Piano Alfredo Ardanaz : Viol\u00edn\" \/>\n<meta property=\"og:url\" content=\"https:\/\/www.promusicsmallorca.org\/es\/catalogo-promusics\/dragonera-tango\/\" \/>\n<meta property=\"og:site_name\" content=\"ProM\u00fasics Mallorca\" \/>\n<meta property=\"article:publisher\" content=\"https:\/\/www.facebook.com\/promusicsmallorca\" \/>\n<meta property=\"article:modified_time\" content=\"2022-04-27T11:14:06+00:00\" \/>\n<meta property=\"og:image\" content=\"https:\/\/i0.wp.com\/www.promusicsmallorca.org\/wp-content\/uploads\/2021\/02\/DSC00389-scaled-e1612602135118.jpg?fit=444%2C250&#038;ssl=1\" \/>\n\t<meta property=\"og:image:width\" content=\"444\" \/>\n\t<meta property=\"og:image:height\" content=\"250\" \/>\n<meta name=\"twitter:card\" content=\"summary_large_image\" \/>\n<meta name=\"twitter:label1\" content=\"Tiempo de lectura\">\n\t<meta name=\"twitter:data1\" content=\"1 minuto\">\n<script type=\"application\/ld+json\" class=\"yoast-schema-graph\">{\"@context\":\"https:\/\/schema.org\",\"@graph\":[{\"@type\":\"Organization\",\"@id\":\"https:\/\/www.promusicsmallorca.org\/#organization\",\"name\":\"ProM\\u00fasics Mallorca\",\"url\":\"https:\/\/www.promusicsmallorca.org\/\",\"sameAs\":[\"https:\/\/www.facebook.com\/promusicsmallorca\",\"https:\/\/www.instagram.com\/promusicsmallorca\/\",\"https:\/\/www.youtube.com\/channel\/UCWwttYA4JPovS2RZiGlHgpA\"],\"logo\":{\"@type\":\"ImageObject\",\"@id\":\"https:\/\/www.promusicsmallorca.org\/#logo\",\"inLanguage\":\"es\",\"url\":\"https:\/\/i0.wp.com\/www.promusicsmallorca.org\/wp-content\/uploads\/2021\/02\/image0.png?fit=10224%2C7725&ssl=1\",\"width\":10224,\"height\":7725,\"caption\":\"ProM\\u00fasics Mallorca\"},\"image\":{\"@id\":\"https:\/\/www.promusicsmallorca.org\/#logo\"}},{\"@type\":\"WebSite\",\"@id\":\"https:\/\/www.promusicsmallorca.org\/#website\",\"url\":\"https:\/\/www.promusicsmallorca.org\/\",\"name\":\"ProM\\u00fasics Mallorca\",\"description\":\"Associaci\\u00f3 de Professionals de la M\\u00fasica de Mallorca\",\"publisher\":{\"@id\":\"https:\/\/www.promusicsmallorca.org\/#organization\"},\"potentialAction\":[{\"@type\":\"SearchAction\",\"target\":\"https:\/\/www.promusicsmallorca.org\/?s={search_term_string}\",\"query-input\":\"required name=search_term_string\"}],\"inLanguage\":\"es\"},{\"@type\":\"ImageObject\",\"@id\":\"https:\/\/www.promusicsmallorca.org\/es\/catalogo-promusics\/dragonera-tango\/#primaryimage\",\"inLanguage\":\"es\",\"url\":\"https:\/\/i0.wp.com\/www.promusicsmallorca.org\/wp-content\/uploads\/2021\/02\/DSC00389-scaled-e1612602135118.jpg?fit=444%2C250&ssl=1\",\"width\":444,\"height\":250},{\"@type\":\"WebPage\",\"@id\":\"https:\/\/www.promusicsmallorca.org\/es\/catalogo-promusics\/dragonera-tango\/#webpage\",\"url\":\"https:\/\/www.promusicsmallorca.org\/es\/catalogo-promusics\/dragonera-tango\/\",\"name\":\"Dragonera Tango - ProM\\u00fasics Mallorca\",\"isPartOf\":{\"@id\":\"https:\/\/www.promusicsmallorca.org\/#website\"},\"primaryImageOfPage\":{\"@id\":\"https:\/\/www.promusicsmallorca.org\/es\/catalogo-promusics\/dragonera-tango\/#primaryimage\"},\"datePublished\":\"2021-02-06T09:02:37+00:00\",\"dateModified\":\"2022-04-27T11:14:06+00:00\",\"inLanguage\":\"es\",\"potentialAction\":[{\"@type\":\"ReadAction\",\"target\":[\"https:\/\/www.promusicsmallorca.org\/es\/catalogo-promusics\/dragonera-tango\/\"]}]}]}<\/script>\n<!-- \/ Yoast SEO Premium plugin. -->","jetpack_sharing_enabled":true,"_links":{"self":[{"href":"https:\/\/www.promusicsmallorca.org\/es\/wp-json\/wp\/v2\/product\/2023"}],"collection":[{"href":"https:\/\/www.promusicsmallorca.org\/es\/wp-json\/wp\/v2\/product"}],"about":[{"href":"https:\/\/www.promusicsmallorca.org\/es\/wp-json\/wp\/v2\/types\/product"}],"wp:featuredmedia":[{"embeddable":true,"href":"https:\/\/www.promusicsmallorca.org\/es\/wp-json\/wp\/v2\/media\/2024"}],"wp:attachment":[{"href":"https:\/\/www.promusicsmallorca.org\/es\/wp-json\/wp\/v2\/media?parent=2023"}],"wp:term":[{"taxonomy":"product_cat","embeddable":true,"href":"https:\/\/www.promusicsmallorca.org\/es\/wp-json\/wp\/v2\/product_cat?post=2023"},{"taxonomy":"product_tag","embeddable":true,"href":"https:\/\/www.promusicsmallorca.org\/es\/wp-json\/wp\/v2\/product_tag?post=2023"}],"curies":[{"name":"wp","href":"https:\/\/api.w.org\/{rel}","templated":true}]}}