{"id":1980,"date":"2021-02-04T21:57:27","date_gmt":"2021-02-04T21:57:27","guid":{"rendered":"https:\/\/www.promusicsmallorca.org\/?post_type=product&#038;p=1980"},"modified":"2022-03-20T17:38:09","modified_gmt":"2022-03-20T17:38:09","slug":"fresh-party-soul-band","status":"publish","type":"product","link":"https:\/\/www.promusicsmallorca.org\/es\/catalogo-promusics\/fresh-party-soul-band\/","title":{"rendered":"FRESH \u2013 Party &#038; Soul Band"},"content":{"rendered":"<p>El grupo del teclista y director musical Rony B. (Ronald Brand) act\u00faa en eventos de empresas y fiestas privadas por toda Europa, especialmente por Alemania, Suiza y Baleares, desde m\u00e1s de 10 a\u00f1os.<br \/>\nRony B. est\u00e1 en el mundo de eventos internacionales desde 1981, y como todos los integrantes del grupo, tambi\u00e9n ha tocado durante su carrera para muchos artistas famosos internacionales del mundo pop, soul, rock y jazz.<br \/>\nLa base del grupo son siempre 4 m\u00fasicos (bater\u00eda, bajista, guitarrista, teclista), m\u00e1s 1-4 cantantes de diferentes estilos de toda Europa.<\/p>\n<pre style=\"text-align: center;\"><a href=\"http:\/\/www.mallorca-partyband.com\">http:\/\/www.mallorca-partyband.com<\/a>\r\n<a href=\"http:\/\/www.ronyb-mallorca.com\">http:\/\/www.ronyb-mallorca.com<\/a>\r\n<a href=\"https:\/\/youtube.com\/playlist?list=PLFsVPAxDrkeb4KmcdB2esTG9wXrjPRJxd\">https:\/\/youtube.com\/playlist?list=PLFsVPAxDrkeb4KmcdB2esTG9wXrjPRJxd<\/a><\/pre>\n<p style=\"text-align: right;\">Ronald Brand: 971 699602 \/ <a href=\"mailto:ronybmallorca@icloud.com\">ronybmallorca@icloud.com<\/a><\/p>\n","protected":false},"excerpt":{"rendered":"<p style=\"text-align: center;\">Ronald Brand: Director musical y teclados<br \/>\nPatti Ballinas: Bater\u00eda<br \/>\nSteve Bergendy: Bajos<br \/>\nJaume Ginard Calpin: Guitarra y Voz<br \/>\nCarmen Purperhart: Voz<br \/>\nElon Jackson Bivins: Voz<br \/>\nKavila Wiener: Voz<br \/>\nInan Lima: Voz<br \/>\nNorbert Fimpel: saxo<br \/>\nInan ST . Ives: trompeta y percusi\u00f3n<br \/>\nJose Lluis Garc\u00eda: percusi\u00f3n<\/p>\n","protected":false},"featured_media":1981,"template":"","meta":{"_et_pb_use_builder":"","_et_pb_old_content":"","_et_gb_content_width":""},"product_cat":[78,65,66],"product_tag":[92,106],"yoast_head":"<!-- This site is optimized with the Yoast SEO Premium plugin v15.7 - https:\/\/yoast.com\/wordpress\/plugins\/seo\/ -->\n<title>FRESH \u2013 Party &amp; Soul Band - ProM\u00fasics Mallorca<\/title>\n<meta name=\"robots\" content=\"index, follow, max-snippet:-1, max-image-preview:large, max-video-preview:-1\" \/>\n<link rel=\"canonical\" href=\"https:\/\/www.promusicsmallorca.org\/es\/catalogo-promusics\/fresh-party-soul-band\/\" \/>\n<meta property=\"og:locale\" content=\"es_ES\" \/>\n<meta property=\"og:type\" content=\"article\" \/>\n<meta property=\"og:title\" content=\"FRESH \u2013 Party &amp; Soul Band - ProM\u00fasics Mallorca\" \/>\n<meta property=\"og:description\" content=\"Ronald Brand: Director musical y teclados Patti Ballinas: Bater\u00eda Steve Bergendy: Bajos Jaume Ginard Calpin: Guitarra y Voz Carmen Purperhart: Voz Elon Jackson Bivins: Voz Kavila Wiener: Voz Inan Lima: Voz Norbert Fimpel: saxo Inan ST . Ives: trompeta y percusi\u00f3n Jose Lluis Garc\u00eda: percusi\u00f3n\" \/>\n<meta property=\"og:url\" content=\"https:\/\/www.promusicsmallorca.org\/es\/catalogo-promusics\/fresh-party-soul-band\/\" \/>\n<meta property=\"og:site_name\" content=\"ProM\u00fasics Mallorca\" \/>\n<meta property=\"article:publisher\" content=\"https:\/\/www.facebook.com\/promusicsmallorca\" \/>\n<meta property=\"article:modified_time\" content=\"2022-03-20T17:38:09+00:00\" \/>\n<meta property=\"og:image\" content=\"https:\/\/i0.wp.com\/www.promusicsmallorca.org\/wp-content\/uploads\/2021\/02\/0581_3105_PS-scaled-e1612475772930.jpg?fit=375%2C250&#038;ssl=1\" \/>\n\t<meta property=\"og:image:width\" content=\"375\" \/>\n\t<meta property=\"og:image:height\" content=\"250\" \/>\n<meta name=\"twitter:card\" content=\"summary_large_image\" \/>\n<meta name=\"twitter:label1\" content=\"Tiempo de lectura\">\n\t<meta name=\"twitter:data1\" content=\"1 minuto\">\n<script type=\"application\/ld+json\" class=\"yoast-schema-graph\">{\"@context\":\"https:\/\/schema.org\",\"@graph\":[{\"@type\":\"Organization\",\"@id\":\"https:\/\/www.promusicsmallorca.org\/#organization\",\"name\":\"ProM\\u00fasics Mallorca\",\"url\":\"https:\/\/www.promusicsmallorca.org\/\",\"sameAs\":[\"https:\/\/www.facebook.com\/promusicsmallorca\",\"https:\/\/www.instagram.com\/promusicsmallorca\/\",\"https:\/\/www.youtube.com\/channel\/UCWwttYA4JPovS2RZiGlHgpA\"],\"logo\":{\"@type\":\"ImageObject\",\"@id\":\"https:\/\/www.promusicsmallorca.org\/#logo\",\"inLanguage\":\"es\",\"url\":\"https:\/\/i0.wp.com\/www.promusicsmallorca.org\/wp-content\/uploads\/2021\/02\/image0.png?fit=10224%2C7725&ssl=1\",\"width\":10224,\"height\":7725,\"caption\":\"ProM\\u00fasics Mallorca\"},\"image\":{\"@id\":\"https:\/\/www.promusicsmallorca.org\/#logo\"}},{\"@type\":\"WebSite\",\"@id\":\"https:\/\/www.promusicsmallorca.org\/#website\",\"url\":\"https:\/\/www.promusicsmallorca.org\/\",\"name\":\"ProM\\u00fasics Mallorca\",\"description\":\"Associaci\\u00f3 de Professionals de la M\\u00fasica de Mallorca\",\"publisher\":{\"@id\":\"https:\/\/www.promusicsmallorca.org\/#organization\"},\"potentialAction\":[{\"@type\":\"SearchAction\",\"target\":\"https:\/\/www.promusicsmallorca.org\/?s={search_term_string}\",\"query-input\":\"required name=search_term_string\"}],\"inLanguage\":\"es\"},{\"@type\":\"ImageObject\",\"@id\":\"https:\/\/www.promusicsmallorca.org\/es\/catalogo-promusics\/fresh-party-soul-band\/#primaryimage\",\"inLanguage\":\"es\",\"url\":\"https:\/\/i0.wp.com\/www.promusicsmallorca.org\/wp-content\/uploads\/2021\/02\/0581_3105_PS-scaled-e1612475772930.jpg?fit=375%2C250&ssl=1\",\"width\":375,\"height\":250},{\"@type\":\"WebPage\",\"@id\":\"https:\/\/www.promusicsmallorca.org\/es\/catalogo-promusics\/fresh-party-soul-band\/#webpage\",\"url\":\"https:\/\/www.promusicsmallorca.org\/es\/catalogo-promusics\/fresh-party-soul-band\/\",\"name\":\"FRESH \\u2013 Party & Soul Band - ProM\\u00fasics Mallorca\",\"isPartOf\":{\"@id\":\"https:\/\/www.promusicsmallorca.org\/#website\"},\"primaryImageOfPage\":{\"@id\":\"https:\/\/www.promusicsmallorca.org\/es\/catalogo-promusics\/fresh-party-soul-band\/#primaryimage\"},\"datePublished\":\"2021-02-04T21:57:27+00:00\",\"dateModified\":\"2022-03-20T17:38:09+00:00\",\"inLanguage\":\"es\",\"potentialAction\":[{\"@type\":\"ReadAction\",\"target\":[\"https:\/\/www.promusicsmallorca.org\/es\/catalogo-promusics\/fresh-party-soul-band\/\"]}]}]}<\/script>\n<!-- \/ Yoast SEO Premium plugin. -->","jetpack_sharing_enabled":true,"_links":{"self":[{"href":"https:\/\/www.promusicsmallorca.org\/es\/wp-json\/wp\/v2\/product\/1980"}],"collection":[{"href":"https:\/\/www.promusicsmallorca.org\/es\/wp-json\/wp\/v2\/product"}],"about":[{"href":"https:\/\/www.promusicsmallorca.org\/es\/wp-json\/wp\/v2\/types\/product"}],"wp:featuredmedia":[{"embeddable":true,"href":"https:\/\/www.promusicsmallorca.org\/es\/wp-json\/wp\/v2\/media\/1981"}],"wp:attachment":[{"href":"https:\/\/www.promusicsmallorca.org\/es\/wp-json\/wp\/v2\/media?parent=1980"}],"wp:term":[{"taxonomy":"product_cat","embeddable":true,"href":"https:\/\/www.promusicsmallorca.org\/es\/wp-json\/wp\/v2\/product_cat?post=1980"},{"taxonomy":"product_tag","embeddable":true,"href":"https:\/\/www.promusicsmallorca.org\/es\/wp-json\/wp\/v2\/product_tag?post=1980"}],"curies":[{"name":"wp","href":"https:\/\/api.w.org\/{rel}","templated":true}]}}