{"id":274,"date":"2020-06-25T11:06:36","date_gmt":"2020-06-25T11:06:36","guid":{"rendered":"https:\/\/www.promusicsmallorca.org\/?page_id=274"},"modified":"2022-07-11T19:13:11","modified_gmt":"2022-07-11T19:13:11","slug":"socios","status":"publish","type":"page","link":"https:\/\/www.promusicsmallorca.org\/es\/socios\/","title":{"rendered":"Socios"},"content":{"rendered":"<p>[et_pb_section bb_built=\u00bb1&#8243; _builder_version=\u00bb4.4.8&#8243;][et_pb_row _builder_version=\u00bb4.4.8&#8243;][et_pb_column type=\u00bb4_4&#8243; _builder_version=\u00bb4.4.8&#8243;][et_pb_text _builder_version=\u00bb4.4.8&#8243;]<\/p>\n<h1 style=\"text-align: center;\">Descuentos para socias y socios<\/h1>\n<p>[\/et_pb_text][\/et_pb_column][\/et_pb_row][et_pb_row column_structure=\u00bb1_3,1_3,1_3&#8243; _builder_version=\u00bb4.4.8&#8243;][et_pb_column type=\u00bb1_3&#8243; _builder_version=\u00bb4.4.8&#8243;][et_pb_blurb title=\u00bbRock House Manacor\u00bb url=\u00bbhttps:\/\/www.facebook.com\/RockHouseManacor\/\u00bb url_new_window=\u00bbon\u00bb image=\u00bbhttps:\/\/www.promusicsmallorca.org\/wp-content\/uploads\/2020\/07\/rockhouse.jpg\u00bb image_max_width=\u00bb50%\u00bb _builder_version=\u00bb4.5.5&#8243; text_orientation=\u00bbcenter\u00bb module_alignment=\u00bbcenter\u00bb min_height=\u00bb509px\u00bb custom_padding=\u00bb||24px|||\u00bb link_option_url=\u00bbhttps:\/\/www.facebook.com\/RockHouseManacor\/\u00bb link_option_url_new_window=\u00bbon\u00bb image_icon_width=\u00bb50%\u00bb]<\/p>\n<p style=\"margin-bottom: 0cm;\">Rock House siempre ha sido una empresa formada por m\u00fasicos y para los m\u00fasicos. Por este hecho queremos apoyar con todo lo que nos sea posible a la asociaci\u00f3n <strong>Prom\u00fasics Mallorca<\/strong> (Asociaci\u00f3n de Profesionales de la M\u00fasica de Mallorca), porque consideramos que es muy necesario la dignificaci\u00f3n y regulaci\u00f3n del trabajo de los \/ las artistas musicales. Por este hecho queremos colaborar con los siguientes descuentos aplicados a los socios:<\/p>\n<p style=\"margin-bottom: 0cm;\"><strong>10% sobre PVP con todos los accesorios musicales. <\/strong><\/p>\n<p style=\"margin-bottom: 0cm;\"><strong>5% con las reparaciones de los instrumentos y equipos.<\/strong><\/p>\n<p style=\"margin-bottom: 0cm; text-align: center;\">Sin embargo siempre que sea posible garantizaremos el precio de las webs online m\u00e1s relevantes con los productos de las grandes marcas.<\/p>\n<p>[\/et_pb_blurb][et_pb_blurb title=\u00bbFisio Ars\u00bb url=\u00bbhttps:\/\/www.facebook.com\/consultafisioars\/\u00bb url_new_window=\u00bbon\u00bb image=\u00bbhttps:\/\/www.promusicsmallorca.org\/wp-content\/uploads\/2020\/08\/fisioars.jpg\u00bb image_max_width=\u00bb50%\u00bb _builder_version=\u00bb4.5.5&#8243; text_orientation=\u00bbcenter\u00bb module_alignment=\u00bbright\u00bb custom_margin=\u00bb14px|||||\u00bb link_option_url=\u00bbhttps:\/\/www.facebook.com\/consultafisioars\/\u00bb link_option_url_new_window=\u00bbon\u00bb image_icon_width=\u00bb50%\u00bb]<\/p>\n<p style=\"margin-bottom: 0cm; text-align: center;\">El centro de fisioterapia<strong> Fisio Ars<\/strong> naci\u00f3 en 2012 con la esperanza de mejorar la calidad de vida de los artistas esc\u00e9nicos. Mediante la prevenci\u00f3n y el tratamiento de sus lesiones buscamos asegurar la continuidad de sus carreras profesionales.<br \/> Considero que la creaci\u00f3n de la<strong> Asociaci\u00f3n ProM\u00fasics Mallorca<\/strong> es un paso m\u00e1s en el avance hacia la merecida valoraci\u00f3n de la profesi\u00f3n del m\u00fasico.<br \/> Si todos nos unimos y ponemos de nuestra parte, ser\u00e1 un poco m\u00e1s f\u00e1cil. Por eso <strong>Fisio Ars<\/strong> se compromete a aportar su granito de arena ofreciendo a los socios de ProM\u00fasics los siguientes descuentos:<\/p>\n<p style=\"margin-bottom: 0cm; text-align: center;\">&#8211; <strong>10%<\/strong> en las sesiones de fisioterapia.<br \/> &#8211; <strong>10%<\/strong> en las clases y talleres de ejercicio terap\u00e9utico y conciencia corporal.<br \/> <em>(No acumulables a otras ofertas)<\/em><\/p>\n<p>[\/et_pb_blurb][et_pb_blurb title=\u00bbDiego Blanco Fotografo\u00bb url=\u00bbhttp:\/\/www.diegoblanco.com\/portfolio\u00bb url_new_window=\u00bbon\u00bb image=\u00bbhttps:\/\/www.promusicsmallorca.org\/wp-content\/uploads\/2020\/09\/diego-blanco.jpg\u00bb _builder_version=\u00bb4.14.7&#8243; text_orientation=\u00bbcenter\u00bb module_alignment=\u00bbright\u00bb custom_margin=\u00bb14px|||||\u00bb link_option_url=\u00bbwww.diegoblanco.com\/portfolio\u00bb link_option_url_new_window=\u00bbon\u00bb image_icon_width=\u00bb50%\u00bb border_width_all_image_tablet=\u00bb25&#8243; box_shadow_horizontal_image_tablet=\u00bb0px\u00bb box_shadow_vertical_image_tablet=\u00bb0px\u00bb box_shadow_blur_image_tablet=\u00bb40px\u00bb box_shadow_spread_image_tablet=\u00bb0px\u00bb text_shadow_horizontal_length=\u00bbtext_shadow_style,%91object Object%93&#8243; text_shadow_horizontal_length_tablet=\u00bb0px\u00bb text_shadow_vertical_length=\u00bbtext_shadow_style,%91object Object%93&#8243; text_shadow_vertical_length_tablet=\u00bb0px\u00bb text_shadow_blur_strength=\u00bbtext_shadow_style,%91object Object%93&#8243; text_shadow_blur_strength_tablet=\u00bb1px\u00bb header_text_shadow_horizontal_length=\u00bbheader_text_shadow_style,%91object Object%93&#8243; header_text_shadow_horizontal_length_tablet=\u00bb0px\u00bb header_text_shadow_vertical_length=\u00bbheader_text_shadow_style,%91object Object%93&#8243; header_text_shadow_vertical_length_tablet=\u00bb0px\u00bb header_text_shadow_blur_strength=\u00bbheader_text_shadow_style,%91object Object%93&#8243; header_text_shadow_blur_strength_tablet=\u00bb1px\u00bb body_text_shadow_horizontal_length=\u00bbbody_text_shadow_style,%91object Object%93&#8243; body_text_shadow_horizontal_length_tablet=\u00bb0px\u00bb body_text_shadow_vertical_length=\u00bbbody_text_shadow_style,%91object Object%93&#8243; body_text_shadow_vertical_length_tablet=\u00bb0px\u00bb body_text_shadow_blur_strength=\u00bbbody_text_shadow_style,%91object Object%93&#8243; body_text_shadow_blur_strength_tablet=\u00bb1px\u00bb body_link_text_shadow_horizontal_length=\u00bbbody_link_text_shadow_style,%91object Object%93&#8243; body_link_text_shadow_horizontal_length_tablet=\u00bb0px\u00bb body_link_text_shadow_vertical_length=\u00bbbody_link_text_shadow_style,%91object Object%93&#8243; body_link_text_shadow_vertical_length_tablet=\u00bb0px\u00bb body_link_text_shadow_blur_strength=\u00bbbody_link_text_shadow_style,%91object Object%93&#8243; body_link_text_shadow_blur_strength_tablet=\u00bb1px\u00bb body_ul_text_shadow_horizontal_length=\u00bbbody_ul_text_shadow_style,%91object Object%93&#8243; body_ul_text_shadow_horizontal_length_tablet=\u00bb0px\u00bb body_ul_text_shadow_vertical_length=\u00bbbody_ul_text_shadow_style,%91object Object%93&#8243; body_ul_text_shadow_vertical_length_tablet=\u00bb0px\u00bb body_ul_text_shadow_blur_strength=\u00bbbody_ul_text_shadow_style,%91object Object%93&#8243; body_ul_text_shadow_blur_strength_tablet=\u00bb1px\u00bb body_ol_text_shadow_horizontal_length=\u00bbbody_ol_text_shadow_style,%91object Object%93&#8243; body_ol_text_shadow_horizontal_length_tablet=\u00bb0px\u00bb body_ol_text_shadow_vertical_length=\u00bbbody_ol_text_shadow_style,%91object Object%93&#8243; body_ol_text_shadow_vertical_length_tablet=\u00bb0px\u00bb body_ol_text_shadow_blur_strength=\u00bbbody_ol_text_shadow_style,%91object Object%93&#8243; body_ol_text_shadow_blur_strength_tablet=\u00bb1px\u00bb body_quote_text_shadow_horizontal_length=\u00bbbody_quote_text_shadow_style,%91object Object%93&#8243; body_quote_text_shadow_horizontal_length_tablet=\u00bb0px\u00bb body_quote_text_shadow_vertical_length=\u00bbbody_quote_text_shadow_style,%91object Object%93&#8243; body_quote_text_shadow_vertical_length_tablet=\u00bb0px\u00bb body_quote_text_shadow_blur_strength=\u00bbbody_quote_text_shadow_style,%91object Object%93&#8243; body_quote_text_shadow_blur_strength_tablet=\u00bb1px\u00bb box_shadow_horizontal_tablet=\u00bb0px\u00bb box_shadow_vertical_tablet=\u00bb0px\u00bb box_shadow_blur_tablet=\u00bb40px\u00bb box_shadow_spread_tablet=\u00bb0px\u00bb vertical_offset_tablet=\u00bb0&#8243; horizontal_offset_tablet=\u00bb0&#8243; z_index_tablet=\u00bb0&#8243;]<\/p>\n<p style=\"text-align: center;\">Sesi\u00f3n fotogr\u00e1fica para m\u00fasicos y artista<\/p>\n<p style=\"text-align: center;\">Oferta especial para <strong>socios de\u00a0 ProM\u00fasics Mallorca<\/strong>, sesi\u00f3n de fotos para m\u00fasicos, grupos y artistas. Por el precio de <strong>125\u20ac<\/strong> (normalmente es de 250\u20ac), aproximadamente una hora de sesi\u00f3n, localizaci\u00f3n a acordar. M\u00e1s de 100 fotograf\u00edas, de las cuales se eligen 20, se editan en photoshop y se entregan en formato digital de alta resoluci\u00f3n. Ideal para promociones, eventos, shows, portadas de CDs, redes sociales, prensa, etc<\/p>\n<p>[\/et_pb_blurb][\/et_pb_column][et_pb_column type=\u00bb1_3&#8243; _builder_version=\u00bb4.4.8&#8243;][et_pb_blurb _builder_version=\u00bb4.14.7&#8243; title=\u00bbTomamos impulso\u00bb image=\u00bbhttps:\/\/www.promusicsmallorca.org\/wp-content\/uploads\/2021\/07\/Captura-de-pantalla-2021-07-23-181655.jpg\u00bb box_shadow_horizontal_image_tablet=\u00bb0px\u00bb box_shadow_vertical_image_tablet=\u00bb0px\u00bb box_shadow_blur_image_tablet=\u00bb40px\u00bb box_shadow_spread_image_tablet=\u00bb0px\u00bb text_shadow_horizontal_length=\u00bbtext_shadow_style,%91object Object%93&#8243; text_shadow_horizontal_length_tablet=\u00bb0px\u00bb text_shadow_vertical_length=\u00bbtext_shadow_style,%91object Object%93&#8243; text_shadow_vertical_length_tablet=\u00bb0px\u00bb text_shadow_blur_strength=\u00bbtext_shadow_style,%91object Object%93&#8243; text_shadow_blur_strength_tablet=\u00bb1px\u00bb header_text_shadow_horizontal_length=\u00bbheader_text_shadow_style,%91object Object%93&#8243; header_text_shadow_horizontal_length_tablet=\u00bb0px\u00bb header_text_shadow_vertical_length=\u00bbheader_text_shadow_style,%91object Object%93&#8243; header_text_shadow_vertical_length_tablet=\u00bb0px\u00bb header_text_shadow_blur_strength=\u00bbheader_text_shadow_style,%91object Object%93&#8243; header_text_shadow_blur_strength_tablet=\u00bb1px\u00bb body_text_shadow_horizontal_length=\u00bbbody_text_shadow_style,%91object Object%93&#8243; body_text_shadow_horizontal_length_tablet=\u00bb0px\u00bb body_text_shadow_vertical_length=\u00bbbody_text_shadow_style,%91object Object%93&#8243; body_text_shadow_vertical_length_tablet=\u00bb0px\u00bb body_text_shadow_blur_strength=\u00bbbody_text_shadow_style,%91object Object%93&#8243; body_text_shadow_blur_strength_tablet=\u00bb1px\u00bb body_link_text_shadow_horizontal_length=\u00bbbody_link_text_shadow_style,%91object Object%93&#8243; body_link_text_shadow_horizontal_length_tablet=\u00bb0px\u00bb body_link_text_shadow_vertical_length=\u00bbbody_link_text_shadow_style,%91object Object%93&#8243; body_link_text_shadow_vertical_length_tablet=\u00bb0px\u00bb body_link_text_shadow_blur_strength=\u00bbbody_link_text_shadow_style,%91object Object%93&#8243; body_link_text_shadow_blur_strength_tablet=\u00bb1px\u00bb body_ul_text_shadow_horizontal_length=\u00bbbody_ul_text_shadow_style,%91object Object%93&#8243; body_ul_text_shadow_horizontal_length_tablet=\u00bb0px\u00bb body_ul_text_shadow_vertical_length=\u00bbbody_ul_text_shadow_style,%91object Object%93&#8243; body_ul_text_shadow_vertical_length_tablet=\u00bb0px\u00bb body_ul_text_shadow_blur_strength=\u00bbbody_ul_text_shadow_style,%91object Object%93&#8243; body_ul_text_shadow_blur_strength_tablet=\u00bb1px\u00bb body_ol_text_shadow_horizontal_length=\u00bbbody_ol_text_shadow_style,%91object Object%93&#8243; body_ol_text_shadow_horizontal_length_tablet=\u00bb0px\u00bb body_ol_text_shadow_vertical_length=\u00bbbody_ol_text_shadow_style,%91object Object%93&#8243; body_ol_text_shadow_vertical_length_tablet=\u00bb0px\u00bb body_ol_text_shadow_blur_strength=\u00bbbody_ol_text_shadow_style,%91object Object%93&#8243; body_ol_text_shadow_blur_strength_tablet=\u00bb1px\u00bb body_quote_text_shadow_horizontal_length=\u00bbbody_quote_text_shadow_style,%91object Object%93&#8243; body_quote_text_shadow_horizontal_length_tablet=\u00bb0px\u00bb body_quote_text_shadow_vertical_length=\u00bbbody_quote_text_shadow_style,%91object Object%93&#8243; body_quote_text_shadow_vertical_length_tablet=\u00bb0px\u00bb body_quote_text_shadow_blur_strength=\u00bbbody_quote_text_shadow_style,%91object Object%93&#8243; body_quote_text_shadow_blur_strength_tablet=\u00bb1px\u00bb box_shadow_horizontal_tablet=\u00bb0px\u00bb box_shadow_vertical_tablet=\u00bb0px\u00bb box_shadow_blur_tablet=\u00bb40px\u00bb box_shadow_spread_tablet=\u00bb0px\u00bb vertical_offset_tablet=\u00bb0&#8243; horizontal_offset_tablet=\u00bb0&#8243; z_index_tablet=\u00bb0&#8243; url=\u00bbfacundodaniel.delrio@targobank.es\u00bb url_new_window=\u00bbon\u00bb link_option_url=\u00bbfacundodaniel.delrio@targobank.es\u00bb link_option_url_new_window=\u00bbon\u00bb text_orientation=\u00bbcenter\u00bb header_text_align=\u00bbcenter\u00bb image_icon_width_tablet=\u00bb101px\u00bb border_width_all_image_tablet=\u00bb25&#8243; custom_css_blurb_title=\u00bbmargin-top:-70px;\u00bb]<\/p>\n<p style=\"text-align: center;\">En tomamos impulso (marca producto de la fusi\u00f3n de Agrupaci\u00f3, Targobank y Atlantis)<br \/>podemos ofrecer a los integrantes de la Asociaci\u00f3n ProM\u00fasics Mallorca asesoramiento<br \/>exclusivo y personalizado en nuestros productos de Banca y Seguros.<br \/>De esta manera, podr\u00e1n obtener informaci\u00f3n para asegurar sus instrumentos musicales.<br \/>Tambi\u00e9n, los integrantes de la Asociaci\u00f3n, contar\u00e1n con la posibilidad de tener a nuestro<br \/>Asesor Financiero, Facundo Delrio en exclusividad para el asesoramiento personalizado de este y dem\u00e1s productos.<br \/>Para obtener el precio de una p\u00f3liza para cada instrumento musical, solo deben cumplimentar<br \/>la siguiente informaci\u00f3n y les realizaremos una oferta personalizada:<br \/>&#8211; Nombre, direcci\u00f3n, c\u00f3digo postal, poblaci\u00f3n y n\u00ba Nif del tomador (si es empresa n\u00ba Cif)<br \/>&#8211; \u00c1mbito geogr\u00e1fico donde se usa el instrumento (Nacional, extranjero\u2026)<br \/>&#8211; Si es particular u orquesta<br \/>&#8211; Tipo de instrumento<br \/>&#8211; Descripci\u00f3n del mismo, marca, modelo, n\u00ba de identificaci\u00f3n<br \/>&#8211; Valor de instrumento<br \/>&#8211; Nombre del propietario y datos del mismo, si es diferente que el tomador<br \/>Por otro lado, os ofrecemos descuentos en nuestras p\u00f3lizas de Salud, Vida, Accidentes, Auto o Hogar.<br \/>Para obtener m\u00e1s informaci\u00f3n puedes contactar con Facundo Delrio en el tel\u00e9fono<strong> 623 199 096<\/strong> o en el mail <strong>facundodaniel.delrio@targobank.es<\/strong><br \/>Muchas Gracias.<\/p>\n<p>[\/et_pb_blurb][et_pb_blurb title=\u00bbMusicasa\u00bb url=\u00bbhttps:\/\/musicasatiendas.com\/\u00bb url_new_window=\u00bbon\u00bb image=\u00bbhttps:\/\/www.promusicsmallorca.org\/wp-content\/uploads\/2020\/07\/musicasalogo.jpeg\u00bb image_max_width=\u00bb50%\u00bb _builder_version=\u00bb4.14.7&#8243; text_orientation=\u00bbcenter\u00bb module_alignment=\u00bbright\u00bb link_option_url=\u00bbhttps:\/\/musicasatiendas.com\/\u00bb link_option_url_new_window=\u00bbon\u00bb image_icon_width=\u00bb50%\u00bb]<\/p>\n<p style=\"margin-bottom: 0cm; text-align: center;\">Nuestra empresa vive por y para los m\u00fasicos y por eso nos sentimos orgullosos de poder colaborar con <strong>ProM\u00fasics Mallorca, Asociaci\u00f3n de profesionales de la m\u00fasica de Mallorca. <\/strong><\/p>\n<p style=\"margin-bottom: 0cm; text-align: center;\">Apoyamos su lucha y hemos decidido que todos los asociados y asociadas, que vengan con el carnet de ProM\u00fasics Mallorca, <strong>tendr\u00e1n en todas nuestras tiendas de la isla, un trato especial por nuestra parte: <\/strong><\/p>\n<p style=\"margin-bottom: 0cm; text-align: center;\">Descuento en instrumentos musicales y en los productos de nuestras tiendas, siempre mejorando los precios de las tiendas online m\u00e1s relevantes.<\/p>\n<p style=\"margin-bottom: 0cm; text-align: center;\">Adem\u00e1s, en su primera compra mostrando el carnet de socio, se le obsequiar\u00e1 con una bolsa para transporte de cables y accesorios.<\/p>\n<p>&nbsp;<\/p>\n<p style=\"margin-bottom: 0cm; text-align: center;\"><span style=\"background: #ffffff;\">\u00a0<\/span><\/p>\n<p>[\/et_pb_blurb][et_pb_blurb title=\u00bbMallorca Music Magazine\u00bb url=\u00bbhttps:\/\/mallorcamusicmagazine.com\/buzon-conciertos\/\u00bb url_new_window=\u00bbon\u00bb image=\u00bbhttps:\/\/www.promusicsmallorca.org\/wp-content\/uploads\/2022\/07\/logo_mmm_negro_300x120.png\u00bb image_max_width=\u00bb50%\u00bb _builder_version=\u00bb4.14.7&#8243; text_orientation=\u00bbcenter\u00bb module_alignment=\u00bbright\u00bb link_option_url=\u00bbhttps:\/\/mallorcamusicmagazine.com\/buzon-conciertos\/\u00bb link_option_url_new_window=\u00bbon\u00bb image_icon_width=\u00bb80%\u00bb border_width_all_image_tablet=\u00bb25&#8243; box_shadow_horizontal_image_tablet=\u00bb0px\u00bb box_shadow_vertical_image_tablet=\u00bb0px\u00bb box_shadow_blur_image_tablet=\u00bb40px\u00bb box_shadow_spread_image_tablet=\u00bb0px\u00bb text_shadow_horizontal_length=\u00bbtext_shadow_style,%91object Object%93&#8243; text_shadow_horizontal_length_tablet=\u00bb0px\u00bb text_shadow_vertical_length=\u00bbtext_shadow_style,%91object Object%93&#8243; text_shadow_vertical_length_tablet=\u00bb0px\u00bb text_shadow_blur_strength=\u00bbtext_shadow_style,%91object Object%93&#8243; text_shadow_blur_strength_tablet=\u00bb1px\u00bb header_text_shadow_horizontal_length=\u00bbheader_text_shadow_style,%91object Object%93&#8243; header_text_shadow_horizontal_length_tablet=\u00bb0px\u00bb header_text_shadow_vertical_length=\u00bbheader_text_shadow_style,%91object Object%93&#8243; header_text_shadow_vertical_length_tablet=\u00bb0px\u00bb header_text_shadow_blur_strength=\u00bbheader_text_shadow_style,%91object Object%93&#8243; header_text_shadow_blur_strength_tablet=\u00bb1px\u00bb body_text_shadow_horizontal_length=\u00bbbody_text_shadow_style,%91object Object%93&#8243; body_text_shadow_horizontal_length_tablet=\u00bb0px\u00bb body_text_shadow_vertical_length=\u00bbbody_text_shadow_style,%91object Object%93&#8243; body_text_shadow_vertical_length_tablet=\u00bb0px\u00bb body_text_shadow_blur_strength=\u00bbbody_text_shadow_style,%91object Object%93&#8243; body_text_shadow_blur_strength_tablet=\u00bb1px\u00bb body_link_text_shadow_horizontal_length=\u00bbbody_link_text_shadow_style,%91object Object%93&#8243; body_link_text_shadow_horizontal_length_tablet=\u00bb0px\u00bb body_link_text_shadow_vertical_length=\u00bbbody_link_text_shadow_style,%91object Object%93&#8243; body_link_text_shadow_vertical_length_tablet=\u00bb0px\u00bb body_link_text_shadow_blur_strength=\u00bbbody_link_text_shadow_style,%91object Object%93&#8243; body_link_text_shadow_blur_strength_tablet=\u00bb1px\u00bb body_ul_text_shadow_horizontal_length=\u00bbbody_ul_text_shadow_style,%91object Object%93&#8243; body_ul_text_shadow_horizontal_length_tablet=\u00bb0px\u00bb body_ul_text_shadow_vertical_length=\u00bbbody_ul_text_shadow_style,%91object Object%93&#8243; body_ul_text_shadow_vertical_length_tablet=\u00bb0px\u00bb body_ul_text_shadow_blur_strength=\u00bbbody_ul_text_shadow_style,%91object Object%93&#8243; body_ul_text_shadow_blur_strength_tablet=\u00bb1px\u00bb body_ol_text_shadow_horizontal_length=\u00bbbody_ol_text_shadow_style,%91object Object%93&#8243; body_ol_text_shadow_horizontal_length_tablet=\u00bb0px\u00bb body_ol_text_shadow_vertical_length=\u00bbbody_ol_text_shadow_style,%91object Object%93&#8243; body_ol_text_shadow_vertical_length_tablet=\u00bb0px\u00bb body_ol_text_shadow_blur_strength=\u00bbbody_ol_text_shadow_style,%91object Object%93&#8243; body_ol_text_shadow_blur_strength_tablet=\u00bb1px\u00bb body_quote_text_shadow_horizontal_length=\u00bbbody_quote_text_shadow_style,%91object Object%93&#8243; body_quote_text_shadow_horizontal_length_tablet=\u00bb0px\u00bb body_quote_text_shadow_vertical_length=\u00bbbody_quote_text_shadow_style,%91object Object%93&#8243; body_quote_text_shadow_vertical_length_tablet=\u00bb0px\u00bb body_quote_text_shadow_blur_strength=\u00bbbody_quote_text_shadow_style,%91object Object%93&#8243; body_quote_text_shadow_blur_strength_tablet=\u00bb1px\u00bb box_shadow_horizontal_tablet=\u00bb0px\u00bb box_shadow_vertical_tablet=\u00bb0px\u00bb box_shadow_blur_tablet=\u00bb40px\u00bb box_shadow_spread_tablet=\u00bb0px\u00bb vertical_offset_tablet=\u00bb0&#8243; horizontal_offset_tablet=\u00bb0&#8243; z_index_tablet=\u00bb0&#8243;]<\/p>\n<p style=\"margin-bottom: 0cm; text-align: center;\">En <a href=\"https:\/\/mallorcamusicmagazine.com\/\" target=\"_blank\" rel=\"noopener\"><strong>Mallorca Music Magazine<\/strong><\/a> apoyamos sin reservas a los m\u00fasicos locales. Si eres socio\/a de\u00a0<strong><span class=\"il\">ProM\u00fasics<\/span>\u00a0Mallorca<\/strong>, te ofrecemos un <strong>descuento del 50%<\/strong> sobre las tarifas de nuestra agenda para promocionar cualquier concierto o espect\u00e1culo en las Islas.<\/p>\n<p>[\/et_pb_blurb][\/et_pb_column][et_pb_column type=\u00bb1_3&#8243; _builder_version=\u00bb4.4.8&#8243;][et_pb_blurb title=\u00bbFisio Taddeo\u00bb url=\u00bbhttp:\/\/www.fisiotaddeo.com\/\u00bb url_new_window=\u00bbon\u00bb image=\u00bbhttps:\/\/www.promusicsmallorca.org\/wp-content\/uploads\/2020\/07\/taddeo.jpg\u00bb image_max_width=\u00bb50%\u00bb _builder_version=\u00bb4.5.5&#8243; text_orientation=\u00bbcenter\u00bb module_alignment=\u00bbright\u00bb custom_margin=\u00bb14px|||||\u00bb link_option_url=\u00bbhttp:\/\/www.fisiotaddeo.com\/\u00bb link_option_url_new_window=\u00bbon\u00bb image_icon_width=\u00bb50%\u00bb]<\/p>\n<p style=\"margin-bottom: 0cm; text-align: center;\">A partir de ahora, desde <strong>Fisio Taddeo<\/strong>, estar\u00e9 en colaboraci\u00f3n con<\/p>\n<p style=\"margin-bottom: 0cm; text-align: center;\"><strong>ProM\u00fasics Mallorca<\/strong>, (Asociaci\u00f3n de Profesionales de la M\u00fasica de Mallorca),<\/p>\n<p style=\"margin-bottom: 0cm; text-align: center;\">y por eso, propongo para todas y todos los socios, un<strong> 25% de descuento<\/strong> en todas las sesiones de fisioterapia especializada en m\u00fasicos hasta el <strong>31\/12\/2020<\/strong>.<\/p>\n<p style=\"margin-bottom: 0cm; text-align: center;\">M\u00e1s de <strong>10 a\u00f1os<\/strong> tratando m\u00fasicos en Francia, por la pen\u00ednsula y en Mallorca, donde adem\u00e1s, somos profesor del Conservatorio Superior en la asignatura de Prevenci\u00f3n de lesiones desde el 2018, haciendo talleres por ejemplo a la Orquesta Nacional de Espa\u00f1a o a la Rock School Music de Barcelona.<\/p>\n<p style=\"margin-bottom: 0cm; text-align: center;\"><span style=\"background: #ffffff;\">\u00a0<\/span><\/p>\n<p>[\/et_pb_blurb][et_pb_blurb title=\u00bbMarvic Instruments\u00bb url=\u00bbhttps:\/\/www.facebook.com\/marvicinstruments\u00bb url_new_window=\u00bbon\u00bb image=\u00bbhttps:\/\/www.promusicsmallorca.org\/wp-content\/uploads\/2020\/08\/marvic.jpg\u00bb image_max_width=\u00bb50%\u00bb _builder_version=\u00bb4.5.5&#8243; text_orientation=\u00bbcenter\u00bb module_alignment=\u00bbright\u00bb custom_margin=\u00bb-59px|||||\u00bb link_option_url=\u00bbhttps:\/\/www.facebook.com\/marvicinstruments\u00bb link_option_url_new_window=\u00bbon\u00bb image_icon_width=\u00bb50%\u00bb]<\/p>\n<p style=\"text-align: center;\"><strong>MARVIC Instruments<\/strong>, como empresa y taller para la m\u00fasica y para los m\u00fasicos se siente orgulloso de poder colaborar con vosotros, con todos los socios de <strong>ProM\u00fasics Mallorca<\/strong> ofreciendo en estos momentos tan complicados para todos, unos servicios de atenci\u00f3n prioritaria y un trato y precios especiales en las reparaciones y mantenimiento de vuestros instrumentos de viento madera y viento metal.<\/p>\n<p style=\"text-align: center;\">Nos sentimos comprometidos con todos vosotros y del mismo modo consideramos absolutamente necesaria la dignificaci\u00f3n y regulaci\u00f3n del trabajo de todos los m\u00fasicos profesionales de la isla.<\/p>\n<p style=\"text-align: center;\">Gracias a todos y mucho \u00e1nimo!<\/p>\n<p>[\/et_pb_blurb][et_pb_blurb title=\u00bbCorredur\u00eda Juan Vich\u00bb url=\u00bbhttp:\/\/correduriajuanvich.com\u00bb url_new_window=\u00bbon\u00bb image=\u00bbhttps:\/\/www.promusicsmallorca.org\/wp-content\/uploads\/2020\/07\/juanvich.jpg\u00bb image_max_width=\u00bb50%\u00bb _builder_version=\u00bb4.5.5&#8243; text_orientation=\u00bbcenter\u00bb custom_margin=\u00bb||30px|||\u00bb custom_padding=\u00bb||0px|||\u00bb link_option_url=\u00bbhttp:\/\/correduriajuanvich.com\u00bb link_option_url_new_window=\u00bbon\u00bb image_icon_width=\u00bb50%\u00bb]<\/p>\n<p style=\"margin-bottom: 0cm; text-align: center;\"><span style=\"background: #ffffff;\">Nos complace el poder ofrecerles nuestro asesoramiento e informaci\u00f3n dentro de un sector en constante variaci\u00f3n como es el de la m\u00fasica.\u00a0<\/span><\/p>\n<p style=\"margin-bottom: 0cm; text-align: center;\"><span style=\"background: #ffffff;\">Al mismo tiempo <\/span><span style=\"background: #ffffff;\">nos es grato ofr\u00e9celes un <strong>30% de descuento en cualquiera de nuestras compa\u00f1\u00edas colaboradoras<\/strong>, de este modo sus asociados se podr\u00edan beneficiar de un precio ajustado independientemente de la compa\u00f1\u00eda contratada.\u00a0<\/span><\/p>\n<p style=\"margin-bottom: 0cm; text-align: center;\"><span style=\"background: #ffffff;\">Destacamos que ofrecemos una gama de seguros especializada en el sector de veh\u00edculos a motor, as\u00ed como en los productos de hogar y de empresa, ofrecemos opci\u00f3n de asegurar dentro del riesgo la opci\u00f3n de equipos musicales con valor unitario superior a los 1.200\u20ac y con posibilidad de cubrir parte de ese riesgo en la v\u00eda publica.\u00a0<\/span><\/p>\n<p style=\"margin-bottom: 0cm;\">\n<p>[\/et_pb_blurb][\/et_pb_column][\/et_pb_row][\/et_pb_section]<\/p>\n","protected":false},"excerpt":{"rendered":"<p>Descuentos para socias y socios Rock House siempre ha sido una empresa formada por m\u00fasicos y para los m\u00fasicos. Por este hecho queremos apoyar con todo lo que nos sea posible a la asociaci\u00f3n Prom\u00fasics Mallorca (Asociaci\u00f3n de Profesionales de la M\u00fasica de Mallorca), porque consideramos que es muy necesario la dignificaci\u00f3n y regulaci\u00f3n del [&hellip;]<\/p>\n","protected":false},"author":1,"featured_media":0,"parent":0,"menu_order":0,"comment_status":"closed","ping_status":"closed","template":"","meta":{"_et_pb_use_builder":"on","_et_pb_old_content":"","_et_gb_content_width":""},"yoast_head":"<!-- This site is optimized with the Yoast SEO Premium plugin v15.7 - https:\/\/yoast.com\/wordpress\/plugins\/seo\/ -->\n<title>Socios - ProM\u00fasics Mallorca<\/title>\n<meta name=\"robots\" content=\"index, follow, max-snippet:-1, max-image-preview:large, max-video-preview:-1\" \/>\n<link rel=\"canonical\" href=\"https:\/\/www.promusicsmallorca.org\/es\/socios\/\" \/>\n<meta property=\"og:locale\" content=\"es_ES\" \/>\n<meta property=\"og:type\" content=\"article\" \/>\n<meta property=\"og:title\" content=\"Socios - ProM\u00fasics Mallorca\" \/>\n<meta property=\"og:description\" content=\"Descuentos para socias y socios Rock House siempre ha sido una empresa formada por m\u00fasicos y para los m\u00fasicos. Por este hecho queremos apoyar con todo lo que nos sea posible a la asociaci\u00f3n Prom\u00fasics Mallorca (Asociaci\u00f3n de Profesionales de la M\u00fasica de Mallorca), porque consideramos que es muy necesario la dignificaci\u00f3n y regulaci\u00f3n del [&hellip;]\" \/>\n<meta property=\"og:url\" content=\"https:\/\/www.promusicsmallorca.org\/es\/socios\/\" \/>\n<meta property=\"og:site_name\" content=\"ProM\u00fasics Mallorca\" \/>\n<meta property=\"article:publisher\" content=\"https:\/\/www.facebook.com\/promusicsmallorca\" \/>\n<meta property=\"article:modified_time\" content=\"2022-07-11T19:13:11+00:00\" \/>\n<meta name=\"twitter:card\" content=\"summary_large_image\" \/>\n<meta name=\"twitter:label1\" content=\"Tiempo de lectura\">\n\t<meta name=\"twitter:data1\" content=\"15 minutos\">\n<script type=\"application\/ld+json\" class=\"yoast-schema-graph\">{\"@context\":\"https:\/\/schema.org\",\"@graph\":[{\"@type\":\"Organization\",\"@id\":\"https:\/\/www.promusicsmallorca.org\/#organization\",\"name\":\"ProM\\u00fasics Mallorca\",\"url\":\"https:\/\/www.promusicsmallorca.org\/\",\"sameAs\":[\"https:\/\/www.facebook.com\/promusicsmallorca\",\"https:\/\/www.instagram.com\/promusicsmallorca\/\",\"https:\/\/www.youtube.com\/channel\/UCWwttYA4JPovS2RZiGlHgpA\"],\"logo\":{\"@type\":\"ImageObject\",\"@id\":\"https:\/\/www.promusicsmallorca.org\/#logo\",\"inLanguage\":\"es\",\"url\":\"https:\/\/i0.wp.com\/www.promusicsmallorca.org\/wp-content\/uploads\/2021\/02\/image0.png?fit=10224%2C7725&ssl=1\",\"width\":10224,\"height\":7725,\"caption\":\"ProM\\u00fasics Mallorca\"},\"image\":{\"@id\":\"https:\/\/www.promusicsmallorca.org\/#logo\"}},{\"@type\":\"WebSite\",\"@id\":\"https:\/\/www.promusicsmallorca.org\/#website\",\"url\":\"https:\/\/www.promusicsmallorca.org\/\",\"name\":\"ProM\\u00fasics Mallorca\",\"description\":\"Associaci\\u00f3 de Professionals de la M\\u00fasica de Mallorca\",\"publisher\":{\"@id\":\"https:\/\/www.promusicsmallorca.org\/#organization\"},\"potentialAction\":[{\"@type\":\"SearchAction\",\"target\":\"https:\/\/www.promusicsmallorca.org\/?s={search_term_string}\",\"query-input\":\"required name=search_term_string\"}],\"inLanguage\":\"es\"},{\"@type\":\"WebPage\",\"@id\":\"https:\/\/www.promusicsmallorca.org\/es\/socios\/#webpage\",\"url\":\"https:\/\/www.promusicsmallorca.org\/es\/socios\/\",\"name\":\"Socios - ProM\\u00fasics Mallorca\",\"isPartOf\":{\"@id\":\"https:\/\/www.promusicsmallorca.org\/#website\"},\"datePublished\":\"2020-06-25T11:06:36+00:00\",\"dateModified\":\"2022-07-11T19:13:11+00:00\",\"inLanguage\":\"es\",\"potentialAction\":[{\"@type\":\"ReadAction\",\"target\":[\"https:\/\/www.promusicsmallorca.org\/es\/socios\/\"]}]}]}<\/script>\n<!-- \/ Yoast SEO Premium plugin. -->","jetpack_sharing_enabled":true,"jetpack_shortlink":"https:\/\/wp.me\/Pc8VbC-4q","_links":{"self":[{"href":"https:\/\/www.promusicsmallorca.org\/es\/wp-json\/wp\/v2\/pages\/274"}],"collection":[{"href":"https:\/\/www.promusicsmallorca.org\/es\/wp-json\/wp\/v2\/pages"}],"about":[{"href":"https:\/\/www.promusicsmallorca.org\/es\/wp-json\/wp\/v2\/types\/page"}],"author":[{"embeddable":true,"href":"https:\/\/www.promusicsmallorca.org\/es\/wp-json\/wp\/v2\/users\/1"}],"replies":[{"embeddable":true,"href":"https:\/\/www.promusicsmallorca.org\/es\/wp-json\/wp\/v2\/comments?post=274"}],"version-history":[{"count":8,"href":"https:\/\/www.promusicsmallorca.org\/es\/wp-json\/wp\/v2\/pages\/274\/revisions"}],"predecessor-version":[{"id":4016,"href":"https:\/\/www.promusicsmallorca.org\/es\/wp-json\/wp\/v2\/pages\/274\/revisions\/4016"}],"wp:attachment":[{"href":"https:\/\/www.promusicsmallorca.org\/es\/wp-json\/wp\/v2\/media?parent=274"}],"curies":[{"name":"wp","href":"https:\/\/api.w.org\/{rel}","templated":true}]}}